{"id":4219,"date":"2023-04-28T08:54:49","date_gmt":"2023-04-28T06:54:49","guid":{"rendered":"https:\/\/www.alfen.pl\/?post_type=aktualnosci&#038;p=4219"},"modified":"2023-04-28T09:01:11","modified_gmt":"2023-04-28T07:01:11","slug":"ogrodzenia-frontowe-nowoczesne-propozycje","status":"publish","type":"aktualnosci","link":"https:\/\/www.alfen.pl\/cs\/aktualnosci\/ogrodzenia-frontowe-nowoczesne-propozycje\/","title":{"rendered":"P\u0159edn\u00ed ploty - modern\u00ed n\u00e1vrhy"},"content":{"rendered":"<div class=\"content-blogpost\"><h2>P\u0159edn\u00ed ploty - jak vybrat nejlep\u0161\u00ed \u0159e\u0161en\u00ed pro v\u00e1\u0161 d\u016fm?<\/h2><p style=\"text-align:justify;\">P\u0159edn\u00ed ploty pln\u00ed d\u016fle\u017eitou ochrannou funkci pro ka\u017ed\u00fd d\u016fm. Jsou prvn\u00ed lini\u00ed obrany p\u0159ed nezvan\u00fdmi hosty a p\u0159edm\u011bty, kter\u00e9 mohou ohrozit bezpe\u010dnost obyvatel nemovitosti. D\u016fle\u017eit\u00e1 v\u0161ak nen\u00ed jen jejich funk\u010dnost - p\u0159edn\u00ed ploty ovliv\u0148uj\u00ed tak\u00e9 estetick\u00fd vzhled cel\u00e9ho objektu. Proto se vyplat\u00ed v\u011bnovat pozornost n\u011bkolika faktor\u016fm, kter\u00e9 ovliv\u0148uj\u00ed v\u00fdb\u011br spr\u00e1vn\u00e9ho plotu.<\/p><p style=\"text-align:justify;\">Krom\u011b ochrann\u00e9 funkce ovliv\u0148uj\u00ed ploty p\u0159ed domem tak\u00e9 soukrom\u00ed obyvatel nemovitosti a estetick\u00fd vzhled domu. D\u00edky nim m\u016f\u017eete odd\u011blit sv\u016fj prostor od sousedn\u00edho a zv\u00fd\u0161it pocit soukrom\u00ed. Estetick\u00fd plot nav\u00edc pozitivn\u011b ovlivn\u00ed vzhled cel\u00e9 nemovitosti a podtrhne jej\u00ed styl a charakter. Je tak\u00e9 d\u016fle\u017eit\u00e9, aby plot odpov\u00eddal architektonick\u00e9mu stylu domu a charakteru oblasti, ve kter\u00e9 se nach\u00e1z\u00ed. Proto spole\u010dnost Alfen hlin\u00edkov\u00e9 ploty nab\u00edz\u00ed r\u016fzn\u00e9 typy oplocen\u00ed, aby si ka\u017ed\u00fd z\u00e1kazn\u00edk mohl naj\u00edt ten spr\u00e1vn\u00fd styl pro sv\u016fj d\u016fm.<\/p><h2>Hlin\u00edkov\u00e9 ploty Alfen - inovativn\u00ed a estetick\u00e9 p\u0159edn\u00ed ploty<\/h2><p style=\"text-align:justify;\">Spole\u010dnost Alfen Aluminium Fences se specializuje na v\u00fdrobu hlin\u00edkov\u00fdch plot\u016f. <a href=\"https:\/\/www.alfen.pl\/cs\/\">modern\u00ed ploty<\/a> p\u0159edn\u00ed strana. Jejich v\u00fdrobky jsou nejen funk\u010dn\u00edm, ale i estetick\u00fdm \u0159e\u0161en\u00edm. Spole\u010dnost nab\u00edz\u00ed <a href=\"https:\/\/www.alfen.pl\/cs\/grupa-c\/\">klasick\u00e9 ploty<\/a>vertik\u00e1ln\u00ed, horizont\u00e1ln\u00ed. Ka\u017ed\u00fd z nich m\u00e1 sv\u00e9 jedine\u010dn\u00e9 vlastnosti, tak\u017ee si ka\u017ed\u00fd z\u00e1kazn\u00edk najde n\u011bco vhodn\u00e9ho pro sebe.<\/p><h2>Trvanlivost a inovace - vlastnosti, kter\u00fdmi se vyzna\u010duj\u00ed v\u00fdrobky Alfen Aluminum Fences<\/h2><p style=\"text-align:justify;\">Jedn\u00edm z kl\u00ed\u010dov\u00fdch faktor\u016f p\u0159i v\u00fdb\u011bru p\u0159edn\u00edho plotu je jeho odolnost. Spole\u010dnost Alfen Aluminium Fences pou\u017e\u00edv\u00e1 pouze ty nejkvalitn\u011bj\u0161\u00ed materi\u00e1ly, co\u017e se projevuje v odoln\u00fdch a spolehliv\u00fdch plotech. Spole\u010dnost nav\u00edc s\u00e1z\u00ed na inovativn\u00ed technologick\u00e1 \u0159e\u0161en\u00ed, kter\u00e1 zaji\u0161\u0165uj\u00ed bezpe\u010dnost a funk\u010dnost jej\u00edch p\u0159edn\u00edch plot\u016f.<\/p><img decoding=\"async\" class=\"aligncenter size-full wp-image-9615\" src=\"https:\/\/www.alfen.pl\/wp-content\/uploads\/2023\/04\/ogrodzenia-frontowe-nowoczesne-propozycje-2.jpeg\" alt=\"\"><h2>Protiz\u00e1va\u017e\u00ed - modern\u00ed a pohodln\u00e1 alternativa<\/h2><p style=\"text-align:justify;\">Jedn\u00edm z vlajkov\u00fdch produkt\u016f spole\u010dnosti Alfen Aluminum Fences je br\u00e1na bez protiv\u00e1hy. Toto \u0159e\u0161en\u00ed je ide\u00e1ln\u00ed pro ty, kte\u0159\u00ed ocen\u00ed modern\u00ed design a pohodl\u00ed p\u0159i pou\u017e\u00edv\u00e1n\u00ed. Br\u00e1na bez protiz\u00e1va\u017e\u00ed zaji\u0161\u0165uje plynul\u00e9 a tich\u00e9 otev\u00edr\u00e1n\u00ed a zav\u00edr\u00e1n\u00ed, co\u017e je d\u016fle\u017eit\u00e9 zejm\u00e9na u dom\u016f um\u00edst\u011bn\u00fdch u ru\u0161n\u00e9 ulice.<\/p><h2>Posuvn\u00e1 br\u00e1na - funk\u010dn\u00ed \u0159e\u0161en\u00ed pro omezen\u00fd prostor<\/h2><p style=\"text-align:justify;\">Dal\u0161\u00edm produktem, kter\u00fd stoj\u00ed za pozornost, je posuvn\u00e1 br\u00e1na. Jedn\u00e1 se o ide\u00e1ln\u00ed \u0159e\u0161en\u00ed pro ty, kte\u0159\u00ed maj\u00ed omezen\u00fd prostor pro vstup na pozemek. Posuvn\u00e1 br\u00e1na je nejen funk\u010dn\u00edm \u0159e\u0161en\u00edm, ale tak\u00e9 estetick\u00fdm, proto\u017ee se vyzna\u010duje modern\u00edm designem, kter\u00fd zapad\u00e1 do architektonick\u00fdch trend\u016f.<\/p><h2>Vysoce kvalitn\u00ed n\u00e1t\u011br - z\u00e1ruka estetiky po mnoho let<\/h2><p style=\"text-align:justify;\">Hlin\u00edkov\u00e9 ploty Alfen se vyzna\u010duj\u00ed tak\u00e9 vysokou kvalitou n\u00e1t\u011br\u016f. Spole\u010dnost pou\u017e\u00edv\u00e1 standardn\u00ed technologii lakov\u00e1n\u00ed Qualicoat, kter\u00e1 zaji\u0161\u0165uje trvanlivost a odolnost proti mechanick\u00e9mu po\u0161kozen\u00ed a pov\u011btrnostn\u00edm vliv\u016fm. D\u00edky tomu si p\u0159edn\u00ed ploty Alfen Aluminum Fences zachov\u00e1vaj\u00ed sv\u016fj estetick\u00fd vzhled po mnoho let.<\/p><h2>P\u0159edn\u00ed ploty - vyberte si spr\u00e1vn\u00fd styl pro sv\u016fj d\u016fm<\/h2><p style=\"text-align:justify;\">P\u0159i v\u00fdb\u011bru p\u0159edn\u00edho plotu je vhodn\u00e9 zv\u00e1\u017eit styl, kter\u00fd odpov\u00edd\u00e1 charakteru na\u0161eho domu. Hlin\u00edkov\u00e9 ploty Alfen nab\u00edz\u00ed <a href=\"https:\/\/www.alfen.pl\/cs\/grupa-r\/\">svisl\u00e9 ploty<\/a>Ploty mohou b\u00fdt horizont\u00e1ln\u00ed nebo klasick\u00e9 a dokonale se hod\u00ed k r\u016fzn\u00fdm architektonick\u00fdm styl\u016fm. Vertik\u00e1ln\u00ed ploty jsou \u0159e\u0161en\u00edm pro ty, kte\u0159\u00ed ocen\u00ed modern\u00ed design, zat\u00edmco <a href=\"https:\/\/www.alfen.pl\/cs\/grupa-n\/\">vodorovn\u00e9 ploty<\/a> je ide\u00e1ln\u00ed volbou pro milovn\u00edky jednoduchosti a minimalismu. Ty, kte\u0159\u00ed d\u00e1vaj\u00ed p\u0159ednost klasick\u00fdm \u0159e\u0161en\u00edm, jist\u011b zaujme nab\u00eddka klasick\u00fdch plot\u016f.<\/p><h2>Hlin\u00edkov\u00e9 ploty Alfen P\u0159edn\u00ed ploty - kombinace funk\u010dnosti a estetiky<\/h2><p style=\"text-align:justify;\">P\u0159edn\u00ed ploty jsou nejen ochrann\u00fdm prvkem na\u0161ich dom\u016f, ale tak\u00e9 estetick\u00fdm prvkem, kter\u00fd ovliv\u0148uje vzhled cel\u00e9ho pozemku. Proto se vyplat\u00ed vybrat plot, kter\u00fd v sob\u011b spojuje odolnost, inovaci, velmi vysokou kvalitu a vysokou estetiku. Hlin\u00edkov\u00e9 ploty Alfen nab\u00edzej\u00ed v\u00fdrobky, kter\u00e9 tyto po\u017eadavky spl\u0148uj\u00ed a pat\u0159\u00ed k nejlep\u0161\u00edm na trhu. Bezpe\u010dnost, funk\u010dnost a design - to jsou vlastnosti, kter\u00fdmi se vyzna\u010duj\u00ed p\u0159edn\u00ed ploty Alfen Aluminum Fences.<\/p> \n<\/div>","protected":false},"excerpt":{"rendered":"<p>Ogrodzenia frontowe \u2013 jak wybra\u0107 najlepsze rozwi\u0105zanie dla swojego domu? Ogrodzenia frontowe pe\u0142ni\u0105 wa\u017cn\u0105 funkcj\u0119 ochronn\u0105 dla ka\u017cdego domu. S\u0105 one pierwsz\u0105 lini\u0105 obrony przed nieproszonymi go\u015b\u0107mi oraz przedmiotami, kt\u00f3re mog\u0105 zagra\u017ca\u0107 bezpiecze\u0144stwu mieszka\u0144c\u00f3w posesji. Jednak nie tylko ich funkcjonalno\u015b\u0107 jest wa\u017cna \u2013 ogrodzenia frontowe wp\u0142ywaj\u0105 r\u00f3wnie\u017c na estetyk\u0119 ca\u0142ej posesji. Dlatego warto zwr\u00f3ci\u0107 uwag\u0119 [&hellip;]<\/p>\n","protected":false},"author":2,"featured_media":4214,"parent":0,"template":"","taxonomy\/autorzy":[78],"class_list":["post-4219","aktualnosci","type-aktualnosci","status-publish","has-post-thumbnail","hentry","autorzy-alfen"],"yoast_head":"<!-- This site is optimized with the Yoast SEO plugin v27.5 - https:\/\/yoast.com\/product\/yoast-seo-wordpress\/ -->\n<title>Ogrodzenia frontowe - nowoczesne propozycje - Alfen<\/title>\n<meta name=\"robots\" content=\"index, follow, max-snippet:-1, max-image-preview:large, max-video-preview:-1\" \/>\n<link rel=\"canonical\" href=\"https:\/\/www.alfen.pl\/cs\/aktualnosci\/ogrodzenia-frontowe-nowoczesne-propozycje\/\" \/>\n<meta property=\"og:locale\" content=\"cs_CZ\" \/>\n<meta property=\"og:type\" content=\"article\" \/>\n<meta property=\"og:title\" content=\"Ogrodzenia frontowe - nowoczesne propozycje - Alfen\" \/>\n<meta property=\"og:description\" content=\"Ogrodzenia frontowe \u2013 jak wybra\u0107 najlepsze rozwi\u0105zanie dla swojego domu? Ogrodzenia frontowe pe\u0142ni\u0105 wa\u017cn\u0105 funkcj\u0119 ochronn\u0105 dla ka\u017cdego domu. S\u0105 one pierwsz\u0105 lini\u0105 obrony przed nieproszonymi go\u015b\u0107mi oraz przedmiotami, kt\u00f3re mog\u0105 zagra\u017ca\u0107 bezpiecze\u0144stwu mieszka\u0144c\u00f3w posesji. Jednak nie tylko ich funkcjonalno\u015b\u0107 jest wa\u017cna \u2013 ogrodzenia frontowe wp\u0142ywaj\u0105 r\u00f3wnie\u017c na estetyk\u0119 ca\u0142ej posesji. Dlatego warto zwr\u00f3ci\u0107 uwag\u0119 [&hellip;]\" \/>\n<meta property=\"og:url\" content=\"https:\/\/www.alfen.pl\/cs\/aktualnosci\/ogrodzenia-frontowe-nowoczesne-propozycje\/\" \/>\n<meta property=\"og:site_name\" content=\"Alfen\" \/>\n<meta property=\"article:modified_time\" content=\"2023-04-28T07:01:11+00:00\" \/>\n<meta property=\"og:image\" content=\"https:\/\/www.alfen.pl\/wp-content\/uploads\/2023\/04\/ogrodzenia-frontowe-nowoczesne-propozycje-1.jpeg\" \/>\n\t<meta property=\"og:image:width\" content=\"1000\" \/>\n\t<meta property=\"og:image:height\" content=\"667\" \/>\n\t<meta property=\"og:image:type\" content=\"image\/jpeg\" \/>\n<meta name=\"twitter:card\" content=\"summary_large_image\" \/>\n<meta name=\"twitter:label1\" content=\"Odhadovan\u00e1 doba \u010dten\u00ed\" \/>\n\t<meta name=\"twitter:data1\" content=\"4 minuty\" \/>\n<script type=\"application\/ld+json\" class=\"yoast-schema-graph\">{\"@context\":\"https:\\\/\\\/schema.org\",\"@graph\":[{\"@type\":\"WebPage\",\"@id\":\"https:\\\/\\\/www.alfen.pl\\\/aktualnosci\\\/ogrodzenia-frontowe-nowoczesne-propozycje\\\/\",\"url\":\"https:\\\/\\\/www.alfen.pl\\\/aktualnosci\\\/ogrodzenia-frontowe-nowoczesne-propozycje\\\/\",\"name\":\"Ogrodzenia frontowe - nowoczesne propozycje - Alfen\",\"isPartOf\":{\"@id\":\"https:\\\/\\\/www.alfen.pl\\\/#website\"},\"primaryImageOfPage\":{\"@id\":\"https:\\\/\\\/www.alfen.pl\\\/aktualnosci\\\/ogrodzenia-frontowe-nowoczesne-propozycje\\\/#primaryimage\"},\"image\":{\"@id\":\"https:\\\/\\\/www.alfen.pl\\\/aktualnosci\\\/ogrodzenia-frontowe-nowoczesne-propozycje\\\/#primaryimage\"},\"thumbnailUrl\":\"https:\\\/\\\/www.alfen.pl\\\/wp-content\\\/uploads\\\/2023\\\/04\\\/ogrodzenia-frontowe-nowoczesne-propozycje-1.jpeg\",\"datePublished\":\"2023-04-28T06:54:49+00:00\",\"dateModified\":\"2023-04-28T07:01:11+00:00\",\"breadcrumb\":{\"@id\":\"https:\\\/\\\/www.alfen.pl\\\/aktualnosci\\\/ogrodzenia-frontowe-nowoczesne-propozycje\\\/#breadcrumb\"},\"inLanguage\":\"cs\",\"potentialAction\":[{\"@type\":\"ReadAction\",\"target\":[\"https:\\\/\\\/www.alfen.pl\\\/aktualnosci\\\/ogrodzenia-frontowe-nowoczesne-propozycje\\\/\"]}]},{\"@type\":\"ImageObject\",\"inLanguage\":\"cs\",\"@id\":\"https:\\\/\\\/www.alfen.pl\\\/aktualnosci\\\/ogrodzenia-frontowe-nowoczesne-propozycje\\\/#primaryimage\",\"url\":\"https:\\\/\\\/www.alfen.pl\\\/wp-content\\\/uploads\\\/2023\\\/04\\\/ogrodzenia-frontowe-nowoczesne-propozycje-1.jpeg\",\"contentUrl\":\"https:\\\/\\\/www.alfen.pl\\\/wp-content\\\/uploads\\\/2023\\\/04\\\/ogrodzenia-frontowe-nowoczesne-propozycje-1.jpeg\",\"width\":1000,\"height\":667},{\"@type\":\"BreadcrumbList\",\"@id\":\"https:\\\/\\\/www.alfen.pl\\\/aktualnosci\\\/ogrodzenia-frontowe-nowoczesne-propozycje\\\/#breadcrumb\",\"itemListElement\":[{\"@type\":\"ListItem\",\"position\":1,\"name\":\"Alfen\",\"item\":\"https:\\\/\\\/www.alfen.pl\\\/\"},{\"@type\":\"ListItem\",\"position\":2,\"name\":\"Aktualno\u015bci\",\"item\":\"https:\\\/\\\/www.alfen.pl\\\/aktualnosci\\\/\"},{\"@type\":\"ListItem\",\"position\":3,\"name\":\"Ogrodzenia frontowe &#8211; nowoczesne propozycje\"}]},{\"@type\":\"WebSite\",\"@id\":\"https:\\\/\\\/www.alfen.pl\\\/#website\",\"url\":\"https:\\\/\\\/www.alfen.pl\\\/\",\"name\":\"Alfen\",\"description\":\"Premium aluminum fences\",\"publisher\":{\"@id\":\"https:\\\/\\\/www.alfen.pl\\\/#organization\"},\"potentialAction\":[{\"@type\":\"SearchAction\",\"target\":{\"@type\":\"EntryPoint\",\"urlTemplate\":\"https:\\\/\\\/www.alfen.pl\\\/?s={search_term_string}\"},\"query-input\":{\"@type\":\"PropertyValueSpecification\",\"valueRequired\":true,\"valueName\":\"search_term_string\"}}],\"inLanguage\":\"cs\"},{\"@type\":\"Organization\",\"@id\":\"https:\\\/\\\/www.alfen.pl\\\/#organization\",\"name\":\"Alfen\",\"url\":\"https:\\\/\\\/www.alfen.pl\\\/\",\"logo\":{\"@type\":\"ImageObject\",\"inLanguage\":\"cs\",\"@id\":\"https:\\\/\\\/www.alfen.pl\\\/#\\\/schema\\\/logo\\\/image\\\/\",\"url\":\"https:\\\/\\\/www.alfen.pl\\\/wp-content\\\/uploads\\\/2023\\\/05\\\/logo-alfen-pn6g1u7a96jpxbbl1fnd7lrrq2do24o5l3xhqiompy.png\",\"contentUrl\":\"https:\\\/\\\/www.alfen.pl\\\/wp-content\\\/uploads\\\/2023\\\/05\\\/logo-alfen-pn6g1u7a96jpxbbl1fnd7lrrq2do24o5l3xhqiompy.png\",\"width\":150,\"height\":39,\"caption\":\"Alfen\"},\"image\":{\"@id\":\"https:\\\/\\\/www.alfen.pl\\\/#\\\/schema\\\/logo\\\/image\\\/\"}}]}<\/script>\n<!-- \/ Yoast SEO plugin. -->","yoast_head_json":{"title":"Ogrodzenia frontowe - nowoczesne propozycje - Alfen","robots":{"index":"index","follow":"follow","max-snippet":"max-snippet:-1","max-image-preview":"max-image-preview:large","max-video-preview":"max-video-preview:-1"},"canonical":"https:\/\/www.alfen.pl\/cs\/aktualnosci\/ogrodzenia-frontowe-nowoczesne-propozycje\/","og_locale":"cs_CZ","og_type":"article","og_title":"Ogrodzenia frontowe - nowoczesne propozycje - Alfen","og_description":"Ogrodzenia frontowe \u2013 jak wybra\u0107 najlepsze rozwi\u0105zanie dla swojego domu? Ogrodzenia frontowe pe\u0142ni\u0105 wa\u017cn\u0105 funkcj\u0119 ochronn\u0105 dla ka\u017cdego domu. S\u0105 one pierwsz\u0105 lini\u0105 obrony przed nieproszonymi go\u015b\u0107mi oraz przedmiotami, kt\u00f3re mog\u0105 zagra\u017ca\u0107 bezpiecze\u0144stwu mieszka\u0144c\u00f3w posesji. Jednak nie tylko ich funkcjonalno\u015b\u0107 jest wa\u017cna \u2013 ogrodzenia frontowe wp\u0142ywaj\u0105 r\u00f3wnie\u017c na estetyk\u0119 ca\u0142ej posesji. Dlatego warto zwr\u00f3ci\u0107 uwag\u0119 [&hellip;]","og_url":"https:\/\/www.alfen.pl\/cs\/aktualnosci\/ogrodzenia-frontowe-nowoczesne-propozycje\/","og_site_name":"Alfen","article_modified_time":"2023-04-28T07:01:11+00:00","og_image":[{"width":1000,"height":667,"url":"https:\/\/www.alfen.pl\/wp-content\/uploads\/2023\/04\/ogrodzenia-frontowe-nowoczesne-propozycje-1.jpeg","type":"image\/jpeg"}],"twitter_card":"summary_large_image","twitter_misc":{"Odhadovan\u00e1 doba \u010dten\u00ed":"4 minuty"},"schema":{"@context":"https:\/\/schema.org","@graph":[{"@type":"WebPage","@id":"https:\/\/www.alfen.pl\/aktualnosci\/ogrodzenia-frontowe-nowoczesne-propozycje\/","url":"https:\/\/www.alfen.pl\/aktualnosci\/ogrodzenia-frontowe-nowoczesne-propozycje\/","name":"Ogrodzenia frontowe - nowoczesne propozycje - Alfen","isPartOf":{"@id":"https:\/\/www.alfen.pl\/#website"},"primaryImageOfPage":{"@id":"https:\/\/www.alfen.pl\/aktualnosci\/ogrodzenia-frontowe-nowoczesne-propozycje\/#primaryimage"},"image":{"@id":"https:\/\/www.alfen.pl\/aktualnosci\/ogrodzenia-frontowe-nowoczesne-propozycje\/#primaryimage"},"thumbnailUrl":"https:\/\/www.alfen.pl\/wp-content\/uploads\/2023\/04\/ogrodzenia-frontowe-nowoczesne-propozycje-1.jpeg","datePublished":"2023-04-28T06:54:49+00:00","dateModified":"2023-04-28T07:01:11+00:00","breadcrumb":{"@id":"https:\/\/www.alfen.pl\/aktualnosci\/ogrodzenia-frontowe-nowoczesne-propozycje\/#breadcrumb"},"inLanguage":"cs","potentialAction":[{"@type":"ReadAction","target":["https:\/\/www.alfen.pl\/aktualnosci\/ogrodzenia-frontowe-nowoczesne-propozycje\/"]}]},{"@type":"ImageObject","inLanguage":"cs","@id":"https:\/\/www.alfen.pl\/aktualnosci\/ogrodzenia-frontowe-nowoczesne-propozycje\/#primaryimage","url":"https:\/\/www.alfen.pl\/wp-content\/uploads\/2023\/04\/ogrodzenia-frontowe-nowoczesne-propozycje-1.jpeg","contentUrl":"https:\/\/www.alfen.pl\/wp-content\/uploads\/2023\/04\/ogrodzenia-frontowe-nowoczesne-propozycje-1.jpeg","width":1000,"height":667},{"@type":"BreadcrumbList","@id":"https:\/\/www.alfen.pl\/aktualnosci\/ogrodzenia-frontowe-nowoczesne-propozycje\/#breadcrumb","itemListElement":[{"@type":"ListItem","position":1,"name":"Alfen","item":"https:\/\/www.alfen.pl\/"},{"@type":"ListItem","position":2,"name":"Aktualno\u015bci","item":"https:\/\/www.alfen.pl\/aktualnosci\/"},{"@type":"ListItem","position":3,"name":"Ogrodzenia frontowe &#8211; nowoczesne propozycje"}]},{"@type":"WebSite","@id":"https:\/\/www.alfen.pl\/#website","url":"https:\/\/www.alfen.pl\/","name":"Alfen","description":"Premium aluminum fences","publisher":{"@id":"https:\/\/www.alfen.pl\/#organization"},"potentialAction":[{"@type":"SearchAction","target":{"@type":"EntryPoint","urlTemplate":"https:\/\/www.alfen.pl\/?s={search_term_string}"},"query-input":{"@type":"PropertyValueSpecification","valueRequired":true,"valueName":"search_term_string"}}],"inLanguage":"cs"},{"@type":"Organization","@id":"https:\/\/www.alfen.pl\/#organization","name":"Alfen","url":"https:\/\/www.alfen.pl\/","logo":{"@type":"ImageObject","inLanguage":"cs","@id":"https:\/\/www.alfen.pl\/#\/schema\/logo\/image\/","url":"https:\/\/www.alfen.pl\/wp-content\/uploads\/2023\/05\/logo-alfen-pn6g1u7a96jpxbbl1fnd7lrrq2do24o5l3xhqiompy.png","contentUrl":"https:\/\/www.alfen.pl\/wp-content\/uploads\/2023\/05\/logo-alfen-pn6g1u7a96jpxbbl1fnd7lrrq2do24o5l3xhqiompy.png","width":150,"height":39,"caption":"Alfen"},"image":{"@id":"https:\/\/www.alfen.pl\/#\/schema\/logo\/image\/"}}]}},"uagb_featured_image_src":{"full":["https:\/\/www.alfen.pl\/wp-content\/uploads\/2023\/04\/ogrodzenia-frontowe-nowoczesne-propozycje-1.jpeg",1000,667,false],"thumbnail":["https:\/\/www.alfen.pl\/wp-content\/uploads\/2023\/04\/ogrodzenia-frontowe-nowoczesne-propozycje-1-150x150.jpeg",150,150,true],"medium":["https:\/\/www.alfen.pl\/wp-content\/uploads\/2023\/04\/ogrodzenia-frontowe-nowoczesne-propozycje-1-450x300.jpeg",450,300,true],"medium_large":["https:\/\/www.alfen.pl\/wp-content\/uploads\/2023\/04\/ogrodzenia-frontowe-nowoczesne-propozycje-1-768x512.jpeg",768,512,true],"large":["https:\/\/www.alfen.pl\/wp-content\/uploads\/2023\/04\/ogrodzenia-frontowe-nowoczesne-propozycje-1.jpeg",1000,667,false],"1536x1536":["https:\/\/www.alfen.pl\/wp-content\/uploads\/2023\/04\/ogrodzenia-frontowe-nowoczesne-propozycje-1.jpeg",1000,667,false],"2048x2048":["https:\/\/www.alfen.pl\/wp-content\/uploads\/2023\/04\/ogrodzenia-frontowe-nowoczesne-propozycje-1.jpeg",1000,667,false],"trp-custom-language-flag":["https:\/\/www.alfen.pl\/wp-content\/uploads\/2023\/04\/ogrodzenia-frontowe-nowoczesne-propozycje-1-18x12.jpeg",18,12,true]},"uagb_author_info":{"display_name":"Alfen","author_link":"https:\/\/www.alfen.pl\/cs\/author\/alfen\/"},"uagb_comment_info":0,"uagb_excerpt":"Ogrodzenia frontowe \u2013 jak wybra\u0107 najlepsze rozwi\u0105zanie dla swojego domu? Ogrodzenia frontowe pe\u0142ni\u0105 wa\u017cn\u0105 funkcj\u0119 ochronn\u0105 dla ka\u017cdego domu. S\u0105 one pierwsz\u0105 lini\u0105 obrony przed nieproszonymi go\u015b\u0107mi oraz przedmiotami, kt\u00f3re mog\u0105 zagra\u017ca\u0107 bezpiecze\u0144stwu mieszka\u0144c\u00f3w posesji. Jednak nie tylko ich funkcjonalno\u015b\u0107 jest wa\u017cna \u2013 ogrodzenia frontowe wp\u0142ywaj\u0105 r\u00f3wnie\u017c na estetyk\u0119 ca\u0142ej posesji. Dlatego warto zwr\u00f3ci\u0107 uwag\u0119&hellip;","featured_img":"https:\/\/www.alfen.pl\/wp-content\/uploads\/2023\/04\/ogrodzenia-frontowe-nowoczesne-propozycje-1.jpeg","coauthors":[],"author_meta":{"author_link":"https:\/\/www.alfen.pl\/cs\/author\/alfen\/","display_name":"Alfen"},"relative_dates":{"created":"Posted 3 roky ago","modified":"Updated 3 roky ago"},"absolute_dates":{"created":"Posted on 28 dubna 2023","modified":"Updated on 28 dubna 2023"},"absolute_dates_time":{"created":"Posted on 28 dubna 2023 08:54","modified":"Updated on 28 dubna 2023 09:01"},"featured_img_caption":"","tax_additional":{"autorzy":{"linked":["<a href=\"https:\/\/www.alfen.pl\/cs\/autorzy\/alfen\/\" class=\"advgb-post-tax-term\">Alfen<\/a>"],"unlinked":["<span class=\"advgb-post-tax-term\">Alfen<\/span>"],"slug":"autorzy","name":"Autorzy"}},"series_order":"","_links":{"self":[{"href":"https:\/\/www.alfen.pl\/cs\/wp-json\/wp\/v2\/post-type\/aktualnosci\/4219","targetHints":{"allow":["GET"]}}],"collection":[{"href":"https:\/\/www.alfen.pl\/cs\/wp-json\/wp\/v2\/post-type\/aktualnosci"}],"about":[{"href":"https:\/\/www.alfen.pl\/cs\/wp-json\/wp\/v2\/types\/aktualnosci"}],"author":[{"embeddable":true,"href":"https:\/\/www.alfen.pl\/cs\/wp-json\/wp\/v2\/users\/2"}],"wp:featuredmedia":[{"embeddable":true,"href":"https:\/\/www.alfen.pl\/cs\/wp-json\/wp\/v2\/media\/4214"}],"wp:attachment":[{"href":"https:\/\/www.alfen.pl\/cs\/wp-json\/wp\/v2\/media?parent=4219"}],"wp:term":[{"taxonomy":"autorzy","embeddable":true,"href":"https:\/\/www.alfen.pl\/cs\/wp-json\/wp\/v2\/taxonomy\/autorzy?post=4219"}],"curies":[{"name":"wp","href":"https:\/\/api.w.org\/{rel}","templated":true}]}}