{"id":4413,"date":"2023-05-26T15:41:16","date_gmt":"2023-05-26T13:41:16","guid":{"rendered":"https:\/\/www.alfen.pl\/?post_type=aktualnosci&#038;p=4413"},"modified":"2023-05-28T10:41:34","modified_gmt":"2023-05-28T08:41:34","slug":"wymiary-bramy-wjazdowej-jaki-rozmiar-bedzie-odpowiedni","status":"publish","type":"aktualnosci","link":"https:\/\/www.alfen.pl\/cs\/aktualnosci\/wymiary-bramy-wjazdowej-jaki-rozmiar-bedzie-odpowiedni\/","title":{"rendered":"Rozm\u011bry vstupn\u00ed br\u00e1ny - jak\u00e1 velikost bude vhodn\u00e1?"},"content":{"rendered":"<p><a href=\"https:\/\/www.alfen.pl\/cs\/bramy\/\">Vstupn\u00ed br\u00e1na<\/a> je d\u016fle\u017eit\u00fdm prvkem ka\u017ed\u00e9ho domu, kter\u00fd ovliv\u0148uje jeho estetiku, bezpe\u010dnost a funk\u010dnost. V\u00fdb\u011br spr\u00e1vn\u00fdch rozm\u011br\u016f vstupn\u00ed br\u00e1ny je proto nesm\u00edrn\u011b d\u016fle\u017eit\u00fd pro zaji\u0161t\u011bn\u00ed komfortu a pohodl\u00ed p\u0159i jej\u00edm pou\u017e\u00edv\u00e1n\u00ed a pro zv\u00fd\u0161en\u00ed hodnoty nemovitosti. V tomto \u010dl\u00e1nku v\u00e1m p\u0159edstav\u00edme nejd\u016fle\u017eit\u011bj\u0161\u00ed informace o rozm\u011brech vstupn\u00ed br\u00e1ny.<\/p>\n\n\n\n<h2 class=\"wp-block-heading\">V\u00fd\u0161ka vstupn\u00ed br\u00e1ny - jak vysok\u00e1 by m\u011bla b\u00fdt?<\/h2>\n\n\n\n<p>V\u00fd\u0161ka vjezdov\u00e9 br\u00e1ny je jedn\u00edm z nejd\u016fle\u017eit\u011bj\u0161\u00edch rozm\u011br\u016f, kter\u00e9 je t\u0159eba p\u0159i v\u00fdb\u011bru br\u00e1ny zohlednit. V prvn\u00ed \u0159ad\u011b je t\u0159eba zv\u00e1\u017eit, jak\u00e1 vozidla budou br\u00e1nou proj\u00ed\u017ed\u011bt - jsou to osobn\u00ed automobily, dod\u00e1vky nebo t\u0159eba n\u00e1kladn\u00ed automobily? V z\u00e1vislosti na tom je t\u0159eba zvolit spr\u00e1vnou v\u00fd\u0161ku vjezdov\u00e9 br\u00e1ny.<\/p>\n\n\n\n<p>Ve stavebn\u00edm pr\u00e1vu <strong>v\u00fd\u0161ka vstupn\u00ed br\u00e1ny<\/strong> nebyla regulov\u00e1na. Obvykle se p\u0159edpokl\u00e1d\u00e1, \u017ee br\u00e1na je stejn\u011b vysok\u00e1 jako cel\u00fd plot. jej\u00ed v\u00fd\u0161ka nesm\u00ed p\u0159es\u00e1hnout 2,2 m po\u010d\u00edt\u00e1no od \u00farovn\u011b ter\u00e9nu). Pokud tomu tak nen\u00ed, je t\u0159eba stavbu plotu \u00fa\u0159edn\u00edk\u016fm ohl\u00e1sit. P\u0159edpokl\u00e1d\u00e1 se, \u017ee standardn\u00ed v\u00fd\u0161ka br\u00e1ny je p\u0159ibli\u017en\u011b 1,5 m, co\u017e obvykle posta\u010duje pro pohodln\u00fd pr\u016fjezd v\u011bt\u0161iny osobn\u00edch a dod\u00e1vkov\u00fdch automobil\u016f.&nbsp;<\/p>\n\n\n\n<h2 class=\"wp-block-heading\">\u0160\u00ed\u0159ka vstupn\u00ed br\u00e1ny - jak\u00e1 bude spr\u00e1vn\u00e1 \u0161\u00ed\u0159ka?<\/h2>\n\n\n\n<p><strong>\u0160\u00ed\u0159ka vstupn\u00ed br\u00e1ny<\/strong> je dal\u0161\u00edm d\u016fle\u017eit\u00fdm rozm\u011brem, kter\u00fd je t\u0159eba vz\u00edt v \u00favahu. V tomto p\u0159\u00edpad\u011b je vhodn\u00e9 zv\u00e1\u017eit velikost prostoru, kter\u00fd m\u00e1te k dispozici, a \u0161\u00ed\u0159ku vozidel, kter\u00e1 budou br\u00e1nou proj\u00ed\u017ed\u011bt.<\/p>\n\n\n\n<p>Standardn\u00ed \u0161\u00ed\u0159ka vjezdov\u00e9 br\u00e1ny je p\u0159ibli\u017en\u011b 3,5 metru, co\u017e je dostate\u010dn\u00e1 \u0161\u00ed\u0159ka pro v\u011bt\u0161inu automobil\u016f. Pokud v\u0161ak chcete zajistit snadn\u011bj\u0161\u00ed man\u00e9vrov\u00e1n\u00ed a pohodln\u00e9 parkov\u00e1n\u00ed, stoj\u00ed za to zv\u00e1\u017eit zv\u011bt\u0161en\u00ed \u0161\u00ed\u0159ky vjezdov\u00e9 br\u00e1ny a\u017e na 4 metry.<\/p>\n\n\n\n<figure class=\"wp-block-image size-large\"><img loading=\"lazy\" decoding=\"async\" width=\"1024\" height=\"512\" src=\"https:\/\/www.alfen.pl\/wp-content\/uploads\/2022\/08\/Alfen-N01-12-1024x512.jpg\" alt=\"\" class=\"wp-image-3772\" srcset=\"https:\/\/www.alfen.pl\/wp-content\/uploads\/2022\/08\/Alfen-N01-12-1024x512.jpg 1024w, https:\/\/www.alfen.pl\/wp-content\/uploads\/2022\/08\/Alfen-N01-12-500x250.jpg 500w, https:\/\/www.alfen.pl\/wp-content\/uploads\/2022\/08\/Alfen-N01-12-768x384.jpg 768w, https:\/\/www.alfen.pl\/wp-content\/uploads\/2022\/08\/Alfen-N01-12-1536x768.jpg 1536w, https:\/\/www.alfen.pl\/wp-content\/uploads\/2022\/08\/Alfen-N01-12-2048x1024.jpg 2048w\" sizes=\"auto, (max-width: 1024px) 100vw, 1024px\" \/><\/figure>\n\n\n\n<h2 class=\"wp-block-heading\">Rozm\u011bry br\u00e1ny - \u010demu bych m\u011bl je\u0161t\u011b v\u011bnovat pozornost?<\/h2>\n\n\n\n<p>Krom\u011b v\u00fd\u0161ky a \u0161\u00ed\u0159ky je t\u0159eba v\u011bnovat pozornost i dal\u0161\u00edm d\u016fle\u017eit\u00fdm rozm\u011br\u016fm vstupn\u00ed br\u00e1ny, jako jsou:<\/p>\n\n\n\n<ul class=\"wp-block-list\">\n<li>Tlou\u0161\u0165ka profil\u016f - \u010d\u00edm siln\u011bj\u0161\u00ed jsou profily, t\u00edm v\u011bt\u0161\u00ed je jejich stabilita a odolnost proti mechanick\u00e9mu po\u0161kozen\u00ed.<\/li>\n\n\n\n<li>Hmotnost br\u00e1ny - \u010d\u00edm t\u011b\u017e\u0161\u00ed je br\u00e1na, t\u00edm v\u011bt\u0161\u00ed je jej\u00ed stabilita a bezpe\u010dnost. M\u011bjte v\u0161ak na pam\u011bti, \u017ee to m\u016f\u017ee m\u00edt vliv na pot\u0159ebu sofistikovan\u011bj\u0161\u00edho pohonu.<\/li>\n\n\n\n<li>Vzd\u00e1lenost od sousedn\u00edch prvk\u016f - je vhodn\u00e9 zajistit, aby br\u00e1na byla v dostate\u010dn\u00e9 vzd\u00e1lenosti od sousedn\u00edch prvk\u016f, jako jsou zdi, ploty nebo stromy, aby nedoch\u00e1zelo ke koliz\u00edm p\u0159i otev\u00edr\u00e1n\u00ed a zav\u00edr\u00e1n\u00ed. M\u011bli byste tak\u00e9 pamatovat na prostor pro pohon - d\u016fle\u017eit\u00e9 v p\u0159\u00edpad\u011b dvouk\u0159\u00eddl\u00e9 br\u00e1ny.<\/li>\n<\/ul>\n\n\n\n<ul class=\"wp-block-list\">\n<li>Typ otev\u00edr\u00e1n\u00ed - v z\u00e1vislosti na va\u0161ich preferenc\u00edch a prostoru, kter\u00fd m\u00e1te k dispozici, je vhodn\u00e9 zv\u00e1\u017eit r\u016fzn\u00e9 mo\u017enosti otev\u00edr\u00e1n\u00ed vstupn\u00ed br\u00e1ny, nap\u0159\u00edklad k\u0159\u00eddlovou nebo posuvnou.<\/li>\n\n\n\n<li>Materi\u00e1l - vjezdov\u00e9 br\u00e1ny jsou k dispozici z r\u016fzn\u00fdch materi\u00e1l\u016f, nap\u0159\u00edklad z kovu, d\u0159eva nebo plastu. Doporu\u010dujeme zvolit materi\u00e1l, kter\u00fd nejl\u00e9pe odpov\u00edd\u00e1 architektonick\u00e9mu stylu va\u0161eho domu, je odoln\u00fd v\u016f\u010di pov\u011btrnostn\u00edm vliv\u016fm a snadno se \u010dist\u00ed.<\/li>\n<\/ul>\n\n\n\n<h2 class=\"wp-block-heading\">Jak\u00e9 jsou rozm\u011bry posuvn\u00fdch, dvouk\u0159\u00eddl\u00fdch a dvouk\u0159\u00eddl\u00fdch bran?<\/h2>\n\n\n\n<p>Rozm\u011bry posuvn\u00e9 br\u00e1ny by m\u011bly odpov\u00eddat rozm\u011br\u016fm m\u00edsta, kde bude instalov\u00e1na, a tak\u00e9 velikosti vozidel, kter\u00e1 budou br\u00e1nou proj\u00ed\u017ed\u011bt. Posuvn\u00e9 br\u00e1ny jsou ide\u00e1ln\u00ed pro nemovitosti, kter\u00e9 nemaj\u00ed dostatek prostoru pro um\u00edst\u011bn\u00ed k\u0159\u00eddlov\u00e9 br\u00e1ny. Standardem je v\u00fd\u0161ka p\u0159ibli\u017en\u011b 1,5 m a \u0161\u00ed\u0159ka mezi 3 a 5,8 m. Naproti tomu rozm\u011bry dvouk\u0159\u00eddl\u00e9 br\u00e1ny jsou obvykle 1,5 m vysok\u00e9 a p\u0159ibli\u017en\u011b 4,0 m \u0161irok\u00e9.&nbsp;<\/p>\n\n\n\n<p>Dvouk\u0159\u00eddl\u00e9 br\u00e1ny jsou elegantn\u00edm a funk\u010dn\u00edm \u0159e\u0161en\u00edm pro vstupy na pozemek, kter\u00e9 maj\u00ed mimo\u0159\u00e1dn\u011b estetick\u00fd vzhled a jsou k dispozici v r\u016fzn\u00fdch velikostech. Standardn\u00ed v\u00fd\u0161ka dvouk\u0159\u00eddl\u00e9 br\u00e1ny je p\u0159ibli\u017en\u011b 1,5 m a \u0161\u00ed\u0159ka p\u0159ibli\u017en\u011b 4,0 - 5,0 m.&nbsp;<\/p>\n\n\n\n<p>Volba spr\u00e1vn\u00fdch rozm\u011br\u016f vstupn\u00ed br\u00e1ny je z\u00e1sadn\u00ed pro zaji\u0161t\u011bn\u00ed jej\u00ed funk\u010dnosti, estetiky a bezpe\u010dnosti. Je t\u0159eba v\u011bnovat pozornost v\u00fd\u0161ce a \u0161\u00ed\u0159ce br\u00e1ny, stejn\u011b jako dal\u0161\u00edm d\u016fle\u017eit\u00fdm rozm\u011br\u016fm, jako je tlou\u0161\u0165ka profil\u016f nebo vzd\u00e1lenost od sousedn\u00edch prvk\u016f. P\u0159i v\u00fdb\u011bru vjezdov\u00e9 br\u00e1ny je tak\u00e9 vhodn\u00e9 zv\u00e1\u017eit typ otvoru a materi\u00e1l, ze kter\u00e9ho je vyrobena. M\u016f\u017eete si tak b\u00fdt jisti, \u017ee si vyberete br\u00e1nu, kter\u00e1 dokonale spln\u00ed va\u0161e o\u010dek\u00e1v\u00e1n\u00ed a pot\u0159eby.<\/p>\n\n\n\n<p>Zveme v\u00e1s, abyste si prohl\u00e9dli na\u0161i nab\u00eddku modern\u00edch vjezdov\u00fdch bran, branek a <a href=\"https:\/\/www.alfen.pl\/cs\/\">hlin\u00edkov\u00e9 ploty<\/a>.<\/p>","protected":false},"excerpt":{"rendered":"<p>Brama wjazdowa to wa\u017cny element ka\u017cdego domu, kt\u00f3ry wp\u0142ywa na jego estetyk\u0119, bezpiecze\u0144stwo oraz funkcjonalno\u015b\u0107. Wyb\u00f3r odpowiednich wymiar\u00f3w bramy wjazdowej jest zatem niezwykle istotny, aby zapewni\u0107 komfort i wygod\u0119 podczas jej u\u017cytkowania oraz zwi\u0119kszy\u0107 warto\u015b\u0107 nieruchomo\u015bci. W tym artykule przedstawimy najwa\u017cniejsze informacje na temat wymiar\u00f3w bramy wjazdowej. Wysoko\u015b\u0107 bramy wjazdowej \u2013 ile powinna wynosi\u0107? Wysoko\u015b\u0107 [&hellip;]<\/p>\n","protected":false},"author":51,"featured_media":4414,"parent":0,"template":"","taxonomy\/autorzy":[78],"class_list":["post-4413","aktualnosci","type-aktualnosci","status-publish","has-post-thumbnail","hentry","autorzy-alfen"],"yoast_head":"<!-- This site is optimized with the Yoast SEO plugin v27.5 - https:\/\/yoast.com\/product\/yoast-seo-wordpress\/ -->\n<title>Wymiary bramy wjazdowej \u2013 jaki rozmiar b\u0119dzie odpowiedni? - Alfen<\/title>\n<meta name=\"robots\" content=\"index, follow, max-snippet:-1, max-image-preview:large, max-video-preview:-1\" \/>\n<link rel=\"canonical\" href=\"https:\/\/www.alfen.pl\/cs\/aktualnosci\/wymiary-bramy-wjazdowej-jaki-rozmiar-bedzie-odpowiedni\/\" \/>\n<meta property=\"og:locale\" content=\"cs_CZ\" \/>\n<meta property=\"og:type\" content=\"article\" \/>\n<meta property=\"og:title\" content=\"Wymiary bramy wjazdowej \u2013 jaki rozmiar b\u0119dzie odpowiedni? - Alfen\" \/>\n<meta property=\"og:description\" content=\"Brama wjazdowa to wa\u017cny element ka\u017cdego domu, kt\u00f3ry wp\u0142ywa na jego estetyk\u0119, bezpiecze\u0144stwo oraz funkcjonalno\u015b\u0107. Wyb\u00f3r odpowiednich wymiar\u00f3w bramy wjazdowej jest zatem niezwykle istotny, aby zapewni\u0107 komfort i wygod\u0119 podczas jej u\u017cytkowania oraz zwi\u0119kszy\u0107 warto\u015b\u0107 nieruchomo\u015bci. W tym artykule przedstawimy najwa\u017cniejsze informacje na temat wymiar\u00f3w bramy wjazdowej. Wysoko\u015b\u0107 bramy wjazdowej \u2013 ile powinna wynosi\u0107? Wysoko\u015b\u0107 [&hellip;]\" \/>\n<meta property=\"og:url\" content=\"https:\/\/www.alfen.pl\/cs\/aktualnosci\/wymiary-bramy-wjazdowej-jaki-rozmiar-bedzie-odpowiedni\/\" \/>\n<meta property=\"og:site_name\" content=\"Alfen\" \/>\n<meta property=\"article:modified_time\" content=\"2023-05-28T08:41:34+00:00\" \/>\n<meta property=\"og:image\" content=\"https:\/\/www.alfen.pl\/wp-content\/uploads\/2023\/05\/Alfen-F06R09-04-1024x512-1.webp\" \/>\n\t<meta property=\"og:image:width\" content=\"1024\" \/>\n\t<meta property=\"og:image:height\" content=\"512\" \/>\n\t<meta property=\"og:image:type\" content=\"image\/webp\" \/>\n<meta name=\"twitter:card\" content=\"summary_large_image\" \/>\n<meta name=\"twitter:label1\" content=\"Odhadovan\u00e1 doba \u010dten\u00ed\" \/>\n\t<meta name=\"twitter:data1\" content=\"4 minuty\" \/>\n<script type=\"application\/ld+json\" class=\"yoast-schema-graph\">{\"@context\":\"https:\\\/\\\/schema.org\",\"@graph\":[{\"@type\":\"WebPage\",\"@id\":\"https:\\\/\\\/www.alfen.pl\\\/aktualnosci\\\/wymiary-bramy-wjazdowej-jaki-rozmiar-bedzie-odpowiedni\\\/\",\"url\":\"https:\\\/\\\/www.alfen.pl\\\/aktualnosci\\\/wymiary-bramy-wjazdowej-jaki-rozmiar-bedzie-odpowiedni\\\/\",\"name\":\"Wymiary bramy wjazdowej \u2013 jaki rozmiar b\u0119dzie odpowiedni? - Alfen\",\"isPartOf\":{\"@id\":\"https:\\\/\\\/www.alfen.pl\\\/#website\"},\"primaryImageOfPage\":{\"@id\":\"https:\\\/\\\/www.alfen.pl\\\/aktualnosci\\\/wymiary-bramy-wjazdowej-jaki-rozmiar-bedzie-odpowiedni\\\/#primaryimage\"},\"image\":{\"@id\":\"https:\\\/\\\/www.alfen.pl\\\/aktualnosci\\\/wymiary-bramy-wjazdowej-jaki-rozmiar-bedzie-odpowiedni\\\/#primaryimage\"},\"thumbnailUrl\":\"https:\\\/\\\/www.alfen.pl\\\/wp-content\\\/uploads\\\/2023\\\/05\\\/Alfen-F06R09-04-1024x512-1.webp\",\"datePublished\":\"2023-05-26T13:41:16+00:00\",\"dateModified\":\"2023-05-28T08:41:34+00:00\",\"breadcrumb\":{\"@id\":\"https:\\\/\\\/www.alfen.pl\\\/aktualnosci\\\/wymiary-bramy-wjazdowej-jaki-rozmiar-bedzie-odpowiedni\\\/#breadcrumb\"},\"inLanguage\":\"cs\",\"potentialAction\":[{\"@type\":\"ReadAction\",\"target\":[\"https:\\\/\\\/www.alfen.pl\\\/aktualnosci\\\/wymiary-bramy-wjazdowej-jaki-rozmiar-bedzie-odpowiedni\\\/\"]}]},{\"@type\":\"ImageObject\",\"inLanguage\":\"cs\",\"@id\":\"https:\\\/\\\/www.alfen.pl\\\/aktualnosci\\\/wymiary-bramy-wjazdowej-jaki-rozmiar-bedzie-odpowiedni\\\/#primaryimage\",\"url\":\"https:\\\/\\\/www.alfen.pl\\\/wp-content\\\/uploads\\\/2023\\\/05\\\/Alfen-F06R09-04-1024x512-1.webp\",\"contentUrl\":\"https:\\\/\\\/www.alfen.pl\\\/wp-content\\\/uploads\\\/2023\\\/05\\\/Alfen-F06R09-04-1024x512-1.webp\",\"width\":1024,\"height\":512},{\"@type\":\"BreadcrumbList\",\"@id\":\"https:\\\/\\\/www.alfen.pl\\\/aktualnosci\\\/wymiary-bramy-wjazdowej-jaki-rozmiar-bedzie-odpowiedni\\\/#breadcrumb\",\"itemListElement\":[{\"@type\":\"ListItem\",\"position\":1,\"name\":\"Alfen\",\"item\":\"https:\\\/\\\/www.alfen.pl\\\/\"},{\"@type\":\"ListItem\",\"position\":2,\"name\":\"Aktualno\u015bci\",\"item\":\"https:\\\/\\\/www.alfen.pl\\\/aktualnosci\\\/\"},{\"@type\":\"ListItem\",\"position\":3,\"name\":\"Wymiary bramy wjazdowej \u2013 jaki rozmiar b\u0119dzie odpowiedni?\"}]},{\"@type\":\"WebSite\",\"@id\":\"https:\\\/\\\/www.alfen.pl\\\/#website\",\"url\":\"https:\\\/\\\/www.alfen.pl\\\/\",\"name\":\"Alfen\",\"description\":\"Premium aluminum fences\",\"publisher\":{\"@id\":\"https:\\\/\\\/www.alfen.pl\\\/#organization\"},\"potentialAction\":[{\"@type\":\"SearchAction\",\"target\":{\"@type\":\"EntryPoint\",\"urlTemplate\":\"https:\\\/\\\/www.alfen.pl\\\/?s={search_term_string}\"},\"query-input\":{\"@type\":\"PropertyValueSpecification\",\"valueRequired\":true,\"valueName\":\"search_term_string\"}}],\"inLanguage\":\"cs\"},{\"@type\":\"Organization\",\"@id\":\"https:\\\/\\\/www.alfen.pl\\\/#organization\",\"name\":\"Alfen\",\"url\":\"https:\\\/\\\/www.alfen.pl\\\/\",\"logo\":{\"@type\":\"ImageObject\",\"inLanguage\":\"cs\",\"@id\":\"https:\\\/\\\/www.alfen.pl\\\/#\\\/schema\\\/logo\\\/image\\\/\",\"url\":\"https:\\\/\\\/www.alfen.pl\\\/wp-content\\\/uploads\\\/2023\\\/05\\\/logo-alfen-pn6g1u7a96jpxbbl1fnd7lrrq2do24o5l3xhqiompy.png\",\"contentUrl\":\"https:\\\/\\\/www.alfen.pl\\\/wp-content\\\/uploads\\\/2023\\\/05\\\/logo-alfen-pn6g1u7a96jpxbbl1fnd7lrrq2do24o5l3xhqiompy.png\",\"width\":150,\"height\":39,\"caption\":\"Alfen\"},\"image\":{\"@id\":\"https:\\\/\\\/www.alfen.pl\\\/#\\\/schema\\\/logo\\\/image\\\/\"}}]}<\/script>\n<!-- \/ Yoast SEO plugin. -->","yoast_head_json":{"title":"Wymiary bramy wjazdowej \u2013 jaki rozmiar b\u0119dzie odpowiedni? - Alfen","robots":{"index":"index","follow":"follow","max-snippet":"max-snippet:-1","max-image-preview":"max-image-preview:large","max-video-preview":"max-video-preview:-1"},"canonical":"https:\/\/www.alfen.pl\/cs\/aktualnosci\/wymiary-bramy-wjazdowej-jaki-rozmiar-bedzie-odpowiedni\/","og_locale":"cs_CZ","og_type":"article","og_title":"Wymiary bramy wjazdowej \u2013 jaki rozmiar b\u0119dzie odpowiedni? - Alfen","og_description":"Brama wjazdowa to wa\u017cny element ka\u017cdego domu, kt\u00f3ry wp\u0142ywa na jego estetyk\u0119, bezpiecze\u0144stwo oraz funkcjonalno\u015b\u0107. Wyb\u00f3r odpowiednich wymiar\u00f3w bramy wjazdowej jest zatem niezwykle istotny, aby zapewni\u0107 komfort i wygod\u0119 podczas jej u\u017cytkowania oraz zwi\u0119kszy\u0107 warto\u015b\u0107 nieruchomo\u015bci. W tym artykule przedstawimy najwa\u017cniejsze informacje na temat wymiar\u00f3w bramy wjazdowej. Wysoko\u015b\u0107 bramy wjazdowej \u2013 ile powinna wynosi\u0107? Wysoko\u015b\u0107 [&hellip;]","og_url":"https:\/\/www.alfen.pl\/cs\/aktualnosci\/wymiary-bramy-wjazdowej-jaki-rozmiar-bedzie-odpowiedni\/","og_site_name":"Alfen","article_modified_time":"2023-05-28T08:41:34+00:00","og_image":[{"width":1024,"height":512,"url":"https:\/\/www.alfen.pl\/wp-content\/uploads\/2023\/05\/Alfen-F06R09-04-1024x512-1.webp","type":"image\/webp"}],"twitter_card":"summary_large_image","twitter_misc":{"Odhadovan\u00e1 doba \u010dten\u00ed":"4 minuty"},"schema":{"@context":"https:\/\/schema.org","@graph":[{"@type":"WebPage","@id":"https:\/\/www.alfen.pl\/aktualnosci\/wymiary-bramy-wjazdowej-jaki-rozmiar-bedzie-odpowiedni\/","url":"https:\/\/www.alfen.pl\/aktualnosci\/wymiary-bramy-wjazdowej-jaki-rozmiar-bedzie-odpowiedni\/","name":"Wymiary bramy wjazdowej \u2013 jaki rozmiar b\u0119dzie odpowiedni? - Alfen","isPartOf":{"@id":"https:\/\/www.alfen.pl\/#website"},"primaryImageOfPage":{"@id":"https:\/\/www.alfen.pl\/aktualnosci\/wymiary-bramy-wjazdowej-jaki-rozmiar-bedzie-odpowiedni\/#primaryimage"},"image":{"@id":"https:\/\/www.alfen.pl\/aktualnosci\/wymiary-bramy-wjazdowej-jaki-rozmiar-bedzie-odpowiedni\/#primaryimage"},"thumbnailUrl":"https:\/\/www.alfen.pl\/wp-content\/uploads\/2023\/05\/Alfen-F06R09-04-1024x512-1.webp","datePublished":"2023-05-26T13:41:16+00:00","dateModified":"2023-05-28T08:41:34+00:00","breadcrumb":{"@id":"https:\/\/www.alfen.pl\/aktualnosci\/wymiary-bramy-wjazdowej-jaki-rozmiar-bedzie-odpowiedni\/#breadcrumb"},"inLanguage":"cs","potentialAction":[{"@type":"ReadAction","target":["https:\/\/www.alfen.pl\/aktualnosci\/wymiary-bramy-wjazdowej-jaki-rozmiar-bedzie-odpowiedni\/"]}]},{"@type":"ImageObject","inLanguage":"cs","@id":"https:\/\/www.alfen.pl\/aktualnosci\/wymiary-bramy-wjazdowej-jaki-rozmiar-bedzie-odpowiedni\/#primaryimage","url":"https:\/\/www.alfen.pl\/wp-content\/uploads\/2023\/05\/Alfen-F06R09-04-1024x512-1.webp","contentUrl":"https:\/\/www.alfen.pl\/wp-content\/uploads\/2023\/05\/Alfen-F06R09-04-1024x512-1.webp","width":1024,"height":512},{"@type":"BreadcrumbList","@id":"https:\/\/www.alfen.pl\/aktualnosci\/wymiary-bramy-wjazdowej-jaki-rozmiar-bedzie-odpowiedni\/#breadcrumb","itemListElement":[{"@type":"ListItem","position":1,"name":"Alfen","item":"https:\/\/www.alfen.pl\/"},{"@type":"ListItem","position":2,"name":"Aktualno\u015bci","item":"https:\/\/www.alfen.pl\/aktualnosci\/"},{"@type":"ListItem","position":3,"name":"Wymiary bramy wjazdowej \u2013 jaki rozmiar b\u0119dzie odpowiedni?"}]},{"@type":"WebSite","@id":"https:\/\/www.alfen.pl\/#website","url":"https:\/\/www.alfen.pl\/","name":"Alfen","description":"Premium aluminum fences","publisher":{"@id":"https:\/\/www.alfen.pl\/#organization"},"potentialAction":[{"@type":"SearchAction","target":{"@type":"EntryPoint","urlTemplate":"https:\/\/www.alfen.pl\/?s={search_term_string}"},"query-input":{"@type":"PropertyValueSpecification","valueRequired":true,"valueName":"search_term_string"}}],"inLanguage":"cs"},{"@type":"Organization","@id":"https:\/\/www.alfen.pl\/#organization","name":"Alfen","url":"https:\/\/www.alfen.pl\/","logo":{"@type":"ImageObject","inLanguage":"cs","@id":"https:\/\/www.alfen.pl\/#\/schema\/logo\/image\/","url":"https:\/\/www.alfen.pl\/wp-content\/uploads\/2023\/05\/logo-alfen-pn6g1u7a96jpxbbl1fnd7lrrq2do24o5l3xhqiompy.png","contentUrl":"https:\/\/www.alfen.pl\/wp-content\/uploads\/2023\/05\/logo-alfen-pn6g1u7a96jpxbbl1fnd7lrrq2do24o5l3xhqiompy.png","width":150,"height":39,"caption":"Alfen"},"image":{"@id":"https:\/\/www.alfen.pl\/#\/schema\/logo\/image\/"}}]}},"uagb_featured_image_src":{"full":["https:\/\/www.alfen.pl\/wp-content\/uploads\/2023\/05\/Alfen-F06R09-04-1024x512-1.webp",1024,512,false],"thumbnail":["https:\/\/www.alfen.pl\/wp-content\/uploads\/2023\/05\/Alfen-F06R09-04-1024x512-1-150x150.webp",150,150,true],"medium":["https:\/\/www.alfen.pl\/wp-content\/uploads\/2023\/05\/Alfen-F06R09-04-1024x512-1-500x250.webp",500,250,true],"medium_large":["https:\/\/www.alfen.pl\/wp-content\/uploads\/2023\/05\/Alfen-F06R09-04-1024x512-1-768x384.webp",768,384,true],"large":["https:\/\/www.alfen.pl\/wp-content\/uploads\/2023\/05\/Alfen-F06R09-04-1024x512-1.webp",1024,512,false],"1536x1536":["https:\/\/www.alfen.pl\/wp-content\/uploads\/2023\/05\/Alfen-F06R09-04-1024x512-1.webp",1024,512,false],"2048x2048":["https:\/\/www.alfen.pl\/wp-content\/uploads\/2023\/05\/Alfen-F06R09-04-1024x512-1.webp",1024,512,false],"trp-custom-language-flag":["https:\/\/www.alfen.pl\/wp-content\/uploads\/2023\/05\/Alfen-F06R09-04-1024x512-1-18x9.webp",18,9,true]},"uagb_author_info":{"display_name":"Adrian Korkus","author_link":"https:\/\/www.alfen.pl\/cs\/author\/korit\/"},"uagb_comment_info":0,"uagb_excerpt":"Brama wjazdowa to wa\u017cny element ka\u017cdego domu, kt\u00f3ry wp\u0142ywa na jego estetyk\u0119, bezpiecze\u0144stwo oraz funkcjonalno\u015b\u0107. Wyb\u00f3r odpowiednich wymiar\u00f3w bramy wjazdowej jest zatem niezwykle istotny, aby zapewni\u0107 komfort i wygod\u0119 podczas jej u\u017cytkowania oraz zwi\u0119kszy\u0107 warto\u015b\u0107 nieruchomo\u015bci. W tym artykule przedstawimy najwa\u017cniejsze informacje na temat wymiar\u00f3w bramy wjazdowej. Wysoko\u015b\u0107 bramy wjazdowej \u2013 ile powinna wynosi\u0107? Wysoko\u015b\u0107&hellip;","featured_img":"https:\/\/www.alfen.pl\/wp-content\/uploads\/2023\/05\/Alfen-F06R09-04-1024x512-1.webp","coauthors":[],"author_meta":{"author_link":"https:\/\/www.alfen.pl\/cs\/author\/korit\/","display_name":"Adrian Korkus"},"relative_dates":{"created":"Posted 3 roky ago","modified":"Updated 3 roky ago"},"absolute_dates":{"created":"Posted on 26 kv\u011btna 2023","modified":"Updated on 28 kv\u011btna 2023"},"absolute_dates_time":{"created":"Posted on 26 kv\u011btna 2023 15:41","modified":"Updated on 28 kv\u011btna 2023 10:41"},"featured_img_caption":"","tax_additional":{"autorzy":{"linked":["<a href=\"https:\/\/www.alfen.pl\/cs\/autorzy\/alfen\/\" class=\"advgb-post-tax-term\">Alfen<\/a>"],"unlinked":["<span class=\"advgb-post-tax-term\">Alfen<\/span>"],"slug":"autorzy","name":"Autorzy"}},"series_order":"","_links":{"self":[{"href":"https:\/\/www.alfen.pl\/cs\/wp-json\/wp\/v2\/post-type\/aktualnosci\/4413","targetHints":{"allow":["GET"]}}],"collection":[{"href":"https:\/\/www.alfen.pl\/cs\/wp-json\/wp\/v2\/post-type\/aktualnosci"}],"about":[{"href":"https:\/\/www.alfen.pl\/cs\/wp-json\/wp\/v2\/types\/aktualnosci"}],"author":[{"embeddable":true,"href":"https:\/\/www.alfen.pl\/cs\/wp-json\/wp\/v2\/users\/51"}],"wp:featuredmedia":[{"embeddable":true,"href":"https:\/\/www.alfen.pl\/cs\/wp-json\/wp\/v2\/media\/4414"}],"wp:attachment":[{"href":"https:\/\/www.alfen.pl\/cs\/wp-json\/wp\/v2\/media?parent=4413"}],"wp:term":[{"taxonomy":"autorzy","embeddable":true,"href":"https:\/\/www.alfen.pl\/cs\/wp-json\/wp\/v2\/taxonomy\/autorzy?post=4413"}],"curies":[{"name":"wp","href":"https:\/\/api.w.org\/{rel}","templated":true}]}}