{"id":4228,"date":"2023-05-08T01:38:28","date_gmt":"2023-05-07T23:38:28","guid":{"rendered":"https:\/\/www.alfen.pl\/?page_id=4228"},"modified":"2025-09-15T09:34:51","modified_gmt":"2025-09-15T07:34:51","slug":"bramy","status":"publish","type":"page","link":"https:\/\/www.alfen.pl\/en\/bramy\/","title":{"rendered":"Gates"},"content":{"rendered":"<div class=\"wp-block-advgb-columns advgb-columns-wrapper flip-box-vertical\" id=\"advgb-cols-32c5e5e9-884e-4d5b-85c4-5ee76457a908\"><div class=\"advgb-columns-container\"><div class=\"advgb-columns advgb-columns-row advgb-is-mobile advgb-columns-2 layout-12-12 tbl-layout-12-12 mbl-layout-stacked gutter-30 vgutter-30\">\n<div class=\"wp-block-advgb-column advgb-column advgb-is-half-desktop advgb-is-half-tablet advgb-is-full-mobile\" id=\"advgb-col-4efbbee4-489a-4f9d-b7ec-d016bbfa7b6c\"><div class=\"advgb-column-inner\" style=\"border-style:none;border-width:1px\">\n<div class=\"wp-block-advgb-image advgb-image-block image-wrap full-width advgb-img-0ead4595-78de-4d60-879f-22e303f87807\" style=\"width:100%;height:300px\"><div class=\"advgb-image-wrapper\" style=\"justify-content:flex-end;align-items:flex-start\"><img decoding=\"async\" src=\"https:\/\/www.alfen.pl\/wp-content\/uploads\/2023\/06\/N01-Brama-scaled.jpg\" alt=\"Ogrodzenie \u017caluzjowe - model N01\" class=\"advgb-image\" style=\"width:100%;height:300px;object-position:50% 50%\"\/><a class=\"advgb-image-overlay\" style=\"background-color:#000\" target=\"_blank\" rel=\"noopener noreferrer\"><\/a><div class=\"advgb-image-caption-wrap\"><h4 class=\"advgb-image-title\" style=\"color:#fff\">Blind fence - model N01<\/h4><\/div><\/div><\/div>\n\n\n\n<div class=\"wp-block-group has-background\" style=\"background-color:#1f1e1c\"><div class=\"wp-block-group__inner-container is-layout-constrained wp-block-group-is-layout-constrained\">\n<h3 class=\"wp-block-heading has-white-color has-text-color\" style=\"font-size:24px;font-style:normal;font-weight:800\">Blind fence - model N01<\/h3>\n\n\n\n<p class=\"has-white-color has-text-color\" style=\"font-size:16px\">- constructed of horizontal lamellas in the shape of a parallelogram,<br>\u200d<br>- The lamellas are 115x20mm and are arranged at a 45-degree angle,<br>\u200d<br>- This model is called a 'blind'.<\/p>\n\n\n\n<div class=\"wp-block-group\"><div class=\"wp-block-group__inner-container is-layout-constrained wp-block-group-is-layout-constrained\">\n<div class=\"wp-block-group\"><div class=\"wp-block-group__inner-container is-layout-constrained wp-block-group-is-layout-constrained\">\n<figure class=\"wp-block-gallery has-nested-images columns-1 wp-block-gallery-1 is-layout-flex wp-block-gallery-is-layout-flex\">\n<figure class=\"wp-block-image size-large\"><a href=\"https:\/\/www.alfen.pl\/wp-content\/uploads\/2022\/04\/N01-scaled.jpg\"><img loading=\"lazy\" decoding=\"async\" width=\"1024\" height=\"576\" data-id=\"3493\" src=\"https:\/\/www.alfen.pl\/wp-content\/uploads\/2022\/04\/N01-1024x576.jpg\" alt=\"\" class=\"wp-image-3493\" srcset=\"https:\/\/www.alfen.pl\/wp-content\/uploads\/2022\/04\/N01-1024x576.jpg 1024w, https:\/\/www.alfen.pl\/wp-content\/uploads\/2022\/04\/N01-500x281.jpg 500w, https:\/\/www.alfen.pl\/wp-content\/uploads\/2022\/04\/N01-768x432.jpg 768w, https:\/\/www.alfen.pl\/wp-content\/uploads\/2022\/04\/N01-1536x864.jpg 1536w, https:\/\/www.alfen.pl\/wp-content\/uploads\/2022\/04\/N01-2048x1152.jpg 2048w, https:\/\/www.alfen.pl\/wp-content\/uploads\/2022\/04\/N01-1080x608.jpg 1080w, https:\/\/www.alfen.pl\/wp-content\/uploads\/2022\/04\/N01-1280x720.jpg 1280w, https:\/\/www.alfen.pl\/wp-content\/uploads\/2022\/04\/N01-980x551.jpg 980w, https:\/\/www.alfen.pl\/wp-content\/uploads\/2022\/04\/N01-480x270.jpg 480w\" sizes=\"auto, (max-width: 1024px) 100vw, 1024px\" \/><\/a><\/figure>\n\n\n\n<figure class=\"wp-block-image size-large\"><a href=\"https:\/\/www.alfen.pl\/wp-content\/uploads\/2023\/06\/n01-panel.png\"><img loading=\"lazy\" decoding=\"async\" width=\"1024\" height=\"687\" data-id=\"4710\" src=\"https:\/\/www.alfen.pl\/wp-content\/uploads\/2023\/06\/n01-panel-1024x687.png\" alt=\"\" class=\"wp-image-4710\" srcset=\"https:\/\/www.alfen.pl\/wp-content\/uploads\/2023\/06\/n01-panel-1024x687.png 1024w, https:\/\/www.alfen.pl\/wp-content\/uploads\/2023\/06\/n01-panel-447x300.png 447w, https:\/\/www.alfen.pl\/wp-content\/uploads\/2023\/06\/n01-panel-768x515.png 768w, https:\/\/www.alfen.pl\/wp-content\/uploads\/2023\/06\/n01-panel-18x12.png 18w, https:\/\/www.alfen.pl\/wp-content\/uploads\/2023\/06\/n01-panel.png 1490w\" sizes=\"auto, (max-width: 1024px) 100vw, 1024px\" \/><\/a><\/figure>\n\n\n\n<figure class=\"wp-block-image size-large\"><a href=\"https:\/\/www.alfen.pl\/wp-content\/uploads\/2023\/06\/n01-brama-dwuskrzydlowa.png\"><img loading=\"lazy\" decoding=\"async\" width=\"1024\" height=\"427\" data-id=\"4711\" src=\"https:\/\/www.alfen.pl\/wp-content\/uploads\/2023\/06\/n01-brama-dwuskrzydlowa-1024x427.png\" alt=\"\" class=\"wp-image-4711\" srcset=\"https:\/\/www.alfen.pl\/wp-content\/uploads\/2023\/06\/n01-brama-dwuskrzydlowa-1024x427.png 1024w, https:\/\/www.alfen.pl\/wp-content\/uploads\/2023\/06\/n01-brama-dwuskrzydlowa-500x208.png 500w, https:\/\/www.alfen.pl\/wp-content\/uploads\/2023\/06\/n01-brama-dwuskrzydlowa-768x320.png 768w, https:\/\/www.alfen.pl\/wp-content\/uploads\/2023\/06\/n01-brama-dwuskrzydlowa-1536x640.png 1536w, https:\/\/www.alfen.pl\/wp-content\/uploads\/2023\/06\/n01-brama-dwuskrzydlowa-18x8.png 18w, https:\/\/www.alfen.pl\/wp-content\/uploads\/2023\/06\/n01-brama-dwuskrzydlowa.png 1919w\" sizes=\"auto, (max-width: 1024px) 100vw, 1024px\" \/><\/a><\/figure>\n\n\n\n<figure class=\"wp-block-image size-large\"><a href=\"https:\/\/www.alfen.pl\/wp-content\/uploads\/2023\/06\/n01-brama-dwuskrzydlowa-v.png\"><img loading=\"lazy\" decoding=\"async\" width=\"1024\" height=\"374\" data-id=\"4712\" src=\"https:\/\/www.alfen.pl\/wp-content\/uploads\/2023\/06\/n01-brama-dwuskrzydlowa-v-1024x374.png\" alt=\"\" class=\"wp-image-4712\" srcset=\"https:\/\/www.alfen.pl\/wp-content\/uploads\/2023\/06\/n01-brama-dwuskrzydlowa-v-1024x374.png 1024w, https:\/\/www.alfen.pl\/wp-content\/uploads\/2023\/06\/n01-brama-dwuskrzydlowa-v-500x182.png 500w, https:\/\/www.alfen.pl\/wp-content\/uploads\/2023\/06\/n01-brama-dwuskrzydlowa-v-768x280.png 768w, https:\/\/www.alfen.pl\/wp-content\/uploads\/2023\/06\/n01-brama-dwuskrzydlowa-v-1536x561.png 1536w, https:\/\/www.alfen.pl\/wp-content\/uploads\/2023\/06\/n01-brama-dwuskrzydlowa-v-18x7.png 18w, https:\/\/www.alfen.pl\/wp-content\/uploads\/2023\/06\/n01-brama-dwuskrzydlowa-v.png 1918w\" sizes=\"auto, (max-width: 1024px) 100vw, 1024px\" \/><\/a><\/figure>\n\n\n\n<figure class=\"wp-block-image size-large\"><a href=\"https:\/\/www.alfen.pl\/wp-content\/uploads\/2023\/06\/n01-brama-na-rolkach.png\"><img loading=\"lazy\" decoding=\"async\" width=\"1024\" height=\"427\" data-id=\"4713\" src=\"https:\/\/www.alfen.pl\/wp-content\/uploads\/2023\/06\/n01-brama-na-rolkach-1024x427.png\" alt=\"\" class=\"wp-image-4713\" srcset=\"https:\/\/www.alfen.pl\/wp-content\/uploads\/2023\/06\/n01-brama-na-rolkach-1024x427.png 1024w, https:\/\/www.alfen.pl\/wp-content\/uploads\/2023\/06\/n01-brama-na-rolkach-500x208.png 500w, https:\/\/www.alfen.pl\/wp-content\/uploads\/2023\/06\/n01-brama-na-rolkach-768x320.png 768w, https:\/\/www.alfen.pl\/wp-content\/uploads\/2023\/06\/n01-brama-na-rolkach-18x8.png 18w, https:\/\/www.alfen.pl\/wp-content\/uploads\/2023\/06\/n01-brama-na-rolkach.png 1439w\" sizes=\"auto, (max-width: 1024px) 100vw, 1024px\" \/><\/a><\/figure>\n\n\n\n<figure class=\"wp-block-image size-large\"><a href=\"https:\/\/www.alfen.pl\/wp-content\/uploads\/2023\/06\/n01-furtka.png\"><img loading=\"lazy\" decoding=\"async\" width=\"892\" height=\"1000\" data-id=\"4715\" src=\"https:\/\/www.alfen.pl\/wp-content\/uploads\/2023\/06\/n01-furtka.png\" alt=\"\" class=\"wp-image-4715\" srcset=\"https:\/\/www.alfen.pl\/wp-content\/uploads\/2023\/06\/n01-furtka.png 892w, https:\/\/www.alfen.pl\/wp-content\/uploads\/2023\/06\/n01-furtka-268x300.png 268w, https:\/\/www.alfen.pl\/wp-content\/uploads\/2023\/06\/n01-furtka-768x861.png 768w, https:\/\/www.alfen.pl\/wp-content\/uploads\/2023\/06\/n01-furtka-11x12.png 11w\" sizes=\"auto, (max-width: 892px) 100vw, 892px\" \/><\/a><\/figure>\n\n\n\n<figure class=\"wp-block-image size-large\"><a href=\"https:\/\/www.alfen.pl\/wp-content\/uploads\/2023\/06\/n01-brama-przesuwna-ceta.png\"><img loading=\"lazy\" decoding=\"async\" width=\"1024\" height=\"384\" data-id=\"4716\" src=\"https:\/\/www.alfen.pl\/wp-content\/uploads\/2023\/06\/n01-brama-przesuwna-ceta-1024x384.png\" alt=\"\" class=\"wp-image-4716\" srcset=\"https:\/\/www.alfen.pl\/wp-content\/uploads\/2023\/06\/n01-brama-przesuwna-ceta-1024x384.png 1024w, https:\/\/www.alfen.pl\/wp-content\/uploads\/2023\/06\/n01-brama-przesuwna-ceta-500x188.png 500w, https:\/\/www.alfen.pl\/wp-content\/uploads\/2023\/06\/n01-brama-przesuwna-ceta-768x288.png 768w, https:\/\/www.alfen.pl\/wp-content\/uploads\/2023\/06\/n01-brama-przesuwna-ceta-1536x576.png 1536w, https:\/\/www.alfen.pl\/wp-content\/uploads\/2023\/06\/n01-brama-przesuwna-ceta-18x7.png 18w, https:\/\/www.alfen.pl\/wp-content\/uploads\/2023\/06\/n01-brama-przesuwna-ceta.png 1599w\" sizes=\"auto, (max-width: 1024px) 100vw, 1024px\" \/><\/a><\/figure>\n\n\n\n<figure class=\"wp-block-image size-large\"><a href=\"https:\/\/www.alfen.pl\/wp-content\/uploads\/2023\/06\/n01-brama-przesuwna-1.png\"><img loading=\"lazy\" decoding=\"async\" width=\"1024\" height=\"339\" data-id=\"4717\" src=\"https:\/\/www.alfen.pl\/wp-content\/uploads\/2023\/06\/n01-brama-przesuwna-1-1024x339.png\" alt=\"\" class=\"wp-image-4717\" srcset=\"https:\/\/www.alfen.pl\/wp-content\/uploads\/2023\/06\/n01-brama-przesuwna-1-1024x339.png 1024w, https:\/\/www.alfen.pl\/wp-content\/uploads\/2023\/06\/n01-brama-przesuwna-1-500x165.png 500w, https:\/\/www.alfen.pl\/wp-content\/uploads\/2023\/06\/n01-brama-przesuwna-1-768x254.png 768w, https:\/\/www.alfen.pl\/wp-content\/uploads\/2023\/06\/n01-brama-przesuwna-1-1536x508.png 1536w, https:\/\/www.alfen.pl\/wp-content\/uploads\/2023\/06\/n01-brama-przesuwna-1-18x6.png 18w, https:\/\/www.alfen.pl\/wp-content\/uploads\/2023\/06\/n01-brama-przesuwna-1.png 1815w\" sizes=\"auto, (max-width: 1024px) 100vw, 1024px\" \/><\/a><\/figure>\n<\/figure>\n\n\n\n<div class=\"wp-block-buttons is-layout-flex wp-block-buttons-is-layout-flex\">\n<div class=\"wp-block-button is-style-outline is-style-outline--2\"><a class=\"wp-block-button__link has-white-color has-text-color has-custom-font-size wp-element-button\" style=\"border-radius:1px;font-size:16px\">See gallery<\/a><\/div>\n<\/div>\n<\/div><\/div>\n<\/div><\/div>\n<\/div><\/div>\n<\/div><\/div>\n\n\n\n<div class=\"wp-block-advgb-column advgb-column advgb-is-half-desktop advgb-is-half-tablet advgb-is-full-mobile\" id=\"advgb-col-b5318692-56c9-4b25-858b-2248f51d1399\"><div class=\"advgb-column-inner\" style=\"border-style:none;border-width:1px\">\n<div class=\"wp-block-advgb-image advgb-image-block image-wrap full-width advgb-img-d863f9db-1371-41f6-b54c-21922fc48b06\" style=\"width:100%;height:300px\"><div class=\"advgb-image-wrapper\" style=\"justify-content:flex-end;align-items:flex-start\"><img decoding=\"async\" src=\"https:\/\/www.alfen.pl\/wp-content\/uploads\/2023\/06\/N02-Brama-scaled.jpg\" alt=\"Ogrodzenie \u017caluzjowe - model N02\" class=\"advgb-image\" style=\"width:100%;height:300px;object-position:50% 50%\"\/><a class=\"advgb-image-overlay\" style=\"background-color:#000\" target=\"_blank\" rel=\"noopener noreferrer\"><\/a><div class=\"advgb-image-caption-wrap\"><h4 class=\"advgb-image-title\" style=\"color:#fff\">Blind fence - model N02<\/h4><\/div><\/div><\/div>\n\n\n\n<div class=\"wp-block-group has-background\" style=\"background-color:#1f1e1c\"><div class=\"wp-block-group__inner-container is-layout-constrained wp-block-group-is-layout-constrained\">\n<h3 class=\"wp-block-heading has-white-color has-text-color\" style=\"font-size:24px;font-style:normal;font-weight:800\">Blind fence - model N02<\/h3>\n\n\n\n<p class=\"has-white-color has-text-color\" style=\"font-size:16px\">- constructed of horizontal lamellas in the shape of a parallelogram,<br>\u200d<br>- The dimension of the lamellas is 115x20mm and they are staggered - with the long side facing the street\/possession,<br>\u200d<br>- creates a closed blind effect.<\/p>\n\n\n\n<div class=\"wp-block-group\"><div class=\"wp-block-group__inner-container is-layout-constrained wp-block-group-is-layout-constrained\">\n<div class=\"wp-block-group\"><div class=\"wp-block-group__inner-container is-layout-constrained wp-block-group-is-layout-constrained\">\n<figure class=\"wp-block-gallery has-nested-images columns-1 wp-block-gallery-3 is-layout-flex wp-block-gallery-is-layout-flex\">\n<figure class=\"wp-block-image size-large\"><a href=\"https:\/\/www.alfen.pl\/wp-content\/uploads\/2022\/04\/N02-scaled.jpg\"><img loading=\"lazy\" decoding=\"async\" width=\"1024\" height=\"576\" data-id=\"3497\" src=\"https:\/\/www.alfen.pl\/wp-content\/uploads\/2022\/04\/N02-1024x576.jpg\" alt=\"\" class=\"wp-image-3497\" srcset=\"https:\/\/www.alfen.pl\/wp-content\/uploads\/2022\/04\/N02-1024x576.jpg 1024w, https:\/\/www.alfen.pl\/wp-content\/uploads\/2022\/04\/N02-500x281.jpg 500w, https:\/\/www.alfen.pl\/wp-content\/uploads\/2022\/04\/N02-768x432.jpg 768w, https:\/\/www.alfen.pl\/wp-content\/uploads\/2022\/04\/N02-1536x864.jpg 1536w, https:\/\/www.alfen.pl\/wp-content\/uploads\/2022\/04\/N02-2048x1152.jpg 2048w, https:\/\/www.alfen.pl\/wp-content\/uploads\/2022\/04\/N02-1080x608.jpg 1080w, https:\/\/www.alfen.pl\/wp-content\/uploads\/2022\/04\/N02-1280x720.jpg 1280w, https:\/\/www.alfen.pl\/wp-content\/uploads\/2022\/04\/N02-980x551.jpg 980w, https:\/\/www.alfen.pl\/wp-content\/uploads\/2022\/04\/N02-480x270.jpg 480w\" sizes=\"auto, (max-width: 1024px) 100vw, 1024px\" \/><\/a><\/figure>\n\n\n\n<figure class=\"wp-block-image size-large\"><a href=\"https:\/\/www.alfen.pl\/wp-content\/uploads\/2023\/06\/n02-brama-dwuskrzydlowa.png\"><img loading=\"lazy\" decoding=\"async\" width=\"1024\" height=\"437\" data-id=\"4727\" src=\"https:\/\/www.alfen.pl\/wp-content\/uploads\/2023\/06\/n02-brama-dwuskrzydlowa-1024x437.png\" alt=\"\" class=\"wp-image-4727\" srcset=\"https:\/\/www.alfen.pl\/wp-content\/uploads\/2023\/06\/n02-brama-dwuskrzydlowa-1024x437.png 1024w, https:\/\/www.alfen.pl\/wp-content\/uploads\/2023\/06\/n02-brama-dwuskrzydlowa-500x213.png 500w, https:\/\/www.alfen.pl\/wp-content\/uploads\/2023\/06\/n02-brama-dwuskrzydlowa-768x328.png 768w, https:\/\/www.alfen.pl\/wp-content\/uploads\/2023\/06\/n02-brama-dwuskrzydlowa-1536x655.png 1536w, https:\/\/www.alfen.pl\/wp-content\/uploads\/2023\/06\/n02-brama-dwuskrzydlowa-18x8.png 18w, https:\/\/www.alfen.pl\/wp-content\/uploads\/2023\/06\/n02-brama-dwuskrzydlowa.png 1876w\" sizes=\"auto, (max-width: 1024px) 100vw, 1024px\" \/><\/a><\/figure>\n\n\n\n<figure class=\"wp-block-image size-large\"><a href=\"https:\/\/www.alfen.pl\/wp-content\/uploads\/2023\/06\/n02-brama-przesuwna.png\"><img loading=\"lazy\" decoding=\"async\" width=\"1024\" height=\"337\" data-id=\"4728\" src=\"https:\/\/www.alfen.pl\/wp-content\/uploads\/2023\/06\/n02-brama-przesuwna-1024x337.png\" alt=\"\" class=\"wp-image-4728\" srcset=\"https:\/\/www.alfen.pl\/wp-content\/uploads\/2023\/06\/n02-brama-przesuwna-1024x337.png 1024w, https:\/\/www.alfen.pl\/wp-content\/uploads\/2023\/06\/n02-brama-przesuwna-500x164.png 500w, https:\/\/www.alfen.pl\/wp-content\/uploads\/2023\/06\/n02-brama-przesuwna-768x252.png 768w, https:\/\/www.alfen.pl\/wp-content\/uploads\/2023\/06\/n02-brama-przesuwna-1536x505.png 1536w, https:\/\/www.alfen.pl\/wp-content\/uploads\/2023\/06\/n02-brama-przesuwna-18x6.png 18w, https:\/\/www.alfen.pl\/wp-content\/uploads\/2023\/06\/n02-brama-przesuwna.png 1825w\" sizes=\"auto, (max-width: 1024px) 100vw, 1024px\" \/><\/a><\/figure>\n\n\n\n<figure class=\"wp-block-image size-large\"><a href=\"https:\/\/www.alfen.pl\/wp-content\/uploads\/2023\/06\/n02-furtka.png\"><img loading=\"lazy\" decoding=\"async\" width=\"876\" height=\"1000\" data-id=\"4729\" src=\"https:\/\/www.alfen.pl\/wp-content\/uploads\/2023\/06\/n02-furtka.png\" alt=\"\" class=\"wp-image-4729\" srcset=\"https:\/\/www.alfen.pl\/wp-content\/uploads\/2023\/06\/n02-furtka.png 876w, https:\/\/www.alfen.pl\/wp-content\/uploads\/2023\/06\/n02-furtka-263x300.png 263w, https:\/\/www.alfen.pl\/wp-content\/uploads\/2023\/06\/n02-furtka-768x877.png 768w, https:\/\/www.alfen.pl\/wp-content\/uploads\/2023\/06\/n02-furtka-11x12.png 11w\" sizes=\"auto, (max-width: 876px) 100vw, 876px\" \/><\/a><\/figure>\n\n\n\n<figure class=\"wp-block-image size-large\"><a href=\"https:\/\/www.alfen.pl\/wp-content\/uploads\/2023\/06\/n02-panel.png\"><img loading=\"lazy\" decoding=\"async\" width=\"1024\" height=\"685\" data-id=\"4730\" src=\"https:\/\/www.alfen.pl\/wp-content\/uploads\/2023\/06\/n02-panel-1024x685.png\" alt=\"\" class=\"wp-image-4730\" srcset=\"https:\/\/www.alfen.pl\/wp-content\/uploads\/2023\/06\/n02-panel-1024x685.png 1024w, https:\/\/www.alfen.pl\/wp-content\/uploads\/2023\/06\/n02-panel-449x300.png 449w, https:\/\/www.alfen.pl\/wp-content\/uploads\/2023\/06\/n02-panel-768x514.png 768w, https:\/\/www.alfen.pl\/wp-content\/uploads\/2023\/06\/n02-panel-18x12.png 18w, https:\/\/www.alfen.pl\/wp-content\/uploads\/2023\/06\/n02-panel.png 1495w\" sizes=\"auto, (max-width: 1024px) 100vw, 1024px\" \/><\/a><\/figure>\n<\/figure>\n\n\n\n<div class=\"wp-block-buttons is-layout-flex wp-block-buttons-is-layout-flex\">\n<div class=\"wp-block-button is-style-outline is-style-outline--4\"><a class=\"wp-block-button__link has-white-color has-text-color has-custom-font-size wp-element-button\" style=\"border-radius:1px;font-size:16px\">See gallery<\/a><\/div>\n<\/div>\n<\/div><\/div>\n<\/div><\/div>\n<\/div><\/div>\n<\/div><\/div>\n<\/div><\/div><\/div>\n\n\n\n<div class=\"wp-block-advgb-columns advgb-columns-wrapper flip-box-vertical\" id=\"advgb-cols-ec904337-e16a-4c96-a4ca-2e5644ac78ba\"><div class=\"advgb-columns-container\"><div class=\"advgb-columns advgb-columns-row advgb-is-mobile advgb-columns-2 layout-12-12 tbl-layout-12-12 mbl-layout-stacked gutter-30 vgutter-30\">\n<div class=\"wp-block-advgb-column advgb-column advgb-is-half-desktop advgb-is-half-tablet advgb-is-full-mobile\" id=\"advgb-col-78cadb1c-300a-465f-862a-9b0e06b1b1a6\"><div class=\"advgb-column-inner\" style=\"border-style:none;border-width:1px\">\n<div class=\"wp-block-advgb-image advgb-image-block image-wrap full-width advgb-img-c29f7576-d959-4fe5-9a49-84bbe4970f22\" style=\"width:100%;height:300px\"><div class=\"advgb-image-wrapper\" style=\"justify-content:flex-end;align-items:flex-start\"><img decoding=\"async\" src=\"https:\/\/www.alfen.pl\/wp-content\/uploads\/2023\/06\/N03-Brama-scaled.jpg\" alt=\"Ogrodzenie poziome - model N03\" class=\"advgb-image\" style=\"width:100%;height:300px;object-position:50% 50%\"\/><a class=\"advgb-image-overlay\" style=\"background-color:#000\" target=\"_blank\" rel=\"noopener noreferrer\"><\/a><div class=\"advgb-image-caption-wrap\"><h4 class=\"advgb-image-title\" style=\"color:#fff\">Horizontal fence - model N03<\/h4><\/div><\/div><\/div>\n\n\n\n<div class=\"wp-block-group has-background\" style=\"background-color:#1f1e1c\"><div class=\"wp-block-group__inner-container is-layout-constrained wp-block-group-is-layout-constrained\">\n<h3 class=\"wp-block-heading has-white-color has-text-color\" style=\"font-size:24px;font-style:normal;font-weight:800\">Blind fence - model N03<\/h3>\n\n\n\n<p class=\"has-white-color has-text-color\" style=\"font-size:16px\">- constructed with 50x20mm horizontal lamellas,<br>\u200d<br>- the narrowest lamella in the horizontal model we offer,<br>\u200d<br>- any gap between slats possible.<\/p>\n\n\n\n<div class=\"wp-block-group\"><div class=\"wp-block-group__inner-container is-layout-constrained wp-block-group-is-layout-constrained\">\n<div class=\"wp-block-group\"><div class=\"wp-block-group__inner-container is-layout-constrained wp-block-group-is-layout-constrained\">\n<figure class=\"wp-block-gallery has-nested-images columns-1 wp-block-gallery-5 is-layout-flex wp-block-gallery-is-layout-flex\">\n<figure class=\"wp-block-image size-large\"><a href=\"https:\/\/www.alfen.pl\/wp-content\/uploads\/2022\/04\/N03-scaled.jpg\"><img loading=\"lazy\" decoding=\"async\" width=\"1024\" height=\"576\" data-id=\"3496\" src=\"https:\/\/www.alfen.pl\/wp-content\/uploads\/2022\/04\/N03-1024x576.jpg\" alt=\"\" class=\"wp-image-3496\" srcset=\"https:\/\/www.alfen.pl\/wp-content\/uploads\/2022\/04\/N03-1024x576.jpg 1024w, https:\/\/www.alfen.pl\/wp-content\/uploads\/2022\/04\/N03-500x281.jpg 500w, https:\/\/www.alfen.pl\/wp-content\/uploads\/2022\/04\/N03-768x432.jpg 768w, https:\/\/www.alfen.pl\/wp-content\/uploads\/2022\/04\/N03-1536x864.jpg 1536w, https:\/\/www.alfen.pl\/wp-content\/uploads\/2022\/04\/N03-2048x1152.jpg 2048w, https:\/\/www.alfen.pl\/wp-content\/uploads\/2022\/04\/N03-1080x608.jpg 1080w, https:\/\/www.alfen.pl\/wp-content\/uploads\/2022\/04\/N03-1280x720.jpg 1280w, https:\/\/www.alfen.pl\/wp-content\/uploads\/2022\/04\/N03-980x551.jpg 980w, https:\/\/www.alfen.pl\/wp-content\/uploads\/2022\/04\/N03-480x270.jpg 480w\" sizes=\"auto, (max-width: 1024px) 100vw, 1024px\" \/><\/a><\/figure>\n\n\n\n<figure class=\"wp-block-image size-large\"><a href=\"https:\/\/www.alfen.pl\/wp-content\/uploads\/2023\/06\/n03-furtka.png\"><img loading=\"lazy\" decoding=\"async\" width=\"920\" height=\"1024\" data-id=\"4750\" src=\"https:\/\/www.alfen.pl\/wp-content\/uploads\/2023\/06\/n03-furtka-920x1024.png\" alt=\"\" class=\"wp-image-4750\" srcset=\"https:\/\/www.alfen.pl\/wp-content\/uploads\/2023\/06\/n03-furtka-920x1024.png 920w, https:\/\/www.alfen.pl\/wp-content\/uploads\/2023\/06\/n03-furtka-270x300.png 270w, https:\/\/www.alfen.pl\/wp-content\/uploads\/2023\/06\/n03-furtka-768x855.png 768w, https:\/\/www.alfen.pl\/wp-content\/uploads\/2023\/06\/n03-furtka-11x12.png 11w, https:\/\/www.alfen.pl\/wp-content\/uploads\/2023\/06\/n03-furtka.png 976w\" sizes=\"auto, (max-width: 920px) 100vw, 920px\" \/><\/a><\/figure>\n\n\n\n<figure class=\"wp-block-image size-large\"><a href=\"https:\/\/www.alfen.pl\/wp-content\/uploads\/2023\/06\/n03-panel.png\"><img loading=\"lazy\" decoding=\"async\" width=\"1024\" height=\"696\" data-id=\"4751\" src=\"https:\/\/www.alfen.pl\/wp-content\/uploads\/2023\/06\/n03-panel-1024x696.png\" alt=\"\" class=\"wp-image-4751\" srcset=\"https:\/\/www.alfen.pl\/wp-content\/uploads\/2023\/06\/n03-panel-1024x696.png 1024w, https:\/\/www.alfen.pl\/wp-content\/uploads\/2023\/06\/n03-panel-442x300.png 442w, https:\/\/www.alfen.pl\/wp-content\/uploads\/2023\/06\/n03-panel-768x522.png 768w, https:\/\/www.alfen.pl\/wp-content\/uploads\/2023\/06\/n03-panel-18x12.png 18w, https:\/\/www.alfen.pl\/wp-content\/uploads\/2023\/06\/n03-panel.png 1472w\" sizes=\"auto, (max-width: 1024px) 100vw, 1024px\" \/><\/a><\/figure>\n\n\n\n<figure class=\"wp-block-image size-large\"><a href=\"https:\/\/www.alfen.pl\/wp-content\/uploads\/2023\/06\/n03-brama-dwuskrzydlowa.png\"><img loading=\"lazy\" decoding=\"async\" width=\"1024\" height=\"453\" data-id=\"4752\" src=\"https:\/\/www.alfen.pl\/wp-content\/uploads\/2023\/06\/n03-brama-dwuskrzydlowa-1024x453.png\" alt=\"\" class=\"wp-image-4752\" srcset=\"https:\/\/www.alfen.pl\/wp-content\/uploads\/2023\/06\/n03-brama-dwuskrzydlowa-1024x453.png 1024w, https:\/\/www.alfen.pl\/wp-content\/uploads\/2023\/06\/n03-brama-dwuskrzydlowa-500x221.png 500w, https:\/\/www.alfen.pl\/wp-content\/uploads\/2023\/06\/n03-brama-dwuskrzydlowa-768x339.png 768w, https:\/\/www.alfen.pl\/wp-content\/uploads\/2023\/06\/n03-brama-dwuskrzydlowa-1536x679.png 1536w, https:\/\/www.alfen.pl\/wp-content\/uploads\/2023\/06\/n03-brama-dwuskrzydlowa-18x8.png 18w, https:\/\/www.alfen.pl\/wp-content\/uploads\/2023\/06\/n03-brama-dwuskrzydlowa.png 1810w\" sizes=\"auto, (max-width: 1024px) 100vw, 1024px\" \/><\/a><\/figure>\n\n\n\n<figure class=\"wp-block-image size-large\"><a href=\"https:\/\/www.alfen.pl\/wp-content\/uploads\/2023\/06\/n03-brama-przesuwna.png\"><img loading=\"lazy\" decoding=\"async\" width=\"1024\" height=\"311\" data-id=\"4753\" src=\"https:\/\/www.alfen.pl\/wp-content\/uploads\/2023\/06\/n03-brama-przesuwna-1024x311.png\" alt=\"\" class=\"wp-image-4753\" srcset=\"https:\/\/www.alfen.pl\/wp-content\/uploads\/2023\/06\/n03-brama-przesuwna-1024x311.png 1024w, https:\/\/www.alfen.pl\/wp-content\/uploads\/2023\/06\/n03-brama-przesuwna-500x152.png 500w, https:\/\/www.alfen.pl\/wp-content\/uploads\/2023\/06\/n03-brama-przesuwna-768x233.png 768w, https:\/\/www.alfen.pl\/wp-content\/uploads\/2023\/06\/n03-brama-przesuwna-1536x466.png 1536w, https:\/\/www.alfen.pl\/wp-content\/uploads\/2023\/06\/n03-brama-przesuwna-18x5.png 18w, https:\/\/www.alfen.pl\/wp-content\/uploads\/2023\/06\/n03-brama-przesuwna.png 1976w\" sizes=\"auto, (max-width: 1024px) 100vw, 1024px\" \/><\/a><\/figure>\n<\/figure>\n\n\n\n<div class=\"wp-block-buttons is-layout-flex wp-block-buttons-is-layout-flex\">\n<div class=\"wp-block-button is-style-outline is-style-outline--6\"><a class=\"wp-block-button__link has-white-color has-text-color has-custom-font-size wp-element-button\" style=\"border-radius:1px;font-size:16px\">See gallery<\/a><\/div>\n<\/div>\n<\/div><\/div>\n<\/div><\/div>\n<\/div><\/div>\n<\/div><\/div>\n\n\n\n<div class=\"wp-block-advgb-column advgb-column advgb-is-half-desktop advgb-is-half-tablet advgb-is-full-mobile\" id=\"advgb-col-3e287de6-1628-4bbe-8007-b795d2afeee9\"><div class=\"advgb-column-inner\" style=\"border-style:none;border-width:1px\">\n<div class=\"wp-block-advgb-image advgb-image-block image-wrap full-width advgb-img-a7d1d323-6988-4732-bcfd-3bf4ac01c804\" style=\"width:100%;height:300px\"><div class=\"advgb-image-wrapper\" style=\"justify-content:flex-end;align-items:flex-start\"><img decoding=\"async\" src=\"https:\/\/www.alfen.pl\/wp-content\/uploads\/2023\/06\/N04-Brama-scaled.jpg\" alt=\"Ogrodzenie poziome - model N04\" class=\"advgb-image\" style=\"width:100%;height:300px;object-position:50% 50%\"\/><a class=\"advgb-image-overlay\" style=\"background-color:#000\" target=\"_blank\" rel=\"noopener noreferrer\"><\/a><div class=\"advgb-image-caption-wrap\"><h4 class=\"advgb-image-title\" style=\"color:#fff\">Horizontal fence - model N04<\/h4><\/div><\/div><\/div>\n\n\n\n<div class=\"wp-block-group has-background\" style=\"background-color:#1f1e1c\"><div class=\"wp-block-group__inner-container is-layout-constrained wp-block-group-is-layout-constrained\">\n<h3 class=\"wp-block-heading has-white-color has-text-color\" style=\"font-size:24px;font-style:normal;font-weight:800\">Blind fence - model N04<\/h3>\n\n\n\n<p class=\"has-white-color has-text-color\" style=\"font-size:16px\">- constructed with 100x20mm horizontal lamellas,<br>\u200d<br>- It looks particularly good with a 15-30mm gap between the fins,<br>\u200d<br>- any gap between slats possible.<\/p>\n\n\n\n<div class=\"wp-block-group\"><div class=\"wp-block-group__inner-container is-layout-constrained wp-block-group-is-layout-constrained\">\n<div class=\"wp-block-group\"><div class=\"wp-block-group__inner-container is-layout-constrained wp-block-group-is-layout-constrained\">\n<figure class=\"wp-block-gallery has-nested-images columns-1 wp-block-gallery-7 is-layout-flex wp-block-gallery-is-layout-flex\">\n<figure class=\"wp-block-image size-large\"><a href=\"https:\/\/www.alfen.pl\/wp-content\/uploads\/2023\/10\/N04.jpg\"><img loading=\"lazy\" decoding=\"async\" width=\"1024\" height=\"576\" data-id=\"5410\" src=\"https:\/\/www.alfen.pl\/wp-content\/uploads\/2023\/10\/N04-1024x576.jpg\" alt=\"\" class=\"wp-image-5410\" srcset=\"https:\/\/www.alfen.pl\/wp-content\/uploads\/2023\/10\/N04-1024x576.jpg 1024w, https:\/\/www.alfen.pl\/wp-content\/uploads\/2023\/10\/N04-500x281.jpg 500w, https:\/\/www.alfen.pl\/wp-content\/uploads\/2023\/10\/N04-768x432.jpg 768w, https:\/\/www.alfen.pl\/wp-content\/uploads\/2023\/10\/N04-1536x864.jpg 1536w, https:\/\/www.alfen.pl\/wp-content\/uploads\/2023\/10\/N04-18x10.jpg 18w, https:\/\/www.alfen.pl\/wp-content\/uploads\/2023\/10\/N04.jpg 1920w\" sizes=\"auto, (max-width: 1024px) 100vw, 1024px\" \/><\/a><\/figure>\n\n\n\n<figure class=\"wp-block-image size-full\"><a href=\"https:\/\/www.alfen.pl\/wp-content\/uploads\/2023\/10\/N04-furtka.png\"><img loading=\"lazy\" decoding=\"async\" width=\"944\" height=\"1000\" data-id=\"5415\" src=\"https:\/\/www.alfen.pl\/wp-content\/uploads\/2023\/10\/N04-furtka.png\" alt=\"\" class=\"wp-image-5415\" srcset=\"https:\/\/www.alfen.pl\/wp-content\/uploads\/2023\/10\/N04-furtka.png 944w, https:\/\/www.alfen.pl\/wp-content\/uploads\/2023\/10\/N04-furtka-283x300.png 283w, https:\/\/www.alfen.pl\/wp-content\/uploads\/2023\/10\/N04-furtka-768x814.png 768w, https:\/\/www.alfen.pl\/wp-content\/uploads\/2023\/10\/N04-furtka-11x12.png 11w\" sizes=\"auto, (max-width: 944px) 100vw, 944px\" \/><\/a><\/figure>\n\n\n\n<figure class=\"wp-block-image size-large\"><a href=\"https:\/\/www.alfen.pl\/wp-content\/uploads\/2023\/10\/N04-panel.png\"><img loading=\"lazy\" decoding=\"async\" width=\"1024\" height=\"700\" data-id=\"5416\" src=\"https:\/\/www.alfen.pl\/wp-content\/uploads\/2023\/10\/N04-panel-1024x700.png\" alt=\"\" class=\"wp-image-5416\" srcset=\"https:\/\/www.alfen.pl\/wp-content\/uploads\/2023\/10\/N04-panel-1024x700.png 1024w, https:\/\/www.alfen.pl\/wp-content\/uploads\/2023\/10\/N04-panel-439x300.png 439w, https:\/\/www.alfen.pl\/wp-content\/uploads\/2023\/10\/N04-panel-768x525.png 768w, https:\/\/www.alfen.pl\/wp-content\/uploads\/2023\/10\/N04-panel-18x12.png 18w, https:\/\/www.alfen.pl\/wp-content\/uploads\/2023\/10\/N04-panel.png 1463w\" sizes=\"auto, (max-width: 1024px) 100vw, 1024px\" \/><\/a><\/figure>\n\n\n\n<figure class=\"wp-block-image size-large\"><a href=\"https:\/\/www.alfen.pl\/wp-content\/uploads\/2023\/10\/N04-panel-long.png\"><img loading=\"lazy\" decoding=\"async\" width=\"1024\" height=\"420\" data-id=\"5417\" src=\"https:\/\/www.alfen.pl\/wp-content\/uploads\/2023\/10\/N04-panel-long-1024x420.png\" alt=\"\" class=\"wp-image-5417\" srcset=\"https:\/\/www.alfen.pl\/wp-content\/uploads\/2023\/10\/N04-panel-long-1024x420.png 1024w, https:\/\/www.alfen.pl\/wp-content\/uploads\/2023\/10\/N04-panel-long-500x205.png 500w, https:\/\/www.alfen.pl\/wp-content\/uploads\/2023\/10\/N04-panel-long-768x315.png 768w, https:\/\/www.alfen.pl\/wp-content\/uploads\/2023\/10\/N04-panel-long-1536x631.png 1536w, https:\/\/www.alfen.pl\/wp-content\/uploads\/2023\/10\/N04-panel-long-18x7.png 18w, https:\/\/www.alfen.pl\/wp-content\/uploads\/2023\/10\/N04-panel-long.png 1827w\" sizes=\"auto, (max-width: 1024px) 100vw, 1024px\" \/><\/a><\/figure>\n\n\n\n<figure class=\"wp-block-image size-large\"><a href=\"https:\/\/www.alfen.pl\/wp-content\/uploads\/2023\/10\/N04-brama-dwuskrzydlowa-1.png\"><img loading=\"lazy\" decoding=\"async\" width=\"1024\" height=\"453\" data-id=\"5420\" src=\"https:\/\/www.alfen.pl\/wp-content\/uploads\/2023\/10\/N04-brama-dwuskrzydlowa-1-1024x453.png\" alt=\"\" class=\"wp-image-5420\" srcset=\"https:\/\/www.alfen.pl\/wp-content\/uploads\/2023\/10\/N04-brama-dwuskrzydlowa-1-1024x453.png 1024w, https:\/\/www.alfen.pl\/wp-content\/uploads\/2023\/10\/N04-brama-dwuskrzydlowa-1-500x221.png 500w, https:\/\/www.alfen.pl\/wp-content\/uploads\/2023\/10\/N04-brama-dwuskrzydlowa-1-768x340.png 768w, https:\/\/www.alfen.pl\/wp-content\/uploads\/2023\/10\/N04-brama-dwuskrzydlowa-1-1536x680.png 1536w, https:\/\/www.alfen.pl\/wp-content\/uploads\/2023\/10\/N04-brama-dwuskrzydlowa-1-18x8.png 18w, https:\/\/www.alfen.pl\/wp-content\/uploads\/2023\/10\/N04-brama-dwuskrzydlowa-1.png 1808w\" sizes=\"auto, (max-width: 1024px) 100vw, 1024px\" \/><\/a><\/figure>\n\n\n\n<figure class=\"wp-block-image size-large\"><a href=\"https:\/\/www.alfen.pl\/wp-content\/uploads\/2023\/10\/N04-brama-przesuwna-CETA-1.png\"><img loading=\"lazy\" decoding=\"async\" width=\"1024\" height=\"316\" data-id=\"5421\" src=\"https:\/\/www.alfen.pl\/wp-content\/uploads\/2023\/10\/N04-brama-przesuwna-CETA-1-1024x316.png\" alt=\"\" class=\"wp-image-5421\" srcset=\"https:\/\/www.alfen.pl\/wp-content\/uploads\/2023\/10\/N04-brama-przesuwna-CETA-1-1024x316.png 1024w, https:\/\/www.alfen.pl\/wp-content\/uploads\/2023\/10\/N04-brama-przesuwna-CETA-1-500x154.png 500w, https:\/\/www.alfen.pl\/wp-content\/uploads\/2023\/10\/N04-brama-przesuwna-CETA-1-768x237.png 768w, https:\/\/www.alfen.pl\/wp-content\/uploads\/2023\/10\/N04-brama-przesuwna-CETA-1-1536x474.png 1536w, https:\/\/www.alfen.pl\/wp-content\/uploads\/2023\/10\/N04-brama-przesuwna-CETA-1-18x6.png 18w, https:\/\/www.alfen.pl\/wp-content\/uploads\/2023\/10\/N04-brama-przesuwna-CETA-1.png 1943w\" sizes=\"auto, (max-width: 1024px) 100vw, 1024px\" \/><\/a><\/figure>\n\n\n\n<figure class=\"wp-block-image size-large\"><a href=\"https:\/\/www.alfen.pl\/wp-content\/uploads\/2023\/10\/N04-brama-przesuwna-1.png\"><img loading=\"lazy\" decoding=\"async\" width=\"1024\" height=\"320\" data-id=\"5418\" src=\"https:\/\/www.alfen.pl\/wp-content\/uploads\/2023\/10\/N04-brama-przesuwna-1-1024x320.png\" alt=\"\" class=\"wp-image-5418\" srcset=\"https:\/\/www.alfen.pl\/wp-content\/uploads\/2023\/10\/N04-brama-przesuwna-1-1024x320.png 1024w, https:\/\/www.alfen.pl\/wp-content\/uploads\/2023\/10\/N04-brama-przesuwna-1-500x156.png 500w, https:\/\/www.alfen.pl\/wp-content\/uploads\/2023\/10\/N04-brama-przesuwna-1-768x240.png 768w, https:\/\/www.alfen.pl\/wp-content\/uploads\/2023\/10\/N04-brama-przesuwna-1-1536x480.png 1536w, https:\/\/www.alfen.pl\/wp-content\/uploads\/2023\/10\/N04-brama-przesuwna-1-18x6.png 18w, https:\/\/www.alfen.pl\/wp-content\/uploads\/2023\/10\/N04-brama-przesuwna-1.png 1921w\" sizes=\"auto, (max-width: 1024px) 100vw, 1024px\" \/><\/a><\/figure>\n\n\n\n<figure class=\"wp-block-image size-large\"><a href=\"https:\/\/www.alfen.pl\/wp-content\/uploads\/2023\/10\/N04-brama-na-rolkach-1.png\"><img loading=\"lazy\" decoding=\"async\" width=\"1024\" height=\"428\" data-id=\"5419\" src=\"https:\/\/www.alfen.pl\/wp-content\/uploads\/2023\/10\/N04-brama-na-rolkach-1-1024x428.png\" alt=\"\" class=\"wp-image-5419\" srcset=\"https:\/\/www.alfen.pl\/wp-content\/uploads\/2023\/10\/N04-brama-na-rolkach-1-1024x428.png 1024w, https:\/\/www.alfen.pl\/wp-content\/uploads\/2023\/10\/N04-brama-na-rolkach-1-500x209.png 500w, https:\/\/www.alfen.pl\/wp-content\/uploads\/2023\/10\/N04-brama-na-rolkach-1-768x321.png 768w, https:\/\/www.alfen.pl\/wp-content\/uploads\/2023\/10\/N04-brama-na-rolkach-1-18x8.png 18w, https:\/\/www.alfen.pl\/wp-content\/uploads\/2023\/10\/N04-brama-na-rolkach-1.png 1436w\" sizes=\"auto, (max-width: 1024px) 100vw, 1024px\" \/><\/a><\/figure>\n<\/figure>\n\n\n\n<div class=\"wp-block-buttons is-layout-flex wp-block-buttons-is-layout-flex\">\n<div class=\"wp-block-button is-style-outline is-style-outline--8\"><a class=\"wp-block-button__link has-white-color has-text-color has-custom-font-size wp-element-button\" style=\"border-radius:1px;font-size:16px\">See gallery<\/a><\/div>\n<\/div>\n<\/div><\/div>\n<\/div><\/div>\n<\/div><\/div>\n<\/div><\/div>\n<\/div><\/div><\/div>\n\n\n\n<div class=\"wp-block-advgb-columns advgb-columns-wrapper flip-box-vertical\" id=\"advgb-cols-14e6b564-353c-4a62-9d43-7424bf9e0d23\"><div class=\"advgb-columns-container\"><div class=\"advgb-columns advgb-columns-row advgb-is-mobile advgb-columns-2 layout-12-12 tbl-layout-12-12 mbl-layout-stacked gutter-30 vgutter-30\">\n<div class=\"wp-block-advgb-column advgb-column advgb-is-half-desktop advgb-is-half-tablet advgb-is-full-mobile\" id=\"advgb-col-91475c8a-f2b3-4f3b-9c81-69bf6732b887\"><div class=\"advgb-column-inner\" style=\"border-style:none;border-width:1px\">\n<div class=\"wp-block-advgb-image advgb-image-block image-wrap full-width advgb-img-a937eea8-2294-4893-8307-beb8e9d47211\" style=\"width:100%;height:300px\"><div class=\"advgb-image-wrapper\" style=\"justify-content:flex-end;align-items:flex-start\"><img decoding=\"async\" src=\"https:\/\/www.alfen.pl\/wp-content\/uploads\/2023\/06\/N05-Brama-scaled.jpg\" alt=\"Ogrodzenie poziome - model N05\" class=\"advgb-image\" style=\"width:100%;height:300px;object-position:50% 50%\"\/><a class=\"advgb-image-overlay\" style=\"background-color:#000\" target=\"_blank\" rel=\"noopener noreferrer\"><\/a><div class=\"advgb-image-caption-wrap\"><h4 class=\"advgb-image-title\" style=\"color:#fff\">Horizontal fence - model N05<\/h4><\/div><\/div><\/div>\n\n\n\n<div class=\"wp-block-group has-background\" style=\"background-color:#1f1e1c\"><div class=\"wp-block-group__inner-container is-layout-constrained wp-block-group-is-layout-constrained\">\n<h3 class=\"wp-block-heading has-white-color has-text-color\" style=\"font-size:24px;font-style:normal;font-weight:800\">Blind fence - model N05<\/h3>\n\n\n\n<p class=\"has-white-color has-text-color\" style=\"font-size:16px\">- constructed with 200x20mm horizontal lamellas,<br>\u200d<br>- The gap-free arrangement of the slats gives complete privacy,<br>\u200d<br>- any gap between slats possible.<\/p>\n\n\n\n<div class=\"wp-block-group\"><div class=\"wp-block-group__inner-container is-layout-constrained wp-block-group-is-layout-constrained\">\n<div class=\"wp-block-group\"><div class=\"wp-block-group__inner-container is-layout-constrained wp-block-group-is-layout-constrained\">\n<figure class=\"wp-block-gallery has-nested-images columns-1 wp-block-gallery-9 is-layout-flex wp-block-gallery-is-layout-flex\">\n<figure class=\"wp-block-image size-large\"><a href=\"https:\/\/www.alfen.pl\/wp-content\/uploads\/2022\/04\/N05-scaled.jpg\"><img loading=\"lazy\" decoding=\"async\" width=\"1024\" height=\"576\" data-id=\"3492\" src=\"https:\/\/www.alfen.pl\/wp-content\/uploads\/2022\/04\/N05-1024x576.jpg\" alt=\"\" class=\"wp-image-3492\" srcset=\"https:\/\/www.alfen.pl\/wp-content\/uploads\/2022\/04\/N05-1024x576.jpg 1024w, https:\/\/www.alfen.pl\/wp-content\/uploads\/2022\/04\/N05-500x281.jpg 500w, https:\/\/www.alfen.pl\/wp-content\/uploads\/2022\/04\/N05-768x432.jpg 768w, https:\/\/www.alfen.pl\/wp-content\/uploads\/2022\/04\/N05-1536x864.jpg 1536w, https:\/\/www.alfen.pl\/wp-content\/uploads\/2022\/04\/N05-2048x1152.jpg 2048w, https:\/\/www.alfen.pl\/wp-content\/uploads\/2022\/04\/N05-1080x608.jpg 1080w, https:\/\/www.alfen.pl\/wp-content\/uploads\/2022\/04\/N05-1280x720.jpg 1280w, https:\/\/www.alfen.pl\/wp-content\/uploads\/2022\/04\/N05-980x551.jpg 980w, https:\/\/www.alfen.pl\/wp-content\/uploads\/2022\/04\/N05-480x270.jpg 480w\" sizes=\"auto, (max-width: 1024px) 100vw, 1024px\" \/><\/a><\/figure>\n\n\n\n<figure class=\"wp-block-image size-large\"><a href=\"https:\/\/www.alfen.pl\/wp-content\/uploads\/2023\/06\/n05-furtka.png\"><img loading=\"lazy\" decoding=\"async\" width=\"866\" height=\"1000\" data-id=\"4767\" src=\"https:\/\/www.alfen.pl\/wp-content\/uploads\/2023\/06\/n05-furtka.png\" alt=\"\" class=\"wp-image-4767\" srcset=\"https:\/\/www.alfen.pl\/wp-content\/uploads\/2023\/06\/n05-furtka.png 866w, https:\/\/www.alfen.pl\/wp-content\/uploads\/2023\/06\/n05-furtka-260x300.png 260w, https:\/\/www.alfen.pl\/wp-content\/uploads\/2023\/06\/n05-furtka-768x887.png 768w, https:\/\/www.alfen.pl\/wp-content\/uploads\/2023\/06\/n05-furtka-10x12.png 10w\" sizes=\"auto, (max-width: 866px) 100vw, 866px\" \/><\/a><\/figure>\n\n\n\n<figure class=\"wp-block-image size-large\"><a href=\"https:\/\/www.alfen.pl\/wp-content\/uploads\/2023\/06\/n05-panel-1.png\"><img loading=\"lazy\" decoding=\"async\" width=\"1024\" height=\"644\" data-id=\"4768\" src=\"https:\/\/www.alfen.pl\/wp-content\/uploads\/2023\/06\/n05-panel-1-1024x644.png\" alt=\"\" class=\"wp-image-4768\" srcset=\"https:\/\/www.alfen.pl\/wp-content\/uploads\/2023\/06\/n05-panel-1-1024x644.png 1024w, https:\/\/www.alfen.pl\/wp-content\/uploads\/2023\/06\/n05-panel-1-477x300.png 477w, https:\/\/www.alfen.pl\/wp-content\/uploads\/2023\/06\/n05-panel-1-768x483.png 768w, https:\/\/www.alfen.pl\/wp-content\/uploads\/2023\/06\/n05-panel-1-1536x966.png 1536w, https:\/\/www.alfen.pl\/wp-content\/uploads\/2023\/06\/n05-panel-1-18x12.png 18w, https:\/\/www.alfen.pl\/wp-content\/uploads\/2023\/06\/n05-panel-1.png 1590w\" sizes=\"auto, (max-width: 1024px) 100vw, 1024px\" \/><\/a><\/figure>\n\n\n\n<figure class=\"wp-block-image size-large\"><a href=\"https:\/\/www.alfen.pl\/wp-content\/uploads\/2023\/06\/n05-panel-long_1-1.png\"><img loading=\"lazy\" decoding=\"async\" width=\"1024\" height=\"388\" data-id=\"4769\" src=\"https:\/\/www.alfen.pl\/wp-content\/uploads\/2023\/06\/n05-panel-long_1-1-1024x388.png\" alt=\"\" class=\"wp-image-4769\" srcset=\"https:\/\/www.alfen.pl\/wp-content\/uploads\/2023\/06\/n05-panel-long_1-1-1024x388.png 1024w, https:\/\/www.alfen.pl\/wp-content\/uploads\/2023\/06\/n05-panel-long_1-1-500x189.png 500w, https:\/\/www.alfen.pl\/wp-content\/uploads\/2023\/06\/n05-panel-long_1-1-768x291.png 768w, https:\/\/www.alfen.pl\/wp-content\/uploads\/2023\/06\/n05-panel-long_1-1-1536x582.png 1536w, https:\/\/www.alfen.pl\/wp-content\/uploads\/2023\/06\/n05-panel-long_1-1-18x7.png 18w, https:\/\/www.alfen.pl\/wp-content\/uploads\/2023\/06\/n05-panel-long_1-1.png 1979w\" sizes=\"auto, (max-width: 1024px) 100vw, 1024px\" \/><\/a><\/figure>\n\n\n\n<figure class=\"wp-block-image size-large\"><a href=\"https:\/\/www.alfen.pl\/wp-content\/uploads\/2023\/06\/n05-brama-dwuskrzydlowa.png\"><img loading=\"lazy\" decoding=\"async\" width=\"1024\" height=\"454\" data-id=\"4770\" src=\"https:\/\/www.alfen.pl\/wp-content\/uploads\/2023\/06\/n05-brama-dwuskrzydlowa-1024x454.png\" alt=\"\" class=\"wp-image-4770\" srcset=\"https:\/\/www.alfen.pl\/wp-content\/uploads\/2023\/06\/n05-brama-dwuskrzydlowa-1024x454.png 1024w, https:\/\/www.alfen.pl\/wp-content\/uploads\/2023\/06\/n05-brama-dwuskrzydlowa-500x222.png 500w, https:\/\/www.alfen.pl\/wp-content\/uploads\/2023\/06\/n05-brama-dwuskrzydlowa-768x341.png 768w, https:\/\/www.alfen.pl\/wp-content\/uploads\/2023\/06\/n05-brama-dwuskrzydlowa-1536x682.png 1536w, https:\/\/www.alfen.pl\/wp-content\/uploads\/2023\/06\/n05-brama-dwuskrzydlowa-18x8.png 18w, https:\/\/www.alfen.pl\/wp-content\/uploads\/2023\/06\/n05-brama-dwuskrzydlowa.png 1803w\" sizes=\"auto, (max-width: 1024px) 100vw, 1024px\" \/><\/a><\/figure>\n\n\n\n<figure class=\"wp-block-image size-large\"><a href=\"https:\/\/www.alfen.pl\/wp-content\/uploads\/2023\/06\/n05-brama-przesuwna.png\"><img loading=\"lazy\" decoding=\"async\" width=\"1024\" height=\"324\" data-id=\"4771\" src=\"https:\/\/www.alfen.pl\/wp-content\/uploads\/2023\/06\/n05-brama-przesuwna-1024x324.png\" alt=\"\" class=\"wp-image-4771\" srcset=\"https:\/\/www.alfen.pl\/wp-content\/uploads\/2023\/06\/n05-brama-przesuwna-1024x324.png 1024w, https:\/\/www.alfen.pl\/wp-content\/uploads\/2023\/06\/n05-brama-przesuwna-500x158.png 500w, https:\/\/www.alfen.pl\/wp-content\/uploads\/2023\/06\/n05-brama-przesuwna-768x243.png 768w, https:\/\/www.alfen.pl\/wp-content\/uploads\/2023\/06\/n05-brama-przesuwna-1536x486.png 1536w, https:\/\/www.alfen.pl\/wp-content\/uploads\/2023\/06\/n05-brama-przesuwna-18x6.png 18w, https:\/\/www.alfen.pl\/wp-content\/uploads\/2023\/06\/n05-brama-przesuwna.png 1896w\" sizes=\"auto, (max-width: 1024px) 100vw, 1024px\" \/><\/a><\/figure>\n<\/figure>\n\n\n\n<div class=\"wp-block-buttons is-layout-flex wp-block-buttons-is-layout-flex\">\n<div class=\"wp-block-button is-style-outline is-style-outline--10\"><a class=\"wp-block-button__link has-white-color has-text-color has-custom-font-size wp-element-button\" style=\"border-radius:1px;font-size:16px\">See gallery<\/a><\/div>\n<\/div>\n<\/div><\/div>\n<\/div><\/div>\n<\/div><\/div>\n<\/div><\/div>\n\n\n\n<div class=\"wp-block-advgb-column advgb-column advgb-is-half-desktop advgb-is-half-tablet advgb-is-full-mobile\" id=\"advgb-col-49d94480-c57b-48cc-8ebc-e8a4143bd7b3\"><div class=\"advgb-column-inner\" style=\"border-style:none;border-width:1px\">\n<div class=\"wp-block-advgb-image advgb-image-block image-wrap full-width advgb-img-22560883-6c87-4102-af9a-7fb08d0bedec\" style=\"width:100%;height:300px\"><div class=\"advgb-image-wrapper\" style=\"justify-content:flex-end;align-items:flex-start\"><img decoding=\"async\" src=\"https:\/\/www.alfen.pl\/wp-content\/uploads\/2023\/06\/N06-Brama-scaled.jpg\" alt=\"Ogrodzenie poziome - model N06\" class=\"advgb-image\" style=\"width:100%;height:300px;object-position:50% 50%\"\/><a class=\"advgb-image-overlay\" style=\"background-color:#000\" target=\"_blank\" rel=\"noopener noreferrer\"><\/a><div class=\"advgb-image-caption-wrap\"><h4 class=\"advgb-image-title\" style=\"color:#fff\">Horizontal fence - model N06<\/h4><\/div><\/div><\/div>\n\n\n\n<div class=\"wp-block-group has-background\" style=\"background-color:#1f1e1c\"><div class=\"wp-block-group__inner-container is-layout-constrained wp-block-group-is-layout-constrained\">\n<h3 class=\"wp-block-heading has-white-color has-text-color\" style=\"font-size:24px;font-style:normal;font-weight:800\">Blind fence - model N06<\/h3>\n\n\n\n<p class=\"has-white-color has-text-color\" style=\"font-size:16px\">- constructed with horizontal lamellas of 200, 100 and 50x20mm,<br>\u200d<br>- any arrangement and number of individual lamellas,<br>\u200d<br>- any gap between slats possible.<\/p>\n\n\n\n<div class=\"wp-block-group\"><div class=\"wp-block-group__inner-container is-layout-constrained wp-block-group-is-layout-constrained\">\n<div class=\"wp-block-group\"><div class=\"wp-block-group__inner-container is-layout-constrained wp-block-group-is-layout-constrained\">\n<figure class=\"wp-block-gallery has-nested-images columns-1 wp-block-gallery-11 is-layout-flex wp-block-gallery-is-layout-flex\">\n<figure class=\"wp-block-image size-large\"><a href=\"https:\/\/www.alfen.pl\/wp-content\/uploads\/2023\/10\/N06.jpg\"><img loading=\"lazy\" decoding=\"async\" width=\"1024\" height=\"576\" data-id=\"5429\" src=\"https:\/\/www.alfen.pl\/wp-content\/uploads\/2023\/10\/N06-1024x576.jpg\" alt=\"\" class=\"wp-image-5429\" srcset=\"https:\/\/www.alfen.pl\/wp-content\/uploads\/2023\/10\/N06-1024x576.jpg 1024w, https:\/\/www.alfen.pl\/wp-content\/uploads\/2023\/10\/N06-500x281.jpg 500w, https:\/\/www.alfen.pl\/wp-content\/uploads\/2023\/10\/N06-768x432.jpg 768w, https:\/\/www.alfen.pl\/wp-content\/uploads\/2023\/10\/N06-1536x864.jpg 1536w, https:\/\/www.alfen.pl\/wp-content\/uploads\/2023\/10\/N06-18x10.jpg 18w, https:\/\/www.alfen.pl\/wp-content\/uploads\/2023\/10\/N06.jpg 1920w\" sizes=\"auto, (max-width: 1024px) 100vw, 1024px\" \/><\/a><\/figure>\n\n\n\n<figure class=\"wp-block-image size-large\"><a href=\"https:\/\/www.alfen.pl\/wp-content\/uploads\/2023\/10\/N06-panel.png\"><img loading=\"lazy\" decoding=\"async\" width=\"1024\" height=\"687\" data-id=\"5439\" src=\"https:\/\/www.alfen.pl\/wp-content\/uploads\/2023\/10\/N06-panel-1024x687.png\" alt=\"\" class=\"wp-image-5439\" srcset=\"https:\/\/www.alfen.pl\/wp-content\/uploads\/2023\/10\/N06-panel-1024x687.png 1024w, https:\/\/www.alfen.pl\/wp-content\/uploads\/2023\/10\/N06-panel-447x300.png 447w, https:\/\/www.alfen.pl\/wp-content\/uploads\/2023\/10\/N06-panel-768x515.png 768w, https:\/\/www.alfen.pl\/wp-content\/uploads\/2023\/10\/N06-panel-18x12.png 18w, https:\/\/www.alfen.pl\/wp-content\/uploads\/2023\/10\/N06-panel.png 1491w\" sizes=\"auto, (max-width: 1024px) 100vw, 1024px\" \/><\/a><\/figure>\n\n\n\n<figure class=\"wp-block-image size-large\"><a href=\"https:\/\/www.alfen.pl\/wp-content\/uploads\/2023\/10\/N06-brama-dwuskrzydlowa.png\"><img loading=\"lazy\" decoding=\"async\" width=\"1024\" height=\"447\" data-id=\"5432\" src=\"https:\/\/www.alfen.pl\/wp-content\/uploads\/2023\/10\/N06-brama-dwuskrzydlowa-1024x447.png\" alt=\"\" class=\"wp-image-5432\" srcset=\"https:\/\/www.alfen.pl\/wp-content\/uploads\/2023\/10\/N06-brama-dwuskrzydlowa-1024x447.png 1024w, https:\/\/www.alfen.pl\/wp-content\/uploads\/2023\/10\/N06-brama-dwuskrzydlowa-500x218.png 500w, https:\/\/www.alfen.pl\/wp-content\/uploads\/2023\/10\/N06-brama-dwuskrzydlowa-768x335.png 768w, https:\/\/www.alfen.pl\/wp-content\/uploads\/2023\/10\/N06-brama-dwuskrzydlowa-1536x670.png 1536w, https:\/\/www.alfen.pl\/wp-content\/uploads\/2023\/10\/N06-brama-dwuskrzydlowa-18x8.png 18w, https:\/\/www.alfen.pl\/wp-content\/uploads\/2023\/10\/N06-brama-dwuskrzydlowa.png 1833w\" sizes=\"auto, (max-width: 1024px) 100vw, 1024px\" \/><\/a><\/figure>\n\n\n\n<figure class=\"wp-block-image size-large\"><a href=\"https:\/\/www.alfen.pl\/wp-content\/uploads\/2023\/10\/N06-panel-long.png\"><img loading=\"lazy\" decoding=\"async\" width=\"1024\" height=\"415\" data-id=\"5440\" src=\"https:\/\/www.alfen.pl\/wp-content\/uploads\/2023\/10\/N06-panel-long-1024x415.png\" alt=\"\" class=\"wp-image-5440\" srcset=\"https:\/\/www.alfen.pl\/wp-content\/uploads\/2023\/10\/N06-panel-long-1024x415.png 1024w, https:\/\/www.alfen.pl\/wp-content\/uploads\/2023\/10\/N06-panel-long-500x203.png 500w, https:\/\/www.alfen.pl\/wp-content\/uploads\/2023\/10\/N06-panel-long-768x311.png 768w, https:\/\/www.alfen.pl\/wp-content\/uploads\/2023\/10\/N06-panel-long-1536x623.png 1536w, https:\/\/www.alfen.pl\/wp-content\/uploads\/2023\/10\/N06-panel-long-18x7.png 18w, https:\/\/www.alfen.pl\/wp-content\/uploads\/2023\/10\/N06-panel-long.png 1850w\" sizes=\"auto, (max-width: 1024px) 100vw, 1024px\" \/><\/a><\/figure>\n\n\n\n<figure class=\"wp-block-image size-large\"><a href=\"https:\/\/www.alfen.pl\/wp-content\/uploads\/2023\/10\/N06-brama-dwuskrzydlowa-V.png\"><img loading=\"lazy\" decoding=\"async\" width=\"1024\" height=\"371\" data-id=\"5433\" src=\"https:\/\/www.alfen.pl\/wp-content\/uploads\/2023\/10\/N06-brama-dwuskrzydlowa-V-1024x371.png\" alt=\"\" class=\"wp-image-5433\" srcset=\"https:\/\/www.alfen.pl\/wp-content\/uploads\/2023\/10\/N06-brama-dwuskrzydlowa-V-1024x371.png 1024w, https:\/\/www.alfen.pl\/wp-content\/uploads\/2023\/10\/N06-brama-dwuskrzydlowa-V-500x181.png 500w, https:\/\/www.alfen.pl\/wp-content\/uploads\/2023\/10\/N06-brama-dwuskrzydlowa-V-768x278.png 768w, https:\/\/www.alfen.pl\/wp-content\/uploads\/2023\/10\/N06-brama-dwuskrzydlowa-V-1536x557.png 1536w, https:\/\/www.alfen.pl\/wp-content\/uploads\/2023\/10\/N06-brama-dwuskrzydlowa-V-18x7.png 18w, https:\/\/www.alfen.pl\/wp-content\/uploads\/2023\/10\/N06-brama-dwuskrzydlowa-V.png 1931w\" sizes=\"auto, (max-width: 1024px) 100vw, 1024px\" \/><\/a><\/figure>\n\n\n\n<figure class=\"wp-block-image size-large\"><a href=\"https:\/\/www.alfen.pl\/wp-content\/uploads\/2023\/10\/N06-brama-na-rolkach.png\"><img loading=\"lazy\" decoding=\"async\" width=\"1024\" height=\"408\" data-id=\"5434\" src=\"https:\/\/www.alfen.pl\/wp-content\/uploads\/2023\/10\/N06-brama-na-rolkach-1024x408.png\" alt=\"\" class=\"wp-image-5434\" srcset=\"https:\/\/www.alfen.pl\/wp-content\/uploads\/2023\/10\/N06-brama-na-rolkach-1024x408.png 1024w, https:\/\/www.alfen.pl\/wp-content\/uploads\/2023\/10\/N06-brama-na-rolkach-500x199.png 500w, https:\/\/www.alfen.pl\/wp-content\/uploads\/2023\/10\/N06-brama-na-rolkach-768x306.png 768w, https:\/\/www.alfen.pl\/wp-content\/uploads\/2023\/10\/N06-brama-na-rolkach-18x7.png 18w, https:\/\/www.alfen.pl\/wp-content\/uploads\/2023\/10\/N06-brama-na-rolkach.png 1505w\" sizes=\"auto, (max-width: 1024px) 100vw, 1024px\" \/><\/a><\/figure>\n\n\n\n<figure class=\"wp-block-image size-large\"><a href=\"https:\/\/www.alfen.pl\/wp-content\/uploads\/2023\/10\/N06-furtka.png\"><img loading=\"lazy\" decoding=\"async\" width=\"886\" height=\"1024\" data-id=\"5437\" src=\"https:\/\/www.alfen.pl\/wp-content\/uploads\/2023\/10\/N06-furtka-886x1024.png\" alt=\"\" class=\"wp-image-5437\" srcset=\"https:\/\/www.alfen.pl\/wp-content\/uploads\/2023\/10\/N06-furtka-886x1024.png 886w, https:\/\/www.alfen.pl\/wp-content\/uploads\/2023\/10\/N06-furtka-260x300.png 260w, https:\/\/www.alfen.pl\/wp-content\/uploads\/2023\/10\/N06-furtka-768x887.png 768w, https:\/\/www.alfen.pl\/wp-content\/uploads\/2023\/10\/N06-furtka-10x12.png 10w, https:\/\/www.alfen.pl\/wp-content\/uploads\/2023\/10\/N06-furtka.png 940w\" sizes=\"auto, (max-width: 886px) 100vw, 886px\" \/><\/a><\/figure>\n\n\n\n<figure class=\"wp-block-image size-full\"><a href=\"https:\/\/www.alfen.pl\/wp-content\/uploads\/2023\/10\/N06-furtka-do-br-dwuskrzydlowej-V.png\"><img loading=\"lazy\" decoding=\"async\" width=\"906\" height=\"1000\" data-id=\"5438\" src=\"https:\/\/www.alfen.pl\/wp-content\/uploads\/2023\/10\/N06-furtka-do-br-dwuskrzydlowej-V.png\" alt=\"\" class=\"wp-image-5438\" srcset=\"https:\/\/www.alfen.pl\/wp-content\/uploads\/2023\/10\/N06-furtka-do-br-dwuskrzydlowej-V.png 906w, https:\/\/www.alfen.pl\/wp-content\/uploads\/2023\/10\/N06-furtka-do-br-dwuskrzydlowej-V-272x300.png 272w, https:\/\/www.alfen.pl\/wp-content\/uploads\/2023\/10\/N06-furtka-do-br-dwuskrzydlowej-V-768x848.png 768w, https:\/\/www.alfen.pl\/wp-content\/uploads\/2023\/10\/N06-furtka-do-br-dwuskrzydlowej-V-11x12.png 11w\" sizes=\"auto, (max-width: 906px) 100vw, 906px\" \/><\/a><\/figure>\n\n\n\n<figure class=\"wp-block-image size-large\"><a href=\"https:\/\/www.alfen.pl\/wp-content\/uploads\/2023\/10\/N06-brama-przesuwna-CETA.png\"><img loading=\"lazy\" decoding=\"async\" width=\"1024\" height=\"328\" data-id=\"5436\" src=\"https:\/\/www.alfen.pl\/wp-content\/uploads\/2023\/10\/N06-brama-przesuwna-CETA-1024x328.png\" alt=\"\" class=\"wp-image-5436\" srcset=\"https:\/\/www.alfen.pl\/wp-content\/uploads\/2023\/10\/N06-brama-przesuwna-CETA-1024x328.png 1024w, https:\/\/www.alfen.pl\/wp-content\/uploads\/2023\/10\/N06-brama-przesuwna-CETA-500x160.png 500w, https:\/\/www.alfen.pl\/wp-content\/uploads\/2023\/10\/N06-brama-przesuwna-CETA-768x246.png 768w, https:\/\/www.alfen.pl\/wp-content\/uploads\/2023\/10\/N06-brama-przesuwna-CETA-1536x491.png 1536w, https:\/\/www.alfen.pl\/wp-content\/uploads\/2023\/10\/N06-brama-przesuwna-CETA-18x6.png 18w, https:\/\/www.alfen.pl\/wp-content\/uploads\/2023\/10\/N06-brama-przesuwna-CETA.png 1876w\" sizes=\"auto, (max-width: 1024px) 100vw, 1024px\" \/><\/a><\/figure>\n\n\n\n<figure class=\"wp-block-image size-large\"><a href=\"https:\/\/www.alfen.pl\/wp-content\/uploads\/2023\/10\/N06-brama-przesuwna.png\"><img loading=\"lazy\" decoding=\"async\" width=\"1024\" height=\"293\" data-id=\"5435\" src=\"https:\/\/www.alfen.pl\/wp-content\/uploads\/2023\/10\/N06-brama-przesuwna-1024x293.png\" alt=\"\" class=\"wp-image-5435\" srcset=\"https:\/\/www.alfen.pl\/wp-content\/uploads\/2023\/10\/N06-brama-przesuwna-1024x293.png 1024w, https:\/\/www.alfen.pl\/wp-content\/uploads\/2023\/10\/N06-brama-przesuwna-500x143.png 500w, https:\/\/www.alfen.pl\/wp-content\/uploads\/2023\/10\/N06-brama-przesuwna-768x220.png 768w, https:\/\/www.alfen.pl\/wp-content\/uploads\/2023\/10\/N06-brama-przesuwna-1536x440.png 1536w, https:\/\/www.alfen.pl\/wp-content\/uploads\/2023\/10\/N06-brama-przesuwna-2048x586.png 2048w, https:\/\/www.alfen.pl\/wp-content\/uploads\/2023\/10\/N06-brama-przesuwna-18x5.png 18w\" sizes=\"auto, (max-width: 1024px) 100vw, 1024px\" \/><\/a><\/figure>\n<\/figure>\n\n\n\n<div class=\"wp-block-buttons is-layout-flex wp-block-buttons-is-layout-flex\">\n<div class=\"wp-block-button is-style-outline is-style-outline--12\"><a class=\"wp-block-button__link has-white-color has-text-color has-custom-font-size wp-element-button\" style=\"border-radius:1px;font-size:16px\">See gallery<\/a><\/div>\n<\/div>\n<\/div><\/div>\n<\/div><\/div>\n<\/div><\/div>\n<\/div><\/div>\n<\/div><\/div><\/div>\n\n\n\n<div class=\"wp-block-advgb-columns advgb-columns-wrapper flip-box-vertical\" id=\"advgb-cols-afb1180b-e9b6-40a2-8b5f-cfb5014ec3f4\"><div class=\"advgb-columns-container\"><div class=\"advgb-columns advgb-columns-row advgb-is-mobile advgb-columns-2 layout-12-12 tbl-layout-12-12 mbl-layout-stacked gutter-30 vgutter-30\">\n<div class=\"wp-block-advgb-column advgb-column advgb-is-half-desktop advgb-is-half-tablet advgb-is-full-mobile\" id=\"advgb-col-30c1197c-7d63-45b8-be5c-653749e0d1fc\"><div class=\"advgb-column-inner\" style=\"border-style:none;border-width:1px\">\n<div class=\"wp-block-advgb-image advgb-image-block image-wrap full-width advgb-img-832fd432-ad1a-49b8-a590-9e72203d8321\" style=\"width:100%;height:300px\"><div class=\"advgb-image-wrapper\" style=\"justify-content:flex-end;align-items:flex-start\"><img decoding=\"async\" src=\"https:\/\/www.alfen.pl\/wp-content\/uploads\/2023\/06\/F01-Brama-scaled.jpg\" alt=\"Ogrodzenie z blachy - model F01\" class=\"advgb-image\" style=\"width:100%;height:300px;object-position:50% 50%\"\/><a class=\"advgb-image-overlay\" style=\"background-color:#000\" target=\"_blank\" rel=\"noopener noreferrer\"><\/a><div class=\"advgb-image-caption-wrap\"><h4 class=\"advgb-image-title\" style=\"color:#fff\">Sheet metal fencing - model F01<\/h4><\/div><\/div><\/div>\n\n\n\n<div class=\"wp-block-group has-background\" style=\"background-color:#1f1e1c\"><div class=\"wp-block-group__inner-container is-layout-constrained wp-block-group-is-layout-constrained\">\n<h3 class=\"wp-block-heading has-white-color has-text-color\" style=\"font-size:24px;font-style:normal;font-weight:800\">Sheet metal fencing - model F01<\/h3>\n\n\n\n<p class=\"has-white-color has-text-color\" style=\"font-size:16px\">- Model constructed with horizontal fins made from aluminium sheet,<br>\u200d<br>- any number and height of fins,<br>\u200d<br>- fixed gap between the lamellas - 10mm or 20mm.<\/p>\n\n\n\n<div class=\"wp-block-group\"><div class=\"wp-block-group__inner-container is-layout-constrained wp-block-group-is-layout-constrained\">\n<div class=\"wp-block-group\"><div class=\"wp-block-group__inner-container is-layout-constrained wp-block-group-is-layout-constrained\">\n<figure class=\"wp-block-gallery has-nested-images columns-1 wp-block-gallery-13 is-layout-flex wp-block-gallery-is-layout-flex\">\n<figure class=\"wp-block-image size-large\"><a href=\"https:\/\/www.alfen.pl\/wp-content\/uploads\/2022\/04\/F01-scaled.jpg\"><img loading=\"lazy\" decoding=\"async\" width=\"1024\" height=\"576\" data-id=\"3495\" src=\"https:\/\/www.alfen.pl\/wp-content\/uploads\/2022\/04\/F01-1024x576.jpg\" alt=\"\" class=\"wp-image-3495\" srcset=\"https:\/\/www.alfen.pl\/wp-content\/uploads\/2022\/04\/F01-1024x576.jpg 1024w, https:\/\/www.alfen.pl\/wp-content\/uploads\/2022\/04\/F01-500x281.jpg 500w, https:\/\/www.alfen.pl\/wp-content\/uploads\/2022\/04\/F01-768x432.jpg 768w, https:\/\/www.alfen.pl\/wp-content\/uploads\/2022\/04\/F01-1536x864.jpg 1536w, https:\/\/www.alfen.pl\/wp-content\/uploads\/2022\/04\/F01-2048x1152.jpg 2048w, https:\/\/www.alfen.pl\/wp-content\/uploads\/2022\/04\/F01-1080x608.jpg 1080w, https:\/\/www.alfen.pl\/wp-content\/uploads\/2022\/04\/F01-1280x720.jpg 1280w, https:\/\/www.alfen.pl\/wp-content\/uploads\/2022\/04\/F01-980x551.jpg 980w, https:\/\/www.alfen.pl\/wp-content\/uploads\/2022\/04\/F01-480x270.jpg 480w\" sizes=\"auto, (max-width: 1024px) 100vw, 1024px\" \/><\/a><\/figure>\n\n\n\n<figure class=\"wp-block-image size-large\"><a href=\"https:\/\/www.alfen.pl\/wp-content\/uploads\/2023\/06\/f01-brama-przesuwna.png\"><img loading=\"lazy\" decoding=\"async\" width=\"1024\" height=\"349\" data-id=\"4835\" src=\"https:\/\/www.alfen.pl\/wp-content\/uploads\/2023\/06\/f01-brama-przesuwna-1024x349.png\" alt=\"\" class=\"wp-image-4835\" srcset=\"https:\/\/www.alfen.pl\/wp-content\/uploads\/2023\/06\/f01-brama-przesuwna-1024x349.png 1024w, https:\/\/www.alfen.pl\/wp-content\/uploads\/2023\/06\/f01-brama-przesuwna-500x171.png 500w, https:\/\/www.alfen.pl\/wp-content\/uploads\/2023\/06\/f01-brama-przesuwna-768x262.png 768w, https:\/\/www.alfen.pl\/wp-content\/uploads\/2023\/06\/f01-brama-przesuwna-1536x524.png 1536w, https:\/\/www.alfen.pl\/wp-content\/uploads\/2023\/06\/f01-brama-przesuwna-18x6.png 18w, https:\/\/www.alfen.pl\/wp-content\/uploads\/2023\/06\/f01-brama-przesuwna.png 1758w\" sizes=\"auto, (max-width: 1024px) 100vw, 1024px\" \/><\/a><\/figure>\n\n\n\n<figure class=\"wp-block-image size-large\"><a href=\"https:\/\/www.alfen.pl\/wp-content\/uploads\/2023\/06\/f01-furtka.png\"><img loading=\"lazy\" decoding=\"async\" width=\"944\" height=\"1000\" data-id=\"4836\" src=\"https:\/\/www.alfen.pl\/wp-content\/uploads\/2023\/06\/f01-furtka.png\" alt=\"\" class=\"wp-image-4836\" srcset=\"https:\/\/www.alfen.pl\/wp-content\/uploads\/2023\/06\/f01-furtka.png 944w, https:\/\/www.alfen.pl\/wp-content\/uploads\/2023\/06\/f01-furtka-283x300.png 283w, https:\/\/www.alfen.pl\/wp-content\/uploads\/2023\/06\/f01-furtka-768x814.png 768w, https:\/\/www.alfen.pl\/wp-content\/uploads\/2023\/06\/f01-furtka-11x12.png 11w\" sizes=\"auto, (max-width: 944px) 100vw, 944px\" \/><\/a><\/figure>\n\n\n\n<figure class=\"wp-block-image size-large\"><a href=\"https:\/\/www.alfen.pl\/wp-content\/uploads\/2023\/06\/f01-panel.png\"><img loading=\"lazy\" decoding=\"async\" width=\"1024\" height=\"729\" data-id=\"4837\" src=\"https:\/\/www.alfen.pl\/wp-content\/uploads\/2023\/06\/f01-panel-1024x729.png\" alt=\"\" class=\"wp-image-4837\" srcset=\"https:\/\/www.alfen.pl\/wp-content\/uploads\/2023\/06\/f01-panel-1024x729.png 1024w, https:\/\/www.alfen.pl\/wp-content\/uploads\/2023\/06\/f01-panel-421x300.png 421w, https:\/\/www.alfen.pl\/wp-content\/uploads\/2023\/06\/f01-panel-768x547.png 768w, https:\/\/www.alfen.pl\/wp-content\/uploads\/2023\/06\/f01-panel-18x12.png 18w, https:\/\/www.alfen.pl\/wp-content\/uploads\/2023\/06\/f01-panel.png 1404w\" sizes=\"auto, (max-width: 1024px) 100vw, 1024px\" \/><\/a><\/figure>\n\n\n\n<figure class=\"wp-block-image size-large\"><a href=\"https:\/\/www.alfen.pl\/wp-content\/uploads\/2023\/06\/f01-brama-dwuskrzydlowa.png\"><img loading=\"lazy\" decoding=\"async\" width=\"1024\" height=\"420\" data-id=\"4838\" src=\"https:\/\/www.alfen.pl\/wp-content\/uploads\/2023\/06\/f01-brama-dwuskrzydlowa-1024x420.png\" alt=\"\" class=\"wp-image-4838\" srcset=\"https:\/\/www.alfen.pl\/wp-content\/uploads\/2023\/06\/f01-brama-dwuskrzydlowa-1024x420.png 1024w, https:\/\/www.alfen.pl\/wp-content\/uploads\/2023\/06\/f01-brama-dwuskrzydlowa-500x205.png 500w, https:\/\/www.alfen.pl\/wp-content\/uploads\/2023\/06\/f01-brama-dwuskrzydlowa-768x315.png 768w, https:\/\/www.alfen.pl\/wp-content\/uploads\/2023\/06\/f01-brama-dwuskrzydlowa-1536x630.png 1536w, https:\/\/www.alfen.pl\/wp-content\/uploads\/2023\/06\/f01-brama-dwuskrzydlowa-18x7.png 18w, https:\/\/www.alfen.pl\/wp-content\/uploads\/2023\/06\/f01-brama-dwuskrzydlowa.png 1949w\" sizes=\"auto, (max-width: 1024px) 100vw, 1024px\" \/><\/a><\/figure>\n<\/figure>\n\n\n\n<div class=\"wp-block-buttons is-layout-flex wp-block-buttons-is-layout-flex\">\n<div class=\"wp-block-button is-style-outline is-style-outline--14\"><a class=\"wp-block-button__link has-white-color has-text-color has-custom-font-size wp-element-button\" style=\"border-radius:1px;font-size:16px\">See gallery<\/a><\/div>\n<\/div>\n<\/div><\/div>\n<\/div><\/div>\n<\/div><\/div>\n<\/div><\/div>\n\n\n\n<div class=\"wp-block-advgb-column advgb-column advgb-is-half-desktop advgb-is-half-tablet advgb-is-full-mobile\" id=\"advgb-col-1f584e2c-d47e-4280-8831-e63867717973\"><div class=\"advgb-column-inner\" style=\"border-style:none;border-width:1px\">\n<div class=\"wp-block-advgb-image advgb-image-block image-wrap full-width advgb-img-0b9ebfc6-115a-4224-b88d-e74395a80ad1\" style=\"width:100%;height:300px\"><div class=\"advgb-image-wrapper\" style=\"justify-content:flex-end;align-items:flex-start\"><img decoding=\"async\" src=\"https:\/\/www.alfen.pl\/wp-content\/uploads\/2023\/06\/F02-Brama-scaled.jpg\" alt=\"Ogrodzenie z blachy - model F02\" class=\"advgb-image\" style=\"width:100%;height:300px;object-position:50% 50%\"\/><a class=\"advgb-image-overlay\" style=\"background-color:#000\" target=\"_blank\" rel=\"noopener noreferrer\"><\/a><div class=\"advgb-image-caption-wrap\"><h4 class=\"advgb-image-title\" style=\"color:#fff\">Sheet metal fencing - model F02<\/h4><\/div><\/div><\/div>\n\n\n\n<div class=\"wp-block-group has-background\" style=\"background-color:#1f1e1c\"><div class=\"wp-block-group__inner-container is-layout-constrained wp-block-group-is-layout-constrained\">\n<h3 class=\"wp-block-heading has-white-color has-text-color\" style=\"font-size:24px;font-style:normal;font-weight:800\">Sheet metal fencing - model F02<\/h3>\n\n\n\n<p class=\"has-white-color has-text-color\" style=\"font-size:16px\">- Model constructed with horizontal fins made of perforated aluminium sheet,<br>\u200d<br>- any number and height of fins,<br>\u200d<br>- fixed gap between the lamellas - 10mm or 20mm.<\/p>\n\n\n\n<div class=\"wp-block-group\"><div class=\"wp-block-group__inner-container is-layout-constrained wp-block-group-is-layout-constrained\">\n<div class=\"wp-block-group\"><div class=\"wp-block-group__inner-container is-layout-constrained wp-block-group-is-layout-constrained\">\n<figure class=\"wp-block-gallery has-nested-images columns-1 wp-block-gallery-15 is-layout-flex wp-block-gallery-is-layout-flex\">\n<figure class=\"wp-block-image size-large\"><a href=\"https:\/\/www.alfen.pl\/wp-content\/uploads\/2022\/04\/F02-scaled.jpg\"><img loading=\"lazy\" decoding=\"async\" width=\"1024\" height=\"576\" data-id=\"3499\" src=\"https:\/\/www.alfen.pl\/wp-content\/uploads\/2022\/04\/F02-1024x576.jpg\" alt=\"\" class=\"wp-image-3499\" srcset=\"https:\/\/www.alfen.pl\/wp-content\/uploads\/2022\/04\/F02-1024x576.jpg 1024w, https:\/\/www.alfen.pl\/wp-content\/uploads\/2022\/04\/F02-500x281.jpg 500w, https:\/\/www.alfen.pl\/wp-content\/uploads\/2022\/04\/F02-768x432.jpg 768w, https:\/\/www.alfen.pl\/wp-content\/uploads\/2022\/04\/F02-1536x864.jpg 1536w, https:\/\/www.alfen.pl\/wp-content\/uploads\/2022\/04\/F02-2048x1152.jpg 2048w, https:\/\/www.alfen.pl\/wp-content\/uploads\/2022\/04\/F02-1080x608.jpg 1080w, https:\/\/www.alfen.pl\/wp-content\/uploads\/2022\/04\/F02-1280x720.jpg 1280w, https:\/\/www.alfen.pl\/wp-content\/uploads\/2022\/04\/F02-980x551.jpg 980w, https:\/\/www.alfen.pl\/wp-content\/uploads\/2022\/04\/F02-480x270.jpg 480w\" sizes=\"auto, (max-width: 1024px) 100vw, 1024px\" \/><\/a><\/figure>\n\n\n\n<figure class=\"wp-block-image size-large\"><a href=\"https:\/\/www.alfen.pl\/wp-content\/uploads\/2023\/06\/f02-furtka.png\"><img loading=\"lazy\" decoding=\"async\" width=\"944\" height=\"1000\" data-id=\"4848\" src=\"https:\/\/www.alfen.pl\/wp-content\/uploads\/2023\/06\/f02-furtka.png\" alt=\"\" class=\"wp-image-4848\" srcset=\"https:\/\/www.alfen.pl\/wp-content\/uploads\/2023\/06\/f02-furtka.png 944w, https:\/\/www.alfen.pl\/wp-content\/uploads\/2023\/06\/f02-furtka-283x300.png 283w, https:\/\/www.alfen.pl\/wp-content\/uploads\/2023\/06\/f02-furtka-768x814.png 768w, https:\/\/www.alfen.pl\/wp-content\/uploads\/2023\/06\/f02-furtka-11x12.png 11w\" sizes=\"auto, (max-width: 944px) 100vw, 944px\" \/><\/a><\/figure>\n\n\n\n<figure class=\"wp-block-image size-large\"><a href=\"https:\/\/www.alfen.pl\/wp-content\/uploads\/2023\/06\/f02-panel.png\"><img loading=\"lazy\" decoding=\"async\" width=\"1024\" height=\"728\" data-id=\"4849\" src=\"https:\/\/www.alfen.pl\/wp-content\/uploads\/2023\/06\/f02-panel-1024x728.png\" alt=\"\" class=\"wp-image-4849\" srcset=\"https:\/\/www.alfen.pl\/wp-content\/uploads\/2023\/06\/f02-panel-1024x728.png 1024w, https:\/\/www.alfen.pl\/wp-content\/uploads\/2023\/06\/f02-panel-422x300.png 422w, https:\/\/www.alfen.pl\/wp-content\/uploads\/2023\/06\/f02-panel-768x546.png 768w, https:\/\/www.alfen.pl\/wp-content\/uploads\/2023\/06\/f02-panel-18x12.png 18w, https:\/\/www.alfen.pl\/wp-content\/uploads\/2023\/06\/f02-panel.png 1406w\" sizes=\"auto, (max-width: 1024px) 100vw, 1024px\" \/><\/a><\/figure>\n\n\n\n<figure class=\"wp-block-image size-large\"><a href=\"https:\/\/www.alfen.pl\/wp-content\/uploads\/2023\/06\/f02-brama-dwuskrzydlowa.png\"><img loading=\"lazy\" decoding=\"async\" width=\"1024\" height=\"422\" data-id=\"4850\" src=\"https:\/\/www.alfen.pl\/wp-content\/uploads\/2023\/06\/f02-brama-dwuskrzydlowa-1024x422.png\" alt=\"\" class=\"wp-image-4850\" srcset=\"https:\/\/www.alfen.pl\/wp-content\/uploads\/2023\/06\/f02-brama-dwuskrzydlowa-1024x422.png 1024w, https:\/\/www.alfen.pl\/wp-content\/uploads\/2023\/06\/f02-brama-dwuskrzydlowa-500x206.png 500w, https:\/\/www.alfen.pl\/wp-content\/uploads\/2023\/06\/f02-brama-dwuskrzydlowa-768x316.png 768w, https:\/\/www.alfen.pl\/wp-content\/uploads\/2023\/06\/f02-brama-dwuskrzydlowa-1536x632.png 1536w, https:\/\/www.alfen.pl\/wp-content\/uploads\/2023\/06\/f02-brama-dwuskrzydlowa-18x7.png 18w, https:\/\/www.alfen.pl\/wp-content\/uploads\/2023\/06\/f02-brama-dwuskrzydlowa.png 1943w\" sizes=\"auto, (max-width: 1024px) 100vw, 1024px\" \/><\/a><\/figure>\n\n\n\n<figure class=\"wp-block-image size-large\"><a href=\"https:\/\/www.alfen.pl\/wp-content\/uploads\/2023\/06\/f02-brama-przesuwna.png\"><img loading=\"lazy\" decoding=\"async\" width=\"1024\" height=\"330\" data-id=\"4851\" src=\"https:\/\/www.alfen.pl\/wp-content\/uploads\/2023\/06\/f02-brama-przesuwna-1024x330.png\" alt=\"\" class=\"wp-image-4851\" srcset=\"https:\/\/www.alfen.pl\/wp-content\/uploads\/2023\/06\/f02-brama-przesuwna-1024x330.png 1024w, https:\/\/www.alfen.pl\/wp-content\/uploads\/2023\/06\/f02-brama-przesuwna-500x161.png 500w, https:\/\/www.alfen.pl\/wp-content\/uploads\/2023\/06\/f02-brama-przesuwna-768x247.png 768w, https:\/\/www.alfen.pl\/wp-content\/uploads\/2023\/06\/f02-brama-przesuwna-1536x495.png 1536w, https:\/\/www.alfen.pl\/wp-content\/uploads\/2023\/06\/f02-brama-przesuwna-18x6.png 18w, https:\/\/www.alfen.pl\/wp-content\/uploads\/2023\/06\/f02-brama-przesuwna.png 1862w\" sizes=\"auto, (max-width: 1024px) 100vw, 1024px\" \/><\/a><\/figure>\n<\/figure>\n\n\n\n<div class=\"wp-block-buttons is-layout-flex wp-block-buttons-is-layout-flex\">\n<div class=\"wp-block-button is-style-outline is-style-outline--16\"><a class=\"wp-block-button__link has-white-color has-text-color has-custom-font-size wp-element-button\" style=\"border-radius:1px;font-size:16px\">See gallery<\/a><\/div>\n<\/div>\n<\/div><\/div>\n<\/div><\/div>\n<\/div><\/div>\n<\/div><\/div>\n<\/div><\/div><\/div>\n\n\n\n<div class=\"wp-block-advgb-columns advgb-columns-wrapper flip-box-vertical\" id=\"advgb-cols-48cc5383-0676-43f0-9043-210d09a1d077\"><div class=\"advgb-columns-container\"><div class=\"advgb-columns advgb-columns-row advgb-is-mobile advgb-columns-2 layout-12-12 tbl-layout-12-12 mbl-layout-stacked gutter-30 vgutter-30\">\n<div class=\"wp-block-advgb-column advgb-column advgb-is-half-desktop advgb-is-half-tablet advgb-is-full-mobile\" id=\"advgb-col-2fc8d866-f5b4-4196-b599-006a2f205bba\"><div class=\"advgb-column-inner\" style=\"border-style:none;border-width:1px\">\n<div class=\"wp-block-advgb-image advgb-image-block image-wrap full-width advgb-img-7eb54572-1d56-4f51-abcf-57fbe505e81a\" style=\"width:100%;height:300px\"><div class=\"advgb-image-wrapper\" style=\"justify-content:flex-end;align-items:flex-start\"><img decoding=\"async\" src=\"https:\/\/www.alfen.pl\/wp-content\/uploads\/2023\/06\/F03-Brama-scaled.jpg\" alt=\"Ogrodzenie z blachy - model F03\" class=\"advgb-image\" style=\"width:100%;height:300px;object-position:50% 50%\"\/><a class=\"advgb-image-overlay\" style=\"background-color:#000\" target=\"_blank\" rel=\"noopener noreferrer\"><\/a><div class=\"advgb-image-caption-wrap\"><h4 class=\"advgb-image-title\" style=\"color:#fff\">Sheet metal fencing - model F03<\/h4><\/div><\/div><\/div>\n\n\n\n<div class=\"wp-block-group has-background\" style=\"background-color:#1f1e1c\"><div class=\"wp-block-group__inner-container is-layout-constrained wp-block-group-is-layout-constrained\">\n<h3 class=\"wp-block-heading has-white-color has-text-color\" style=\"font-size:24px;font-style:normal;font-weight:800\">Sheet metal fencing - model F03<\/h3>\n\n\n\n<p class=\"has-white-color has-text-color\" style=\"font-size:16px\">- The model is constructed with horizontal fins measuring 420x20mm,<br>\u200d<br>- The 420mm lamella consists of two 200\u00d720 profiles joined by a 20mm flat bar,<br>\u200d<br>- The gapless layout gives an interesting embossed wall effect.<\/p>\n\n\n\n<div class=\"wp-block-group\"><div class=\"wp-block-group__inner-container is-layout-constrained wp-block-group-is-layout-constrained\">\n<div class=\"wp-block-group\"><div class=\"wp-block-group__inner-container is-layout-constrained wp-block-group-is-layout-constrained\">\n<figure class=\"wp-block-gallery has-nested-images columns-1 wp-block-gallery-17 is-layout-flex wp-block-gallery-is-layout-flex\">\n<figure class=\"wp-block-image size-large\"><a href=\"https:\/\/www.alfen.pl\/wp-content\/uploads\/2022\/04\/F03-scaled.jpg\"><img loading=\"lazy\" decoding=\"async\" width=\"1024\" height=\"576\" data-id=\"3491\" src=\"https:\/\/www.alfen.pl\/wp-content\/uploads\/2022\/04\/F03-1024x576.jpg\" alt=\"\" class=\"wp-image-3491\" srcset=\"https:\/\/www.alfen.pl\/wp-content\/uploads\/2022\/04\/F03-1024x576.jpg 1024w, https:\/\/www.alfen.pl\/wp-content\/uploads\/2022\/04\/F03-500x281.jpg 500w, https:\/\/www.alfen.pl\/wp-content\/uploads\/2022\/04\/F03-768x432.jpg 768w, https:\/\/www.alfen.pl\/wp-content\/uploads\/2022\/04\/F03-1536x864.jpg 1536w, https:\/\/www.alfen.pl\/wp-content\/uploads\/2022\/04\/F03-2048x1152.jpg 2048w, https:\/\/www.alfen.pl\/wp-content\/uploads\/2022\/04\/F03-1080x608.jpg 1080w, https:\/\/www.alfen.pl\/wp-content\/uploads\/2022\/04\/F03-1280x720.jpg 1280w, https:\/\/www.alfen.pl\/wp-content\/uploads\/2022\/04\/F03-980x551.jpg 980w, https:\/\/www.alfen.pl\/wp-content\/uploads\/2022\/04\/F03-480x270.jpg 480w\" sizes=\"auto, (max-width: 1024px) 100vw, 1024px\" \/><\/a><\/figure>\n\n\n\n<figure class=\"wp-block-image size-large\"><a href=\"https:\/\/www.alfen.pl\/wp-content\/uploads\/2023\/06\/f03-brama-dwuskrzydlowa.png\"><img loading=\"lazy\" decoding=\"async\" width=\"1024\" height=\"470\" data-id=\"4854\" src=\"https:\/\/www.alfen.pl\/wp-content\/uploads\/2023\/06\/f03-brama-dwuskrzydlowa-1024x470.png\" alt=\"\" class=\"wp-image-4854\" srcset=\"https:\/\/www.alfen.pl\/wp-content\/uploads\/2023\/06\/f03-brama-dwuskrzydlowa-1024x470.png 1024w, https:\/\/www.alfen.pl\/wp-content\/uploads\/2023\/06\/f03-brama-dwuskrzydlowa-500x230.png 500w, https:\/\/www.alfen.pl\/wp-content\/uploads\/2023\/06\/f03-brama-dwuskrzydlowa-768x353.png 768w, https:\/\/www.alfen.pl\/wp-content\/uploads\/2023\/06\/f03-brama-dwuskrzydlowa-1536x705.png 1536w, https:\/\/www.alfen.pl\/wp-content\/uploads\/2023\/06\/f03-brama-dwuskrzydlowa-18x8.png 18w, https:\/\/www.alfen.pl\/wp-content\/uploads\/2023\/06\/f03-brama-dwuskrzydlowa.png 1742w\" sizes=\"auto, (max-width: 1024px) 100vw, 1024px\" \/><\/a><\/figure>\n\n\n\n<figure class=\"wp-block-image size-large\"><a href=\"https:\/\/www.alfen.pl\/wp-content\/uploads\/2023\/06\/f03-brama-przesuwna.png\"><img loading=\"lazy\" decoding=\"async\" width=\"1024\" height=\"378\" data-id=\"4855\" src=\"https:\/\/www.alfen.pl\/wp-content\/uploads\/2023\/06\/f03-brama-przesuwna-1024x378.png\" alt=\"\" class=\"wp-image-4855\" srcset=\"https:\/\/www.alfen.pl\/wp-content\/uploads\/2023\/06\/f03-brama-przesuwna-1024x378.png 1024w, https:\/\/www.alfen.pl\/wp-content\/uploads\/2023\/06\/f03-brama-przesuwna-500x185.png 500w, https:\/\/www.alfen.pl\/wp-content\/uploads\/2023\/06\/f03-brama-przesuwna-768x283.png 768w, https:\/\/www.alfen.pl\/wp-content\/uploads\/2023\/06\/f03-brama-przesuwna-1536x567.png 1536w, https:\/\/www.alfen.pl\/wp-content\/uploads\/2023\/06\/f03-brama-przesuwna-18x7.png 18w, https:\/\/www.alfen.pl\/wp-content\/uploads\/2023\/06\/f03-brama-przesuwna.png 1626w\" sizes=\"auto, (max-width: 1024px) 100vw, 1024px\" \/><\/a><\/figure>\n\n\n\n<figure class=\"wp-block-image size-large\"><a href=\"https:\/\/www.alfen.pl\/wp-content\/uploads\/2023\/06\/f03-furtka.png\"><img loading=\"lazy\" decoding=\"async\" width=\"833\" height=\"1000\" data-id=\"4856\" src=\"https:\/\/www.alfen.pl\/wp-content\/uploads\/2023\/06\/f03-furtka.png\" alt=\"\" class=\"wp-image-4856\" srcset=\"https:\/\/www.alfen.pl\/wp-content\/uploads\/2023\/06\/f03-furtka.png 833w, https:\/\/www.alfen.pl\/wp-content\/uploads\/2023\/06\/f03-furtka-250x300.png 250w, https:\/\/www.alfen.pl\/wp-content\/uploads\/2023\/06\/f03-furtka-768x922.png 768w, https:\/\/www.alfen.pl\/wp-content\/uploads\/2023\/06\/f03-furtka-10x12.png 10w\" sizes=\"auto, (max-width: 833px) 100vw, 833px\" \/><\/a><\/figure>\n\n\n\n<figure class=\"wp-block-image size-large\"><a href=\"https:\/\/www.alfen.pl\/wp-content\/uploads\/2023\/06\/f03-panel.png\"><img loading=\"lazy\" decoding=\"async\" width=\"1024\" height=\"765\" data-id=\"4857\" src=\"https:\/\/www.alfen.pl\/wp-content\/uploads\/2023\/06\/f03-panel-1024x765.png\" alt=\"\" class=\"wp-image-4857\" srcset=\"https:\/\/www.alfen.pl\/wp-content\/uploads\/2023\/06\/f03-panel-1024x765.png 1024w, https:\/\/www.alfen.pl\/wp-content\/uploads\/2023\/06\/f03-panel-401x300.png 401w, https:\/\/www.alfen.pl\/wp-content\/uploads\/2023\/06\/f03-panel-768x574.png 768w, https:\/\/www.alfen.pl\/wp-content\/uploads\/2023\/06\/f03-panel-16x12.png 16w, https:\/\/www.alfen.pl\/wp-content\/uploads\/2023\/06\/f03-panel.png 1338w\" sizes=\"auto, (max-width: 1024px) 100vw, 1024px\" \/><\/a><\/figure>\n<\/figure>\n\n\n\n<div class=\"wp-block-buttons is-layout-flex wp-block-buttons-is-layout-flex\">\n<div class=\"wp-block-button is-style-outline is-style-outline--18\"><a class=\"wp-block-button__link has-white-color has-text-color has-custom-font-size wp-element-button\" style=\"border-radius:1px;font-size:16px\">See gallery<\/a><\/div>\n<\/div>\n<\/div><\/div>\n<\/div><\/div>\n<\/div><\/div>\n<\/div><\/div>\n\n\n\n<div class=\"wp-block-advgb-column advgb-column advgb-is-half-desktop advgb-is-half-tablet advgb-is-full-mobile\" id=\"advgb-col-ca65ba34-c36d-4eaf-a724-60637beedb5a\"><div class=\"advgb-column-inner\" style=\"border-style:none;border-width:1px\">\n<div class=\"wp-block-advgb-image advgb-image-block image-wrap full-width advgb-img-2e2b63b2-8f38-499a-90b9-cc6b8cdb1d35\" style=\"width:100%;height:300px\"><div class=\"advgb-image-wrapper\" style=\"justify-content:flex-end;align-items:flex-start\"><img decoding=\"async\" src=\"https:\/\/www.alfen.pl\/wp-content\/uploads\/2023\/06\/F05-Brama-scaled.jpg\" alt=\"Ogrodzenie z blachy - model F05\" class=\"advgb-image\" style=\"width:100%;height:300px;object-position:50% 50%\"\/><a class=\"advgb-image-overlay\" style=\"background-color:#000\" target=\"_blank\" rel=\"noopener noreferrer\"><\/a><div class=\"advgb-image-caption-wrap\"><h4 class=\"advgb-image-title\" style=\"color:#fff\">Sheet metal fencing - model F05<\/h4><\/div><\/div><\/div>\n\n\n\n<div class=\"wp-block-group has-background\" style=\"background-color:#1f1e1c\"><div class=\"wp-block-group__inner-container is-layout-constrained wp-block-group-is-layout-constrained\">\n<h3 class=\"wp-block-heading has-white-color has-text-color\" style=\"font-size:24px;font-style:normal;font-weight:800\">Sheet metal fencing - model F05<\/h3>\n\n\n\n<p class=\"has-white-color has-text-color\" style=\"font-size:16px\">- Model constructed with 400x20mm horizontal fins,<br>\u200d<br>- The 400mm slat consists of two 200x20mm profiles stacked without a gap in between,<br>\u200d<br>- any gap between slats possible.<\/p>\n\n\n\n<div class=\"wp-block-group\"><div class=\"wp-block-group__inner-container is-layout-constrained wp-block-group-is-layout-constrained\">\n<div class=\"wp-block-group\"><div class=\"wp-block-group__inner-container is-layout-constrained wp-block-group-is-layout-constrained\">\n<figure class=\"wp-block-gallery has-nested-images columns-1 wp-block-gallery-19 is-layout-flex wp-block-gallery-is-layout-flex\">\n<figure class=\"wp-block-image size-large\"><a href=\"https:\/\/www.alfen.pl\/wp-content\/uploads\/2022\/04\/F05-scaled.jpg\"><img loading=\"lazy\" decoding=\"async\" width=\"1024\" height=\"576\" data-id=\"3494\" src=\"https:\/\/www.alfen.pl\/wp-content\/uploads\/2022\/04\/F05-1024x576.jpg\" alt=\"\" class=\"wp-image-3494\" srcset=\"https:\/\/www.alfen.pl\/wp-content\/uploads\/2022\/04\/F05-1024x576.jpg 1024w, https:\/\/www.alfen.pl\/wp-content\/uploads\/2022\/04\/F05-500x281.jpg 500w, https:\/\/www.alfen.pl\/wp-content\/uploads\/2022\/04\/F05-768x432.jpg 768w, https:\/\/www.alfen.pl\/wp-content\/uploads\/2022\/04\/F05-1536x864.jpg 1536w, https:\/\/www.alfen.pl\/wp-content\/uploads\/2022\/04\/F05-2048x1152.jpg 2048w, https:\/\/www.alfen.pl\/wp-content\/uploads\/2022\/04\/F05-1080x608.jpg 1080w, https:\/\/www.alfen.pl\/wp-content\/uploads\/2022\/04\/F05-1280x720.jpg 1280w, https:\/\/www.alfen.pl\/wp-content\/uploads\/2022\/04\/F05-980x551.jpg 980w, https:\/\/www.alfen.pl\/wp-content\/uploads\/2022\/04\/F05-480x270.jpg 480w\" sizes=\"auto, (max-width: 1024px) 100vw, 1024px\" \/><\/a><\/figure>\n\n\n\n<figure class=\"wp-block-image size-large\"><a href=\"https:\/\/www.alfen.pl\/wp-content\/uploads\/2023\/06\/f05-brama-dwuskrzydlowa.png\"><img loading=\"lazy\" decoding=\"async\" width=\"1024\" height=\"451\" data-id=\"4860\" src=\"https:\/\/www.alfen.pl\/wp-content\/uploads\/2023\/06\/f05-brama-dwuskrzydlowa-1024x451.png\" alt=\"\" class=\"wp-image-4860\" srcset=\"https:\/\/www.alfen.pl\/wp-content\/uploads\/2023\/06\/f05-brama-dwuskrzydlowa-1024x451.png 1024w, https:\/\/www.alfen.pl\/wp-content\/uploads\/2023\/06\/f05-brama-dwuskrzydlowa-500x220.png 500w, https:\/\/www.alfen.pl\/wp-content\/uploads\/2023\/06\/f05-brama-dwuskrzydlowa-768x339.png 768w, https:\/\/www.alfen.pl\/wp-content\/uploads\/2023\/06\/f05-brama-dwuskrzydlowa-1536x677.png 1536w, https:\/\/www.alfen.pl\/wp-content\/uploads\/2023\/06\/f05-brama-dwuskrzydlowa-18x8.png 18w, https:\/\/www.alfen.pl\/wp-content\/uploads\/2023\/06\/f05-brama-dwuskrzydlowa.png 1815w\" sizes=\"auto, (max-width: 1024px) 100vw, 1024px\" \/><\/a><\/figure>\n\n\n\n<figure class=\"wp-block-image size-large\"><a href=\"https:\/\/www.alfen.pl\/wp-content\/uploads\/2023\/06\/f05-brama-przesuwna.png\"><img loading=\"lazy\" decoding=\"async\" width=\"1024\" height=\"365\" data-id=\"4861\" src=\"https:\/\/www.alfen.pl\/wp-content\/uploads\/2023\/06\/f05-brama-przesuwna-1024x365.png\" alt=\"\" class=\"wp-image-4861\" srcset=\"https:\/\/www.alfen.pl\/wp-content\/uploads\/2023\/06\/f05-brama-przesuwna-1024x365.png 1024w, https:\/\/www.alfen.pl\/wp-content\/uploads\/2023\/06\/f05-brama-przesuwna-500x178.png 500w, https:\/\/www.alfen.pl\/wp-content\/uploads\/2023\/06\/f05-brama-przesuwna-768x274.png 768w, https:\/\/www.alfen.pl\/wp-content\/uploads\/2023\/06\/f05-brama-przesuwna-1536x548.png 1536w, https:\/\/www.alfen.pl\/wp-content\/uploads\/2023\/06\/f05-brama-przesuwna-18x6.png 18w, https:\/\/www.alfen.pl\/wp-content\/uploads\/2023\/06\/f05-brama-przesuwna.png 1682w\" sizes=\"auto, (max-width: 1024px) 100vw, 1024px\" \/><\/a><\/figure>\n\n\n\n<figure class=\"wp-block-image size-large\"><a href=\"https:\/\/www.alfen.pl\/wp-content\/uploads\/2023\/06\/f05-furtka.png\"><img loading=\"lazy\" decoding=\"async\" width=\"866\" height=\"1000\" data-id=\"4862\" src=\"https:\/\/www.alfen.pl\/wp-content\/uploads\/2023\/06\/f05-furtka.png\" alt=\"\" class=\"wp-image-4862\" srcset=\"https:\/\/www.alfen.pl\/wp-content\/uploads\/2023\/06\/f05-furtka.png 866w, https:\/\/www.alfen.pl\/wp-content\/uploads\/2023\/06\/f05-furtka-260x300.png 260w, https:\/\/www.alfen.pl\/wp-content\/uploads\/2023\/06\/f05-furtka-768x887.png 768w, https:\/\/www.alfen.pl\/wp-content\/uploads\/2023\/06\/f05-furtka-10x12.png 10w\" sizes=\"auto, (max-width: 866px) 100vw, 866px\" \/><\/a><\/figure>\n\n\n\n<figure class=\"wp-block-image size-large\"><a href=\"https:\/\/www.alfen.pl\/wp-content\/uploads\/2023\/06\/f05-panel.png\"><img loading=\"lazy\" decoding=\"async\" width=\"1024\" height=\"766\" data-id=\"4863\" src=\"https:\/\/www.alfen.pl\/wp-content\/uploads\/2023\/06\/f05-panel-1024x766.png\" alt=\"\" class=\"wp-image-4863\" srcset=\"https:\/\/www.alfen.pl\/wp-content\/uploads\/2023\/06\/f05-panel-1024x766.png 1024w, https:\/\/www.alfen.pl\/wp-content\/uploads\/2023\/06\/f05-panel-401x300.png 401w, https:\/\/www.alfen.pl\/wp-content\/uploads\/2023\/06\/f05-panel-768x574.png 768w, https:\/\/www.alfen.pl\/wp-content\/uploads\/2023\/06\/f05-panel-16x12.png 16w, https:\/\/www.alfen.pl\/wp-content\/uploads\/2023\/06\/f05-panel.png 1337w\" sizes=\"auto, (max-width: 1024px) 100vw, 1024px\" \/><\/a><\/figure>\n<\/figure>\n\n\n\n<div class=\"wp-block-buttons is-layout-flex wp-block-buttons-is-layout-flex\">\n<div class=\"wp-block-button is-style-outline is-style-outline--20\"><a class=\"wp-block-button__link has-white-color has-text-color has-custom-font-size wp-element-button\" style=\"border-radius:1px;font-size:16px\">See gallery<\/a><\/div>\n<\/div>\n<\/div><\/div>\n<\/div><\/div>\n<\/div><\/div>\n<\/div><\/div>\n<\/div><\/div><\/div>\n\n\n\n<div class=\"wp-block-advgb-columns advgb-columns-wrapper flip-box-vertical\" id=\"advgb-cols-b2ed2679-cd3a-4e44-829c-6d69653e9519\"><div class=\"advgb-columns-container\"><div class=\"advgb-columns advgb-columns-row advgb-is-mobile advgb-columns-2 layout-12-12 tbl-layout-12-12 mbl-layout-stacked gutter-30 vgutter-30\">\n<div class=\"wp-block-advgb-column advgb-column advgb-is-half-desktop advgb-is-half-tablet advgb-is-full-mobile\" id=\"advgb-col-8819359e-2010-45c1-8208-af839e61ea7b\"><div class=\"advgb-column-inner\" style=\"border-style:none;border-width:1px\">\n<div class=\"wp-block-advgb-image advgb-image-block image-wrap full-width advgb-img-9fda6c1d-984c-4ea9-9957-ffe33a4ccd8e\" style=\"width:100%;height:300px\"><div class=\"advgb-image-wrapper\" style=\"justify-content:flex-end;align-items:flex-start\"><img decoding=\"async\" src=\"https:\/\/www.alfen.pl\/wp-content\/uploads\/2023\/06\/F06-Brama-scaled.jpg\" alt=\"Ogrodzenie z blachy - model F06\" class=\"advgb-image\" style=\"width:100%;height:300px;object-position:50% 50%\"\/><a class=\"advgb-image-overlay\" style=\"background-color:#000\" target=\"_blank\" rel=\"noopener noreferrer\"><\/a><div class=\"advgb-image-caption-wrap\"><h4 class=\"advgb-image-title\" style=\"color:#fff\">Sheet metal fencing - model F06<\/h4><\/div><\/div><\/div>\n\n\n\n<div class=\"wp-block-group has-background\" style=\"background-color:#1f1e1c\"><div class=\"wp-block-group__inner-container is-layout-constrained wp-block-group-is-layout-constrained\">\n<h3 class=\"wp-block-heading has-white-color has-text-color\" style=\"font-size:24px;font-style:normal;font-weight:800\">Sheet metal fencing - model F06<\/h3>\n\n\n\n<p class=\"has-white-color has-text-color\" style=\"font-size:16px\">- Solid model, gates and wickets are clad in aluminium sheeting on both sides,<br>\u200d<br>- there is no panel on this model,<br>\u200d<br>- The aluminium sheet is glued to the frame using a special adhesive and secured by rivets.<\/p>\n\n\n\n<div class=\"wp-block-group\"><div class=\"wp-block-group__inner-container is-layout-constrained wp-block-group-is-layout-constrained\">\n<div class=\"wp-block-group\"><div class=\"wp-block-group__inner-container is-layout-constrained wp-block-group-is-layout-constrained\">\n<figure class=\"wp-block-gallery has-nested-images columns-1 wp-block-gallery-21 is-layout-flex wp-block-gallery-is-layout-flex\">\n<figure class=\"wp-block-image size-large\"><a href=\"https:\/\/www.alfen.pl\/wp-content\/uploads\/2023\/06\/f06-2.jpg\"><img loading=\"lazy\" decoding=\"async\" width=\"1024\" height=\"576\" data-id=\"4841\" src=\"https:\/\/www.alfen.pl\/wp-content\/uploads\/2023\/06\/f06-2-1024x576.jpg\" alt=\"\" class=\"wp-image-4841\" srcset=\"https:\/\/www.alfen.pl\/wp-content\/uploads\/2023\/06\/f06-2-1024x576.jpg 1024w, https:\/\/www.alfen.pl\/wp-content\/uploads\/2023\/06\/f06-2-500x281.jpg 500w, https:\/\/www.alfen.pl\/wp-content\/uploads\/2023\/06\/f06-2-768x432.jpg 768w, https:\/\/www.alfen.pl\/wp-content\/uploads\/2023\/06\/f06-2-1536x864.jpg 1536w, https:\/\/www.alfen.pl\/wp-content\/uploads\/2023\/06\/f06-2-18x10.jpg 18w, https:\/\/www.alfen.pl\/wp-content\/uploads\/2023\/06\/f06-2.jpg 1920w\" sizes=\"auto, (max-width: 1024px) 100vw, 1024px\" \/><\/a><\/figure>\n\n\n\n<figure class=\"wp-block-image size-large\"><a href=\"https:\/\/www.alfen.pl\/wp-content\/uploads\/2023\/06\/f06-bd.png\"><img loading=\"lazy\" decoding=\"async\" width=\"1024\" height=\"410\" data-id=\"4866\" src=\"https:\/\/www.alfen.pl\/wp-content\/uploads\/2023\/06\/f06-bd-1024x410.png\" alt=\"\" class=\"wp-image-4866\" srcset=\"https:\/\/www.alfen.pl\/wp-content\/uploads\/2023\/06\/f06-bd-1024x410.png 1024w, https:\/\/www.alfen.pl\/wp-content\/uploads\/2023\/06\/f06-bd-500x200.png 500w, https:\/\/www.alfen.pl\/wp-content\/uploads\/2023\/06\/f06-bd-768x308.png 768w, https:\/\/www.alfen.pl\/wp-content\/uploads\/2023\/06\/f06-bd-1536x616.png 1536w, https:\/\/www.alfen.pl\/wp-content\/uploads\/2023\/06\/f06-bd-18x7.png 18w, https:\/\/www.alfen.pl\/wp-content\/uploads\/2023\/06\/f06-bd.png 1996w\" sizes=\"auto, (max-width: 1024px) 100vw, 1024px\" \/><\/a><\/figure>\n\n\n\n<figure class=\"wp-block-image size-large\"><a href=\"https:\/\/www.alfen.pl\/wp-content\/uploads\/2023\/06\/f06-bp.png\"><img loading=\"lazy\" decoding=\"async\" width=\"1024\" height=\"356\" data-id=\"4867\" src=\"https:\/\/www.alfen.pl\/wp-content\/uploads\/2023\/06\/f06-bp-1024x356.png\" alt=\"\" class=\"wp-image-4867\" srcset=\"https:\/\/www.alfen.pl\/wp-content\/uploads\/2023\/06\/f06-bp-1024x356.png 1024w, https:\/\/www.alfen.pl\/wp-content\/uploads\/2023\/06\/f06-bp-500x174.png 500w, https:\/\/www.alfen.pl\/wp-content\/uploads\/2023\/06\/f06-bp-768x267.png 768w, https:\/\/www.alfen.pl\/wp-content\/uploads\/2023\/06\/f06-bp-1536x534.png 1536w, https:\/\/www.alfen.pl\/wp-content\/uploads\/2023\/06\/f06-bp-18x6.png 18w, https:\/\/www.alfen.pl\/wp-content\/uploads\/2023\/06\/f06-bp.png 1726w\" sizes=\"auto, (max-width: 1024px) 100vw, 1024px\" \/><\/a><\/figure>\n\n\n\n<figure class=\"wp-block-image size-large\"><a href=\"https:\/\/www.alfen.pl\/wp-content\/uploads\/2023\/06\/f06-f.png\"><img loading=\"lazy\" decoding=\"async\" width=\"901\" height=\"1000\" data-id=\"4868\" src=\"https:\/\/www.alfen.pl\/wp-content\/uploads\/2023\/06\/f06-f.png\" alt=\"\" class=\"wp-image-4868\" srcset=\"https:\/\/www.alfen.pl\/wp-content\/uploads\/2023\/06\/f06-f.png 901w, https:\/\/www.alfen.pl\/wp-content\/uploads\/2023\/06\/f06-f-270x300.png 270w, https:\/\/www.alfen.pl\/wp-content\/uploads\/2023\/06\/f06-f-768x852.png 768w, https:\/\/www.alfen.pl\/wp-content\/uploads\/2023\/06\/f06-f-11x12.png 11w\" sizes=\"auto, (max-width: 901px) 100vw, 901px\" \/><\/a><\/figure>\n<\/figure>\n\n\n\n<div class=\"wp-block-buttons is-layout-flex wp-block-buttons-is-layout-flex\">\n<div class=\"wp-block-button is-style-outline is-style-outline--22\"><a class=\"wp-block-button__link has-white-color has-text-color has-custom-font-size wp-element-button\" style=\"border-radius:1px;font-size:16px\">See gallery<\/a><\/div>\n<\/div>\n<\/div><\/div>\n<\/div><\/div>\n<\/div><\/div>\n<\/div><\/div>\n\n\n\n<div class=\"wp-block-advgb-column advgb-column advgb-is-half-desktop advgb-is-half-tablet advgb-is-full-mobile\" id=\"advgb-col-2b86ee84-98e1-4cfe-89b6-198ce68e1190\"><div class=\"advgb-column-inner\" style=\"border-style:none;border-width:1px\">\n<div class=\"wp-block-advgb-image advgb-image-block image-wrap full-width advgb-img-67c644ac-c247-4365-b10a-78e314d8de27\" style=\"width:100%;height:300px\"><div class=\"advgb-image-wrapper\" style=\"justify-content:flex-end;align-items:flex-start\"><img decoding=\"async\" src=\"https:\/\/www.alfen.pl\/wp-content\/uploads\/2023\/06\/R02-Brama-scaled.jpg\" alt=\"Ogrodzenie pionowe - model R02\" class=\"advgb-image\" style=\"width:100%;height:300px;object-position:50% 50%\"\/><a class=\"advgb-image-overlay\" style=\"background-color:#000\" target=\"_blank\" rel=\"noopener noreferrer\"><\/a><div class=\"advgb-image-caption-wrap\"><h4 class=\"advgb-image-title\" style=\"color:#fff\">Vertical fence - model R02<\/h4><\/div><\/div><\/div>\n\n\n\n<div class=\"wp-block-group has-background\" style=\"background-color:#1f1e1c\"><div class=\"wp-block-group__inner-container is-layout-constrained wp-block-group-is-layout-constrained\">\n<h3 class=\"wp-block-heading has-white-color has-text-color\" style=\"font-size:24px;font-style:normal;font-weight:800\">Vertical fence - model R02<\/h3>\n\n\n\n<p class=\"has-white-color has-text-color\" style=\"font-size:16px\">- The model is constructed with 50x20mm vertical fins,<br>\u200d<br>- laths fixed inside the frame, any gap between the laths,<br>\u200d<br>- a modern rendition of the classic fence form.<\/p>\n\n\n\n<div class=\"wp-block-group\"><div class=\"wp-block-group__inner-container is-layout-constrained wp-block-group-is-layout-constrained\">\n<div class=\"wp-block-group\"><div class=\"wp-block-group__inner-container is-layout-constrained wp-block-group-is-layout-constrained\">\n<figure class=\"wp-block-gallery has-nested-images columns-1 wp-block-gallery-23 is-layout-flex wp-block-gallery-is-layout-flex\">\n<figure class=\"wp-block-image size-large\"><a href=\"https:\/\/www.alfen.pl\/wp-content\/uploads\/2023\/06\/r02-2-1.jpg\"><img loading=\"lazy\" decoding=\"async\" width=\"1024\" height=\"576\" data-id=\"4940\" src=\"https:\/\/www.alfen.pl\/wp-content\/uploads\/2023\/06\/r02-2-1-1024x576.jpg\" alt=\"\" class=\"wp-image-4940\" srcset=\"https:\/\/www.alfen.pl\/wp-content\/uploads\/2023\/06\/r02-2-1-1024x576.jpg 1024w, https:\/\/www.alfen.pl\/wp-content\/uploads\/2023\/06\/r02-2-1-500x281.jpg 500w, https:\/\/www.alfen.pl\/wp-content\/uploads\/2023\/06\/r02-2-1-768x432.jpg 768w, https:\/\/www.alfen.pl\/wp-content\/uploads\/2023\/06\/r02-2-1-1536x864.jpg 1536w, https:\/\/www.alfen.pl\/wp-content\/uploads\/2023\/06\/r02-2-1-18x10.jpg 18w, https:\/\/www.alfen.pl\/wp-content\/uploads\/2023\/06\/r02-2-1.jpg 1920w\" sizes=\"auto, (max-width: 1024px) 100vw, 1024px\" \/><\/a><\/figure>\n\n\n\n<figure class=\"wp-block-image size-large\"><a href=\"https:\/\/www.alfen.pl\/wp-content\/uploads\/2023\/06\/r02-brama-dwuskrzydowa.png\"><img loading=\"lazy\" decoding=\"async\" width=\"1024\" height=\"427\" data-id=\"4936\" src=\"https:\/\/www.alfen.pl\/wp-content\/uploads\/2023\/06\/r02-brama-dwuskrzydowa-1024x427.png\" alt=\"\" class=\"wp-image-4936\" srcset=\"https:\/\/www.alfen.pl\/wp-content\/uploads\/2023\/06\/r02-brama-dwuskrzydowa-1024x427.png 1024w, https:\/\/www.alfen.pl\/wp-content\/uploads\/2023\/06\/r02-brama-dwuskrzydowa-500x208.png 500w, https:\/\/www.alfen.pl\/wp-content\/uploads\/2023\/06\/r02-brama-dwuskrzydowa-768x320.png 768w, https:\/\/www.alfen.pl\/wp-content\/uploads\/2023\/06\/r02-brama-dwuskrzydowa-1536x640.png 1536w, https:\/\/www.alfen.pl\/wp-content\/uploads\/2023\/06\/r02-brama-dwuskrzydowa-18x8.png 18w, https:\/\/www.alfen.pl\/wp-content\/uploads\/2023\/06\/r02-brama-dwuskrzydowa.png 1919w\" sizes=\"auto, (max-width: 1024px) 100vw, 1024px\" \/><\/a><\/figure>\n\n\n\n<figure class=\"wp-block-image size-large\"><a href=\"https:\/\/www.alfen.pl\/wp-content\/uploads\/2023\/06\/r02-brama-przesuwna.png\"><img loading=\"lazy\" decoding=\"async\" width=\"1024\" height=\"299\" data-id=\"4937\" src=\"https:\/\/www.alfen.pl\/wp-content\/uploads\/2023\/06\/r02-brama-przesuwna-1024x299.png\" alt=\"\" class=\"wp-image-4937\" srcset=\"https:\/\/www.alfen.pl\/wp-content\/uploads\/2023\/06\/r02-brama-przesuwna-1024x299.png 1024w, https:\/\/www.alfen.pl\/wp-content\/uploads\/2023\/06\/r02-brama-przesuwna-500x146.png 500w, https:\/\/www.alfen.pl\/wp-content\/uploads\/2023\/06\/r02-brama-przesuwna-768x224.png 768w, https:\/\/www.alfen.pl\/wp-content\/uploads\/2023\/06\/r02-brama-przesuwna-1536x448.png 1536w, https:\/\/www.alfen.pl\/wp-content\/uploads\/2023\/06\/r02-brama-przesuwna-2048x597.png 2048w, https:\/\/www.alfen.pl\/wp-content\/uploads\/2023\/06\/r02-brama-przesuwna-18x5.png 18w\" sizes=\"auto, (max-width: 1024px) 100vw, 1024px\" \/><\/a><\/figure>\n\n\n\n<figure class=\"wp-block-image size-large\"><a href=\"https:\/\/www.alfen.pl\/wp-content\/uploads\/2023\/06\/r02-furtka.png\"><img loading=\"lazy\" decoding=\"async\" width=\"889\" height=\"1000\" data-id=\"4938\" src=\"https:\/\/www.alfen.pl\/wp-content\/uploads\/2023\/06\/r02-furtka.png\" alt=\"\" class=\"wp-image-4938\" srcset=\"https:\/\/www.alfen.pl\/wp-content\/uploads\/2023\/06\/r02-furtka.png 889w, https:\/\/www.alfen.pl\/wp-content\/uploads\/2023\/06\/r02-furtka-267x300.png 267w, https:\/\/www.alfen.pl\/wp-content\/uploads\/2023\/06\/r02-furtka-768x864.png 768w, https:\/\/www.alfen.pl\/wp-content\/uploads\/2023\/06\/r02-furtka-11x12.png 11w\" sizes=\"auto, (max-width: 889px) 100vw, 889px\" \/><\/a><\/figure>\n\n\n\n<figure class=\"wp-block-image size-large\"><a href=\"https:\/\/www.alfen.pl\/wp-content\/uploads\/2023\/06\/r02-panel.png\"><img loading=\"lazy\" decoding=\"async\" width=\"1024\" height=\"719\" data-id=\"4939\" src=\"https:\/\/www.alfen.pl\/wp-content\/uploads\/2023\/06\/r02-panel-1024x719.png\" alt=\"\" class=\"wp-image-4939\" srcset=\"https:\/\/www.alfen.pl\/wp-content\/uploads\/2023\/06\/r02-panel-1024x719.png 1024w, https:\/\/www.alfen.pl\/wp-content\/uploads\/2023\/06\/r02-panel-428x300.png 428w, https:\/\/www.alfen.pl\/wp-content\/uploads\/2023\/06\/r02-panel-768x539.png 768w, https:\/\/www.alfen.pl\/wp-content\/uploads\/2023\/06\/r02-panel-18x12.png 18w, https:\/\/www.alfen.pl\/wp-content\/uploads\/2023\/06\/r02-panel.png 1425w\" sizes=\"auto, (max-width: 1024px) 100vw, 1024px\" \/><\/a><\/figure>\n<\/figure>\n\n\n\n<div class=\"wp-block-buttons is-layout-flex wp-block-buttons-is-layout-flex\">\n<div class=\"wp-block-button is-style-outline is-style-outline--24\"><a class=\"wp-block-button__link has-white-color has-text-color has-custom-font-size wp-element-button\" style=\"border-radius:1px;font-size:16px\">See gallery<\/a><\/div>\n<\/div>\n<\/div><\/div>\n<\/div><\/div>\n<\/div><\/div>\n<\/div><\/div>\n<\/div><\/div><\/div>\n\n\n\n<div class=\"wp-block-advgb-columns advgb-columns-wrapper flip-box-vertical\" id=\"advgb-cols-7d3cdf87-015c-4975-983b-df3bf3aaf775\"><div class=\"advgb-columns-container\"><div class=\"advgb-columns advgb-columns-row advgb-is-mobile advgb-columns-2 layout-12-12 mbl-layout-stacked gutter-30 vgutter-30\">\n<div class=\"wp-block-advgb-column advgb-column\" id=\"advgb-col-76f17aa1-1d48-4945-b339-9585f8dc0613\"><div class=\"advgb-column-inner\" style=\"border-style:none;border-width:1px\">\n<div class=\"wp-block-advgb-image advgb-image-block image-wrap full-width advgb-img-485a7cf6-679c-4254-a1b2-0471f20e3688\" style=\"width:100%;height:300px\"><div class=\"advgb-image-wrapper\" style=\"justify-content:flex-end;align-items:flex-start\"><img decoding=\"async\" src=\"https:\/\/www.alfen.pl\/wp-content\/uploads\/2023\/06\/R03-Brama-scaled.jpg\" alt=\"Ogrodzenie pionowe - model R03\" class=\"advgb-image\" style=\"width:100%;height:300px;object-position:50% 50%\"\/><a class=\"advgb-image-overlay\" style=\"background-color:#000\" target=\"_blank\" rel=\"noopener noreferrer\"><\/a><div class=\"advgb-image-caption-wrap\"><h4 class=\"advgb-image-title\" style=\"color:#fff\">Vertical fence - model R03<\/h4><\/div><\/div><\/div>\n\n\n\n<div class=\"wp-block-group has-background\" style=\"background-color:#1f1e1c\"><div class=\"wp-block-group__inner-container is-layout-constrained wp-block-group-is-layout-constrained\">\n<h3 class=\"wp-block-heading has-white-color has-text-color\" style=\"font-size:24px;font-style:normal;font-weight:800\">Vertical fence - model R03<\/h3>\n\n\n\n<p class=\"has-white-color has-text-color\" style=\"font-size:16px\">- The model is constructed with 100x20mm vertical fins,<br>\u200d<br>- laths fixed inside the frame, any gap between the laths,<br>\u200d<br>- a modern rendition of the classic fence form.<\/p>\n\n\n\n<div class=\"wp-block-group\"><div class=\"wp-block-group__inner-container is-layout-constrained wp-block-group-is-layout-constrained\">\n<div class=\"wp-block-group\"><div class=\"wp-block-group__inner-container is-layout-constrained wp-block-group-is-layout-constrained\">\n<figure class=\"wp-block-gallery has-nested-images columns-1 wp-block-gallery-25 is-layout-flex wp-block-gallery-is-layout-flex\">\n<figure class=\"wp-block-image size-large\"><a href=\"https:\/\/www.alfen.pl\/wp-content\/uploads\/2023\/06\/r03-2.jpg\"><img loading=\"lazy\" decoding=\"async\" width=\"1024\" height=\"576\" data-id=\"4941\" src=\"https:\/\/www.alfen.pl\/wp-content\/uploads\/2023\/06\/r03-2-1024x576.jpg\" alt=\"\" class=\"wp-image-4941\" srcset=\"https:\/\/www.alfen.pl\/wp-content\/uploads\/2023\/06\/r03-2-1024x576.jpg 1024w, https:\/\/www.alfen.pl\/wp-content\/uploads\/2023\/06\/r03-2-500x281.jpg 500w, https:\/\/www.alfen.pl\/wp-content\/uploads\/2023\/06\/r03-2-768x432.jpg 768w, https:\/\/www.alfen.pl\/wp-content\/uploads\/2023\/06\/r03-2-1536x864.jpg 1536w, https:\/\/www.alfen.pl\/wp-content\/uploads\/2023\/06\/r03-2-18x10.jpg 18w, https:\/\/www.alfen.pl\/wp-content\/uploads\/2023\/06\/r03-2.jpg 1920w\" sizes=\"auto, (max-width: 1024px) 100vw, 1024px\" \/><\/a><\/figure>\n\n\n\n<figure class=\"wp-block-image size-large\"><a href=\"https:\/\/www.alfen.pl\/wp-content\/uploads\/2023\/06\/r03-brama-dwuskrzydlowa.png\"><img loading=\"lazy\" decoding=\"async\" width=\"1024\" height=\"426\" data-id=\"4942\" src=\"https:\/\/www.alfen.pl\/wp-content\/uploads\/2023\/06\/r03-brama-dwuskrzydlowa-1024x426.png\" alt=\"\" class=\"wp-image-4942\" srcset=\"https:\/\/www.alfen.pl\/wp-content\/uploads\/2023\/06\/r03-brama-dwuskrzydlowa-1024x426.png 1024w, https:\/\/www.alfen.pl\/wp-content\/uploads\/2023\/06\/r03-brama-dwuskrzydlowa-500x208.png 500w, https:\/\/www.alfen.pl\/wp-content\/uploads\/2023\/06\/r03-brama-dwuskrzydlowa-768x320.png 768w, https:\/\/www.alfen.pl\/wp-content\/uploads\/2023\/06\/r03-brama-dwuskrzydlowa-1536x639.png 1536w, https:\/\/www.alfen.pl\/wp-content\/uploads\/2023\/06\/r03-brama-dwuskrzydlowa-18x7.png 18w, https:\/\/www.alfen.pl\/wp-content\/uploads\/2023\/06\/r03-brama-dwuskrzydlowa.png 1922w\" sizes=\"auto, (max-width: 1024px) 100vw, 1024px\" \/><\/a><\/figure>\n\n\n\n<figure class=\"wp-block-image size-large\"><a href=\"https:\/\/www.alfen.pl\/wp-content\/uploads\/2023\/06\/r03-brama-przesuwna.png\"><img loading=\"lazy\" decoding=\"async\" width=\"1024\" height=\"299\" data-id=\"4943\" src=\"https:\/\/www.alfen.pl\/wp-content\/uploads\/2023\/06\/r03-brama-przesuwna-1024x299.png\" alt=\"\" class=\"wp-image-4943\" srcset=\"https:\/\/www.alfen.pl\/wp-content\/uploads\/2023\/06\/r03-brama-przesuwna-1024x299.png 1024w, https:\/\/www.alfen.pl\/wp-content\/uploads\/2023\/06\/r03-brama-przesuwna-500x146.png 500w, https:\/\/www.alfen.pl\/wp-content\/uploads\/2023\/06\/r03-brama-przesuwna-768x224.png 768w, https:\/\/www.alfen.pl\/wp-content\/uploads\/2023\/06\/r03-brama-przesuwna-1536x448.png 1536w, https:\/\/www.alfen.pl\/wp-content\/uploads\/2023\/06\/r03-brama-przesuwna-2048x597.png 2048w, https:\/\/www.alfen.pl\/wp-content\/uploads\/2023\/06\/r03-brama-przesuwna-18x5.png 18w\" sizes=\"auto, (max-width: 1024px) 100vw, 1024px\" \/><\/a><\/figure>\n\n\n\n<figure class=\"wp-block-image size-large\"><a href=\"https:\/\/www.alfen.pl\/wp-content\/uploads\/2023\/06\/r03-furtka.png\"><img loading=\"lazy\" decoding=\"async\" width=\"900\" height=\"1000\" data-id=\"4944\" src=\"https:\/\/www.alfen.pl\/wp-content\/uploads\/2023\/06\/r03-furtka.png\" alt=\"\" class=\"wp-image-4944\" srcset=\"https:\/\/www.alfen.pl\/wp-content\/uploads\/2023\/06\/r03-furtka.png 900w, https:\/\/www.alfen.pl\/wp-content\/uploads\/2023\/06\/r03-furtka-270x300.png 270w, https:\/\/www.alfen.pl\/wp-content\/uploads\/2023\/06\/r03-furtka-768x853.png 768w, https:\/\/www.alfen.pl\/wp-content\/uploads\/2023\/06\/r03-furtka-11x12.png 11w\" sizes=\"auto, (max-width: 900px) 100vw, 900px\" \/><\/a><\/figure>\n\n\n\n<figure class=\"wp-block-image size-large\"><a href=\"https:\/\/www.alfen.pl\/wp-content\/uploads\/2023\/06\/r03-panel.png\"><img loading=\"lazy\" decoding=\"async\" width=\"1024\" height=\"720\" data-id=\"4945\" src=\"https:\/\/www.alfen.pl\/wp-content\/uploads\/2023\/06\/r03-panel-1024x720.png\" alt=\"\" class=\"wp-image-4945\" srcset=\"https:\/\/www.alfen.pl\/wp-content\/uploads\/2023\/06\/r03-panel-1024x720.png 1024w, https:\/\/www.alfen.pl\/wp-content\/uploads\/2023\/06\/r03-panel-427x300.png 427w, https:\/\/www.alfen.pl\/wp-content\/uploads\/2023\/06\/r03-panel-768x540.png 768w, https:\/\/www.alfen.pl\/wp-content\/uploads\/2023\/06\/r03-panel-18x12.png 18w, https:\/\/www.alfen.pl\/wp-content\/uploads\/2023\/06\/r03-panel.png 1422w\" sizes=\"auto, (max-width: 1024px) 100vw, 1024px\" \/><\/a><\/figure>\n<\/figure>\n\n\n\n<div class=\"wp-block-buttons is-layout-flex wp-block-buttons-is-layout-flex\">\n<div class=\"wp-block-button is-style-outline is-style-outline--26\"><a class=\"wp-block-button__link has-white-color has-text-color has-custom-font-size wp-element-button\" style=\"border-radius:1px;font-size:16px\">See gallery<\/a><\/div>\n<\/div>\n<\/div><\/div>\n<\/div><\/div>\n<\/div><\/div>\n<\/div><\/div>\n\n\n\n<div class=\"wp-block-advgb-column advgb-column\" id=\"advgb-col-8e03379b-ed63-4948-9965-18665731fce4\"><div class=\"advgb-column-inner\" style=\"border-style:none;border-width:1px\">\n<div class=\"wp-block-advgb-image advgb-image-block image-wrap full-width advgb-img-74530c75-072e-4850-9c01-4ee37aafcb51\" style=\"width:100%;height:300px\"><div class=\"advgb-image-wrapper\" style=\"justify-content:flex-end;align-items:flex-start\"><img decoding=\"async\" src=\"https:\/\/www.alfen.pl\/wp-content\/uploads\/2023\/06\/R04-Brama-scaled.jpg\" alt=\"Ogrodzenie pionowe - model R04\" class=\"advgb-image\" style=\"width:100%;height:300px;object-position:50% 50%\"\/><a class=\"advgb-image-overlay\" style=\"background-color:#000\" target=\"_blank\" rel=\"noopener noreferrer\"><\/a><div class=\"advgb-image-caption-wrap\"><h4 class=\"advgb-image-title\" style=\"color:#fff\">Vertical fence - model R04<\/h4><\/div><\/div><\/div>\n\n\n\n<div class=\"wp-block-group has-background\" style=\"background-color:#1f1e1c\"><div class=\"wp-block-group__inner-container is-layout-constrained wp-block-group-is-layout-constrained\">\n<h3 class=\"wp-block-heading has-white-color has-text-color\" style=\"font-size:24px;font-style:normal;font-weight:800\">Vertical fence - model R04<\/h3>\n\n\n\n<p class=\"has-white-color has-text-color\" style=\"font-size:16px\">- The model is constructed with 80x20mm vertical fins,<br>\u200d<br>- slats fixed to the frame with wider side, any gap between slats possible,<br>\u200d<br>- fins - aluminium, flat.<\/p>\n\n\n\n<div class=\"wp-block-group\"><div class=\"wp-block-group__inner-container is-layout-constrained wp-block-group-is-layout-constrained\">\n<div class=\"wp-block-group\"><div class=\"wp-block-group__inner-container is-layout-constrained wp-block-group-is-layout-constrained\">\n<figure class=\"wp-block-gallery has-nested-images columns-1 wp-block-gallery-27 is-layout-flex wp-block-gallery-is-layout-flex\">\n<figure class=\"wp-block-image size-large\"><a href=\"https:\/\/www.alfen.pl\/wp-content\/uploads\/2023\/06\/r04-2.jpg\"><img loading=\"lazy\" decoding=\"async\" width=\"1024\" height=\"576\" data-id=\"4946\" src=\"https:\/\/www.alfen.pl\/wp-content\/uploads\/2023\/06\/r04-2-1024x576.jpg\" alt=\"\" class=\"wp-image-4946\" srcset=\"https:\/\/www.alfen.pl\/wp-content\/uploads\/2023\/06\/r04-2-1024x576.jpg 1024w, https:\/\/www.alfen.pl\/wp-content\/uploads\/2023\/06\/r04-2-500x281.jpg 500w, https:\/\/www.alfen.pl\/wp-content\/uploads\/2023\/06\/r04-2-768x432.jpg 768w, https:\/\/www.alfen.pl\/wp-content\/uploads\/2023\/06\/r04-2-1536x864.jpg 1536w, https:\/\/www.alfen.pl\/wp-content\/uploads\/2023\/06\/r04-2-18x10.jpg 18w, https:\/\/www.alfen.pl\/wp-content\/uploads\/2023\/06\/r04-2.jpg 1920w\" sizes=\"auto, (max-width: 1024px) 100vw, 1024px\" \/><\/a><\/figure>\n\n\n\n<figure class=\"wp-block-image size-large\"><a href=\"https:\/\/www.alfen.pl\/wp-content\/uploads\/2023\/06\/r04-brama-dwuskrzydlowa.png\"><img loading=\"lazy\" decoding=\"async\" width=\"1024\" height=\"430\" data-id=\"4947\" src=\"https:\/\/www.alfen.pl\/wp-content\/uploads\/2023\/06\/r04-brama-dwuskrzydlowa-1024x430.png\" alt=\"\" class=\"wp-image-4947\" srcset=\"https:\/\/www.alfen.pl\/wp-content\/uploads\/2023\/06\/r04-brama-dwuskrzydlowa-1024x430.png 1024w, https:\/\/www.alfen.pl\/wp-content\/uploads\/2023\/06\/r04-brama-dwuskrzydlowa-500x210.png 500w, https:\/\/www.alfen.pl\/wp-content\/uploads\/2023\/06\/r04-brama-dwuskrzydlowa-768x322.png 768w, https:\/\/www.alfen.pl\/wp-content\/uploads\/2023\/06\/r04-brama-dwuskrzydlowa-1536x644.png 1536w, https:\/\/www.alfen.pl\/wp-content\/uploads\/2023\/06\/r04-brama-dwuskrzydlowa-18x8.png 18w, https:\/\/www.alfen.pl\/wp-content\/uploads\/2023\/06\/r04-brama-dwuskrzydlowa.png 1907w\" sizes=\"auto, (max-width: 1024px) 100vw, 1024px\" \/><\/a><\/figure>\n\n\n\n<figure class=\"wp-block-image size-large\"><a href=\"https:\/\/www.alfen.pl\/wp-content\/uploads\/2023\/06\/r04-brama-przesuwna.png\"><img loading=\"lazy\" decoding=\"async\" width=\"1024\" height=\"299\" data-id=\"4948\" src=\"https:\/\/www.alfen.pl\/wp-content\/uploads\/2023\/06\/r04-brama-przesuwna-1024x299.png\" alt=\"\" class=\"wp-image-4948\" srcset=\"https:\/\/www.alfen.pl\/wp-content\/uploads\/2023\/06\/r04-brama-przesuwna-1024x299.png 1024w, https:\/\/www.alfen.pl\/wp-content\/uploads\/2023\/06\/r04-brama-przesuwna-500x146.png 500w, https:\/\/www.alfen.pl\/wp-content\/uploads\/2023\/06\/r04-brama-przesuwna-768x224.png 768w, https:\/\/www.alfen.pl\/wp-content\/uploads\/2023\/06\/r04-brama-przesuwna-1536x448.png 1536w, https:\/\/www.alfen.pl\/wp-content\/uploads\/2023\/06\/r04-brama-przesuwna-2048x598.png 2048w, https:\/\/www.alfen.pl\/wp-content\/uploads\/2023\/06\/r04-brama-przesuwna-18x5.png 18w\" sizes=\"auto, (max-width: 1024px) 100vw, 1024px\" \/><\/a><\/figure>\n\n\n\n<figure class=\"wp-block-image size-large\"><a href=\"https:\/\/www.alfen.pl\/wp-content\/uploads\/2023\/06\/r04-furtka.png\"><img loading=\"lazy\" decoding=\"async\" width=\"913\" height=\"1000\" data-id=\"4949\" src=\"https:\/\/www.alfen.pl\/wp-content\/uploads\/2023\/06\/r04-furtka.png\" alt=\"\" class=\"wp-image-4949\" srcset=\"https:\/\/www.alfen.pl\/wp-content\/uploads\/2023\/06\/r04-furtka.png 913w, https:\/\/www.alfen.pl\/wp-content\/uploads\/2023\/06\/r04-furtka-274x300.png 274w, https:\/\/www.alfen.pl\/wp-content\/uploads\/2023\/06\/r04-furtka-768x841.png 768w, https:\/\/www.alfen.pl\/wp-content\/uploads\/2023\/06\/r04-furtka-11x12.png 11w\" sizes=\"auto, (max-width: 913px) 100vw, 913px\" \/><\/a><\/figure>\n\n\n\n<figure class=\"wp-block-image size-large\"><a href=\"https:\/\/www.alfen.pl\/wp-content\/uploads\/2023\/06\/r04-panel.png\"><img loading=\"lazy\" decoding=\"async\" width=\"1024\" height=\"718\" data-id=\"4950\" src=\"https:\/\/www.alfen.pl\/wp-content\/uploads\/2023\/06\/r04-panel-1024x718.png\" alt=\"\" class=\"wp-image-4950\" srcset=\"https:\/\/www.alfen.pl\/wp-content\/uploads\/2023\/06\/r04-panel-1024x718.png 1024w, https:\/\/www.alfen.pl\/wp-content\/uploads\/2023\/06\/r04-panel-428x300.png 428w, https:\/\/www.alfen.pl\/wp-content\/uploads\/2023\/06\/r04-panel-768x539.png 768w, https:\/\/www.alfen.pl\/wp-content\/uploads\/2023\/06\/r04-panel-18x12.png 18w, https:\/\/www.alfen.pl\/wp-content\/uploads\/2023\/06\/r04-panel.png 1426w\" sizes=\"auto, (max-width: 1024px) 100vw, 1024px\" \/><\/a><\/figure>\n<\/figure>\n\n\n\n<div class=\"wp-block-buttons is-layout-flex wp-block-buttons-is-layout-flex\">\n<div class=\"wp-block-button is-style-outline is-style-outline--28\"><a class=\"wp-block-button__link has-white-color has-text-color has-custom-font-size wp-element-button\" style=\"border-radius:1px;font-size:16px\">See gallery<\/a><\/div>\n<\/div>\n<\/div><\/div>\n<\/div><\/div>\n<\/div><\/div>\n<\/div><\/div>\n<\/div><\/div><\/div>\n\n\n\n<div class=\"wp-block-advgb-columns advgb-columns-wrapper flip-box-vertical\" id=\"advgb-cols-2688830e-f7ab-4e74-bc02-4ce175e48d6c\"><div class=\"advgb-columns-container\"><div class=\"advgb-columns advgb-columns-row advgb-is-mobile advgb-columns-2 layout-12-12 mbl-layout-stacked gutter-30 vgutter-30\">\n<div class=\"wp-block-advgb-column advgb-column\" id=\"advgb-col-5bcf677d-8bc2-4d45-8ff1-cbde0663df12\"><div class=\"advgb-column-inner\" style=\"border-style:none;border-width:1px\">\n<div class=\"wp-block-advgb-image advgb-image-block image-wrap full-width advgb-img-10d1e1d8-86eb-4877-9c97-6ede03ba4d0e\" style=\"width:100%;height:300px\"><div class=\"advgb-image-wrapper\" style=\"justify-content:flex-end;align-items:flex-start\"><img decoding=\"async\" src=\"https:\/\/www.alfen.pl\/wp-content\/uploads\/2023\/06\/R05-Brama-scaled.jpg\" alt=\"Ogrodzenie pionowe - model R05\" class=\"advgb-image\" style=\"width:100%;height:300px;object-position:50% 50%\"\/><a class=\"advgb-image-overlay\" style=\"background-color:#000\" target=\"_blank\" rel=\"noopener noreferrer\"><\/a><div class=\"advgb-image-caption-wrap\"><h4 class=\"advgb-image-title\" style=\"color:#fff\">Vertical fence - model R05<\/h4><\/div><\/div><\/div>\n\n\n\n<div class=\"wp-block-group has-background\" style=\"background-color:#1f1e1c\"><div class=\"wp-block-group__inner-container is-layout-constrained wp-block-group-is-layout-constrained\">\n<h3 class=\"wp-block-heading has-white-color has-text-color\" style=\"font-size:24px;font-style:normal;font-weight:800\">Vertical fence - model R05<\/h3>\n\n\n\n<p class=\"has-white-color has-text-color\" style=\"font-size:16px\">- The model is constructed with 80x20mm vertical fins,<br>\u200d<br>- slats fixed to the frame with wider side, any gap between slats possible,<br>\u200d<br>- fins - aluminium, semi-circular.<\/p>\n\n\n\n<div class=\"wp-block-group\"><div class=\"wp-block-group__inner-container is-layout-constrained wp-block-group-is-layout-constrained\">\n<div class=\"wp-block-group\"><div class=\"wp-block-group__inner-container is-layout-constrained wp-block-group-is-layout-constrained\">\n<figure class=\"wp-block-gallery has-nested-images columns-1 wp-block-gallery-29 is-layout-flex wp-block-gallery-is-layout-flex\">\n<figure class=\"wp-block-image size-large\"><a href=\"https:\/\/www.alfen.pl\/wp-content\/uploads\/2023\/06\/r05-2-1.jpg\"><img loading=\"lazy\" decoding=\"async\" width=\"1024\" height=\"576\" data-id=\"4956\" src=\"https:\/\/www.alfen.pl\/wp-content\/uploads\/2023\/06\/r05-2-1-1024x576.jpg\" alt=\"\" class=\"wp-image-4956\" srcset=\"https:\/\/www.alfen.pl\/wp-content\/uploads\/2023\/06\/r05-2-1-1024x576.jpg 1024w, https:\/\/www.alfen.pl\/wp-content\/uploads\/2023\/06\/r05-2-1-500x281.jpg 500w, https:\/\/www.alfen.pl\/wp-content\/uploads\/2023\/06\/r05-2-1-768x432.jpg 768w, https:\/\/www.alfen.pl\/wp-content\/uploads\/2023\/06\/r05-2-1-1536x864.jpg 1536w, https:\/\/www.alfen.pl\/wp-content\/uploads\/2023\/06\/r05-2-1-18x10.jpg 18w, https:\/\/www.alfen.pl\/wp-content\/uploads\/2023\/06\/r05-2-1.jpg 1920w\" sizes=\"auto, (max-width: 1024px) 100vw, 1024px\" \/><\/a><\/figure>\n\n\n\n<figure class=\"wp-block-image size-large\"><a href=\"https:\/\/www.alfen.pl\/wp-content\/uploads\/2023\/06\/r05-brama-dwuskrzydlowa-1.png\"><img loading=\"lazy\" decoding=\"async\" width=\"1024\" height=\"438\" data-id=\"4957\" src=\"https:\/\/www.alfen.pl\/wp-content\/uploads\/2023\/06\/r05-brama-dwuskrzydlowa-1-1024x438.png\" alt=\"\" class=\"wp-image-4957\" srcset=\"https:\/\/www.alfen.pl\/wp-content\/uploads\/2023\/06\/r05-brama-dwuskrzydlowa-1-1024x438.png 1024w, https:\/\/www.alfen.pl\/wp-content\/uploads\/2023\/06\/r05-brama-dwuskrzydlowa-1-500x214.png 500w, https:\/\/www.alfen.pl\/wp-content\/uploads\/2023\/06\/r05-brama-dwuskrzydlowa-1-768x329.png 768w, https:\/\/www.alfen.pl\/wp-content\/uploads\/2023\/06\/r05-brama-dwuskrzydlowa-1-1536x657.png 1536w, https:\/\/www.alfen.pl\/wp-content\/uploads\/2023\/06\/r05-brama-dwuskrzydlowa-1-18x8.png 18w, https:\/\/www.alfen.pl\/wp-content\/uploads\/2023\/06\/r05-brama-dwuskrzydlowa-1.png 1870w\" sizes=\"auto, (max-width: 1024px) 100vw, 1024px\" \/><\/a><\/figure>\n\n\n\n<figure class=\"wp-block-image size-large\"><a href=\"https:\/\/www.alfen.pl\/wp-content\/uploads\/2023\/06\/r05-brama-przesuwna-1.png\"><img loading=\"lazy\" decoding=\"async\" width=\"1024\" height=\"308\" data-id=\"4958\" src=\"https:\/\/www.alfen.pl\/wp-content\/uploads\/2023\/06\/r05-brama-przesuwna-1-1024x308.png\" alt=\"\" class=\"wp-image-4958\" srcset=\"https:\/\/www.alfen.pl\/wp-content\/uploads\/2023\/06\/r05-brama-przesuwna-1-1024x308.png 1024w, https:\/\/www.alfen.pl\/wp-content\/uploads\/2023\/06\/r05-brama-przesuwna-1-500x150.png 500w, https:\/\/www.alfen.pl\/wp-content\/uploads\/2023\/06\/r05-brama-przesuwna-1-768x231.png 768w, https:\/\/www.alfen.pl\/wp-content\/uploads\/2023\/06\/r05-brama-przesuwna-1-1536x461.png 1536w, https:\/\/www.alfen.pl\/wp-content\/uploads\/2023\/06\/r05-brama-przesuwna-1-18x5.png 18w, https:\/\/www.alfen.pl\/wp-content\/uploads\/2023\/06\/r05-brama-przesuwna-1.png 1998w\" sizes=\"auto, (max-width: 1024px) 100vw, 1024px\" \/><\/a><\/figure>\n\n\n\n<figure class=\"wp-block-image size-large\"><a href=\"https:\/\/www.alfen.pl\/wp-content\/uploads\/2023\/06\/r05-furtka-1.png\"><img loading=\"lazy\" decoding=\"async\" width=\"913\" height=\"1000\" data-id=\"4959\" src=\"https:\/\/www.alfen.pl\/wp-content\/uploads\/2023\/06\/r05-furtka-1.png\" alt=\"\" class=\"wp-image-4959\" srcset=\"https:\/\/www.alfen.pl\/wp-content\/uploads\/2023\/06\/r05-furtka-1.png 913w, https:\/\/www.alfen.pl\/wp-content\/uploads\/2023\/06\/r05-furtka-1-274x300.png 274w, https:\/\/www.alfen.pl\/wp-content\/uploads\/2023\/06\/r05-furtka-1-768x841.png 768w, https:\/\/www.alfen.pl\/wp-content\/uploads\/2023\/06\/r05-furtka-1-11x12.png 11w\" sizes=\"auto, (max-width: 913px) 100vw, 913px\" \/><\/a><\/figure>\n\n\n\n<figure class=\"wp-block-image size-large\"><a href=\"https:\/\/www.alfen.pl\/wp-content\/uploads\/2023\/06\/r05-panel-1.png\"><img loading=\"lazy\" decoding=\"async\" width=\"1024\" height=\"712\" data-id=\"4960\" src=\"https:\/\/www.alfen.pl\/wp-content\/uploads\/2023\/06\/r05-panel-1-1024x712.png\" alt=\"\" class=\"wp-image-4960\" srcset=\"https:\/\/www.alfen.pl\/wp-content\/uploads\/2023\/06\/r05-panel-1-1024x712.png 1024w, https:\/\/www.alfen.pl\/wp-content\/uploads\/2023\/06\/r05-panel-1-432x300.png 432w, https:\/\/www.alfen.pl\/wp-content\/uploads\/2023\/06\/r05-panel-1-768x534.png 768w, https:\/\/www.alfen.pl\/wp-content\/uploads\/2023\/06\/r05-panel-1-18x12.png 18w, https:\/\/www.alfen.pl\/wp-content\/uploads\/2023\/06\/r05-panel-1.png 1439w\" sizes=\"auto, (max-width: 1024px) 100vw, 1024px\" \/><\/a><\/figure>\n<\/figure>\n\n\n\n<div class=\"wp-block-buttons is-layout-flex wp-block-buttons-is-layout-flex\">\n<div class=\"wp-block-button is-style-outline is-style-outline--30\"><a class=\"wp-block-button__link has-white-color has-text-color has-custom-font-size wp-element-button\" style=\"border-radius:1px;font-size:16px\">See gallery<\/a><\/div>\n<\/div>\n<\/div><\/div>\n<\/div><\/div>\n<\/div><\/div>\n<\/div><\/div>\n\n\n\n<div class=\"wp-block-advgb-column advgb-column\" id=\"advgb-col-f7c542c6-5648-41d4-9bfb-f45e9dfec2e6\"><div class=\"advgb-column-inner\" style=\"border-style:none;border-width:1px\">\n<div class=\"wp-block-advgb-image advgb-image-block image-wrap full-width advgb-img-45d7d3bf-9ba3-403c-88e0-9e36dfbe5246\" style=\"width:100%;height:300px\"><div class=\"advgb-image-wrapper\" style=\"justify-content:flex-end;align-items:flex-start\"><img decoding=\"async\" src=\"https:\/\/www.alfen.pl\/wp-content\/uploads\/2023\/06\/R06-Brama-scaled.jpg\" alt=\"Ogrodzenie pionowe - model R06\" class=\"advgb-image\" style=\"width:100%;height:300px;object-position:50% 50%\"\/><a class=\"advgb-image-overlay\" style=\"background-color:#000\" target=\"_blank\" rel=\"noopener noreferrer\"><\/a><div class=\"advgb-image-caption-wrap\"><h4 class=\"advgb-image-title\" style=\"color:#fff\">Vertical fence - model R06<\/h4><\/div><\/div><\/div>\n\n\n\n<div class=\"wp-block-group has-background\" style=\"background-color:#1f1e1c\"><div class=\"wp-block-group__inner-container is-layout-constrained wp-block-group-is-layout-constrained\">\n<h3 class=\"wp-block-heading has-white-color has-text-color\" style=\"font-size:24px;font-style:normal;font-weight:800\">Vertical fence - model R06<\/h3>\n\n\n\n<p class=\"has-white-color has-text-color\" style=\"font-size:16px\">- The model is constructed with vertical fins measuring 40x20mm,<br>\u200d<br>- slats fixed to the frame with wider side, any gap between slats possible,<br>\u200d<br>- the lamellas that fall on the frame of the gates and wickets are 80x20mm, the lamella ends are plastic, flat.<\/p>\n\n\n\n<div class=\"wp-block-group\"><div class=\"wp-block-group__inner-container is-layout-constrained wp-block-group-is-layout-constrained\">\n<div class=\"wp-block-group\"><div class=\"wp-block-group__inner-container is-layout-constrained wp-block-group-is-layout-constrained\">\n<figure class=\"wp-block-gallery has-nested-images columns-1 wp-block-gallery-31 is-layout-flex wp-block-gallery-is-layout-flex\">\n<figure class=\"wp-block-image size-large\"><a href=\"https:\/\/www.alfen.pl\/wp-content\/uploads\/2023\/06\/r06-2-1.jpg\"><img loading=\"lazy\" decoding=\"async\" width=\"1024\" height=\"576\" data-id=\"4966\" src=\"https:\/\/www.alfen.pl\/wp-content\/uploads\/2023\/06\/r06-2-1-1024x576.jpg\" alt=\"\" class=\"wp-image-4966\" srcset=\"https:\/\/www.alfen.pl\/wp-content\/uploads\/2023\/06\/r06-2-1-1024x576.jpg 1024w, https:\/\/www.alfen.pl\/wp-content\/uploads\/2023\/06\/r06-2-1-500x281.jpg 500w, https:\/\/www.alfen.pl\/wp-content\/uploads\/2023\/06\/r06-2-1-768x432.jpg 768w, https:\/\/www.alfen.pl\/wp-content\/uploads\/2023\/06\/r06-2-1-1536x864.jpg 1536w, https:\/\/www.alfen.pl\/wp-content\/uploads\/2023\/06\/r06-2-1-18x10.jpg 18w, https:\/\/www.alfen.pl\/wp-content\/uploads\/2023\/06\/r06-2-1.jpg 1920w\" sizes=\"auto, (max-width: 1024px) 100vw, 1024px\" \/><\/a><\/figure>\n\n\n\n<figure class=\"wp-block-image size-large\"><a href=\"https:\/\/www.alfen.pl\/wp-content\/uploads\/2023\/06\/r06-brama-dwuskrzydlowa.png\"><img loading=\"lazy\" decoding=\"async\" width=\"1024\" height=\"423\" data-id=\"4962\" src=\"https:\/\/www.alfen.pl\/wp-content\/uploads\/2023\/06\/r06-brama-dwuskrzydlowa-1024x423.png\" alt=\"\" class=\"wp-image-4962\" srcset=\"https:\/\/www.alfen.pl\/wp-content\/uploads\/2023\/06\/r06-brama-dwuskrzydlowa-1024x423.png 1024w, https:\/\/www.alfen.pl\/wp-content\/uploads\/2023\/06\/r06-brama-dwuskrzydlowa-500x207.png 500w, https:\/\/www.alfen.pl\/wp-content\/uploads\/2023\/06\/r06-brama-dwuskrzydlowa-768x318.png 768w, https:\/\/www.alfen.pl\/wp-content\/uploads\/2023\/06\/r06-brama-dwuskrzydlowa-1536x635.png 1536w, https:\/\/www.alfen.pl\/wp-content\/uploads\/2023\/06\/r06-brama-dwuskrzydlowa-18x7.png 18w, https:\/\/www.alfen.pl\/wp-content\/uploads\/2023\/06\/r06-brama-dwuskrzydlowa.png 1935w\" sizes=\"auto, (max-width: 1024px) 100vw, 1024px\" \/><\/a><\/figure>\n\n\n\n<figure class=\"wp-block-image size-large\"><a href=\"https:\/\/www.alfen.pl\/wp-content\/uploads\/2023\/06\/r06-brama-przesuwna.png\"><img loading=\"lazy\" decoding=\"async\" width=\"1024\" height=\"298\" data-id=\"4963\" src=\"https:\/\/www.alfen.pl\/wp-content\/uploads\/2023\/06\/r06-brama-przesuwna-1024x298.png\" alt=\"\" class=\"wp-image-4963\" srcset=\"https:\/\/www.alfen.pl\/wp-content\/uploads\/2023\/06\/r06-brama-przesuwna-1024x298.png 1024w, https:\/\/www.alfen.pl\/wp-content\/uploads\/2023\/06\/r06-brama-przesuwna-500x146.png 500w, https:\/\/www.alfen.pl\/wp-content\/uploads\/2023\/06\/r06-brama-przesuwna-768x224.png 768w, https:\/\/www.alfen.pl\/wp-content\/uploads\/2023\/06\/r06-brama-przesuwna-1536x447.png 1536w, https:\/\/www.alfen.pl\/wp-content\/uploads\/2023\/06\/r06-brama-przesuwna-2048x597.png 2048w, https:\/\/www.alfen.pl\/wp-content\/uploads\/2023\/06\/r06-brama-przesuwna-18x5.png 18w\" sizes=\"auto, (max-width: 1024px) 100vw, 1024px\" \/><\/a><\/figure>\n\n\n\n<figure class=\"wp-block-image size-large\"><a href=\"https:\/\/www.alfen.pl\/wp-content\/uploads\/2023\/06\/r06-furtka.png\"><img loading=\"lazy\" decoding=\"async\" width=\"913\" height=\"1000\" data-id=\"4964\" src=\"https:\/\/www.alfen.pl\/wp-content\/uploads\/2023\/06\/r06-furtka.png\" alt=\"\" class=\"wp-image-4964\" srcset=\"https:\/\/www.alfen.pl\/wp-content\/uploads\/2023\/06\/r06-furtka.png 913w, https:\/\/www.alfen.pl\/wp-content\/uploads\/2023\/06\/r06-furtka-274x300.png 274w, https:\/\/www.alfen.pl\/wp-content\/uploads\/2023\/06\/r06-furtka-768x841.png 768w, https:\/\/www.alfen.pl\/wp-content\/uploads\/2023\/06\/r06-furtka-11x12.png 11w\" sizes=\"auto, (max-width: 913px) 100vw, 913px\" \/><\/a><\/figure>\n\n\n\n<figure class=\"wp-block-image size-large\"><a href=\"https:\/\/www.alfen.pl\/wp-content\/uploads\/2023\/06\/r06-panel.png\"><img loading=\"lazy\" decoding=\"async\" width=\"1024\" height=\"716\" data-id=\"4965\" src=\"https:\/\/www.alfen.pl\/wp-content\/uploads\/2023\/06\/r06-panel-1024x716.png\" alt=\"\" class=\"wp-image-4965\" srcset=\"https:\/\/www.alfen.pl\/wp-content\/uploads\/2023\/06\/r06-panel-1024x716.png 1024w, https:\/\/www.alfen.pl\/wp-content\/uploads\/2023\/06\/r06-panel-429x300.png 429w, https:\/\/www.alfen.pl\/wp-content\/uploads\/2023\/06\/r06-panel-768x537.png 768w, https:\/\/www.alfen.pl\/wp-content\/uploads\/2023\/06\/r06-panel-18x12.png 18w, https:\/\/www.alfen.pl\/wp-content\/uploads\/2023\/06\/r06-panel.png 1431w\" sizes=\"auto, (max-width: 1024px) 100vw, 1024px\" \/><\/a><\/figure>\n<\/figure>\n\n\n\n<div class=\"wp-block-buttons is-layout-flex wp-block-buttons-is-layout-flex\">\n<div class=\"wp-block-button is-style-outline is-style-outline--32\"><a class=\"wp-block-button__link has-white-color has-text-color has-custom-font-size wp-element-button\" style=\"border-radius:1px;font-size:16px\">See gallery<\/a><\/div>\n<\/div>\n<\/div><\/div>\n<\/div><\/div>\n<\/div><\/div>\n<\/div><\/div>\n<\/div><\/div><\/div>\n\n\n\n<div class=\"wp-block-advgb-columns advgb-columns-wrapper flip-box-vertical\" id=\"advgb-cols-19b5acaa-3e69-4d17-b15c-0f834a443c7e\"><div class=\"advgb-columns-container\"><div class=\"advgb-columns advgb-columns-row advgb-is-mobile advgb-columns-2 layout-12-12 mbl-layout-stacked gutter-30 vgutter-30\">\n<div class=\"wp-block-advgb-column advgb-column\" id=\"advgb-col-810c01ee-e176-4644-ad5c-af3ba13a11cc\"><div class=\"advgb-column-inner\" style=\"border-style:none;border-width:1px\">\n<div class=\"wp-block-advgb-image advgb-image-block image-wrap full-width advgb-img-c2e7c032-26d9-41f2-9f1c-59010380ae12\" style=\"width:100%;height:300px\"><div class=\"advgb-image-wrapper\" style=\"justify-content:flex-end;align-items:flex-start\"><img decoding=\"async\" src=\"https:\/\/www.alfen.pl\/wp-content\/uploads\/2023\/06\/R07-Brama-scaled.jpg\" alt=\"Ogrodzenie pionowe - model R07\" class=\"advgb-image\" style=\"width:100%;height:300px;object-position:50% 50%\"\/><a class=\"advgb-image-overlay\" style=\"background-color:#000\" target=\"_blank\" rel=\"noopener noreferrer\"><\/a><div class=\"advgb-image-caption-wrap\"><h4 class=\"advgb-image-title\" style=\"color:#fff\">Vertical fence - model R07<\/h4><\/div><\/div><\/div>\n\n\n\n<div class=\"wp-block-group has-background\" style=\"background-color:#1f1e1c\"><div class=\"wp-block-group__inner-container is-layout-constrained wp-block-group-is-layout-constrained\">\n<h3 class=\"wp-block-heading has-white-color has-text-color\" style=\"font-size:24px;font-style:normal;font-weight:800\">Vertical fence - model R07<\/h3>\n\n\n\n<p class=\"has-white-color has-text-color\" style=\"font-size:16px\">- The model is constructed with 80x20mm vertical fins,<br>\u200d<br>- slats fixed to the frame with wider side, any gap between slats possible,<br>\u200d<br>- fins - plastic, flat.<\/p>\n\n\n\n<div class=\"wp-block-group\"><div class=\"wp-block-group__inner-container is-layout-constrained wp-block-group-is-layout-constrained\">\n<div class=\"wp-block-group\"><div class=\"wp-block-group__inner-container is-layout-constrained wp-block-group-is-layout-constrained\">\n<figure class=\"wp-block-gallery has-nested-images columns-1 wp-block-gallery-33 is-layout-flex wp-block-gallery-is-layout-flex\">\n<figure class=\"wp-block-image size-large\"><a href=\"https:\/\/www.alfen.pl\/wp-content\/uploads\/2023\/06\/r07-2.jpg\"><img loading=\"lazy\" decoding=\"async\" width=\"1024\" height=\"576\" data-id=\"4967\" src=\"https:\/\/www.alfen.pl\/wp-content\/uploads\/2023\/06\/r07-2-1024x576.jpg\" alt=\"\" class=\"wp-image-4967\" srcset=\"https:\/\/www.alfen.pl\/wp-content\/uploads\/2023\/06\/r07-2-1024x576.jpg 1024w, https:\/\/www.alfen.pl\/wp-content\/uploads\/2023\/06\/r07-2-500x281.jpg 500w, https:\/\/www.alfen.pl\/wp-content\/uploads\/2023\/06\/r07-2-768x432.jpg 768w, https:\/\/www.alfen.pl\/wp-content\/uploads\/2023\/06\/r07-2-1536x864.jpg 1536w, https:\/\/www.alfen.pl\/wp-content\/uploads\/2023\/06\/r07-2-18x10.jpg 18w, https:\/\/www.alfen.pl\/wp-content\/uploads\/2023\/06\/r07-2.jpg 1920w\" sizes=\"auto, (max-width: 1024px) 100vw, 1024px\" \/><\/a><\/figure>\n\n\n\n<figure class=\"wp-block-image size-large\"><a href=\"https:\/\/www.alfen.pl\/wp-content\/uploads\/2023\/06\/r07-brama-dwuskrzydlowa.png\"><img loading=\"lazy\" decoding=\"async\" width=\"1024\" height=\"427\" data-id=\"4968\" src=\"https:\/\/www.alfen.pl\/wp-content\/uploads\/2023\/06\/r07-brama-dwuskrzydlowa-1024x427.png\" alt=\"\" class=\"wp-image-4968\" srcset=\"https:\/\/www.alfen.pl\/wp-content\/uploads\/2023\/06\/r07-brama-dwuskrzydlowa-1024x427.png 1024w, https:\/\/www.alfen.pl\/wp-content\/uploads\/2023\/06\/r07-brama-dwuskrzydlowa-500x209.png 500w, https:\/\/www.alfen.pl\/wp-content\/uploads\/2023\/06\/r07-brama-dwuskrzydlowa-768x320.png 768w, https:\/\/www.alfen.pl\/wp-content\/uploads\/2023\/06\/r07-brama-dwuskrzydlowa-1536x641.png 1536w, https:\/\/www.alfen.pl\/wp-content\/uploads\/2023\/06\/r07-brama-dwuskrzydlowa-18x8.png 18w, https:\/\/www.alfen.pl\/wp-content\/uploads\/2023\/06\/r07-brama-dwuskrzydlowa.png 1918w\" sizes=\"auto, (max-width: 1024px) 100vw, 1024px\" \/><\/a><\/figure>\n\n\n\n<figure class=\"wp-block-image size-large\"><a href=\"https:\/\/www.alfen.pl\/wp-content\/uploads\/2023\/06\/r07-brama-przesuwna.png\"><img loading=\"lazy\" decoding=\"async\" width=\"1024\" height=\"297\" data-id=\"4969\" src=\"https:\/\/www.alfen.pl\/wp-content\/uploads\/2023\/06\/r07-brama-przesuwna-1024x297.png\" alt=\"\" class=\"wp-image-4969\" srcset=\"https:\/\/www.alfen.pl\/wp-content\/uploads\/2023\/06\/r07-brama-przesuwna-1024x297.png 1024w, https:\/\/www.alfen.pl\/wp-content\/uploads\/2023\/06\/r07-brama-przesuwna-500x145.png 500w, https:\/\/www.alfen.pl\/wp-content\/uploads\/2023\/06\/r07-brama-przesuwna-768x223.png 768w, https:\/\/www.alfen.pl\/wp-content\/uploads\/2023\/06\/r07-brama-przesuwna-1536x446.png 1536w, https:\/\/www.alfen.pl\/wp-content\/uploads\/2023\/06\/r07-brama-przesuwna-2048x594.png 2048w, https:\/\/www.alfen.pl\/wp-content\/uploads\/2023\/06\/r07-brama-przesuwna-18x5.png 18w\" sizes=\"auto, (max-width: 1024px) 100vw, 1024px\" \/><\/a><\/figure>\n\n\n\n<figure class=\"wp-block-image size-large\"><a href=\"https:\/\/www.alfen.pl\/wp-content\/uploads\/2023\/06\/r07-furtka.png\"><img loading=\"lazy\" decoding=\"async\" width=\"913\" height=\"1000\" data-id=\"4970\" src=\"https:\/\/www.alfen.pl\/wp-content\/uploads\/2023\/06\/r07-furtka.png\" alt=\"\" class=\"wp-image-4970\" srcset=\"https:\/\/www.alfen.pl\/wp-content\/uploads\/2023\/06\/r07-furtka.png 913w, https:\/\/www.alfen.pl\/wp-content\/uploads\/2023\/06\/r07-furtka-274x300.png 274w, https:\/\/www.alfen.pl\/wp-content\/uploads\/2023\/06\/r07-furtka-768x841.png 768w, https:\/\/www.alfen.pl\/wp-content\/uploads\/2023\/06\/r07-furtka-11x12.png 11w\" sizes=\"auto, (max-width: 913px) 100vw, 913px\" \/><\/a><\/figure>\n\n\n\n<figure class=\"wp-block-image size-large\"><a href=\"https:\/\/www.alfen.pl\/wp-content\/uploads\/2023\/06\/r07-panel.png\"><img loading=\"lazy\" decoding=\"async\" width=\"1024\" height=\"717\" data-id=\"4971\" src=\"https:\/\/www.alfen.pl\/wp-content\/uploads\/2023\/06\/r07-panel-1024x717.png\" alt=\"\" class=\"wp-image-4971\" srcset=\"https:\/\/www.alfen.pl\/wp-content\/uploads\/2023\/06\/r07-panel-1024x717.png 1024w, https:\/\/www.alfen.pl\/wp-content\/uploads\/2023\/06\/r07-panel-428x300.png 428w, https:\/\/www.alfen.pl\/wp-content\/uploads\/2023\/06\/r07-panel-768x538.png 768w, https:\/\/www.alfen.pl\/wp-content\/uploads\/2023\/06\/r07-panel-18x12.png 18w, https:\/\/www.alfen.pl\/wp-content\/uploads\/2023\/06\/r07-panel.png 1428w\" sizes=\"auto, (max-width: 1024px) 100vw, 1024px\" \/><\/a><\/figure>\n<\/figure>\n\n\n\n<div class=\"wp-block-buttons is-layout-flex wp-block-buttons-is-layout-flex\">\n<div class=\"wp-block-button is-style-outline is-style-outline--34\"><a class=\"wp-block-button__link has-white-color has-text-color has-custom-font-size wp-element-button\" style=\"border-radius:1px;font-size:16px\">See gallery<\/a><\/div>\n<\/div>\n<\/div><\/div>\n<\/div><\/div>\n<\/div><\/div>\n<\/div><\/div>\n\n\n\n<div class=\"wp-block-advgb-column advgb-column\" id=\"advgb-col-bea0f174-d18a-4156-a095-ec0e78181a1f\"><div class=\"advgb-column-inner\" style=\"border-style:none;border-width:1px\">\n<div class=\"wp-block-advgb-image advgb-image-block image-wrap full-width advgb-img-4f885c59-7686-4a05-8a11-3d54f8df6cde\" style=\"width:100%;height:300px\"><div class=\"advgb-image-wrapper\" style=\"justify-content:flex-end;align-items:flex-start\"><img decoding=\"async\" src=\"https:\/\/www.alfen.pl\/wp-content\/uploads\/2023\/06\/R08-Brama-scaled.jpg\" alt=\"Ogrodzenie pionowe - model R08\" class=\"advgb-image\" style=\"width:100%;height:300px;object-position:50% 50%\"\/><a class=\"advgb-image-overlay\" style=\"background-color:#000\" target=\"_blank\" rel=\"noopener noreferrer\"><\/a><div class=\"advgb-image-caption-wrap\"><h4 class=\"advgb-image-title\" style=\"color:#fff\">Vertical fence - model R08<\/h4><\/div><\/div><\/div>\n\n\n\n<div class=\"wp-block-group has-background\" style=\"background-color:#1f1e1c\"><div class=\"wp-block-group__inner-container is-layout-constrained wp-block-group-is-layout-constrained\">\n<h3 class=\"wp-block-heading has-white-color has-text-color\" style=\"font-size:24px;font-style:normal;font-weight:800\">Vertical fence - model R08<\/h3>\n\n\n\n<p class=\"has-white-color has-text-color\" style=\"font-size:16px\">- The model is constructed with vertical fins measuring 40x20mm,<br>\u200d<br>- slats fixed to the frame with narrower side, any gap between slats possible,<br>\u200d<br>- the lamellas that fall on the frame of the gates and wickets are 80x20mm, the lamella ends are plastic, flat.<\/p>\n\n\n\n<div class=\"wp-block-group\"><div class=\"wp-block-group__inner-container is-layout-constrained wp-block-group-is-layout-constrained\">\n<div class=\"wp-block-group\"><div class=\"wp-block-group__inner-container is-layout-constrained wp-block-group-is-layout-constrained\">\n<figure class=\"wp-block-gallery has-nested-images columns-1 wp-block-gallery-35 is-layout-flex wp-block-gallery-is-layout-flex\">\n<figure class=\"wp-block-image size-large\"><a href=\"https:\/\/www.alfen.pl\/wp-content\/uploads\/2023\/06\/r08-2.jpg\"><img loading=\"lazy\" decoding=\"async\" width=\"1024\" height=\"576\" data-id=\"4972\" src=\"https:\/\/www.alfen.pl\/wp-content\/uploads\/2023\/06\/r08-2-1024x576.jpg\" alt=\"\" class=\"wp-image-4972\" srcset=\"https:\/\/www.alfen.pl\/wp-content\/uploads\/2023\/06\/r08-2-1024x576.jpg 1024w, https:\/\/www.alfen.pl\/wp-content\/uploads\/2023\/06\/r08-2-500x281.jpg 500w, https:\/\/www.alfen.pl\/wp-content\/uploads\/2023\/06\/r08-2-768x432.jpg 768w, https:\/\/www.alfen.pl\/wp-content\/uploads\/2023\/06\/r08-2-1536x864.jpg 1536w, https:\/\/www.alfen.pl\/wp-content\/uploads\/2023\/06\/r08-2-18x10.jpg 18w, https:\/\/www.alfen.pl\/wp-content\/uploads\/2023\/06\/r08-2.jpg 1920w\" sizes=\"auto, (max-width: 1024px) 100vw, 1024px\" \/><\/a><\/figure>\n\n\n\n<figure class=\"wp-block-image size-large\"><a href=\"https:\/\/www.alfen.pl\/wp-content\/uploads\/2023\/06\/r08-brama-przesuwna.png\"><img loading=\"lazy\" decoding=\"async\" width=\"1024\" height=\"296\" data-id=\"4973\" src=\"https:\/\/www.alfen.pl\/wp-content\/uploads\/2023\/06\/r08-brama-przesuwna-1024x296.png\" alt=\"\" class=\"wp-image-4973\" srcset=\"https:\/\/www.alfen.pl\/wp-content\/uploads\/2023\/06\/r08-brama-przesuwna-1024x296.png 1024w, https:\/\/www.alfen.pl\/wp-content\/uploads\/2023\/06\/r08-brama-przesuwna-500x144.png 500w, https:\/\/www.alfen.pl\/wp-content\/uploads\/2023\/06\/r08-brama-przesuwna-768x222.png 768w, https:\/\/www.alfen.pl\/wp-content\/uploads\/2023\/06\/r08-brama-przesuwna-1536x444.png 1536w, https:\/\/www.alfen.pl\/wp-content\/uploads\/2023\/06\/r08-brama-przesuwna-2048x591.png 2048w, https:\/\/www.alfen.pl\/wp-content\/uploads\/2023\/06\/r08-brama-przesuwna-18x5.png 18w\" sizes=\"auto, (max-width: 1024px) 100vw, 1024px\" \/><\/a><\/figure>\n\n\n\n<figure class=\"wp-block-image size-large\"><a href=\"https:\/\/www.alfen.pl\/wp-content\/uploads\/2023\/06\/r08-brama-swuskrzydlowa.png\"><img loading=\"lazy\" decoding=\"async\" width=\"1024\" height=\"422\" data-id=\"4974\" src=\"https:\/\/www.alfen.pl\/wp-content\/uploads\/2023\/06\/r08-brama-swuskrzydlowa-1024x422.png\" alt=\"\" class=\"wp-image-4974\" srcset=\"https:\/\/www.alfen.pl\/wp-content\/uploads\/2023\/06\/r08-brama-swuskrzydlowa-1024x422.png 1024w, https:\/\/www.alfen.pl\/wp-content\/uploads\/2023\/06\/r08-brama-swuskrzydlowa-500x206.png 500w, https:\/\/www.alfen.pl\/wp-content\/uploads\/2023\/06\/r08-brama-swuskrzydlowa-768x317.png 768w, https:\/\/www.alfen.pl\/wp-content\/uploads\/2023\/06\/r08-brama-swuskrzydlowa-1536x633.png 1536w, https:\/\/www.alfen.pl\/wp-content\/uploads\/2023\/06\/r08-brama-swuskrzydlowa-18x7.png 18w, https:\/\/www.alfen.pl\/wp-content\/uploads\/2023\/06\/r08-brama-swuskrzydlowa.png 1940w\" sizes=\"auto, (max-width: 1024px) 100vw, 1024px\" \/><\/a><\/figure>\n\n\n\n<figure class=\"wp-block-image size-large\"><a href=\"https:\/\/www.alfen.pl\/wp-content\/uploads\/2023\/06\/r08-furtka.png\"><img loading=\"lazy\" decoding=\"async\" width=\"913\" height=\"1000\" data-id=\"4975\" src=\"https:\/\/www.alfen.pl\/wp-content\/uploads\/2023\/06\/r08-furtka.png\" alt=\"\" class=\"wp-image-4975\" srcset=\"https:\/\/www.alfen.pl\/wp-content\/uploads\/2023\/06\/r08-furtka.png 913w, https:\/\/www.alfen.pl\/wp-content\/uploads\/2023\/06\/r08-furtka-274x300.png 274w, https:\/\/www.alfen.pl\/wp-content\/uploads\/2023\/06\/r08-furtka-768x841.png 768w, https:\/\/www.alfen.pl\/wp-content\/uploads\/2023\/06\/r08-furtka-11x12.png 11w\" sizes=\"auto, (max-width: 913px) 100vw, 913px\" \/><\/a><\/figure>\n\n\n\n<figure class=\"wp-block-image size-large\"><a href=\"https:\/\/www.alfen.pl\/wp-content\/uploads\/2023\/06\/r08-panel.png\"><img loading=\"lazy\" decoding=\"async\" width=\"1024\" height=\"701\" data-id=\"4976\" src=\"https:\/\/www.alfen.pl\/wp-content\/uploads\/2023\/06\/r08-panel-1024x701.png\" alt=\"\" class=\"wp-image-4976\" srcset=\"https:\/\/www.alfen.pl\/wp-content\/uploads\/2023\/06\/r08-panel-1024x701.png 1024w, https:\/\/www.alfen.pl\/wp-content\/uploads\/2023\/06\/r08-panel-438x300.png 438w, https:\/\/www.alfen.pl\/wp-content\/uploads\/2023\/06\/r08-panel-768x526.png 768w, https:\/\/www.alfen.pl\/wp-content\/uploads\/2023\/06\/r08-panel-18x12.png 18w, https:\/\/www.alfen.pl\/wp-content\/uploads\/2023\/06\/r08-panel.png 1461w\" sizes=\"auto, (max-width: 1024px) 100vw, 1024px\" \/><\/a><\/figure>\n<\/figure>\n\n\n\n<div class=\"wp-block-buttons is-layout-flex wp-block-buttons-is-layout-flex\">\n<div class=\"wp-block-button is-style-outline is-style-outline--36\"><a class=\"wp-block-button__link has-white-color has-text-color has-custom-font-size wp-element-button\" style=\"border-radius:1px;font-size:16px\">See gallery<\/a><\/div>\n<\/div>\n<\/div><\/div>\n<\/div><\/div>\n<\/div><\/div>\n<\/div><\/div>\n<\/div><\/div><\/div>\n\n\n\n<div class=\"wp-block-advgb-columns advgb-columns-wrapper flip-box-vertical\" id=\"advgb-cols-1aa06eed-2641-4324-96e6-813ef3b734ca\"><div class=\"advgb-columns-container\"><div class=\"advgb-columns advgb-columns-row advgb-is-mobile advgb-columns-2 layout-12-12 mbl-layout-stacked gutter-30 vgutter-30\">\n<div class=\"wp-block-advgb-column advgb-column\" id=\"advgb-col-d62c52a0-cca2-494e-a35c-88d1280de8f5\"><div class=\"advgb-column-inner\" style=\"border-style:none;border-width:1px\">\n<div class=\"wp-block-advgb-image advgb-image-block image-wrap full-width advgb-img-4587b92a-3c6f-4c63-bf79-115a95264118\" style=\"width:100%;height:300px\"><div class=\"advgb-image-wrapper\" style=\"justify-content:flex-end;align-items:flex-start\"><img decoding=\"async\" src=\"https:\/\/www.alfen.pl\/wp-content\/uploads\/2023\/06\/R09-Brama-scaled.jpg\" alt=\"Ogrodzenie pionowe - model R09\" class=\"advgb-image\" style=\"width:100%;height:300px;object-position:50% 50%\"\/><a class=\"advgb-image-overlay\" style=\"background-color:#000\" target=\"_blank\" rel=\"noopener noreferrer\"><\/a><div class=\"advgb-image-caption-wrap\"><h4 class=\"advgb-image-title\" style=\"color:#fff\">Vertical fence - model R09<\/h4><\/div><\/div><\/div>\n\n\n\n<div class=\"wp-block-group has-background\" style=\"background-color:#1f1e1c\"><div class=\"wp-block-group__inner-container is-layout-constrained wp-block-group-is-layout-constrained\">\n<h3 class=\"wp-block-heading has-white-color has-text-color\" style=\"font-size:24px;font-style:normal;font-weight:800\">Vertical fence - model R09<\/h3>\n\n\n\n<p class=\"has-white-color has-text-color\" style=\"font-size:16px\">- The panels in this model are made up of 50x80mm vertical posts, any gap between the lamellas possible,<br>\u200d<br>- laths in gates and wickets are fixed on the frame and measure 50x20mm, laths falling on the frame measure 80x20mm,<br>\u200d<br>- The panel is fixed to the foundation below ground level, the lamella ends are plastic, flat.<\/p>\n\n\n\n<div class=\"wp-block-group\"><div class=\"wp-block-group__inner-container is-layout-constrained wp-block-group-is-layout-constrained\">\n<div class=\"wp-block-group\"><div class=\"wp-block-group__inner-container is-layout-constrained wp-block-group-is-layout-constrained\">\n<figure class=\"wp-block-gallery has-nested-images columns-1 wp-block-gallery-37 is-layout-flex wp-block-gallery-is-layout-flex\">\n<figure class=\"wp-block-image size-large\"><a href=\"https:\/\/www.alfen.pl\/wp-content\/uploads\/2023\/10\/R09.jpg\"><img loading=\"lazy\" decoding=\"async\" width=\"1024\" height=\"576\" data-id=\"5444\" src=\"https:\/\/www.alfen.pl\/wp-content\/uploads\/2023\/10\/R09-1024x576.jpg\" alt=\"\" class=\"wp-image-5444\" srcset=\"https:\/\/www.alfen.pl\/wp-content\/uploads\/2023\/10\/R09-1024x576.jpg 1024w, https:\/\/www.alfen.pl\/wp-content\/uploads\/2023\/10\/R09-500x281.jpg 500w, https:\/\/www.alfen.pl\/wp-content\/uploads\/2023\/10\/R09-768x432.jpg 768w, https:\/\/www.alfen.pl\/wp-content\/uploads\/2023\/10\/R09-1536x864.jpg 1536w, https:\/\/www.alfen.pl\/wp-content\/uploads\/2023\/10\/R09-18x10.jpg 18w, https:\/\/www.alfen.pl\/wp-content\/uploads\/2023\/10\/R09.jpg 1920w\" sizes=\"auto, (max-width: 1024px) 100vw, 1024px\" \/><\/a><\/figure>\n\n\n\n<figure class=\"wp-block-image size-large\"><a href=\"https:\/\/www.alfen.pl\/wp-content\/uploads\/2023\/10\/R09-brama-dwuskrzydlowa.png\"><img loading=\"lazy\" decoding=\"async\" width=\"1024\" height=\"523\" data-id=\"5445\" src=\"https:\/\/www.alfen.pl\/wp-content\/uploads\/2023\/10\/R09-brama-dwuskrzydlowa-1024x523.png\" alt=\"\" class=\"wp-image-5445\" srcset=\"https:\/\/www.alfen.pl\/wp-content\/uploads\/2023\/10\/R09-brama-dwuskrzydlowa-1024x523.png 1024w, https:\/\/www.alfen.pl\/wp-content\/uploads\/2023\/10\/R09-brama-dwuskrzydlowa-500x256.png 500w, https:\/\/www.alfen.pl\/wp-content\/uploads\/2023\/10\/R09-brama-dwuskrzydlowa-768x393.png 768w, https:\/\/www.alfen.pl\/wp-content\/uploads\/2023\/10\/R09-brama-dwuskrzydlowa-18x9.png 18w, https:\/\/www.alfen.pl\/wp-content\/uploads\/2023\/10\/R09-brama-dwuskrzydlowa.png 1174w\" sizes=\"auto, (max-width: 1024px) 100vw, 1024px\" \/><\/a><\/figure>\n\n\n\n<figure class=\"wp-block-image size-large\"><a href=\"https:\/\/www.alfen.pl\/wp-content\/uploads\/2023\/10\/R09-brama-dwuskrzydlowa-obnizona-belka.png\"><img loading=\"lazy\" decoding=\"async\" width=\"1024\" height=\"524\" data-id=\"5446\" src=\"https:\/\/www.alfen.pl\/wp-content\/uploads\/2023\/10\/R09-brama-dwuskrzydlowa-obnizona-belka-1024x524.png\" alt=\"\" class=\"wp-image-5446\" srcset=\"https:\/\/www.alfen.pl\/wp-content\/uploads\/2023\/10\/R09-brama-dwuskrzydlowa-obnizona-belka-1024x524.png 1024w, https:\/\/www.alfen.pl\/wp-content\/uploads\/2023\/10\/R09-brama-dwuskrzydlowa-obnizona-belka-500x256.png 500w, https:\/\/www.alfen.pl\/wp-content\/uploads\/2023\/10\/R09-brama-dwuskrzydlowa-obnizona-belka-768x393.png 768w, https:\/\/www.alfen.pl\/wp-content\/uploads\/2023\/10\/R09-brama-dwuskrzydlowa-obnizona-belka-18x9.png 18w, https:\/\/www.alfen.pl\/wp-content\/uploads\/2023\/10\/R09-brama-dwuskrzydlowa-obnizona-belka.png 1173w\" sizes=\"auto, (max-width: 1024px) 100vw, 1024px\" \/><\/a><\/figure>\n\n\n\n<figure class=\"wp-block-image size-large\"><a href=\"https:\/\/www.alfen.pl\/wp-content\/uploads\/2023\/10\/R09-brama-przesuwna.png\"><img loading=\"lazy\" decoding=\"async\" width=\"1024\" height=\"349\" data-id=\"5447\" src=\"https:\/\/www.alfen.pl\/wp-content\/uploads\/2023\/10\/R09-brama-przesuwna-1024x349.png\" alt=\"\" class=\"wp-image-5447\" srcset=\"https:\/\/www.alfen.pl\/wp-content\/uploads\/2023\/10\/R09-brama-przesuwna-1024x349.png 1024w, https:\/\/www.alfen.pl\/wp-content\/uploads\/2023\/10\/R09-brama-przesuwna-500x171.png 500w, https:\/\/www.alfen.pl\/wp-content\/uploads\/2023\/10\/R09-brama-przesuwna-768x262.png 768w, https:\/\/www.alfen.pl\/wp-content\/uploads\/2023\/10\/R09-brama-przesuwna-1536x524.png 1536w, https:\/\/www.alfen.pl\/wp-content\/uploads\/2023\/10\/R09-brama-przesuwna-18x6.png 18w, https:\/\/www.alfen.pl\/wp-content\/uploads\/2023\/10\/R09-brama-przesuwna.png 1758w\" sizes=\"auto, (max-width: 1024px) 100vw, 1024px\" \/><\/a><\/figure>\n\n\n\n<figure class=\"wp-block-image size-large\"><a href=\"https:\/\/www.alfen.pl\/wp-content\/uploads\/2023\/10\/R09-brama-przesuwna-CETA.png\"><img loading=\"lazy\" decoding=\"async\" width=\"1024\" height=\"392\" data-id=\"5448\" src=\"https:\/\/www.alfen.pl\/wp-content\/uploads\/2023\/10\/R09-brama-przesuwna-CETA-1024x392.png\" alt=\"\" class=\"wp-image-5448\" srcset=\"https:\/\/www.alfen.pl\/wp-content\/uploads\/2023\/10\/R09-brama-przesuwna-CETA-1024x392.png 1024w, https:\/\/www.alfen.pl\/wp-content\/uploads\/2023\/10\/R09-brama-przesuwna-CETA-500x191.png 500w, https:\/\/www.alfen.pl\/wp-content\/uploads\/2023\/10\/R09-brama-przesuwna-CETA-768x294.png 768w, https:\/\/www.alfen.pl\/wp-content\/uploads\/2023\/10\/R09-brama-przesuwna-CETA-1536x588.png 1536w, https:\/\/www.alfen.pl\/wp-content\/uploads\/2023\/10\/R09-brama-przesuwna-CETA-18x7.png 18w, https:\/\/www.alfen.pl\/wp-content\/uploads\/2023\/10\/R09-brama-przesuwna-CETA.png 1568w\" sizes=\"auto, (max-width: 1024px) 100vw, 1024px\" \/><\/a><\/figure>\n\n\n\n<figure class=\"wp-block-image size-large\"><a href=\"https:\/\/www.alfen.pl\/wp-content\/uploads\/2023\/10\/R09-furtka.png\"><img loading=\"lazy\" decoding=\"async\" width=\"1024\" height=\"683\" data-id=\"5449\" src=\"https:\/\/www.alfen.pl\/wp-content\/uploads\/2023\/10\/R09-furtka-1024x683.png\" alt=\"\" class=\"wp-image-5449\" srcset=\"https:\/\/www.alfen.pl\/wp-content\/uploads\/2023\/10\/R09-furtka-1024x683.png 1024w, https:\/\/www.alfen.pl\/wp-content\/uploads\/2023\/10\/R09-furtka-450x300.png 450w, https:\/\/www.alfen.pl\/wp-content\/uploads\/2023\/10\/R09-furtka-768x512.png 768w, https:\/\/www.alfen.pl\/wp-content\/uploads\/2023\/10\/R09-furtka-18x12.png 18w, https:\/\/www.alfen.pl\/wp-content\/uploads\/2023\/10\/R09-furtka.png 1200w\" sizes=\"auto, (max-width: 1024px) 100vw, 1024px\" \/><\/a><\/figure>\n\n\n\n<figure class=\"wp-block-image size-large\"><a href=\"https:\/\/www.alfen.pl\/wp-content\/uploads\/2023\/10\/R09-furtka-obnizona-belka.png\"><img loading=\"lazy\" decoding=\"async\" width=\"1024\" height=\"683\" data-id=\"5450\" src=\"https:\/\/www.alfen.pl\/wp-content\/uploads\/2023\/10\/R09-furtka-obnizona-belka-1024x683.png\" alt=\"\" class=\"wp-image-5450\" srcset=\"https:\/\/www.alfen.pl\/wp-content\/uploads\/2023\/10\/R09-furtka-obnizona-belka-1024x683.png 1024w, https:\/\/www.alfen.pl\/wp-content\/uploads\/2023\/10\/R09-furtka-obnizona-belka-450x300.png 450w, https:\/\/www.alfen.pl\/wp-content\/uploads\/2023\/10\/R09-furtka-obnizona-belka-768x512.png 768w, https:\/\/www.alfen.pl\/wp-content\/uploads\/2023\/10\/R09-furtka-obnizona-belka-18x12.png 18w, https:\/\/www.alfen.pl\/wp-content\/uploads\/2023\/10\/R09-furtka-obnizona-belka.png 1200w\" sizes=\"auto, (max-width: 1024px) 100vw, 1024px\" \/><\/a><\/figure>\n\n\n\n<figure class=\"wp-block-image size-large\"><a href=\"https:\/\/www.alfen.pl\/wp-content\/uploads\/2023\/10\/R09-panel.png\"><img loading=\"lazy\" decoding=\"async\" width=\"1024\" height=\"683\" data-id=\"5451\" src=\"https:\/\/www.alfen.pl\/wp-content\/uploads\/2023\/10\/R09-panel-1024x683.png\" alt=\"\" class=\"wp-image-5451\" srcset=\"https:\/\/www.alfen.pl\/wp-content\/uploads\/2023\/10\/R09-panel-1024x683.png 1024w, https:\/\/www.alfen.pl\/wp-content\/uploads\/2023\/10\/R09-panel-450x300.png 450w, https:\/\/www.alfen.pl\/wp-content\/uploads\/2023\/10\/R09-panel-768x512.png 768w, https:\/\/www.alfen.pl\/wp-content\/uploads\/2023\/10\/R09-panel-18x12.png 18w, https:\/\/www.alfen.pl\/wp-content\/uploads\/2023\/10\/R09-panel.png 1200w\" sizes=\"auto, (max-width: 1024px) 100vw, 1024px\" \/><\/a><\/figure>\n\n\n\n<figure class=\"wp-block-image size-large\"><a href=\"https:\/\/www.alfen.pl\/wp-content\/uploads\/2023\/10\/R09-panel-do-powieszenia-v1.png\"><img loading=\"lazy\" decoding=\"async\" width=\"1024\" height=\"683\" data-id=\"5452\" src=\"https:\/\/www.alfen.pl\/wp-content\/uploads\/2023\/10\/R09-panel-do-powieszenia-v1-1024x683.png\" alt=\"\" class=\"wp-image-5452\" srcset=\"https:\/\/www.alfen.pl\/wp-content\/uploads\/2023\/10\/R09-panel-do-powieszenia-v1-1024x683.png 1024w, https:\/\/www.alfen.pl\/wp-content\/uploads\/2023\/10\/R09-panel-do-powieszenia-v1-450x300.png 450w, https:\/\/www.alfen.pl\/wp-content\/uploads\/2023\/10\/R09-panel-do-powieszenia-v1-768x512.png 768w, https:\/\/www.alfen.pl\/wp-content\/uploads\/2023\/10\/R09-panel-do-powieszenia-v1-18x12.png 18w, https:\/\/www.alfen.pl\/wp-content\/uploads\/2023\/10\/R09-panel-do-powieszenia-v1.png 1200w\" sizes=\"auto, (max-width: 1024px) 100vw, 1024px\" \/><\/a><\/figure>\n\n\n\n<figure class=\"wp-block-image size-large\"><a href=\"https:\/\/www.alfen.pl\/wp-content\/uploads\/2023\/10\/R09-panel-do-powieszenia-v2.png\"><img loading=\"lazy\" decoding=\"async\" width=\"1024\" height=\"683\" data-id=\"5453\" src=\"https:\/\/www.alfen.pl\/wp-content\/uploads\/2023\/10\/R09-panel-do-powieszenia-v2-1024x683.png\" alt=\"\" class=\"wp-image-5453\" srcset=\"https:\/\/www.alfen.pl\/wp-content\/uploads\/2023\/10\/R09-panel-do-powieszenia-v2-1024x683.png 1024w, https:\/\/www.alfen.pl\/wp-content\/uploads\/2023\/10\/R09-panel-do-powieszenia-v2-450x300.png 450w, https:\/\/www.alfen.pl\/wp-content\/uploads\/2023\/10\/R09-panel-do-powieszenia-v2-768x512.png 768w, https:\/\/www.alfen.pl\/wp-content\/uploads\/2023\/10\/R09-panel-do-powieszenia-v2-18x12.png 18w, https:\/\/www.alfen.pl\/wp-content\/uploads\/2023\/10\/R09-panel-do-powieszenia-v2.png 1200w\" sizes=\"auto, (max-width: 1024px) 100vw, 1024px\" \/><\/a><\/figure>\n<\/figure>\n\n\n\n<div class=\"wp-block-buttons is-layout-flex wp-block-buttons-is-layout-flex\">\n<div class=\"wp-block-button is-style-outline is-style-outline--38\"><a class=\"wp-block-button__link has-white-color has-text-color has-custom-font-size wp-element-button\" style=\"border-radius:1px;font-size:16px\">See gallery<\/a><\/div>\n<\/div>\n<\/div><\/div>\n<\/div><\/div>\n<\/div><\/div>\n<\/div><\/div>\n\n\n\n<div class=\"wp-block-advgb-column advgb-column\" id=\"advgb-col-c7766e88-4dc8-4867-83bc-5c8356867261\"><div class=\"advgb-column-inner\" style=\"border-style:none;border-width:1px\">\n<div class=\"wp-block-advgb-image advgb-image-block image-wrap full-width advgb-img-829ec1c6-c8b9-4913-a226-22eabf1ca0b9\" style=\"width:100%;height:300px\"><div class=\"advgb-image-wrapper\" style=\"justify-content:flex-end;align-items:flex-start\"><img decoding=\"async\" src=\"https:\/\/www.alfen.pl\/wp-content\/uploads\/2023\/06\/C01-Brama-scaled.jpg\" alt=\"Ogrodzenie klasyczne - model C01\" class=\"advgb-image\" style=\"width:100%;height:300px;object-position:50% 50%\"\/><a class=\"advgb-image-overlay\" style=\"background-color:#000\" target=\"_blank\" rel=\"noopener noreferrer\"><\/a><div class=\"advgb-image-caption-wrap\"><h4 class=\"advgb-image-title\" style=\"color:#fff\">Classic fence - model C01<\/h4><\/div><\/div><\/div>\n\n\n\n<div class=\"wp-block-group has-background\" style=\"background-color:#1f1e1c\"><div class=\"wp-block-group__inner-container is-layout-constrained wp-block-group-is-layout-constrained\">\n<h3 class=\"wp-block-heading has-white-color has-text-color\" style=\"font-size:24px;font-style:normal;font-weight:800\">Classic fence - model C01<\/h3>\n\n\n\n<p class=\"has-white-color has-text-color\" style=\"font-size:16px\">- The model is built with vertical balusters measuring 19x19mm, the cross beams are 35x35mmm,<br>\u200d<br>- fixed distance between balusters - products with specific dimensions,<br>\u200d<br>- without the possibility of fitting into an already constructed fence, recommended mounting on aluminium posts.<\/p>\n\n\n\n<div class=\"wp-block-group\"><div class=\"wp-block-group__inner-container is-layout-constrained wp-block-group-is-layout-constrained\">\n<div class=\"wp-block-group\"><div class=\"wp-block-group__inner-container is-layout-constrained wp-block-group-is-layout-constrained\">\n<figure class=\"wp-block-gallery has-nested-images columns-1 wp-block-gallery-39 is-layout-flex wp-block-gallery-is-layout-flex\">\n<figure class=\"wp-block-image size-large\"><a href=\"https:\/\/www.alfen.pl\/wp-content\/uploads\/2023\/05\/c01.jpg\"><img loading=\"lazy\" decoding=\"async\" width=\"1024\" height=\"576\" data-id=\"4400\" src=\"https:\/\/www.alfen.pl\/wp-content\/uploads\/2023\/05\/c01-1024x576.jpg\" alt=\"\" class=\"wp-image-4400\" srcset=\"https:\/\/www.alfen.pl\/wp-content\/uploads\/2023\/05\/c01-1024x576.jpg 1024w, https:\/\/www.alfen.pl\/wp-content\/uploads\/2023\/05\/c01-500x281.jpg 500w, https:\/\/www.alfen.pl\/wp-content\/uploads\/2023\/05\/c01-768x432.jpg 768w, https:\/\/www.alfen.pl\/wp-content\/uploads\/2023\/05\/c01-1536x864.jpg 1536w, https:\/\/www.alfen.pl\/wp-content\/uploads\/2023\/05\/c01-18x10.jpg 18w, https:\/\/www.alfen.pl\/wp-content\/uploads\/2023\/05\/c01.jpg 1920w\" sizes=\"auto, (max-width: 1024px) 100vw, 1024px\" \/><\/a><\/figure>\n\n\n\n<figure class=\"wp-block-image size-large\"><a href=\"https:\/\/www.alfen.pl\/wp-content\/uploads\/2023\/06\/c01-brama-dwuskrzydlowa.png\"><img loading=\"lazy\" decoding=\"async\" width=\"1024\" height=\"432\" data-id=\"4991\" src=\"https:\/\/www.alfen.pl\/wp-content\/uploads\/2023\/06\/c01-brama-dwuskrzydlowa-1024x432.png\" alt=\"\" class=\"wp-image-4991\" srcset=\"https:\/\/www.alfen.pl\/wp-content\/uploads\/2023\/06\/c01-brama-dwuskrzydlowa-1024x432.png 1024w, https:\/\/www.alfen.pl\/wp-content\/uploads\/2023\/06\/c01-brama-dwuskrzydlowa-500x211.png 500w, https:\/\/www.alfen.pl\/wp-content\/uploads\/2023\/06\/c01-brama-dwuskrzydlowa-768x324.png 768w, https:\/\/www.alfen.pl\/wp-content\/uploads\/2023\/06\/c01-brama-dwuskrzydlowa-1536x648.png 1536w, https:\/\/www.alfen.pl\/wp-content\/uploads\/2023\/06\/c01-brama-dwuskrzydlowa-18x8.png 18w, https:\/\/www.alfen.pl\/wp-content\/uploads\/2023\/06\/c01-brama-dwuskrzydlowa.png 1896w\" sizes=\"auto, (max-width: 1024px) 100vw, 1024px\" \/><\/a><\/figure>\n\n\n\n<figure class=\"wp-block-image size-large\"><a href=\"https:\/\/www.alfen.pl\/wp-content\/uploads\/2023\/06\/c01-brama-przesuwna.png\"><img loading=\"lazy\" decoding=\"async\" width=\"1024\" height=\"311\" data-id=\"4992\" src=\"https:\/\/www.alfen.pl\/wp-content\/uploads\/2023\/06\/c01-brama-przesuwna-1024x311.png\" alt=\"\" class=\"wp-image-4992\" srcset=\"https:\/\/www.alfen.pl\/wp-content\/uploads\/2023\/06\/c01-brama-przesuwna-1024x311.png 1024w, https:\/\/www.alfen.pl\/wp-content\/uploads\/2023\/06\/c01-brama-przesuwna-500x152.png 500w, https:\/\/www.alfen.pl\/wp-content\/uploads\/2023\/06\/c01-brama-przesuwna-768x233.png 768w, https:\/\/www.alfen.pl\/wp-content\/uploads\/2023\/06\/c01-brama-przesuwna-1536x467.png 1536w, https:\/\/www.alfen.pl\/wp-content\/uploads\/2023\/06\/c01-brama-przesuwna-18x5.png 18w, https:\/\/www.alfen.pl\/wp-content\/uploads\/2023\/06\/c01-brama-przesuwna.png 1974w\" sizes=\"auto, (max-width: 1024px) 100vw, 1024px\" \/><\/a><\/figure>\n\n\n\n<figure class=\"wp-block-image size-large\"><a href=\"https:\/\/www.alfen.pl\/wp-content\/uploads\/2023\/06\/c01-furtka.png\"><img loading=\"lazy\" decoding=\"async\" width=\"866\" height=\"1000\" data-id=\"4993\" src=\"https:\/\/www.alfen.pl\/wp-content\/uploads\/2023\/06\/c01-furtka.png\" alt=\"\" class=\"wp-image-4993\" srcset=\"https:\/\/www.alfen.pl\/wp-content\/uploads\/2023\/06\/c01-furtka.png 866w, https:\/\/www.alfen.pl\/wp-content\/uploads\/2023\/06\/c01-furtka-260x300.png 260w, https:\/\/www.alfen.pl\/wp-content\/uploads\/2023\/06\/c01-furtka-768x887.png 768w, https:\/\/www.alfen.pl\/wp-content\/uploads\/2023\/06\/c01-furtka-10x12.png 10w\" sizes=\"auto, (max-width: 866px) 100vw, 866px\" \/><\/a><\/figure>\n\n\n\n<figure class=\"wp-block-image size-large\"><a href=\"https:\/\/www.alfen.pl\/wp-content\/uploads\/2023\/06\/c01-panel.png\"><img loading=\"lazy\" decoding=\"async\" width=\"1024\" height=\"755\" data-id=\"4994\" src=\"https:\/\/www.alfen.pl\/wp-content\/uploads\/2023\/06\/c01-panel-1024x755.png\" alt=\"\" class=\"wp-image-4994\" srcset=\"https:\/\/www.alfen.pl\/wp-content\/uploads\/2023\/06\/c01-panel-1024x755.png 1024w, https:\/\/www.alfen.pl\/wp-content\/uploads\/2023\/06\/c01-panel-407x300.png 407w, https:\/\/www.alfen.pl\/wp-content\/uploads\/2023\/06\/c01-panel-768x566.png 768w, https:\/\/www.alfen.pl\/wp-content\/uploads\/2023\/06\/c01-panel-16x12.png 16w, https:\/\/www.alfen.pl\/wp-content\/uploads\/2023\/06\/c01-panel.png 1356w\" sizes=\"auto, (max-width: 1024px) 100vw, 1024px\" \/><\/a><\/figure>\n<\/figure>\n\n\n\n<div class=\"wp-block-buttons is-layout-flex wp-block-buttons-is-layout-flex\">\n<div class=\"wp-block-button is-style-outline is-style-outline--40\"><a class=\"wp-block-button__link has-white-color has-text-color has-custom-font-size wp-element-button\" style=\"border-radius:1px;font-size:16px\">See gallery<\/a><\/div>\n<\/div>\n<\/div><\/div>\n<\/div><\/div>\n<\/div><\/div>\n<\/div><\/div>\n<\/div><\/div><\/div>\n\n\n\n<div class=\"wp-block-advgb-columns advgb-columns-wrapper flip-box-vertical\" id=\"advgb-cols-0f0bf7f1-f742-4fd9-8ac3-f957c3dbd432\"><div class=\"advgb-columns-container\"><div class=\"advgb-columns advgb-columns-row advgb-is-mobile advgb-columns-2 layout-12-12 mbl-layout-stacked gutter-30 vgutter-30\">\n<div class=\"wp-block-advgb-column advgb-column\" id=\"advgb-col-5252d230-1603-4932-88b4-705c4d994e1a\"><div class=\"advgb-column-inner\" style=\"border-style:none;border-width:1px\">\n<div class=\"wp-block-advgb-image advgb-image-block image-wrap full-width advgb-img-f4b7f906-553d-4b43-8f48-f0b4ccb2599f\" style=\"width:100%;height:300px\"><div class=\"advgb-image-wrapper\" style=\"justify-content:flex-end;align-items:flex-start\"><img decoding=\"async\" src=\"https:\/\/www.alfen.pl\/wp-content\/uploads\/2023\/06\/C05-Brama-1-scaled.jpg\" alt=\"Ogrodzenie klasyczne - model C05\" class=\"advgb-image\" style=\"width:100%;height:300px;object-position:50% 50%\"\/><a class=\"advgb-image-overlay\" style=\"background-color:#000\" target=\"_blank\" rel=\"noopener noreferrer\"><\/a><div class=\"advgb-image-caption-wrap\"><h4 class=\"advgb-image-title\" style=\"color:#fff\">Classic fence - model C05<\/h4><\/div><\/div><\/div>\n\n\n\n<div class=\"wp-block-group has-background\" style=\"background-color:#1f1e1c\"><div class=\"wp-block-group__inner-container is-layout-constrained wp-block-group-is-layout-constrained\">\n<h3 class=\"wp-block-heading has-white-color has-text-color\" style=\"font-size:24px;font-style:normal;font-weight:800\">Classic fence - model C05<\/h3>\n\n\n\n<p class=\"has-white-color has-text-color\" style=\"font-size:16px\">- The model is built with vertical balusters measuring 19x19mm, the cross beams are 35x35mm,<br>\u200d<br>- fixed distance between balusters - products with specific dimensions,<br>\u200d<br>- without the possibility of fitting into an already constructed fence, recommended mounting on aluminium posts.<\/p>\n\n\n\n<div class=\"wp-block-group\"><div class=\"wp-block-group__inner-container is-layout-constrained wp-block-group-is-layout-constrained\">\n<div class=\"wp-block-group\"><div class=\"wp-block-group__inner-container is-layout-constrained wp-block-group-is-layout-constrained\">\n<figure class=\"wp-block-gallery has-nested-images columns-1 wp-block-gallery-41 is-layout-flex wp-block-gallery-is-layout-flex\">\n<figure class=\"wp-block-image size-large\"><a href=\"https:\/\/www.alfen.pl\/wp-content\/uploads\/2023\/06\/c05-2.jpg\"><img loading=\"lazy\" decoding=\"async\" width=\"1024\" height=\"576\" data-id=\"4995\" src=\"https:\/\/www.alfen.pl\/wp-content\/uploads\/2023\/06\/c05-2-1024x576.jpg\" alt=\"\" class=\"wp-image-4995\" srcset=\"https:\/\/www.alfen.pl\/wp-content\/uploads\/2023\/06\/c05-2-1024x576.jpg 1024w, https:\/\/www.alfen.pl\/wp-content\/uploads\/2023\/06\/c05-2-500x281.jpg 500w, https:\/\/www.alfen.pl\/wp-content\/uploads\/2023\/06\/c05-2-768x432.jpg 768w, https:\/\/www.alfen.pl\/wp-content\/uploads\/2023\/06\/c05-2-1536x864.jpg 1536w, https:\/\/www.alfen.pl\/wp-content\/uploads\/2023\/06\/c05-2-18x10.jpg 18w, https:\/\/www.alfen.pl\/wp-content\/uploads\/2023\/06\/c05-2.jpg 1920w\" sizes=\"auto, (max-width: 1024px) 100vw, 1024px\" \/><\/a><\/figure>\n\n\n\n<figure class=\"wp-block-image size-large\"><a href=\"https:\/\/www.alfen.pl\/wp-content\/uploads\/2023\/06\/c05-brama-dwuskrzydlowa.png\"><img loading=\"lazy\" decoding=\"async\" width=\"1024\" height=\"456\" data-id=\"4996\" src=\"https:\/\/www.alfen.pl\/wp-content\/uploads\/2023\/06\/c05-brama-dwuskrzydlowa-1024x456.png\" alt=\"\" class=\"wp-image-4996\" srcset=\"https:\/\/www.alfen.pl\/wp-content\/uploads\/2023\/06\/c05-brama-dwuskrzydlowa-1024x456.png 1024w, https:\/\/www.alfen.pl\/wp-content\/uploads\/2023\/06\/c05-brama-dwuskrzydlowa-500x223.png 500w, https:\/\/www.alfen.pl\/wp-content\/uploads\/2023\/06\/c05-brama-dwuskrzydlowa-768x342.png 768w, https:\/\/www.alfen.pl\/wp-content\/uploads\/2023\/06\/c05-brama-dwuskrzydlowa-1536x685.png 1536w, https:\/\/www.alfen.pl\/wp-content\/uploads\/2023\/06\/c05-brama-dwuskrzydlowa-18x8.png 18w, https:\/\/www.alfen.pl\/wp-content\/uploads\/2023\/06\/c05-brama-dwuskrzydlowa.png 1795w\" sizes=\"auto, (max-width: 1024px) 100vw, 1024px\" \/><\/a><\/figure>\n\n\n\n<figure class=\"wp-block-image size-large\"><a href=\"https:\/\/www.alfen.pl\/wp-content\/uploads\/2023\/06\/c05-brama-przesuwna.png\"><img loading=\"lazy\" decoding=\"async\" width=\"1024\" height=\"332\" data-id=\"4997\" src=\"https:\/\/www.alfen.pl\/wp-content\/uploads\/2023\/06\/c05-brama-przesuwna-1024x332.png\" alt=\"\" class=\"wp-image-4997\" srcset=\"https:\/\/www.alfen.pl\/wp-content\/uploads\/2023\/06\/c05-brama-przesuwna-1024x332.png 1024w, https:\/\/www.alfen.pl\/wp-content\/uploads\/2023\/06\/c05-brama-przesuwna-500x162.png 500w, https:\/\/www.alfen.pl\/wp-content\/uploads\/2023\/06\/c05-brama-przesuwna-768x249.png 768w, https:\/\/www.alfen.pl\/wp-content\/uploads\/2023\/06\/c05-brama-przesuwna-1536x498.png 1536w, https:\/\/www.alfen.pl\/wp-content\/uploads\/2023\/06\/c05-brama-przesuwna-18x6.png 18w, https:\/\/www.alfen.pl\/wp-content\/uploads\/2023\/06\/c05-brama-przesuwna.png 1850w\" sizes=\"auto, (max-width: 1024px) 100vw, 1024px\" \/><\/a><\/figure>\n\n\n\n<figure class=\"wp-block-image size-large\"><a href=\"https:\/\/www.alfen.pl\/wp-content\/uploads\/2023\/06\/c05-furtka.png\"><img loading=\"lazy\" decoding=\"async\" width=\"866\" height=\"1000\" data-id=\"4998\" src=\"https:\/\/www.alfen.pl\/wp-content\/uploads\/2023\/06\/c05-furtka.png\" alt=\"\" class=\"wp-image-4998\" srcset=\"https:\/\/www.alfen.pl\/wp-content\/uploads\/2023\/06\/c05-furtka.png 866w, https:\/\/www.alfen.pl\/wp-content\/uploads\/2023\/06\/c05-furtka-260x300.png 260w, https:\/\/www.alfen.pl\/wp-content\/uploads\/2023\/06\/c05-furtka-768x887.png 768w, https:\/\/www.alfen.pl\/wp-content\/uploads\/2023\/06\/c05-furtka-10x12.png 10w\" sizes=\"auto, (max-width: 866px) 100vw, 866px\" \/><\/a><\/figure>\n\n\n\n<figure class=\"wp-block-image size-large\"><a href=\"https:\/\/www.alfen.pl\/wp-content\/uploads\/2023\/06\/c05-panel.png\"><img loading=\"lazy\" decoding=\"async\" width=\"1024\" height=\"720\" data-id=\"4999\" src=\"https:\/\/www.alfen.pl\/wp-content\/uploads\/2023\/06\/c05-panel-1024x720.png\" alt=\"\" class=\"wp-image-4999\" srcset=\"https:\/\/www.alfen.pl\/wp-content\/uploads\/2023\/06\/c05-panel-1024x720.png 1024w, https:\/\/www.alfen.pl\/wp-content\/uploads\/2023\/06\/c05-panel-427x300.png 427w, https:\/\/www.alfen.pl\/wp-content\/uploads\/2023\/06\/c05-panel-768x540.png 768w, https:\/\/www.alfen.pl\/wp-content\/uploads\/2023\/06\/c05-panel-18x12.png 18w, https:\/\/www.alfen.pl\/wp-content\/uploads\/2023\/06\/c05-panel.png 1422w\" sizes=\"auto, (max-width: 1024px) 100vw, 1024px\" \/><\/a><\/figure>\n<\/figure>\n\n\n\n<div class=\"wp-block-buttons is-layout-flex wp-block-buttons-is-layout-flex\">\n<div class=\"wp-block-button is-style-outline is-style-outline--42\"><a class=\"wp-block-button__link has-white-color has-text-color has-custom-font-size wp-element-button\" style=\"border-radius:1px;font-size:16px\">See gallery<\/a><\/div>\n<\/div>\n<\/div><\/div>\n<\/div><\/div>\n<\/div><\/div>\n<\/div><\/div>\n\n\n\n<div class=\"wp-block-advgb-column advgb-column\" id=\"advgb-col-df65e83a-29dc-4598-8b1d-fe1f93cfce31\"><div class=\"advgb-column-inner\" style=\"border-style:none;border-width:1px\">\n<div class=\"wp-block-advgb-image advgb-image-block image-wrap full-width advgb-img-d320aa4f-03dc-4207-8c89-4a794cd2b1c9\" style=\"width:100%;height:300px\"><div class=\"advgb-image-wrapper\" style=\"justify-content:flex-end;align-items:flex-start\"><img decoding=\"async\" src=\"https:\/\/www.alfen.pl\/wp-content\/uploads\/2023\/06\/C06-Brama-scaled.jpg\" alt=\"Ogrodzenie klasyczne - model C06\" class=\"advgb-image\" style=\"width:100%;height:300px;object-position:50% 50%\"\/><a class=\"advgb-image-overlay\" style=\"background-color:#000\" target=\"_blank\" rel=\"noopener noreferrer\"><\/a><div class=\"advgb-image-caption-wrap\"><h4 class=\"advgb-image-title\" style=\"color:#fff\">Classic fence - model C06<\/h4><\/div><\/div><\/div>\n\n\n\n<div class=\"wp-block-group has-background\" style=\"background-color:#1f1e1c\"><div class=\"wp-block-group__inner-container is-layout-constrained wp-block-group-is-layout-constrained\">\n<h3 class=\"wp-block-heading has-white-color has-text-color\" style=\"font-size:24px;font-style:normal;font-weight:800\">Classic fence - model C06<\/h3>\n\n\n\n<p class=\"has-white-color has-text-color\" style=\"font-size:16px\">- The model is built with vertical balusters measuring 19x19mm, the cross beams are 35x35mm,<br>\u200d<br>- fixed distance between balusters - products with specific dimensions,<br>\u200d<br>- without the possibility of fitting into an already constructed fence, recommended mounting on aluminium posts.<\/p>\n\n\n\n<div class=\"wp-block-group\"><div class=\"wp-block-group__inner-container is-layout-constrained wp-block-group-is-layout-constrained\">\n<div class=\"wp-block-group\"><div class=\"wp-block-group__inner-container is-layout-constrained wp-block-group-is-layout-constrained\">\n<figure class=\"wp-block-gallery has-nested-images columns-1 wp-block-gallery-43 is-layout-flex wp-block-gallery-is-layout-flex\">\n<figure class=\"wp-block-image size-large\"><a href=\"https:\/\/www.alfen.pl\/wp-content\/uploads\/2023\/06\/c06-2.jpg\"><img loading=\"lazy\" decoding=\"async\" width=\"1024\" height=\"576\" data-id=\"5000\" src=\"https:\/\/www.alfen.pl\/wp-content\/uploads\/2023\/06\/c06-2-1024x576.jpg\" alt=\"\" class=\"wp-image-5000\" srcset=\"https:\/\/www.alfen.pl\/wp-content\/uploads\/2023\/06\/c06-2-1024x576.jpg 1024w, https:\/\/www.alfen.pl\/wp-content\/uploads\/2023\/06\/c06-2-500x281.jpg 500w, https:\/\/www.alfen.pl\/wp-content\/uploads\/2023\/06\/c06-2-768x432.jpg 768w, https:\/\/www.alfen.pl\/wp-content\/uploads\/2023\/06\/c06-2-1536x864.jpg 1536w, https:\/\/www.alfen.pl\/wp-content\/uploads\/2023\/06\/c06-2-18x10.jpg 18w, https:\/\/www.alfen.pl\/wp-content\/uploads\/2023\/06\/c06-2.jpg 1920w\" sizes=\"auto, (max-width: 1024px) 100vw, 1024px\" \/><\/a><\/figure>\n\n\n\n<figure class=\"wp-block-image size-large\"><a href=\"https:\/\/www.alfen.pl\/wp-content\/uploads\/2023\/06\/c06-brama-dwuskrzydlowa.png\"><img loading=\"lazy\" decoding=\"async\" width=\"1024\" height=\"432\" data-id=\"5001\" src=\"https:\/\/www.alfen.pl\/wp-content\/uploads\/2023\/06\/c06-brama-dwuskrzydlowa-1024x432.png\" alt=\"\" class=\"wp-image-5001\" srcset=\"https:\/\/www.alfen.pl\/wp-content\/uploads\/2023\/06\/c06-brama-dwuskrzydlowa-1024x432.png 1024w, https:\/\/www.alfen.pl\/wp-content\/uploads\/2023\/06\/c06-brama-dwuskrzydlowa-500x211.png 500w, https:\/\/www.alfen.pl\/wp-content\/uploads\/2023\/06\/c06-brama-dwuskrzydlowa-768x324.png 768w, https:\/\/www.alfen.pl\/wp-content\/uploads\/2023\/06\/c06-brama-dwuskrzydlowa-1536x648.png 1536w, https:\/\/www.alfen.pl\/wp-content\/uploads\/2023\/06\/c06-brama-dwuskrzydlowa-18x8.png 18w, https:\/\/www.alfen.pl\/wp-content\/uploads\/2023\/06\/c06-brama-dwuskrzydlowa.png 1895w\" sizes=\"auto, (max-width: 1024px) 100vw, 1024px\" \/><\/a><\/figure>\n\n\n\n<figure class=\"wp-block-image size-large\"><a href=\"https:\/\/www.alfen.pl\/wp-content\/uploads\/2023\/06\/c06-brama-przesuwna.png\"><img loading=\"lazy\" decoding=\"async\" width=\"1024\" height=\"315\" data-id=\"5002\" src=\"https:\/\/www.alfen.pl\/wp-content\/uploads\/2023\/06\/c06-brama-przesuwna-1024x315.png\" alt=\"\" class=\"wp-image-5002\" srcset=\"https:\/\/www.alfen.pl\/wp-content\/uploads\/2023\/06\/c06-brama-przesuwna-1024x315.png 1024w, https:\/\/www.alfen.pl\/wp-content\/uploads\/2023\/06\/c06-brama-przesuwna-500x154.png 500w, https:\/\/www.alfen.pl\/wp-content\/uploads\/2023\/06\/c06-brama-przesuwna-768x237.png 768w, https:\/\/www.alfen.pl\/wp-content\/uploads\/2023\/06\/c06-brama-przesuwna-1536x473.png 1536w, https:\/\/www.alfen.pl\/wp-content\/uploads\/2023\/06\/c06-brama-przesuwna-18x6.png 18w, https:\/\/www.alfen.pl\/wp-content\/uploads\/2023\/06\/c06-brama-przesuwna.png 1948w\" sizes=\"auto, (max-width: 1024px) 100vw, 1024px\" \/><\/a><\/figure>\n\n\n\n<figure class=\"wp-block-image size-large\"><a href=\"https:\/\/www.alfen.pl\/wp-content\/uploads\/2023\/06\/c06-furtka.png\"><img loading=\"lazy\" decoding=\"async\" width=\"944\" height=\"1000\" data-id=\"5003\" src=\"https:\/\/www.alfen.pl\/wp-content\/uploads\/2023\/06\/c06-furtka.png\" alt=\"\" class=\"wp-image-5003\" srcset=\"https:\/\/www.alfen.pl\/wp-content\/uploads\/2023\/06\/c06-furtka.png 944w, https:\/\/www.alfen.pl\/wp-content\/uploads\/2023\/06\/c06-furtka-283x300.png 283w, https:\/\/www.alfen.pl\/wp-content\/uploads\/2023\/06\/c06-furtka-768x814.png 768w, https:\/\/www.alfen.pl\/wp-content\/uploads\/2023\/06\/c06-furtka-11x12.png 11w\" sizes=\"auto, (max-width: 944px) 100vw, 944px\" \/><\/a><\/figure>\n\n\n\n<figure class=\"wp-block-image size-large\"><a href=\"https:\/\/www.alfen.pl\/wp-content\/uploads\/2023\/06\/c06-panel.png\"><img loading=\"lazy\" decoding=\"async\" width=\"1024\" height=\"741\" data-id=\"5004\" src=\"https:\/\/www.alfen.pl\/wp-content\/uploads\/2023\/06\/c06-panel-1024x741.png\" alt=\"\" class=\"wp-image-5004\" srcset=\"https:\/\/www.alfen.pl\/wp-content\/uploads\/2023\/06\/c06-panel-1024x741.png 1024w, https:\/\/www.alfen.pl\/wp-content\/uploads\/2023\/06\/c06-panel-414x300.png 414w, https:\/\/www.alfen.pl\/wp-content\/uploads\/2023\/06\/c06-panel-768x556.png 768w, https:\/\/www.alfen.pl\/wp-content\/uploads\/2023\/06\/c06-panel-18x12.png 18w, https:\/\/www.alfen.pl\/wp-content\/uploads\/2023\/06\/c06-panel.png 1381w\" sizes=\"auto, (max-width: 1024px) 100vw, 1024px\" \/><\/a><\/figure>\n<\/figure>\n\n\n\n<div class=\"wp-block-buttons is-layout-flex wp-block-buttons-is-layout-flex\">\n<div class=\"wp-block-button is-style-outline is-style-outline--44\"><a class=\"wp-block-button__link has-white-color has-text-color has-custom-font-size wp-element-button\" style=\"border-radius:1px;font-size:16px\">See gallery<\/a><\/div>\n<\/div>\n<\/div><\/div>\n<\/div><\/div>\n<\/div><\/div>\n<\/div><\/div>\n<\/div><\/div><\/div>\n\n\n\n<h3 class=\"wp-block-heading\" style=\"font-size:30px\">The aluminium gate is the 'dot over the i' on your property<\/h3>\n\n\n\n<div style=\"height:15px\" aria-hidden=\"true\" class=\"wp-block-spacer\"><\/div>\n\n\n\n<p style=\"font-size:16px\">An aluminium gate completes any fence. The spans and gates and wickets should form a unified whole. For a coherent and elegant effect, it is best to make all elements in the same style and colour. Aluminium gates and wickets are a convenient and practical solution for both individual customers and entrepreneurs. We carry out orders efficiently and deliver them safely to any place in Europe. We offer expert advice and numerous accessories necessary for installation, delivered with the order. With us, you can order aluminium gates made in popular sizes or to any dimension specified by the customer. Fencing elements made of high-quality aluminium maintain high resistance to corrosion, and thanks to powder coating, they do not require refreshing even for the next several years. So you will be able to enjoy a perfectly looking aluminium gate for a long time.<\/p>\n\n\n\n<div style=\"height:9px\" aria-hidden=\"true\" class=\"wp-block-spacer\"><\/div>\n\n\n\n<h3 class=\"wp-block-heading\" style=\"font-size:30px\">Double-leaf gate<\/h3>\n\n\n\n<div style=\"height:15px\" aria-hidden=\"true\" class=\"wp-block-spacer\"><\/div>\n\n\n\n<p style=\"font-size:16px\">The double-leaf gate is most often chosen by those whose property along the fence has limited space. Unlike sliding gates, the double-leaf gate does not need to be installed on plots with a significant width. What is needed, however, is a property with sufficient depth to allow the double-leaf gate to open freely. It is worth knowing that a double-leaf gate can be fitted with a drive. This definitely facilitates its use. When deciding on this type of gate, it is important to remember that it is not possible to park close to it as this can make it difficult to open and that it is necessary to clear snow from the driveway as the snow makes it difficult to open the gate.<\/p>\n\n\n\n<div style=\"height:9px\" aria-hidden=\"true\" class=\"wp-block-spacer\"><\/div>\n\n\n\n<h3 class=\"wp-block-heading\" style=\"font-size:30px\">Sliding gate<\/h3>\n\n\n\n<div style=\"height:15px\" aria-hidden=\"true\" class=\"wp-block-spacer\"><\/div>\n\n\n\n<p style=\"font-size:16px\">The sliding gate is often the solution of choice on properties as it is very convenient to use. It is recommended for wide and shallow plots as it does not actually take up space on the property, sliding on the inside of the fence. The way the aluminium sliding gate is moved means that the width of the fence where the gate is installed must be equal to the width of the gate and the so-called counterweight. However, we have included in our offer the possibility to order a sliding gate without a counterweight (the counterweight is shortened to the smallest possible size but is still present). The sliding gate can run on a rail or be self-supporting. In the first case, it is important to keep the rail clean, as dirt such as leaves, snow or stones can impede the movement of the leaf. If you opt for an automatic sliding gate, i.e. one equipped with actuators, you will be able to open it without getting out of your car. Our sliding gates have a drive in the post.<\/p>\n\n\n\n<div style=\"height:9px\" aria-hidden=\"true\" class=\"wp-block-spacer\"><\/div>\n\n\n\n<h3 class=\"wp-block-heading\" style=\"font-size:30px\">Swing gate<\/h3>\n\n\n\n<div style=\"height:15px\" aria-hidden=\"true\" class=\"wp-block-spacer\"><\/div>\n\n\n\n<p style=\"font-size:16px\">The bifold gate is a great solution for unconventional properties, ranging from narrow and small plots, to driveways that are too steep, to shallow and non-standard properties. The bifold gate is a great alternative to sliding gates, for which there is no room on the property. The automatic folding gate is also popular because it can be opened without leaving the car.<\/p>\n\n\n\n<div class=\"offer-page__nav\">\n\t<p class=\"title\">Sprawd\u017a r\u00f3wnie\u017c<\/p>\n\t<ul>\n\t\t<li><a href=\"https:\/\/www.alfen.pl\/en\/bramy-przesuwne-z-napedem\/\">Bramy przesuwne z nap\u0119dem<\/a><\/li>\n\t\t<li><a href=\"https:\/\/www.alfen.pl\/en\/bramy-dwuskrzydlowe\/\">Bramy dwuskrzyd\u0142owe<\/a><\/li>\n\t\t<li><a href=\"https:\/\/www.alfen.pl\/en\/bramy-lamane\/\">Bramy \u0142amane<\/a><\/li>\n\t\t<li><a href=\"https:\/\/www.alfen.pl\/en\/bramy-przesuwne-bez-przeciwwagi\/\">Bramy przesuwne bez przeciwwagi<\/a><\/li>\n\t<\/ul>\n<\/div>\n<style class=\"advgb-styles-renderer\">.advgb-img-0ead4595-78de-4d60-879f-22e303f87807.advgb-image-block .advgb-image-overlay{opacity:0.4 !important;}.advgb-img-0ead4595-78de-4d60-879f-22e303f87807.advgb-image-block:hover .advgb-image-overlay{opacity:0.2 !important;}#advgb-col-4efbbee4-489a-4f9d-b7ec-d016bbfa7b6c>.advgb-column-inner{}@media screen and (max-width: 1023px) {#advgb-col-4efbbee4-489a-4f9d-b7ec-d016bbfa7b6c>.advgb-column-inner{}}@media screen and (max-width: 767px) {#advgb-col-4efbbee4-489a-4f9d-b7ec-d016bbfa7b6c>.advgb-column-inner{}}.advgb-img-0ead4595-78de-4d60-879f-22e303f87807.advgb-image-block .advgb-image-overlay{opacity:0.4 !important;}.advgb-img-0ead4595-78de-4d60-879f-22e303f87807.advgb-image-block:hover .advgb-image-overlay{opacity:0.2 !important;}.advgb-img-d863f9db-1371-41f6-b54c-21922fc48b06.advgb-image-block .advgb-image-overlay{opacity:0.4 !important;}.advgb-img-d863f9db-1371-41f6-b54c-21922fc48b06.advgb-image-block:hover .advgb-image-overlay{opacity:0.2 !important;}#advgb-col-b5318692-56c9-4b25-858b-2248f51d1399>.advgb-column-inner{}@media screen and (max-width: 1023px) {#advgb-col-b5318692-56c9-4b25-858b-2248f51d1399>.advgb-column-inner{}}@media screen and (max-width: 767px) {#advgb-col-b5318692-56c9-4b25-858b-2248f51d1399>.advgb-column-inner{}}.advgb-img-d863f9db-1371-41f6-b54c-21922fc48b06.advgb-image-block .advgb-image-overlay{opacity:0.4 !important;}.advgb-img-d863f9db-1371-41f6-b54c-21922fc48b06.advgb-image-block:hover .advgb-image-overlay{opacity:0.2 !important;}#advgb-cols-32c5e5e9-884e-4d5b-85c4-5ee76457a908{margin-bottom:30px;}@media screen and (max-width: 1023px) {#advgb-cols-32c5e5e9-884e-4d5b-85c4-5ee76457a908{}}@media screen and (max-width: 767px) {#advgb-cols-32c5e5e9-884e-4d5b-85c4-5ee76457a908{margin-bottom:0px;}}#advgb-col-4efbbee4-489a-4f9d-b7ec-d016bbfa7b6c>.advgb-column-inner{}@media screen and (max-width: 1023px) {#advgb-col-4efbbee4-489a-4f9d-b7ec-d016bbfa7b6c>.advgb-column-inner{}}@media screen and (max-width: 767px) {#advgb-col-4efbbee4-489a-4f9d-b7ec-d016bbfa7b6c>.advgb-column-inner{}}.advgb-img-0ead4595-78de-4d60-879f-22e303f87807.advgb-image-block .advgb-image-overlay{opacity:0.4 !important;}.advgb-img-0ead4595-78de-4d60-879f-22e303f87807.advgb-image-block:hover .advgb-image-overlay{opacity:0.2 !important;}#advgb-col-b5318692-56c9-4b25-858b-2248f51d1399>.advgb-column-inner{}@media screen and (max-width: 1023px) {#advgb-col-b5318692-56c9-4b25-858b-2248f51d1399>.advgb-column-inner{}}@media screen and (max-width: 767px) {#advgb-col-b5318692-56c9-4b25-858b-2248f51d1399>.advgb-column-inner{}}.advgb-img-d863f9db-1371-41f6-b54c-21922fc48b06.advgb-image-block .advgb-image-overlay{opacity:0.4 !important;}.advgb-img-d863f9db-1371-41f6-b54c-21922fc48b06.advgb-image-block:hover .advgb-image-overlay{opacity:0.2 !important;}.advgb-img-c29f7576-d959-4fe5-9a49-84bbe4970f22.advgb-image-block .advgb-image-overlay{opacity:0.4 !important;}.advgb-img-c29f7576-d959-4fe5-9a49-84bbe4970f22.advgb-image-block:hover .advgb-image-overlay{opacity:0.2 !important;}#advgb-col-78cadb1c-300a-465f-862a-9b0e06b1b1a6>.advgb-column-inner{}@media screen and (max-width: 1023px) {#advgb-col-78cadb1c-300a-465f-862a-9b0e06b1b1a6>.advgb-column-inner{}}@media screen and (max-width: 767px) {#advgb-col-78cadb1c-300a-465f-862a-9b0e06b1b1a6>.advgb-column-inner{}}.advgb-img-c29f7576-d959-4fe5-9a49-84bbe4970f22.advgb-image-block .advgb-image-overlay{opacity:0.4 !important;}.advgb-img-c29f7576-d959-4fe5-9a49-84bbe4970f22.advgb-image-block:hover .advgb-image-overlay{opacity:0.2 !important;}.advgb-img-a7d1d323-6988-4732-bcfd-3bf4ac01c804.advgb-image-block .advgb-image-overlay{opacity:0.4 !important;}.advgb-img-a7d1d323-6988-4732-bcfd-3bf4ac01c804.advgb-image-block:hover .advgb-image-overlay{opacity:0.2 !important;}#advgb-col-3e287de6-1628-4bbe-8007-b795d2afeee9>.advgb-column-inner{}@media screen and (max-width: 1023px) {#advgb-col-3e287de6-1628-4bbe-8007-b795d2afeee9>.advgb-column-inner{}}@media screen and (max-width: 767px) {#advgb-col-3e287de6-1628-4bbe-8007-b795d2afeee9>.advgb-column-inner{}}.advgb-img-a7d1d323-6988-4732-bcfd-3bf4ac01c804.advgb-image-block .advgb-image-overlay{opacity:0.4 !important;}.advgb-img-a7d1d323-6988-4732-bcfd-3bf4ac01c804.advgb-image-block:hover .advgb-image-overlay{opacity:0.2 !important;}#advgb-cols-ec904337-e16a-4c96-a4ca-2e5644ac78ba{margin-bottom:30px;}@media screen and (max-width: 1023px) {#advgb-cols-ec904337-e16a-4c96-a4ca-2e5644ac78ba{}}@media screen and (max-width: 767px) {#advgb-cols-ec904337-e16a-4c96-a4ca-2e5644ac78ba{margin-bottom:0px;}}#advgb-col-78cadb1c-300a-465f-862a-9b0e06b1b1a6>.advgb-column-inner{}@media screen and (max-width: 1023px) {#advgb-col-78cadb1c-300a-465f-862a-9b0e06b1b1a6>.advgb-column-inner{}}@media screen and (max-width: 767px) {#advgb-col-78cadb1c-300a-465f-862a-9b0e06b1b1a6>.advgb-column-inner{}}.advgb-img-c29f7576-d959-4fe5-9a49-84bbe4970f22.advgb-image-block .advgb-image-overlay{opacity:0.4 !important;}.advgb-img-c29f7576-d959-4fe5-9a49-84bbe4970f22.advgb-image-block:hover .advgb-image-overlay{opacity:0.2 !important;}#advgb-col-3e287de6-1628-4bbe-8007-b795d2afeee9>.advgb-column-inner{}@media screen and (max-width: 1023px) {#advgb-col-3e287de6-1628-4bbe-8007-b795d2afeee9>.advgb-column-inner{}}@media screen and (max-width: 767px) {#advgb-col-3e287de6-1628-4bbe-8007-b795d2afeee9>.advgb-column-inner{}}.advgb-img-a7d1d323-6988-4732-bcfd-3bf4ac01c804.advgb-image-block .advgb-image-overlay{opacity:0.4 !important;}.advgb-img-a7d1d323-6988-4732-bcfd-3bf4ac01c804.advgb-image-block:hover .advgb-image-overlay{opacity:0.2 !important;}.advgb-img-a937eea8-2294-4893-8307-beb8e9d47211.advgb-image-block .advgb-image-overlay{opacity:0.4 !important;}.advgb-img-a937eea8-2294-4893-8307-beb8e9d47211.advgb-image-block:hover .advgb-image-overlay{opacity:0.2 !important;}#advgb-col-91475c8a-f2b3-4f3b-9c81-69bf6732b887>.advgb-column-inner{}@media screen and (max-width: 1023px) {#advgb-col-91475c8a-f2b3-4f3b-9c81-69bf6732b887>.advgb-column-inner{}}@media screen and (max-width: 767px) {#advgb-col-91475c8a-f2b3-4f3b-9c81-69bf6732b887>.advgb-column-inner{}}.advgb-img-a937eea8-2294-4893-8307-beb8e9d47211.advgb-image-block .advgb-image-overlay{opacity:0.4 !important;}.advgb-img-a937eea8-2294-4893-8307-beb8e9d47211.advgb-image-block:hover .advgb-image-overlay{opacity:0.2 !important;}.advgb-img-22560883-6c87-4102-af9a-7fb08d0bedec.advgb-image-block .advgb-image-overlay{opacity:0.4 !important;}.advgb-img-22560883-6c87-4102-af9a-7fb08d0bedec.advgb-image-block:hover .advgb-image-overlay{opacity:0.2 !important;}#advgb-col-49d94480-c57b-48cc-8ebc-e8a4143bd7b3>.advgb-column-inner{}@media screen and (max-width: 1023px) {#advgb-col-49d94480-c57b-48cc-8ebc-e8a4143bd7b3>.advgb-column-inner{}}@media screen and (max-width: 767px) {#advgb-col-49d94480-c57b-48cc-8ebc-e8a4143bd7b3>.advgb-column-inner{}}.advgb-img-22560883-6c87-4102-af9a-7fb08d0bedec.advgb-image-block .advgb-image-overlay{opacity:0.4 !important;}.advgb-img-22560883-6c87-4102-af9a-7fb08d0bedec.advgb-image-block:hover .advgb-image-overlay{opacity:0.2 !important;}#advgb-cols-14e6b564-353c-4a62-9d43-7424bf9e0d23{margin-bottom:50px;}@media screen and (max-width: 1023px) {#advgb-cols-14e6b564-353c-4a62-9d43-7424bf9e0d23{}}@media screen and (max-width: 767px) {#advgb-cols-14e6b564-353c-4a62-9d43-7424bf9e0d23{margin-bottom:50px;}}#advgb-col-91475c8a-f2b3-4f3b-9c81-69bf6732b887>.advgb-column-inner{}@media screen and (max-width: 1023px) {#advgb-col-91475c8a-f2b3-4f3b-9c81-69bf6732b887>.advgb-column-inner{}}@media screen and (max-width: 767px) {#advgb-col-91475c8a-f2b3-4f3b-9c81-69bf6732b887>.advgb-column-inner{}}.advgb-img-a937eea8-2294-4893-8307-beb8e9d47211.advgb-image-block .advgb-image-overlay{opacity:0.4 !important;}.advgb-img-a937eea8-2294-4893-8307-beb8e9d47211.advgb-image-block:hover .advgb-image-overlay{opacity:0.2 !important;}#advgb-col-49d94480-c57b-48cc-8ebc-e8a4143bd7b3>.advgb-column-inner{}@media screen and (max-width: 1023px) {#advgb-col-49d94480-c57b-48cc-8ebc-e8a4143bd7b3>.advgb-column-inner{}}@media screen and (max-width: 767px) {#advgb-col-49d94480-c57b-48cc-8ebc-e8a4143bd7b3>.advgb-column-inner{}}.advgb-img-22560883-6c87-4102-af9a-7fb08d0bedec.advgb-image-block .advgb-image-overlay{opacity:0.4 !important;}.advgb-img-22560883-6c87-4102-af9a-7fb08d0bedec.advgb-image-block:hover .advgb-image-overlay{opacity:0.2 !important;}.advgb-img-832fd432-ad1a-49b8-a590-9e72203d8321.advgb-image-block .advgb-image-overlay{opacity:0.4 !important;}.advgb-img-832fd432-ad1a-49b8-a590-9e72203d8321.advgb-image-block:hover .advgb-image-overlay{opacity:0.2 !important;}#advgb-col-30c1197c-7d63-45b8-be5c-653749e0d1fc>.advgb-column-inner{}@media screen and (max-width: 1023px) {#advgb-col-30c1197c-7d63-45b8-be5c-653749e0d1fc>.advgb-column-inner{}}@media screen and (max-width: 767px) {#advgb-col-30c1197c-7d63-45b8-be5c-653749e0d1fc>.advgb-column-inner{}}.advgb-img-832fd432-ad1a-49b8-a590-9e72203d8321.advgb-image-block .advgb-image-overlay{opacity:0.4 !important;}.advgb-img-832fd432-ad1a-49b8-a590-9e72203d8321.advgb-image-block:hover .advgb-image-overlay{opacity:0.2 !important;}.advgb-img-0b9ebfc6-115a-4224-b88d-e74395a80ad1.advgb-image-block .advgb-image-overlay{opacity:0.4 !important;}.advgb-img-0b9ebfc6-115a-4224-b88d-e74395a80ad1.advgb-image-block:hover .advgb-image-overlay{opacity:0.2 !important;}#advgb-col-1f584e2c-d47e-4280-8831-e63867717973>.advgb-column-inner{}@media screen and (max-width: 1023px) {#advgb-col-1f584e2c-d47e-4280-8831-e63867717973>.advgb-column-inner{}}@media screen and (max-width: 767px) {#advgb-col-1f584e2c-d47e-4280-8831-e63867717973>.advgb-column-inner{}}.advgb-img-0b9ebfc6-115a-4224-b88d-e74395a80ad1.advgb-image-block .advgb-image-overlay{opacity:0.4 !important;}.advgb-img-0b9ebfc6-115a-4224-b88d-e74395a80ad1.advgb-image-block:hover .advgb-image-overlay{opacity:0.2 !important;}#advgb-cols-afb1180b-e9b6-40a2-8b5f-cfb5014ec3f4{margin-bottom:30px;}@media screen and (max-width: 1023px) {#advgb-cols-afb1180b-e9b6-40a2-8b5f-cfb5014ec3f4{}}@media screen and (max-width: 767px) {#advgb-cols-afb1180b-e9b6-40a2-8b5f-cfb5014ec3f4{margin-bottom:0px;}}#advgb-col-30c1197c-7d63-45b8-be5c-653749e0d1fc>.advgb-column-inner{}@media screen and (max-width: 1023px) {#advgb-col-30c1197c-7d63-45b8-be5c-653749e0d1fc>.advgb-column-inner{}}@media screen and (max-width: 767px) {#advgb-col-30c1197c-7d63-45b8-be5c-653749e0d1fc>.advgb-column-inner{}}.advgb-img-832fd432-ad1a-49b8-a590-9e72203d8321.advgb-image-block .advgb-image-overlay{opacity:0.4 !important;}.advgb-img-832fd432-ad1a-49b8-a590-9e72203d8321.advgb-image-block:hover .advgb-image-overlay{opacity:0.2 !important;}#advgb-col-1f584e2c-d47e-4280-8831-e63867717973>.advgb-column-inner{}@media screen and (max-width: 1023px) {#advgb-col-1f584e2c-d47e-4280-8831-e63867717973>.advgb-column-inner{}}@media screen and (max-width: 767px) {#advgb-col-1f584e2c-d47e-4280-8831-e63867717973>.advgb-column-inner{}}.advgb-img-0b9ebfc6-115a-4224-b88d-e74395a80ad1.advgb-image-block .advgb-image-overlay{opacity:0.4 !important;}.advgb-img-0b9ebfc6-115a-4224-b88d-e74395a80ad1.advgb-image-block:hover .advgb-image-overlay{opacity:0.2 !important;}.advgb-img-7eb54572-1d56-4f51-abcf-57fbe505e81a.advgb-image-block .advgb-image-overlay{opacity:0.4 !important;}.advgb-img-7eb54572-1d56-4f51-abcf-57fbe505e81a.advgb-image-block:hover .advgb-image-overlay{opacity:0.2 !important;}#advgb-col-2fc8d866-f5b4-4196-b599-006a2f205bba>.advgb-column-inner{}@media screen and (max-width: 1023px) {#advgb-col-2fc8d866-f5b4-4196-b599-006a2f205bba>.advgb-column-inner{}}@media screen and (max-width: 767px) {#advgb-col-2fc8d866-f5b4-4196-b599-006a2f205bba>.advgb-column-inner{}}.advgb-img-7eb54572-1d56-4f51-abcf-57fbe505e81a.advgb-image-block .advgb-image-overlay{opacity:0.4 !important;}.advgb-img-7eb54572-1d56-4f51-abcf-57fbe505e81a.advgb-image-block:hover .advgb-image-overlay{opacity:0.2 !important;}.advgb-img-2e2b63b2-8f38-499a-90b9-cc6b8cdb1d35.advgb-image-block .advgb-image-overlay{opacity:0.4 !important;}.advgb-img-2e2b63b2-8f38-499a-90b9-cc6b8cdb1d35.advgb-image-block:hover .advgb-image-overlay{opacity:0.2 !important;}#advgb-col-ca65ba34-c36d-4eaf-a724-60637beedb5a>.advgb-column-inner{}@media screen and (max-width: 1023px) {#advgb-col-ca65ba34-c36d-4eaf-a724-60637beedb5a>.advgb-column-inner{}}@media screen and (max-width: 767px) {#advgb-col-ca65ba34-c36d-4eaf-a724-60637beedb5a>.advgb-column-inner{}}.advgb-img-2e2b63b2-8f38-499a-90b9-cc6b8cdb1d35.advgb-image-block .advgb-image-overlay{opacity:0.4 !important;}.advgb-img-2e2b63b2-8f38-499a-90b9-cc6b8cdb1d35.advgb-image-block:hover .advgb-image-overlay{opacity:0.2 !important;}#advgb-cols-48cc5383-0676-43f0-9043-210d09a1d077{margin-bottom:30px;}@media screen and (max-width: 1023px) {#advgb-cols-48cc5383-0676-43f0-9043-210d09a1d077{}}@media screen and (max-width: 767px) {#advgb-cols-48cc5383-0676-43f0-9043-210d09a1d077{margin-bottom:0px;}}#advgb-col-2fc8d866-f5b4-4196-b599-006a2f205bba>.advgb-column-inner{}@media screen and (max-width: 1023px) {#advgb-col-2fc8d866-f5b4-4196-b599-006a2f205bba>.advgb-column-inner{}}@media screen and (max-width: 767px) {#advgb-col-2fc8d866-f5b4-4196-b599-006a2f205bba>.advgb-column-inner{}}.advgb-img-7eb54572-1d56-4f51-abcf-57fbe505e81a.advgb-image-block .advgb-image-overlay{opacity:0.4 !important;}.advgb-img-7eb54572-1d56-4f51-abcf-57fbe505e81a.advgb-image-block:hover .advgb-image-overlay{opacity:0.2 !important;}#advgb-col-ca65ba34-c36d-4eaf-a724-60637beedb5a>.advgb-column-inner{}@media screen and (max-width: 1023px) {#advgb-col-ca65ba34-c36d-4eaf-a724-60637beedb5a>.advgb-column-inner{}}@media screen and (max-width: 767px) {#advgb-col-ca65ba34-c36d-4eaf-a724-60637beedb5a>.advgb-column-inner{}}.advgb-img-2e2b63b2-8f38-499a-90b9-cc6b8cdb1d35.advgb-image-block .advgb-image-overlay{opacity:0.4 !important;}.advgb-img-2e2b63b2-8f38-499a-90b9-cc6b8cdb1d35.advgb-image-block:hover .advgb-image-overlay{opacity:0.2 !important;}.advgb-img-9fda6c1d-984c-4ea9-9957-ffe33a4ccd8e.advgb-image-block .advgb-image-overlay{opacity:0.4 !important;}.advgb-img-9fda6c1d-984c-4ea9-9957-ffe33a4ccd8e.advgb-image-block:hover .advgb-image-overlay{opacity:0.2 !important;}#advgb-col-8819359e-2010-45c1-8208-af839e61ea7b>.advgb-column-inner{}@media screen and (max-width: 1023px) {#advgb-col-8819359e-2010-45c1-8208-af839e61ea7b>.advgb-column-inner{}}@media screen and (max-width: 767px) {#advgb-col-8819359e-2010-45c1-8208-af839e61ea7b>.advgb-column-inner{}}.advgb-img-9fda6c1d-984c-4ea9-9957-ffe33a4ccd8e.advgb-image-block .advgb-image-overlay{opacity:0.4 !important;}.advgb-img-9fda6c1d-984c-4ea9-9957-ffe33a4ccd8e.advgb-image-block:hover .advgb-image-overlay{opacity:0.2 !important;}.advgb-img-67c644ac-c247-4365-b10a-78e314d8de27.advgb-image-block .advgb-image-overlay{opacity:0.4 !important;}.advgb-img-67c644ac-c247-4365-b10a-78e314d8de27.advgb-image-block:hover .advgb-image-overlay{opacity:0.2 !important;}#advgb-col-2b86ee84-98e1-4cfe-89b6-198ce68e1190>.advgb-column-inner{}@media screen and (max-width: 1023px) {#advgb-col-2b86ee84-98e1-4cfe-89b6-198ce68e1190>.advgb-column-inner{}}@media screen and (max-width: 767px) {#advgb-col-2b86ee84-98e1-4cfe-89b6-198ce68e1190>.advgb-column-inner{}}.advgb-img-67c644ac-c247-4365-b10a-78e314d8de27.advgb-image-block .advgb-image-overlay{opacity:0.4 !important;}.advgb-img-67c644ac-c247-4365-b10a-78e314d8de27.advgb-image-block:hover .advgb-image-overlay{opacity:0.2 !important;}#advgb-cols-b2ed2679-cd3a-4e44-829c-6d69653e9519{margin-bottom:50px;}@media screen and (max-width: 1023px) {#advgb-cols-b2ed2679-cd3a-4e44-829c-6d69653e9519{}}@media screen and (max-width: 767px) {#advgb-cols-b2ed2679-cd3a-4e44-829c-6d69653e9519{margin-bottom:50px;}}#advgb-col-8819359e-2010-45c1-8208-af839e61ea7b>.advgb-column-inner{}@media screen and (max-width: 1023px) {#advgb-col-8819359e-2010-45c1-8208-af839e61ea7b>.advgb-column-inner{}}@media screen and (max-width: 767px) {#advgb-col-8819359e-2010-45c1-8208-af839e61ea7b>.advgb-column-inner{}}.advgb-img-9fda6c1d-984c-4ea9-9957-ffe33a4ccd8e.advgb-image-block .advgb-image-overlay{opacity:0.4 !important;}.advgb-img-9fda6c1d-984c-4ea9-9957-ffe33a4ccd8e.advgb-image-block:hover .advgb-image-overlay{opacity:0.2 !important;}#advgb-col-2b86ee84-98e1-4cfe-89b6-198ce68e1190>.advgb-column-inner{}@media screen and (max-width: 1023px) {#advgb-col-2b86ee84-98e1-4cfe-89b6-198ce68e1190>.advgb-column-inner{}}@media screen and (max-width: 767px) {#advgb-col-2b86ee84-98e1-4cfe-89b6-198ce68e1190>.advgb-column-inner{}}.advgb-img-67c644ac-c247-4365-b10a-78e314d8de27.advgb-image-block .advgb-image-overlay{opacity:0.4 !important;}.advgb-img-67c644ac-c247-4365-b10a-78e314d8de27.advgb-image-block:hover .advgb-image-overlay{opacity:0.2 !important;}.advgb-img-485a7cf6-679c-4254-a1b2-0471f20e3688.advgb-image-block .advgb-image-overlay{opacity:0.4 !important;}.advgb-img-485a7cf6-679c-4254-a1b2-0471f20e3688.advgb-image-block:hover .advgb-image-overlay{opacity:0.2 !important;}#advgb-col-76f17aa1-1d48-4945-b339-9585f8dc0613>.advgb-column-inner{}@media screen and (max-width: 1023px) {#advgb-col-76f17aa1-1d48-4945-b339-9585f8dc0613>.advgb-column-inner{}}@media screen and (max-width: 767px) {#advgb-col-76f17aa1-1d48-4945-b339-9585f8dc0613>.advgb-column-inner{}}.advgb-img-485a7cf6-679c-4254-a1b2-0471f20e3688.advgb-image-block .advgb-image-overlay{opacity:0.4 !important;}.advgb-img-485a7cf6-679c-4254-a1b2-0471f20e3688.advgb-image-block:hover .advgb-image-overlay{opacity:0.2 !important;}.advgb-img-74530c75-072e-4850-9c01-4ee37aafcb51.advgb-image-block .advgb-image-overlay{opacity:0.4 !important;}.advgb-img-74530c75-072e-4850-9c01-4ee37aafcb51.advgb-image-block:hover .advgb-image-overlay{opacity:0.2 !important;}#advgb-col-8e03379b-ed63-4948-9965-18665731fce4>.advgb-column-inner{}@media screen and (max-width: 1023px) {#advgb-col-8e03379b-ed63-4948-9965-18665731fce4>.advgb-column-inner{}}@media screen and (max-width: 767px) {#advgb-col-8e03379b-ed63-4948-9965-18665731fce4>.advgb-column-inner{}}.advgb-img-74530c75-072e-4850-9c01-4ee37aafcb51.advgb-image-block .advgb-image-overlay{opacity:0.4 !important;}.advgb-img-74530c75-072e-4850-9c01-4ee37aafcb51.advgb-image-block:hover .advgb-image-overlay{opacity:0.2 !important;}#advgb-cols-7d3cdf87-015c-4975-983b-df3bf3aaf775{margin-bottom:30px;}@media screen and (max-width: 1023px) {#advgb-cols-7d3cdf87-015c-4975-983b-df3bf3aaf775{}}@media screen and (max-width: 767px) {#advgb-cols-7d3cdf87-015c-4975-983b-df3bf3aaf775{margin-bottom:0px;}}#advgb-col-76f17aa1-1d48-4945-b339-9585f8dc0613>.advgb-column-inner{}@media screen and (max-width: 1023px) {#advgb-col-76f17aa1-1d48-4945-b339-9585f8dc0613>.advgb-column-inner{}}@media screen and (max-width: 767px) {#advgb-col-76f17aa1-1d48-4945-b339-9585f8dc0613>.advgb-column-inner{}}.advgb-img-485a7cf6-679c-4254-a1b2-0471f20e3688.advgb-image-block .advgb-image-overlay{opacity:0.4 !important;}.advgb-img-485a7cf6-679c-4254-a1b2-0471f20e3688.advgb-image-block:hover .advgb-image-overlay{opacity:0.2 !important;}#advgb-col-8e03379b-ed63-4948-9965-18665731fce4>.advgb-column-inner{}@media screen and (max-width: 1023px) {#advgb-col-8e03379b-ed63-4948-9965-18665731fce4>.advgb-column-inner{}}@media screen and (max-width: 767px) {#advgb-col-8e03379b-ed63-4948-9965-18665731fce4>.advgb-column-inner{}}.advgb-img-74530c75-072e-4850-9c01-4ee37aafcb51.advgb-image-block .advgb-image-overlay{opacity:0.4 !important;}.advgb-img-74530c75-072e-4850-9c01-4ee37aafcb51.advgb-image-block:hover .advgb-image-overlay{opacity:0.2 !important;}.advgb-img-10d1e1d8-86eb-4877-9c97-6ede03ba4d0e.advgb-image-block .advgb-image-overlay{opacity:0.4 !important;}.advgb-img-10d1e1d8-86eb-4877-9c97-6ede03ba4d0e.advgb-image-block:hover .advgb-image-overlay{opacity:0.2 !important;}#advgb-col-5bcf677d-8bc2-4d45-8ff1-cbde0663df12>.advgb-column-inner{}@media screen and (max-width: 1023px) {#advgb-col-5bcf677d-8bc2-4d45-8ff1-cbde0663df12>.advgb-column-inner{}}@media screen and (max-width: 767px) {#advgb-col-5bcf677d-8bc2-4d45-8ff1-cbde0663df12>.advgb-column-inner{}}.advgb-img-10d1e1d8-86eb-4877-9c97-6ede03ba4d0e.advgb-image-block .advgb-image-overlay{opacity:0.4 !important;}.advgb-img-10d1e1d8-86eb-4877-9c97-6ede03ba4d0e.advgb-image-block:hover .advgb-image-overlay{opacity:0.2 !important;}.advgb-img-45d7d3bf-9ba3-403c-88e0-9e36dfbe5246.advgb-image-block .advgb-image-overlay{opacity:0.4 !important;}.advgb-img-45d7d3bf-9ba3-403c-88e0-9e36dfbe5246.advgb-image-block:hover .advgb-image-overlay{opacity:0.2 !important;}#advgb-col-f7c542c6-5648-41d4-9bfb-f45e9dfec2e6>.advgb-column-inner{}@media screen and (max-width: 1023px) {#advgb-col-f7c542c6-5648-41d4-9bfb-f45e9dfec2e6>.advgb-column-inner{}}@media screen and (max-width: 767px) {#advgb-col-f7c542c6-5648-41d4-9bfb-f45e9dfec2e6>.advgb-column-inner{}}.advgb-img-45d7d3bf-9ba3-403c-88e0-9e36dfbe5246.advgb-image-block .advgb-image-overlay{opacity:0.4 !important;}.advgb-img-45d7d3bf-9ba3-403c-88e0-9e36dfbe5246.advgb-image-block:hover .advgb-image-overlay{opacity:0.2 !important;}#advgb-cols-2688830e-f7ab-4e74-bc02-4ce175e48d6c{margin-bottom:30px;}@media screen and (max-width: 1023px) {#advgb-cols-2688830e-f7ab-4e74-bc02-4ce175e48d6c{}}@media screen and (max-width: 767px) {#advgb-cols-2688830e-f7ab-4e74-bc02-4ce175e48d6c{margin-bottom:0px;}}#advgb-col-5bcf677d-8bc2-4d45-8ff1-cbde0663df12>.advgb-column-inner{}@media screen and (max-width: 1023px) {#advgb-col-5bcf677d-8bc2-4d45-8ff1-cbde0663df12>.advgb-column-inner{}}@media screen and (max-width: 767px) {#advgb-col-5bcf677d-8bc2-4d45-8ff1-cbde0663df12>.advgb-column-inner{}}.advgb-img-10d1e1d8-86eb-4877-9c97-6ede03ba4d0e.advgb-image-block .advgb-image-overlay{opacity:0.4 !important;}.advgb-img-10d1e1d8-86eb-4877-9c97-6ede03ba4d0e.advgb-image-block:hover .advgb-image-overlay{opacity:0.2 !important;}#advgb-col-f7c542c6-5648-41d4-9bfb-f45e9dfec2e6>.advgb-column-inner{}@media screen and (max-width: 1023px) {#advgb-col-f7c542c6-5648-41d4-9bfb-f45e9dfec2e6>.advgb-column-inner{}}@media screen and (max-width: 767px) {#advgb-col-f7c542c6-5648-41d4-9bfb-f45e9dfec2e6>.advgb-column-inner{}}.advgb-img-45d7d3bf-9ba3-403c-88e0-9e36dfbe5246.advgb-image-block .advgb-image-overlay{opacity:0.4 !important;}.advgb-img-45d7d3bf-9ba3-403c-88e0-9e36dfbe5246.advgb-image-block:hover .advgb-image-overlay{opacity:0.2 !important;}.advgb-img-c2e7c032-26d9-41f2-9f1c-59010380ae12.advgb-image-block .advgb-image-overlay{opacity:0.4 !important;}.advgb-img-c2e7c032-26d9-41f2-9f1c-59010380ae12.advgb-image-block:hover .advgb-image-overlay{opacity:0.2 !important;}#advgb-col-810c01ee-e176-4644-ad5c-af3ba13a11cc>.advgb-column-inner{}@media screen and (max-width: 1023px) {#advgb-col-810c01ee-e176-4644-ad5c-af3ba13a11cc>.advgb-column-inner{}}@media screen and (max-width: 767px) {#advgb-col-810c01ee-e176-4644-ad5c-af3ba13a11cc>.advgb-column-inner{}}.advgb-img-c2e7c032-26d9-41f2-9f1c-59010380ae12.advgb-image-block .advgb-image-overlay{opacity:0.4 !important;}.advgb-img-c2e7c032-26d9-41f2-9f1c-59010380ae12.advgb-image-block:hover .advgb-image-overlay{opacity:0.2 !important;}.advgb-img-4f885c59-7686-4a05-8a11-3d54f8df6cde.advgb-image-block .advgb-image-overlay{opacity:0.4 !important;}.advgb-img-4f885c59-7686-4a05-8a11-3d54f8df6cde.advgb-image-block:hover .advgb-image-overlay{opacity:0.2 !important;}#advgb-col-bea0f174-d18a-4156-a095-ec0e78181a1f>.advgb-column-inner{}@media screen and (max-width: 1023px) {#advgb-col-bea0f174-d18a-4156-a095-ec0e78181a1f>.advgb-column-inner{}}@media screen and (max-width: 767px) {#advgb-col-bea0f174-d18a-4156-a095-ec0e78181a1f>.advgb-column-inner{}}.advgb-img-4f885c59-7686-4a05-8a11-3d54f8df6cde.advgb-image-block .advgb-image-overlay{opacity:0.4 !important;}.advgb-img-4f885c59-7686-4a05-8a11-3d54f8df6cde.advgb-image-block:hover .advgb-image-overlay{opacity:0.2 !important;}#advgb-cols-19b5acaa-3e69-4d17-b15c-0f834a443c7e{margin-bottom:30px;}@media screen and (max-width: 1023px) {#advgb-cols-19b5acaa-3e69-4d17-b15c-0f834a443c7e{}}@media screen and (max-width: 767px) {#advgb-cols-19b5acaa-3e69-4d17-b15c-0f834a443c7e{margin-bottom:0px;}}#advgb-col-810c01ee-e176-4644-ad5c-af3ba13a11cc>.advgb-column-inner{}@media screen and (max-width: 1023px) {#advgb-col-810c01ee-e176-4644-ad5c-af3ba13a11cc>.advgb-column-inner{}}@media screen and (max-width: 767px) {#advgb-col-810c01ee-e176-4644-ad5c-af3ba13a11cc>.advgb-column-inner{}}.advgb-img-c2e7c032-26d9-41f2-9f1c-59010380ae12.advgb-image-block .advgb-image-overlay{opacity:0.4 !important;}.advgb-img-c2e7c032-26d9-41f2-9f1c-59010380ae12.advgb-image-block:hover .advgb-image-overlay{opacity:0.2 !important;}#advgb-col-bea0f174-d18a-4156-a095-ec0e78181a1f>.advgb-column-inner{}@media screen and (max-width: 1023px) {#advgb-col-bea0f174-d18a-4156-a095-ec0e78181a1f>.advgb-column-inner{}}@media screen and (max-width: 767px) {#advgb-col-bea0f174-d18a-4156-a095-ec0e78181a1f>.advgb-column-inner{}}.advgb-img-4f885c59-7686-4a05-8a11-3d54f8df6cde.advgb-image-block .advgb-image-overlay{opacity:0.4 !important;}.advgb-img-4f885c59-7686-4a05-8a11-3d54f8df6cde.advgb-image-block:hover .advgb-image-overlay{opacity:0.2 !important;}.advgb-img-4587b92a-3c6f-4c63-bf79-115a95264118.advgb-image-block .advgb-image-overlay{opacity:0.4 !important;}.advgb-img-4587b92a-3c6f-4c63-bf79-115a95264118.advgb-image-block:hover .advgb-image-overlay{opacity:0.2 !important;}#advgb-col-d62c52a0-cca2-494e-a35c-88d1280de8f5>.advgb-column-inner{}@media screen and (max-width: 1023px) {#advgb-col-d62c52a0-cca2-494e-a35c-88d1280de8f5>.advgb-column-inner{}}@media screen and (max-width: 767px) {#advgb-col-d62c52a0-cca2-494e-a35c-88d1280de8f5>.advgb-column-inner{}}.advgb-img-4587b92a-3c6f-4c63-bf79-115a95264118.advgb-image-block .advgb-image-overlay{opacity:0.4 !important;}.advgb-img-4587b92a-3c6f-4c63-bf79-115a95264118.advgb-image-block:hover .advgb-image-overlay{opacity:0.2 !important;}.advgb-img-829ec1c6-c8b9-4913-a226-22eabf1ca0b9.advgb-image-block .advgb-image-overlay{opacity:0.4 !important;}.advgb-img-829ec1c6-c8b9-4913-a226-22eabf1ca0b9.advgb-image-block:hover .advgb-image-overlay{opacity:0.2 !important;}#advgb-col-c7766e88-4dc8-4867-83bc-5c8356867261>.advgb-column-inner{}@media screen and (max-width: 1023px) {#advgb-col-c7766e88-4dc8-4867-83bc-5c8356867261>.advgb-column-inner{}}@media screen and (max-width: 767px) {#advgb-col-c7766e88-4dc8-4867-83bc-5c8356867261>.advgb-column-inner{}}.advgb-img-829ec1c6-c8b9-4913-a226-22eabf1ca0b9.advgb-image-block .advgb-image-overlay{opacity:0.4 !important;}.advgb-img-829ec1c6-c8b9-4913-a226-22eabf1ca0b9.advgb-image-block:hover .advgb-image-overlay{opacity:0.2 !important;}#advgb-cols-1aa06eed-2641-4324-96e6-813ef3b734ca{margin-bottom:50px;}@media screen and (max-width: 1023px) {#advgb-cols-1aa06eed-2641-4324-96e6-813ef3b734ca{}}@media screen and (max-width: 767px) {#advgb-cols-1aa06eed-2641-4324-96e6-813ef3b734ca{margin-bottom:50px;}}#advgb-col-d62c52a0-cca2-494e-a35c-88d1280de8f5>.advgb-column-inner{}@media screen and (max-width: 1023px) {#advgb-col-d62c52a0-cca2-494e-a35c-88d1280de8f5>.advgb-column-inner{}}@media screen and (max-width: 767px) {#advgb-col-d62c52a0-cca2-494e-a35c-88d1280de8f5>.advgb-column-inner{}}.advgb-img-4587b92a-3c6f-4c63-bf79-115a95264118.advgb-image-block .advgb-image-overlay{opacity:0.4 !important;}.advgb-img-4587b92a-3c6f-4c63-bf79-115a95264118.advgb-image-block:hover .advgb-image-overlay{opacity:0.2 !important;}#advgb-col-c7766e88-4dc8-4867-83bc-5c8356867261>.advgb-column-inner{}@media screen and (max-width: 1023px) {#advgb-col-c7766e88-4dc8-4867-83bc-5c8356867261>.advgb-column-inner{}}@media screen and (max-width: 767px) {#advgb-col-c7766e88-4dc8-4867-83bc-5c8356867261>.advgb-column-inner{}}.advgb-img-829ec1c6-c8b9-4913-a226-22eabf1ca0b9.advgb-image-block .advgb-image-overlay{opacity:0.4 !important;}.advgb-img-829ec1c6-c8b9-4913-a226-22eabf1ca0b9.advgb-image-block:hover .advgb-image-overlay{opacity:0.2 !important;}.advgb-img-f4b7f906-553d-4b43-8f48-f0b4ccb2599f.advgb-image-block .advgb-image-overlay{opacity:0.4 !important;}.advgb-img-f4b7f906-553d-4b43-8f48-f0b4ccb2599f.advgb-image-block:hover .advgb-image-overlay{opacity:0.2 !important;}#advgb-col-5252d230-1603-4932-88b4-705c4d994e1a>.advgb-column-inner{}@media screen and (max-width: 1023px) {#advgb-col-5252d230-1603-4932-88b4-705c4d994e1a>.advgb-column-inner{}}@media screen and (max-width: 767px) {#advgb-col-5252d230-1603-4932-88b4-705c4d994e1a>.advgb-column-inner{}}.advgb-img-f4b7f906-553d-4b43-8f48-f0b4ccb2599f.advgb-image-block .advgb-image-overlay{opacity:0.4 !important;}.advgb-img-f4b7f906-553d-4b43-8f48-f0b4ccb2599f.advgb-image-block:hover .advgb-image-overlay{opacity:0.2 !important;}.advgb-img-d320aa4f-03dc-4207-8c89-4a794cd2b1c9.advgb-image-block .advgb-image-overlay{opacity:0.4 !important;}.advgb-img-d320aa4f-03dc-4207-8c89-4a794cd2b1c9.advgb-image-block:hover .advgb-image-overlay{opacity:0.2 !important;}#advgb-col-df65e83a-29dc-4598-8b1d-fe1f93cfce31>.advgb-column-inner{}@media screen and (max-width: 1023px) {#advgb-col-df65e83a-29dc-4598-8b1d-fe1f93cfce31>.advgb-column-inner{}}@media screen and (max-width: 767px) {#advgb-col-df65e83a-29dc-4598-8b1d-fe1f93cfce31>.advgb-column-inner{}}.advgb-img-d320aa4f-03dc-4207-8c89-4a794cd2b1c9.advgb-image-block .advgb-image-overlay{opacity:0.4 !important;}.advgb-img-d320aa4f-03dc-4207-8c89-4a794cd2b1c9.advgb-image-block:hover .advgb-image-overlay{opacity:0.2 !important;}#advgb-cols-0f0bf7f1-f742-4fd9-8ac3-f957c3dbd432{margin-bottom:50px;}@media screen and (max-width: 1023px) {#advgb-cols-0f0bf7f1-f742-4fd9-8ac3-f957c3dbd432{}}@media screen and (max-width: 767px) {#advgb-cols-0f0bf7f1-f742-4fd9-8ac3-f957c3dbd432{margin-bottom:0px;}}#advgb-col-5252d230-1603-4932-88b4-705c4d994e1a>.advgb-column-inner{}@media screen and (max-width: 1023px) {#advgb-col-5252d230-1603-4932-88b4-705c4d994e1a>.advgb-column-inner{}}@media screen and (max-width: 767px) {#advgb-col-5252d230-1603-4932-88b4-705c4d994e1a>.advgb-column-inner{}}.advgb-img-f4b7f906-553d-4b43-8f48-f0b4ccb2599f.advgb-image-block .advgb-image-overlay{opacity:0.4 !important;}.advgb-img-f4b7f906-553d-4b43-8f48-f0b4ccb2599f.advgb-image-block:hover .advgb-image-overlay{opacity:0.2 !important;}#advgb-col-df65e83a-29dc-4598-8b1d-fe1f93cfce31>.advgb-column-inner{}@media screen and (max-width: 1023px) {#advgb-col-df65e83a-29dc-4598-8b1d-fe1f93cfce31>.advgb-column-inner{}}@media screen and (max-width: 767px) {#advgb-col-df65e83a-29dc-4598-8b1d-fe1f93cfce31>.advgb-column-inner{}}.advgb-img-d320aa4f-03dc-4207-8c89-4a794cd2b1c9.advgb-image-block .advgb-image-overlay{opacity:0.4 !important;}.advgb-img-d320aa4f-03dc-4207-8c89-4a794cd2b1c9.advgb-image-block:hover .advgb-image-overlay{opacity:0.2 !important;}<\/style>","protected":false},"excerpt":{"rendered":"<p>Simple and elegant aluminium gates can be a real showpiece for the home or office. Due to their neutral and timeless appearance, they will fit in with any style of facade.<\/p>\n<p>Gates made of aluminium are a perfect match for popularly used contemporary finishing materials. An aluminium gate will blend in perfectly with plain plaster, glass, steel, modern cladding and also wood. Among our range of aluminium gates, you can find sliding gates, 'no counterbalance' sliding gates, double-leaf gates and bifold gates. Each aluminium gate model can be tailored to your specific needs.<\/p>","protected":false},"author":51,"featured_media":4404,"parent":0,"menu_order":0,"comment_status":"closed","ping_status":"closed","template":"","meta":{"inline_featured_image":false,"_uag_custom_page_level_css":"","advgb_blocks_editor_width":"","advgb_blocks_columns_visual_guide":"","footnotes":""},"class_list":["post-4228","page","type-page","status-publish","has-post-thumbnail","hentry"],"yoast_head":"<!-- This site is optimized with the Yoast SEO plugin v27.4 - https:\/\/yoast.com\/product\/yoast-seo-wordpress\/ -->\n<title>Bramy aluminiowe: przesuwne, dwuskrzyd\u0142owe, \u0142amane, z nap\u0119dem | Alfen<\/title>\n<meta name=\"description\" content=\"Odkryj ofert\u0119 bram aluminiowych Alfen: bramy przesuwne, dwuskrzyd\u0142owe, \u0142amane i z nap\u0119dem. Trwa\u0142o\u015b\u0107, nowoczesny design i funkcjonalno\u015b\u0107 dla Twojego domu.\" \/>\n<meta name=\"robots\" content=\"index, follow, max-snippet:-1, max-image-preview:large, max-video-preview:-1\" \/>\n<link rel=\"canonical\" href=\"https:\/\/www.alfen.pl\/en\/bramy\/\" \/>\n<meta property=\"og:locale\" content=\"en_GB\" \/>\n<meta property=\"og:type\" content=\"article\" \/>\n<meta property=\"og:title\" content=\"Bramy aluminiowe: przesuwne, dwuskrzyd\u0142owe, \u0142amane, z nap\u0119dem | Alfen\" \/>\n<meta property=\"og:description\" content=\"Odkryj ofert\u0119 bram aluminiowych Alfen: bramy przesuwne, dwuskrzyd\u0142owe, \u0142amane i z nap\u0119dem. Trwa\u0142o\u015b\u0107, nowoczesny design i funkcjonalno\u015b\u0107 dla Twojego domu.\" \/>\n<meta property=\"og:url\" content=\"https:\/\/www.alfen.pl\/en\/bramy\/\" \/>\n<meta property=\"og:site_name\" content=\"Alfen\" \/>\n<meta property=\"article:modified_time\" content=\"2025-09-15T07:34:51+00:00\" \/>\n<meta property=\"og:image\" content=\"https:\/\/www.alfen.pl\/wp-content\/uploads\/2023\/05\/R06-Brama-main.jpg\" \/>\n\t<meta property=\"og:image:width\" content=\"1920\" \/>\n\t<meta property=\"og:image:height\" content=\"1080\" \/>\n\t<meta property=\"og:image:type\" content=\"image\/jpeg\" \/>\n<meta name=\"twitter:card\" content=\"summary_large_image\" \/>\n<meta name=\"twitter:label1\" content=\"Estimated reading time\" \/>\n\t<meta name=\"twitter:data1\" content=\"38 minutes\" \/>\n<script type=\"application\/ld+json\" class=\"yoast-schema-graph\">{\"@context\":\"https:\\\/\\\/schema.org\",\"@graph\":[{\"@type\":\"WebPage\",\"@id\":\"https:\\\/\\\/www.alfen.pl\\\/bramy\\\/\",\"url\":\"https:\\\/\\\/www.alfen.pl\\\/bramy\\\/\",\"name\":\"Bramy aluminiowe: przesuwne, dwuskrzyd\u0142owe, \u0142amane, z nap\u0119dem | Alfen\",\"isPartOf\":{\"@id\":\"https:\\\/\\\/www.alfen.pl\\\/#website\"},\"primaryImageOfPage\":{\"@id\":\"https:\\\/\\\/www.alfen.pl\\\/bramy\\\/#primaryimage\"},\"image\":{\"@id\":\"https:\\\/\\\/www.alfen.pl\\\/bramy\\\/#primaryimage\"},\"thumbnailUrl\":\"https:\\\/\\\/www.alfen.pl\\\/wp-content\\\/uploads\\\/2023\\\/05\\\/R06-Brama-main.jpg\",\"datePublished\":\"2023-05-07T23:38:28+00:00\",\"dateModified\":\"2025-09-15T07:34:51+00:00\",\"description\":\"Odkryj ofert\u0119 bram aluminiowych Alfen: bramy przesuwne, dwuskrzyd\u0142owe, \u0142amane i z nap\u0119dem. Trwa\u0142o\u015b\u0107, nowoczesny design i funkcjonalno\u015b\u0107 dla Twojego domu.\",\"breadcrumb\":{\"@id\":\"https:\\\/\\\/www.alfen.pl\\\/bramy\\\/#breadcrumb\"},\"inLanguage\":\"en-GB\",\"potentialAction\":[{\"@type\":\"ReadAction\",\"target\":[\"https:\\\/\\\/www.alfen.pl\\\/bramy\\\/\"]}]},{\"@type\":\"ImageObject\",\"inLanguage\":\"en-GB\",\"@id\":\"https:\\\/\\\/www.alfen.pl\\\/bramy\\\/#primaryimage\",\"url\":\"https:\\\/\\\/www.alfen.pl\\\/wp-content\\\/uploads\\\/2023\\\/05\\\/R06-Brama-main.jpg\",\"contentUrl\":\"https:\\\/\\\/www.alfen.pl\\\/wp-content\\\/uploads\\\/2023\\\/05\\\/R06-Brama-main.jpg\",\"width\":1920,\"height\":1080},{\"@type\":\"BreadcrumbList\",\"@id\":\"https:\\\/\\\/www.alfen.pl\\\/bramy\\\/#breadcrumb\",\"itemListElement\":[{\"@type\":\"ListItem\",\"position\":1,\"name\":\"Alfen\",\"item\":\"https:\\\/\\\/www.alfen.pl\\\/\"},{\"@type\":\"ListItem\",\"position\":2,\"name\":\"Bramy\"}]},{\"@type\":\"WebSite\",\"@id\":\"https:\\\/\\\/www.alfen.pl\\\/#website\",\"url\":\"https:\\\/\\\/www.alfen.pl\\\/\",\"name\":\"Alfen\",\"description\":\"Premium aluminum fences\",\"publisher\":{\"@id\":\"https:\\\/\\\/www.alfen.pl\\\/#organization\"},\"potentialAction\":[{\"@type\":\"SearchAction\",\"target\":{\"@type\":\"EntryPoint\",\"urlTemplate\":\"https:\\\/\\\/www.alfen.pl\\\/?s={search_term_string}\"},\"query-input\":{\"@type\":\"PropertyValueSpecification\",\"valueRequired\":true,\"valueName\":\"search_term_string\"}}],\"inLanguage\":\"en-GB\"},{\"@type\":\"Organization\",\"@id\":\"https:\\\/\\\/www.alfen.pl\\\/#organization\",\"name\":\"Alfen\",\"url\":\"https:\\\/\\\/www.alfen.pl\\\/\",\"logo\":{\"@type\":\"ImageObject\",\"inLanguage\":\"en-GB\",\"@id\":\"https:\\\/\\\/www.alfen.pl\\\/#\\\/schema\\\/logo\\\/image\\\/\",\"url\":\"https:\\\/\\\/www.alfen.pl\\\/wp-content\\\/uploads\\\/2023\\\/05\\\/logo-alfen-pn6g1u7a96jpxbbl1fnd7lrrq2do24o5l3xhqiompy.png\",\"contentUrl\":\"https:\\\/\\\/www.alfen.pl\\\/wp-content\\\/uploads\\\/2023\\\/05\\\/logo-alfen-pn6g1u7a96jpxbbl1fnd7lrrq2do24o5l3xhqiompy.png\",\"width\":150,\"height\":39,\"caption\":\"Alfen\"},\"image\":{\"@id\":\"https:\\\/\\\/www.alfen.pl\\\/#\\\/schema\\\/logo\\\/image\\\/\"}}]}<\/script>\n<!-- \/ Yoast SEO plugin. -->","yoast_head_json":{"title":"Bramy aluminiowe: przesuwne, dwuskrzyd\u0142owe, \u0142amane, z nap\u0119dem | Alfen","description":"Odkryj ofert\u0119 bram aluminiowych Alfen: bramy przesuwne, dwuskrzyd\u0142owe, \u0142amane i z nap\u0119dem. Trwa\u0142o\u015b\u0107, nowoczesny design i funkcjonalno\u015b\u0107 dla Twojego domu.","robots":{"index":"index","follow":"follow","max-snippet":"max-snippet:-1","max-image-preview":"max-image-preview:large","max-video-preview":"max-video-preview:-1"},"canonical":"https:\/\/www.alfen.pl\/en\/bramy\/","og_locale":"en_GB","og_type":"article","og_title":"Bramy aluminiowe: przesuwne, dwuskrzyd\u0142owe, \u0142amane, z nap\u0119dem | Alfen","og_description":"Odkryj ofert\u0119 bram aluminiowych Alfen: bramy przesuwne, dwuskrzyd\u0142owe, \u0142amane i z nap\u0119dem. Trwa\u0142o\u015b\u0107, nowoczesny design i funkcjonalno\u015b\u0107 dla Twojego domu.","og_url":"https:\/\/www.alfen.pl\/en\/bramy\/","og_site_name":"Alfen","article_modified_time":"2025-09-15T07:34:51+00:00","og_image":[{"width":1920,"height":1080,"url":"https:\/\/www.alfen.pl\/wp-content\/uploads\/2023\/05\/R06-Brama-main.jpg","type":"image\/jpeg"}],"twitter_card":"summary_large_image","twitter_misc":{"Estimated reading time":"38 minutes"},"schema":{"@context":"https:\/\/schema.org","@graph":[{"@type":"WebPage","@id":"https:\/\/www.alfen.pl\/bramy\/","url":"https:\/\/www.alfen.pl\/bramy\/","name":"Bramy aluminiowe: przesuwne, dwuskrzyd\u0142owe, \u0142amane, z nap\u0119dem | Alfen","isPartOf":{"@id":"https:\/\/www.alfen.pl\/#website"},"primaryImageOfPage":{"@id":"https:\/\/www.alfen.pl\/bramy\/#primaryimage"},"image":{"@id":"https:\/\/www.alfen.pl\/bramy\/#primaryimage"},"thumbnailUrl":"https:\/\/www.alfen.pl\/wp-content\/uploads\/2023\/05\/R06-Brama-main.jpg","datePublished":"2023-05-07T23:38:28+00:00","dateModified":"2025-09-15T07:34:51+00:00","description":"Odkryj ofert\u0119 bram aluminiowych Alfen: bramy przesuwne, dwuskrzyd\u0142owe, \u0142amane i z nap\u0119dem. Trwa\u0142o\u015b\u0107, nowoczesny design i funkcjonalno\u015b\u0107 dla Twojego domu.","breadcrumb":{"@id":"https:\/\/www.alfen.pl\/bramy\/#breadcrumb"},"inLanguage":"en-GB","potentialAction":[{"@type":"ReadAction","target":["https:\/\/www.alfen.pl\/bramy\/"]}]},{"@type":"ImageObject","inLanguage":"en-GB","@id":"https:\/\/www.alfen.pl\/bramy\/#primaryimage","url":"https:\/\/www.alfen.pl\/wp-content\/uploads\/2023\/05\/R06-Brama-main.jpg","contentUrl":"https:\/\/www.alfen.pl\/wp-content\/uploads\/2023\/05\/R06-Brama-main.jpg","width":1920,"height":1080},{"@type":"BreadcrumbList","@id":"https:\/\/www.alfen.pl\/bramy\/#breadcrumb","itemListElement":[{"@type":"ListItem","position":1,"name":"Alfen","item":"https:\/\/www.alfen.pl\/"},{"@type":"ListItem","position":2,"name":"Bramy"}]},{"@type":"WebSite","@id":"https:\/\/www.alfen.pl\/#website","url":"https:\/\/www.alfen.pl\/","name":"Alfen","description":"Premium aluminum fences","publisher":{"@id":"https:\/\/www.alfen.pl\/#organization"},"potentialAction":[{"@type":"SearchAction","target":{"@type":"EntryPoint","urlTemplate":"https:\/\/www.alfen.pl\/?s={search_term_string}"},"query-input":{"@type":"PropertyValueSpecification","valueRequired":true,"valueName":"search_term_string"}}],"inLanguage":"en-GB"},{"@type":"Organization","@id":"https:\/\/www.alfen.pl\/#organization","name":"Alfen","url":"https:\/\/www.alfen.pl\/","logo":{"@type":"ImageObject","inLanguage":"en-GB","@id":"https:\/\/www.alfen.pl\/#\/schema\/logo\/image\/","url":"https:\/\/www.alfen.pl\/wp-content\/uploads\/2023\/05\/logo-alfen-pn6g1u7a96jpxbbl1fnd7lrrq2do24o5l3xhqiompy.png","contentUrl":"https:\/\/www.alfen.pl\/wp-content\/uploads\/2023\/05\/logo-alfen-pn6g1u7a96jpxbbl1fnd7lrrq2do24o5l3xhqiompy.png","width":150,"height":39,"caption":"Alfen"},"image":{"@id":"https:\/\/www.alfen.pl\/#\/schema\/logo\/image\/"}}]}},"uagb_featured_image_src":{"full":["https:\/\/www.alfen.pl\/wp-content\/uploads\/2023\/05\/R06-Brama-main.jpg",1920,1080,false],"thumbnail":["https:\/\/www.alfen.pl\/wp-content\/uploads\/2023\/05\/R06-Brama-main-150x150.jpg",150,150,true],"medium":["https:\/\/www.alfen.pl\/wp-content\/uploads\/2023\/05\/R06-Brama-main-500x281.jpg",500,281,true],"medium_large":["https:\/\/www.alfen.pl\/wp-content\/uploads\/2023\/05\/R06-Brama-main-768x432.jpg",768,432,true],"large":["https:\/\/www.alfen.pl\/wp-content\/uploads\/2023\/05\/R06-Brama-main-1024x576.jpg",1024,576,true],"1536x1536":["https:\/\/www.alfen.pl\/wp-content\/uploads\/2023\/05\/R06-Brama-main-1536x864.jpg",1536,864,true],"2048x2048":["https:\/\/www.alfen.pl\/wp-content\/uploads\/2023\/05\/R06-Brama-main.jpg",1920,1080,false],"trp-custom-language-flag":["https:\/\/www.alfen.pl\/wp-content\/uploads\/2023\/05\/R06-Brama-main-18x10.jpg",18,10,true]},"uagb_author_info":{"display_name":"Adrian Korkus","author_link":"https:\/\/www.alfen.pl\/en\/author\/korit\/"},"uagb_comment_info":0,"uagb_excerpt":"Proste i eleganckie bramy aluminiowe mog\u0105 by\u0107 prawdziw\u0105 wizyt\u00f3wk\u0105 domu czy biura. Ze wzgl\u0119du na sw\u00f3j neutralny i ponadczasowy wygl\u0105d b\u0119d\u0105 pasowa\u0107 do elewacji utrzymanej w ka\u017cdym stylu. Bramy wykonane z aluminium doskonale pasuj\u0105 do popularnie wykorzystywanych, wsp\u00f3\u0142czesnych materia\u0142\u00f3w wyko\u0144czeniowych. Brama aluminiowa b\u0119dzie si\u0119 doskonale komponowa\u0107 z g\u0142adkim tynkiem, szk\u0142em, stal\u0105, nowoczesnymi ok\u0142adzinami, a tak\u017ce&hellip;","coauthors":[],"author_meta":{"author_link":"https:\/\/www.alfen.pl\/en\/author\/korit\/","display_name":"Adrian Korkus"},"relative_dates":{"created":"Posted 3 years ago","modified":"Updated 7 months ago"},"absolute_dates":{"created":"Posted on 8 May 2023","modified":"Updated on 15 September 2025"},"absolute_dates_time":{"created":"Posted on 8 May 2023 01:38","modified":"Updated on 15 September 2025 09:34"},"featured_img_caption":"","featured_img":"https:\/\/www.alfen.pl\/wp-content\/uploads\/2023\/05\/R06-Brama-main.jpg","series_order":"","_links":{"self":[{"href":"https:\/\/www.alfen.pl\/en\/wp-json\/wp\/v2\/pages\/4228","targetHints":{"allow":["GET"]}}],"collection":[{"href":"https:\/\/www.alfen.pl\/en\/wp-json\/wp\/v2\/pages"}],"about":[{"href":"https:\/\/www.alfen.pl\/en\/wp-json\/wp\/v2\/types\/page"}],"author":[{"embeddable":true,"href":"https:\/\/www.alfen.pl\/en\/wp-json\/wp\/v2\/users\/51"}],"replies":[{"embeddable":true,"href":"https:\/\/www.alfen.pl\/en\/wp-json\/wp\/v2\/comments?post=4228"}],"version-history":[{"count":7,"href":"https:\/\/www.alfen.pl\/en\/wp-json\/wp\/v2\/pages\/4228\/revisions"}],"predecessor-version":[{"id":5851,"href":"https:\/\/www.alfen.pl\/en\/wp-json\/wp\/v2\/pages\/4228\/revisions\/5851"}],"wp:featuredmedia":[{"embeddable":true,"href":"https:\/\/www.alfen.pl\/en\/wp-json\/wp\/v2\/media\/4404"}],"wp:attachment":[{"href":"https:\/\/www.alfen.pl\/en\/wp-json\/wp\/v2\/media?parent=4228"}],"curies":[{"name":"wp","href":"https:\/\/api.w.org\/{rel}","templated":true}]}}