{"id":4219,"date":"2023-04-28T08:54:49","date_gmt":"2023-04-28T06:54:49","guid":{"rendered":"https:\/\/www.alfen.pl\/?post_type=aktualnosci&#038;p=4219"},"modified":"2023-04-28T09:01:11","modified_gmt":"2023-04-28T07:01:11","slug":"ogrodzenia-frontowe-nowoczesne-propozycje","status":"publish","type":"aktualnosci","link":"https:\/\/www.alfen.pl\/fr\/aktualnosci\/ogrodzenia-frontowe-nowoczesne-propozycje\/","title":{"rendered":"Cl\u00f4tures frontales - propositions modernes"},"content":{"rendered":"<div class=\"content-blogpost\"><h2>Cl\u00f4tures de fa\u00e7ade - comment choisir la meilleure solution pour votre maison ?<\/h2><p style=\"text-align:justify;\">Les cl\u00f4tures de fa\u00e7ade remplissent une fonction de protection importante pour toute maison. Elles constituent la premi\u00e8re ligne de d\u00e9fense contre les visiteurs ind\u00e9sirables et les objets susceptibles de menacer la s\u00e9curit\u00e9 des habitants de la propri\u00e9t\u00e9. Cependant, ce n'est pas seulement leur fonctionnalit\u00e9 qui est importante : les cl\u00f4tures de fa\u00e7ade influencent \u00e9galement l'esth\u00e9tique de l'ensemble de la propri\u00e9t\u00e9. C'est pourquoi il convient de pr\u00eater attention \u00e0 plusieurs facteurs qui influencent le choix de la bonne cl\u00f4ture.<\/p><p style=\"text-align:justify;\">Outre leur fonction protectrice, les cl\u00f4tures de fa\u00e7ade influencent \u00e9galement l'intimit\u00e9 des habitants d'une propri\u00e9t\u00e9 et l'esth\u00e9tique de leur maison. Gr\u00e2ce \u00e0 elles, vous pouvez s\u00e9parer votre espace de celui du voisin et accro\u00eetre le sentiment d'intimit\u00e9. En outre, une cl\u00f4ture esth\u00e9tiquement r\u00e9ussie influencera positivement l'aspect de l'ensemble de la propri\u00e9t\u00e9, en soulignant son style et son caract\u00e8re. Il est \u00e9galement important que la cl\u00f4ture s'harmonise avec le style architectural de la maison et le caract\u00e8re de la r\u00e9gion dans laquelle elle est situ\u00e9e. C'est pourquoi Alfen Aluminum Fences propose diff\u00e9rents types de cl\u00f4tures afin que chaque client puisse trouver le style qui convient \u00e0 sa maison.<\/p><h2>Cl\u00f4tures en aluminium Alfen - cl\u00f4tures frontales innovantes et esth\u00e9tiques<\/h2><p style=\"text-align:justify;\">Alfen Aluminum Fences est une entreprise sp\u00e9cialis\u00e9e dans la fabrication de <a href=\"https:\/\/www.alfen.pl\/fr\/\">cl\u00f4tures modernes<\/a> front. Leurs produits ne sont pas seulement une solution fonctionnelle, mais aussi une solution esth\u00e9tique. L'entreprise propose <a href=\"https:\/\/www.alfen.pl\/fr\/grupa-c\/\">cl\u00f4tures classiques<\/a>vertical, horizontal. Chacun d'entre eux poss\u00e8de ses propres caract\u00e9ristiques, de sorte que chaque client y trouve son compte.<\/p><h2>Durabilit\u00e9 et innovation - des qualit\u00e9s qui distinguent les produits d'Alfen Aluminum Fences<\/h2><p style=\"text-align:justify;\">L'un des facteurs cl\u00e9s dans le choix d'une cl\u00f4ture frontale est sa durabilit\u00e9. Alfen Aluminum Fences n'utilise que des mat\u00e9riaux de qualit\u00e9 sup\u00e9rieure, ce qui se traduit par des cl\u00f4tures durables et fiables. En outre, l'entreprise s'appuie sur des solutions technologiques innovantes pour garantir la s\u00e9curit\u00e9 et la fonctionnalit\u00e9 de ses cl\u00f4tures frontales.<\/p><img decoding=\"async\" class=\"aligncenter size-full wp-image-9615\" src=\"https:\/\/www.alfen.pl\/wp-content\/uploads\/2023\/04\/ogrodzenia-frontowe-nowoczesne-propozycje-2.jpeg\" alt=\"\"><h2>Le portail \u00e0 contrepoids - une alternative moderne et pratique<\/h2><p style=\"text-align:justify;\">L'un des produits phares d'Alfen Aluminum Fences est le portail sans contrepoids. Cette solution est id\u00e9ale pour ceux qui appr\u00e9cient le design moderne et la facilit\u00e9 d'utilisation. Le portail sans contrepoids garantit une ouverture et une fermeture douces et silencieuses, ce qui est particuli\u00e8rement important pour les maisons situ\u00e9es \u00e0 proximit\u00e9 d'une rue tr\u00e8s fr\u00e9quent\u00e9e.<\/p><h2>Portail coulissant - une solution fonctionnelle pour un espace limit\u00e9<\/h2><p style=\"text-align:justify;\">Un autre produit qui m\u00e9rite d'\u00eatre examin\u00e9 est le portail coulissant. Il s'agit d'une solution id\u00e9ale pour ceux qui disposent d'un espace limit\u00e9 pour entrer dans la propri\u00e9t\u00e9. Le portail coulissant n'est pas seulement une solution fonctionnelle, mais aussi esth\u00e9tique, car il pr\u00e9sente un design moderne qui s'inscrit dans les tendances architecturales.<\/p><h2>Une peinture de haute qualit\u00e9 - une garantie d'esth\u00e9tique pour de nombreuses ann\u00e9es<\/h2><p style=\"text-align:justify;\">Les cl\u00f4tures en aluminium d'Alfen sont \u00e9galement synonymes de peinture de haute qualit\u00e9. L'entreprise utilise la technologie de peinture standard Qualicoat, qui garantit la durabilit\u00e9 et la r\u00e9sistance aux dommages m\u00e9caniques et aux intemp\u00e9ries. Les cl\u00f4tures avant d'Alfen Aluminum Fences conservent ainsi leur aspect esth\u00e9tique pendant de nombreuses ann\u00e9es.<\/p><h2>Cl\u00f4tures de fa\u00e7ade - choisissez le bon style pour votre maison<\/h2><p style=\"text-align:justify;\">Lors du choix d'une cl\u00f4ture de fa\u00e7ade, il convient de s'interroger sur le style qui convient au caract\u00e8re de notre maison. Alfen Aluminum Fences propose <a href=\"https:\/\/www.alfen.pl\/fr\/grupa-r\/\">cl\u00f4tures verticales<\/a>Les cl\u00f4tures peuvent \u00eatre horizontales ou classiques et s'adapteront parfaitement aux diff\u00e9rents styles architecturaux. Les cl\u00f4tures verticales sont la solution pour ceux qui appr\u00e9cient le design moderne, tandis que les cl\u00f4tures horizontales s'int\u00e8grent parfaitement dans les diff\u00e9rents styles architecturaux. <a href=\"https:\/\/www.alfen.pl\/fr\/grupa-n\/\">cl\u00f4tures horizontales<\/a> est le choix id\u00e9al pour les amateurs de simplicit\u00e9 et de minimalisme. Ceux qui pr\u00e9f\u00e8rent les solutions classiques seront certainement int\u00e9ress\u00e9s par l'offre de cl\u00f4tures classiques.<\/p><h2>Alfen Aluminum Fences cl\u00f4tures frontales - alliant fonctionnalit\u00e9 et esth\u00e9tique<\/h2><p style=\"text-align:justify;\">Les cl\u00f4tures de fa\u00e7ade ne sont pas seulement un \u00e9l\u00e9ment de protection pour nos maisons, mais aussi un \u00e9l\u00e9ment esth\u00e9tique qui affecte l'aspect de l'ensemble de la propri\u00e9t\u00e9. Il convient donc de choisir une cl\u00f4ture qui allie durabilit\u00e9, innovation, tr\u00e8s haute qualit\u00e9 et haute esth\u00e9tique. Alfen Aluminum Fences propose des produits qui r\u00e9pondent \u00e0 ces exigences et qui sont parmi les meilleurs du march\u00e9. S\u00e9curit\u00e9, fonctionnalit\u00e9 et design - telles sont les qualit\u00e9s qui distinguent les cl\u00f4tures frontales d'Alfen Aluminum Fences.<\/p> \n<\/div>","protected":false},"excerpt":{"rendered":"<p>Ogrodzenia frontowe \u2013 jak wybra\u0107 najlepsze rozwi\u0105zanie dla swojego domu? Ogrodzenia frontowe pe\u0142ni\u0105 wa\u017cn\u0105 funkcj\u0119 ochronn\u0105 dla ka\u017cdego domu. S\u0105 one pierwsz\u0105 lini\u0105 obrony przed nieproszonymi go\u015b\u0107mi oraz przedmiotami, kt\u00f3re mog\u0105 zagra\u017ca\u0107 bezpiecze\u0144stwu mieszka\u0144c\u00f3w posesji. Jednak nie tylko ich funkcjonalno\u015b\u0107 jest wa\u017cna \u2013 ogrodzenia frontowe wp\u0142ywaj\u0105 r\u00f3wnie\u017c na estetyk\u0119 ca\u0142ej posesji. Dlatego warto zwr\u00f3ci\u0107 uwag\u0119 [&hellip;]<\/p>\n","protected":false},"author":2,"featured_media":4214,"parent":0,"template":"","taxonomy\/autorzy":[78],"class_list":["post-4219","aktualnosci","type-aktualnosci","status-publish","has-post-thumbnail","hentry","autorzy-alfen"],"yoast_head":"<!-- This site is optimized with the Yoast SEO plugin v27.5 - https:\/\/yoast.com\/product\/yoast-seo-wordpress\/ -->\n<title>Ogrodzenia frontowe - nowoczesne propozycje - Alfen<\/title>\n<meta name=\"robots\" content=\"index, follow, max-snippet:-1, max-image-preview:large, max-video-preview:-1\" \/>\n<link rel=\"canonical\" href=\"https:\/\/www.alfen.pl\/fr\/aktualnosci\/ogrodzenia-frontowe-nowoczesne-propozycje\/\" \/>\n<meta property=\"og:locale\" content=\"fr_FR\" \/>\n<meta property=\"og:type\" content=\"article\" \/>\n<meta property=\"og:title\" content=\"Ogrodzenia frontowe - nowoczesne propozycje - Alfen\" \/>\n<meta property=\"og:description\" content=\"Ogrodzenia frontowe \u2013 jak wybra\u0107 najlepsze rozwi\u0105zanie dla swojego domu? Ogrodzenia frontowe pe\u0142ni\u0105 wa\u017cn\u0105 funkcj\u0119 ochronn\u0105 dla ka\u017cdego domu. S\u0105 one pierwsz\u0105 lini\u0105 obrony przed nieproszonymi go\u015b\u0107mi oraz przedmiotami, kt\u00f3re mog\u0105 zagra\u017ca\u0107 bezpiecze\u0144stwu mieszka\u0144c\u00f3w posesji. Jednak nie tylko ich funkcjonalno\u015b\u0107 jest wa\u017cna \u2013 ogrodzenia frontowe wp\u0142ywaj\u0105 r\u00f3wnie\u017c na estetyk\u0119 ca\u0142ej posesji. Dlatego warto zwr\u00f3ci\u0107 uwag\u0119 [&hellip;]\" \/>\n<meta property=\"og:url\" content=\"https:\/\/www.alfen.pl\/fr\/aktualnosci\/ogrodzenia-frontowe-nowoczesne-propozycje\/\" \/>\n<meta property=\"og:site_name\" content=\"Alfen\" \/>\n<meta property=\"article:modified_time\" content=\"2023-04-28T07:01:11+00:00\" \/>\n<meta property=\"og:image\" content=\"https:\/\/www.alfen.pl\/wp-content\/uploads\/2023\/04\/ogrodzenia-frontowe-nowoczesne-propozycje-1.jpeg\" \/>\n\t<meta property=\"og:image:width\" content=\"1000\" \/>\n\t<meta property=\"og:image:height\" content=\"667\" \/>\n\t<meta property=\"og:image:type\" content=\"image\/jpeg\" \/>\n<meta name=\"twitter:card\" content=\"summary_large_image\" \/>\n<meta name=\"twitter:label1\" content=\"Dur\u00e9e de lecture estim\u00e9e\" \/>\n\t<meta name=\"twitter:data1\" content=\"4 minutes\" \/>\n<script type=\"application\/ld+json\" class=\"yoast-schema-graph\">{\"@context\":\"https:\\\/\\\/schema.org\",\"@graph\":[{\"@type\":\"WebPage\",\"@id\":\"https:\\\/\\\/www.alfen.pl\\\/aktualnosci\\\/ogrodzenia-frontowe-nowoczesne-propozycje\\\/\",\"url\":\"https:\\\/\\\/www.alfen.pl\\\/aktualnosci\\\/ogrodzenia-frontowe-nowoczesne-propozycje\\\/\",\"name\":\"Ogrodzenia frontowe - nowoczesne propozycje - Alfen\",\"isPartOf\":{\"@id\":\"https:\\\/\\\/www.alfen.pl\\\/#website\"},\"primaryImageOfPage\":{\"@id\":\"https:\\\/\\\/www.alfen.pl\\\/aktualnosci\\\/ogrodzenia-frontowe-nowoczesne-propozycje\\\/#primaryimage\"},\"image\":{\"@id\":\"https:\\\/\\\/www.alfen.pl\\\/aktualnosci\\\/ogrodzenia-frontowe-nowoczesne-propozycje\\\/#primaryimage\"},\"thumbnailUrl\":\"https:\\\/\\\/www.alfen.pl\\\/wp-content\\\/uploads\\\/2023\\\/04\\\/ogrodzenia-frontowe-nowoczesne-propozycje-1.jpeg\",\"datePublished\":\"2023-04-28T06:54:49+00:00\",\"dateModified\":\"2023-04-28T07:01:11+00:00\",\"breadcrumb\":{\"@id\":\"https:\\\/\\\/www.alfen.pl\\\/aktualnosci\\\/ogrodzenia-frontowe-nowoczesne-propozycje\\\/#breadcrumb\"},\"inLanguage\":\"fr-FR\",\"potentialAction\":[{\"@type\":\"ReadAction\",\"target\":[\"https:\\\/\\\/www.alfen.pl\\\/aktualnosci\\\/ogrodzenia-frontowe-nowoczesne-propozycje\\\/\"]}]},{\"@type\":\"ImageObject\",\"inLanguage\":\"fr-FR\",\"@id\":\"https:\\\/\\\/www.alfen.pl\\\/aktualnosci\\\/ogrodzenia-frontowe-nowoczesne-propozycje\\\/#primaryimage\",\"url\":\"https:\\\/\\\/www.alfen.pl\\\/wp-content\\\/uploads\\\/2023\\\/04\\\/ogrodzenia-frontowe-nowoczesne-propozycje-1.jpeg\",\"contentUrl\":\"https:\\\/\\\/www.alfen.pl\\\/wp-content\\\/uploads\\\/2023\\\/04\\\/ogrodzenia-frontowe-nowoczesne-propozycje-1.jpeg\",\"width\":1000,\"height\":667},{\"@type\":\"BreadcrumbList\",\"@id\":\"https:\\\/\\\/www.alfen.pl\\\/aktualnosci\\\/ogrodzenia-frontowe-nowoczesne-propozycje\\\/#breadcrumb\",\"itemListElement\":[{\"@type\":\"ListItem\",\"position\":1,\"name\":\"Alfen\",\"item\":\"https:\\\/\\\/www.alfen.pl\\\/\"},{\"@type\":\"ListItem\",\"position\":2,\"name\":\"Aktualno\u015bci\",\"item\":\"https:\\\/\\\/www.alfen.pl\\\/aktualnosci\\\/\"},{\"@type\":\"ListItem\",\"position\":3,\"name\":\"Ogrodzenia frontowe &#8211; nowoczesne propozycje\"}]},{\"@type\":\"WebSite\",\"@id\":\"https:\\\/\\\/www.alfen.pl\\\/#website\",\"url\":\"https:\\\/\\\/www.alfen.pl\\\/\",\"name\":\"Alfen\",\"description\":\"Premium aluminum fences\",\"publisher\":{\"@id\":\"https:\\\/\\\/www.alfen.pl\\\/#organization\"},\"potentialAction\":[{\"@type\":\"SearchAction\",\"target\":{\"@type\":\"EntryPoint\",\"urlTemplate\":\"https:\\\/\\\/www.alfen.pl\\\/?s={search_term_string}\"},\"query-input\":{\"@type\":\"PropertyValueSpecification\",\"valueRequired\":true,\"valueName\":\"search_term_string\"}}],\"inLanguage\":\"fr-FR\"},{\"@type\":\"Organization\",\"@id\":\"https:\\\/\\\/www.alfen.pl\\\/#organization\",\"name\":\"Alfen\",\"url\":\"https:\\\/\\\/www.alfen.pl\\\/\",\"logo\":{\"@type\":\"ImageObject\",\"inLanguage\":\"fr-FR\",\"@id\":\"https:\\\/\\\/www.alfen.pl\\\/#\\\/schema\\\/logo\\\/image\\\/\",\"url\":\"https:\\\/\\\/www.alfen.pl\\\/wp-content\\\/uploads\\\/2023\\\/05\\\/logo-alfen-pn6g1u7a96jpxbbl1fnd7lrrq2do24o5l3xhqiompy.png\",\"contentUrl\":\"https:\\\/\\\/www.alfen.pl\\\/wp-content\\\/uploads\\\/2023\\\/05\\\/logo-alfen-pn6g1u7a96jpxbbl1fnd7lrrq2do24o5l3xhqiompy.png\",\"width\":150,\"height\":39,\"caption\":\"Alfen\"},\"image\":{\"@id\":\"https:\\\/\\\/www.alfen.pl\\\/#\\\/schema\\\/logo\\\/image\\\/\"}}]}<\/script>\n<!-- \/ Yoast SEO plugin. -->","yoast_head_json":{"title":"Ogrodzenia frontowe - nowoczesne propozycje - Alfen","robots":{"index":"index","follow":"follow","max-snippet":"max-snippet:-1","max-image-preview":"max-image-preview:large","max-video-preview":"max-video-preview:-1"},"canonical":"https:\/\/www.alfen.pl\/fr\/aktualnosci\/ogrodzenia-frontowe-nowoczesne-propozycje\/","og_locale":"fr_FR","og_type":"article","og_title":"Ogrodzenia frontowe - nowoczesne propozycje - Alfen","og_description":"Ogrodzenia frontowe \u2013 jak wybra\u0107 najlepsze rozwi\u0105zanie dla swojego domu? Ogrodzenia frontowe pe\u0142ni\u0105 wa\u017cn\u0105 funkcj\u0119 ochronn\u0105 dla ka\u017cdego domu. S\u0105 one pierwsz\u0105 lini\u0105 obrony przed nieproszonymi go\u015b\u0107mi oraz przedmiotami, kt\u00f3re mog\u0105 zagra\u017ca\u0107 bezpiecze\u0144stwu mieszka\u0144c\u00f3w posesji. Jednak nie tylko ich funkcjonalno\u015b\u0107 jest wa\u017cna \u2013 ogrodzenia frontowe wp\u0142ywaj\u0105 r\u00f3wnie\u017c na estetyk\u0119 ca\u0142ej posesji. Dlatego warto zwr\u00f3ci\u0107 uwag\u0119 [&hellip;]","og_url":"https:\/\/www.alfen.pl\/fr\/aktualnosci\/ogrodzenia-frontowe-nowoczesne-propozycje\/","og_site_name":"Alfen","article_modified_time":"2023-04-28T07:01:11+00:00","og_image":[{"width":1000,"height":667,"url":"https:\/\/www.alfen.pl\/wp-content\/uploads\/2023\/04\/ogrodzenia-frontowe-nowoczesne-propozycje-1.jpeg","type":"image\/jpeg"}],"twitter_card":"summary_large_image","twitter_misc":{"Dur\u00e9e de lecture estim\u00e9e":"4 minutes"},"schema":{"@context":"https:\/\/schema.org","@graph":[{"@type":"WebPage","@id":"https:\/\/www.alfen.pl\/aktualnosci\/ogrodzenia-frontowe-nowoczesne-propozycje\/","url":"https:\/\/www.alfen.pl\/aktualnosci\/ogrodzenia-frontowe-nowoczesne-propozycje\/","name":"Ogrodzenia frontowe - nowoczesne propozycje - Alfen","isPartOf":{"@id":"https:\/\/www.alfen.pl\/#website"},"primaryImageOfPage":{"@id":"https:\/\/www.alfen.pl\/aktualnosci\/ogrodzenia-frontowe-nowoczesne-propozycje\/#primaryimage"},"image":{"@id":"https:\/\/www.alfen.pl\/aktualnosci\/ogrodzenia-frontowe-nowoczesne-propozycje\/#primaryimage"},"thumbnailUrl":"https:\/\/www.alfen.pl\/wp-content\/uploads\/2023\/04\/ogrodzenia-frontowe-nowoczesne-propozycje-1.jpeg","datePublished":"2023-04-28T06:54:49+00:00","dateModified":"2023-04-28T07:01:11+00:00","breadcrumb":{"@id":"https:\/\/www.alfen.pl\/aktualnosci\/ogrodzenia-frontowe-nowoczesne-propozycje\/#breadcrumb"},"inLanguage":"fr-FR","potentialAction":[{"@type":"ReadAction","target":["https:\/\/www.alfen.pl\/aktualnosci\/ogrodzenia-frontowe-nowoczesne-propozycje\/"]}]},{"@type":"ImageObject","inLanguage":"fr-FR","@id":"https:\/\/www.alfen.pl\/aktualnosci\/ogrodzenia-frontowe-nowoczesne-propozycje\/#primaryimage","url":"https:\/\/www.alfen.pl\/wp-content\/uploads\/2023\/04\/ogrodzenia-frontowe-nowoczesne-propozycje-1.jpeg","contentUrl":"https:\/\/www.alfen.pl\/wp-content\/uploads\/2023\/04\/ogrodzenia-frontowe-nowoczesne-propozycje-1.jpeg","width":1000,"height":667},{"@type":"BreadcrumbList","@id":"https:\/\/www.alfen.pl\/aktualnosci\/ogrodzenia-frontowe-nowoczesne-propozycje\/#breadcrumb","itemListElement":[{"@type":"ListItem","position":1,"name":"Alfen","item":"https:\/\/www.alfen.pl\/"},{"@type":"ListItem","position":2,"name":"Aktualno\u015bci","item":"https:\/\/www.alfen.pl\/aktualnosci\/"},{"@type":"ListItem","position":3,"name":"Ogrodzenia frontowe &#8211; nowoczesne propozycje"}]},{"@type":"WebSite","@id":"https:\/\/www.alfen.pl\/#website","url":"https:\/\/www.alfen.pl\/","name":"Alfen","description":"Cl\u00f4tures en aluminium de qualit\u00e9 sup\u00e9rieure","publisher":{"@id":"https:\/\/www.alfen.pl\/#organization"},"potentialAction":[{"@type":"SearchAction","target":{"@type":"EntryPoint","urlTemplate":"https:\/\/www.alfen.pl\/?s={search_term_string}"},"query-input":{"@type":"PropertyValueSpecification","valueRequired":true,"valueName":"search_term_string"}}],"inLanguage":"fr-FR"},{"@type":"Organization","@id":"https:\/\/www.alfen.pl\/#organization","name":"Alfen","url":"https:\/\/www.alfen.pl\/","logo":{"@type":"ImageObject","inLanguage":"fr-FR","@id":"https:\/\/www.alfen.pl\/#\/schema\/logo\/image\/","url":"https:\/\/www.alfen.pl\/wp-content\/uploads\/2023\/05\/logo-alfen-pn6g1u7a96jpxbbl1fnd7lrrq2do24o5l3xhqiompy.png","contentUrl":"https:\/\/www.alfen.pl\/wp-content\/uploads\/2023\/05\/logo-alfen-pn6g1u7a96jpxbbl1fnd7lrrq2do24o5l3xhqiompy.png","width":150,"height":39,"caption":"Alfen"},"image":{"@id":"https:\/\/www.alfen.pl\/#\/schema\/logo\/image\/"}}]}},"uagb_featured_image_src":{"full":["https:\/\/www.alfen.pl\/wp-content\/uploads\/2023\/04\/ogrodzenia-frontowe-nowoczesne-propozycje-1.jpeg",1000,667,false],"thumbnail":["https:\/\/www.alfen.pl\/wp-content\/uploads\/2023\/04\/ogrodzenia-frontowe-nowoczesne-propozycje-1-150x150.jpeg",150,150,true],"medium":["https:\/\/www.alfen.pl\/wp-content\/uploads\/2023\/04\/ogrodzenia-frontowe-nowoczesne-propozycje-1-450x300.jpeg",450,300,true],"medium_large":["https:\/\/www.alfen.pl\/wp-content\/uploads\/2023\/04\/ogrodzenia-frontowe-nowoczesne-propozycje-1-768x512.jpeg",768,512,true],"large":["https:\/\/www.alfen.pl\/wp-content\/uploads\/2023\/04\/ogrodzenia-frontowe-nowoczesne-propozycje-1.jpeg",1000,667,false],"1536x1536":["https:\/\/www.alfen.pl\/wp-content\/uploads\/2023\/04\/ogrodzenia-frontowe-nowoczesne-propozycje-1.jpeg",1000,667,false],"2048x2048":["https:\/\/www.alfen.pl\/wp-content\/uploads\/2023\/04\/ogrodzenia-frontowe-nowoczesne-propozycje-1.jpeg",1000,667,false],"trp-custom-language-flag":["https:\/\/www.alfen.pl\/wp-content\/uploads\/2023\/04\/ogrodzenia-frontowe-nowoczesne-propozycje-1-18x12.jpeg",18,12,true]},"uagb_author_info":{"display_name":"Alfen","author_link":"https:\/\/www.alfen.pl\/fr\/author\/alfen\/"},"uagb_comment_info":0,"uagb_excerpt":"Ogrodzenia frontowe \u2013 jak wybra\u0107 najlepsze rozwi\u0105zanie dla swojego domu? Ogrodzenia frontowe pe\u0142ni\u0105 wa\u017cn\u0105 funkcj\u0119 ochronn\u0105 dla ka\u017cdego domu. S\u0105 one pierwsz\u0105 lini\u0105 obrony przed nieproszonymi go\u015b\u0107mi oraz przedmiotami, kt\u00f3re mog\u0105 zagra\u017ca\u0107 bezpiecze\u0144stwu mieszka\u0144c\u00f3w posesji. Jednak nie tylko ich funkcjonalno\u015b\u0107 jest wa\u017cna \u2013 ogrodzenia frontowe wp\u0142ywaj\u0105 r\u00f3wnie\u017c na estetyk\u0119 ca\u0142ej posesji. Dlatego warto zwr\u00f3ci\u0107 uwag\u0119\u2026","featured_img":"https:\/\/www.alfen.pl\/wp-content\/uploads\/2023\/04\/ogrodzenia-frontowe-nowoczesne-propozycje-1.jpeg","coauthors":[],"author_meta":{"author_link":"https:\/\/www.alfen.pl\/fr\/author\/alfen\/","display_name":"Alfen"},"relative_dates":{"created":"Publi\u00e9 3 ans il y a","modified":"Mis \u00e0 jour 3 ans il y a"},"absolute_dates":{"created":"Publi\u00e9 le 28 avril 2023","modified":"Mise \u00e0 jour le 28 avril 2023"},"absolute_dates_time":{"created":"Publi\u00e9 le 28 avril 2023 08:54","modified":"Mise \u00e0 jour le 28 avril 2023 09:01"},"featured_img_caption":"","tax_additional":{"autorzy":{"linked":["<a href=\"https:\/\/www.alfen.pl\/fr\/autorzy\/alfen\/\" class=\"advgb-post-tax-term\">Alfen<\/a>"],"unlinked":["<span class=\"advgb-post-tax-term\">Alfen<\/span>"],"slug":"autorzy","name":"Autorzy"}},"series_order":"","_links":{"self":[{"href":"https:\/\/www.alfen.pl\/fr\/wp-json\/wp\/v2\/post-type\/aktualnosci\/4219","targetHints":{"allow":["GET"]}}],"collection":[{"href":"https:\/\/www.alfen.pl\/fr\/wp-json\/wp\/v2\/post-type\/aktualnosci"}],"about":[{"href":"https:\/\/www.alfen.pl\/fr\/wp-json\/wp\/v2\/types\/aktualnosci"}],"author":[{"embeddable":true,"href":"https:\/\/www.alfen.pl\/fr\/wp-json\/wp\/v2\/users\/2"}],"wp:featuredmedia":[{"embeddable":true,"href":"https:\/\/www.alfen.pl\/fr\/wp-json\/wp\/v2\/media\/4214"}],"wp:attachment":[{"href":"https:\/\/www.alfen.pl\/fr\/wp-json\/wp\/v2\/media?parent=4219"}],"wp:term":[{"taxonomy":"autorzy","embeddable":true,"href":"https:\/\/www.alfen.pl\/fr\/wp-json\/wp\/v2\/taxonomy\/autorzy?post=4219"}],"curies":[{"name":"wp","href":"https:\/\/api.w.org\/{rel}","templated":true}]}}