{"id":4413,"date":"2023-05-26T15:41:16","date_gmt":"2023-05-26T13:41:16","guid":{"rendered":"https:\/\/www.alfen.pl\/?post_type=aktualnosci&#038;p=4413"},"modified":"2023-05-28T10:41:34","modified_gmt":"2023-05-28T08:41:34","slug":"wymiary-bramy-wjazdowej-jaki-rozmiar-bedzie-odpowiedni","status":"publish","type":"aktualnosci","link":"https:\/\/www.alfen.pl\/fr\/aktualnosci\/wymiary-bramy-wjazdowej-jaki-rozmiar-bedzie-odpowiedni\/","title":{"rendered":"Dimensions du portail d'entr\u00e9e - quelle taille convient ?"},"content":{"rendered":"<p><a href=\"https:\/\/www.alfen.pl\/fr\/bramy\/\">Porte d'entr\u00e9e<\/a> est un \u00e9l\u00e9ment important de toute habitation, qui influe sur son esth\u00e9tique, sa s\u00e9curit\u00e9 et sa fonctionnalit\u00e9. Il est donc extr\u00eamement important de choisir les bonnes dimensions pour le portail d'entr\u00e9e afin de garantir le confort et la commodit\u00e9 de son utilisation et d'augmenter la valeur de la propri\u00e9t\u00e9. Dans cet article, nous vous pr\u00e9sentons les informations les plus importantes sur les dimensions du portail d'entr\u00e9e.<\/p>\n\n\n\n<h2 class=\"wp-block-heading\">Hauteur du portail d'entr\u00e9e - quelle doit \u00eatre sa hauteur ?<\/h2>\n\n\n\n<p>La hauteur du portail d'entr\u00e9e est l'une des dimensions les plus importantes \u00e0 prendre en compte lors du choix d'un portail. Avant toute chose, il convient de s'interroger sur le type de v\u00e9hicules qui franchiront votre portail - s'agit-il de voitures, de camionnettes ou peut-\u00eatre de camions ? En fonction de cela, vous devez choisir la bonne hauteur pour votre portail d'entr\u00e9e.<\/p>\n\n\n\n<p>En droit de la construction <strong>hauteur du portail d'entr\u00e9e<\/strong> n'a pas \u00e9t\u00e9 r\u00e9glement\u00e9e. Il est g\u00e9n\u00e9ralement admis que le portail est de la m\u00eame hauteur que l'ensemble de la cl\u00f4ture. Sa hauteur ne doit pas d\u00e9passer 2,2 m (calcul\u00e9e \u00e0 partir du sol). Si ce n'est pas le cas, vous devez signaler la construction de la cl\u00f4ture aux autorit\u00e9s. La hauteur standard d'un portail est suppos\u00e9e \u00eatre d'environ 1,5 m, ce qui est g\u00e9n\u00e9ralement suffisant pour permettre le passage ais\u00e9 de la plupart des voitures et des camionnettes.&nbsp;<\/p>\n\n\n\n<h2 class=\"wp-block-heading\">Largeur du portail d'entr\u00e9e - quelle est la bonne largeur ?<\/h2>\n\n\n\n<p><strong>Largeur du portail d'entr\u00e9e<\/strong> est une autre dimension importante \u00e0 prendre en compte. Dans ce cas, il convient de tenir compte de l'espace dont vous disposez, ainsi que de la largeur des v\u00e9hicules qui passeront par votre portail.<\/p>\n\n\n\n<p>La largeur standard d'un portail d'entr\u00e9e est d'environ 3,5 m\u00e8tres, ce qui est suffisant pour la plupart des voitures. Toutefois, si vous souhaitez faciliter les man\u0153uvres et vous garer confortablement, vous pouvez envisager d'augmenter la largeur du portail d'entr\u00e9e jusqu'\u00e0 4 m\u00e8tres.<\/p>\n\n\n\n<figure class=\"wp-block-image size-large\"><img loading=\"lazy\" decoding=\"async\" width=\"1024\" height=\"512\" src=\"https:\/\/www.alfen.pl\/wp-content\/uploads\/2022\/08\/Alfen-N01-12-1024x512.jpg\" alt=\"\" class=\"wp-image-3772\" srcset=\"https:\/\/www.alfen.pl\/wp-content\/uploads\/2022\/08\/Alfen-N01-12-1024x512.jpg 1024w, https:\/\/www.alfen.pl\/wp-content\/uploads\/2022\/08\/Alfen-N01-12-500x250.jpg 500w, https:\/\/www.alfen.pl\/wp-content\/uploads\/2022\/08\/Alfen-N01-12-768x384.jpg 768w, https:\/\/www.alfen.pl\/wp-content\/uploads\/2022\/08\/Alfen-N01-12-1536x768.jpg 1536w, https:\/\/www.alfen.pl\/wp-content\/uploads\/2022\/08\/Alfen-N01-12-2048x1024.jpg 2048w\" sizes=\"auto, (max-width: 1024px) 100vw, 1024px\" \/><\/figure>\n\n\n\n<h2 class=\"wp-block-heading\">Dimensions de la porte - \u00e0 quoi dois-je faire attention ?<\/h2>\n\n\n\n<p>Outre la hauteur et la largeur, il convient de pr\u00eater attention \u00e0 d'autres dimensions importantes de la porte d'entr\u00e9e, telles que<\/p>\n\n\n\n<ul class=\"wp-block-list\">\n<li>\u00c9paisseur des profil\u00e9s - plus les profil\u00e9s sont \u00e9pais, plus ils sont stables et r\u00e9sistants aux dommages m\u00e9caniques.<\/li>\n\n\n\n<li>Poids du portail - plus le portail est lourd, plus la stabilit\u00e9 et la s\u00e9curit\u00e9 sont grandes. Cependant, il faut garder \u00e0 l'esprit que cela peut avoir une incidence sur la n\u00e9cessit\u00e9 d'un op\u00e9rateur plus sophistiqu\u00e9.<\/li>\n\n\n\n<li>Distance par rapport aux \u00e9l\u00e9ments adjacents - il convient de s'assurer que le portail est suffisamment \u00e9loign\u00e9 des \u00e9l\u00e9ments adjacents tels que les murs, les cl\u00f4tures ou les arbres afin d'\u00e9viter les collisions lors de l'ouverture et de la fermeture. Il faut \u00e9galement tenir compte de l'espace disponible pour l'op\u00e9rateur, ce qui est important dans le cas d'un portail \u00e0 deux vantaux.<\/li>\n<\/ul>\n\n\n\n<ul class=\"wp-block-list\">\n<li>Type d'ouverture - il convient d'envisager diff\u00e9rentes options d'ouverture du portail d'entr\u00e9e, telles que l'ouverture battante ou coulissante, en fonction de vos pr\u00e9f\u00e9rences et de l'espace disponible.<\/li>\n\n\n\n<li>Mat\u00e9riau - les portails d'entr\u00e9e sont disponibles dans une vari\u00e9t\u00e9 de mat\u00e9riaux, tels que le m\u00e9tal, le bois ou le plastique. Il est conseill\u00e9 de choisir le mat\u00e9riau qui s'harmonise le mieux avec le style architectural de votre maison, qui r\u00e9siste aux intemp\u00e9ries et qui est facile \u00e0 nettoyer.<\/li>\n<\/ul>\n\n\n\n<h2 class=\"wp-block-heading\">Quelles sont les dimensions des portails coulissants, \u00e0 deux vantaux, pliables ?<\/h2>\n\n\n\n<p>Les dimensions d'un portail coulissant doivent \u00eatre adapt\u00e9es aux dimensions du site o\u00f9 il sera install\u00e9, ainsi qu'\u00e0 la taille des v\u00e9hicules qui le franchiront. Les portails coulissants sont id\u00e9aux pour les propri\u00e9t\u00e9s qui ne disposent pas d'un espace suffisant pour installer un portail battant. Une hauteur d'environ 1,5 m et une largeur comprise entre 3 et 5,8 m sont la norme. En revanche, les dimensions d'un portail \u00e0 deux battants sont g\u00e9n\u00e9ralement de 1,5 m de haut et d'environ 4,0 m de large.&nbsp;<\/p>\n\n\n\n<p>Les portails pliables sont une solution \u00e9l\u00e9gante et fonctionnelle pour les entr\u00e9es de propri\u00e9t\u00e9. Ils ont un aspect extr\u00eamement esth\u00e9tique et sont disponibles dans une grande vari\u00e9t\u00e9 de dimensions. La hauteur standard d'un portail pliable est d'environ 1,5 m et sa largeur est d'environ 4,0 \u00e0 5,0 m.&nbsp;<\/p>\n\n\n\n<p>Le choix des bonnes dimensions du portail d'entr\u00e9e est crucial pour garantir sa fonctionnalit\u00e9, son esth\u00e9tique et sa s\u00e9curit\u00e9. Il est n\u00e9cessaire de pr\u00eater attention \u00e0 la hauteur et \u00e0 la largeur du portail, ainsi qu'\u00e0 d'autres dimensions importantes telles que l'\u00e9paisseur des profil\u00e9s ou la distance par rapport aux \u00e9l\u00e9ments adjacents. Lors du choix d'un portail d'entr\u00e9e, il convient \u00e9galement de tenir compte du type d'ouverture et du mat\u00e9riau dans lequel il est fabriqu\u00e9. Vous serez ainsi certain de choisir un portail qui r\u00e9pondra parfaitement \u00e0 vos attentes et \u00e0 vos besoins.<\/p>\n\n\n\n<p>Nous vous invitons \u00e0 d\u00e9couvrir notre gamme de portails d'entr\u00e9e, portillons et portillons de s\u00e9curit\u00e9 modernes. <a href=\"https:\/\/www.alfen.pl\/fr\/\">cl\u00f4tures en aluminium<\/a>.<\/p>","protected":false},"excerpt":{"rendered":"<p>Brama wjazdowa to wa\u017cny element ka\u017cdego domu, kt\u00f3ry wp\u0142ywa na jego estetyk\u0119, bezpiecze\u0144stwo oraz funkcjonalno\u015b\u0107. Wyb\u00f3r odpowiednich wymiar\u00f3w bramy wjazdowej jest zatem niezwykle istotny, aby zapewni\u0107 komfort i wygod\u0119 podczas jej u\u017cytkowania oraz zwi\u0119kszy\u0107 warto\u015b\u0107 nieruchomo\u015bci. W tym artykule przedstawimy najwa\u017cniejsze informacje na temat wymiar\u00f3w bramy wjazdowej. Wysoko\u015b\u0107 bramy wjazdowej \u2013 ile powinna wynosi\u0107? Wysoko\u015b\u0107 [&hellip;]<\/p>\n","protected":false},"author":51,"featured_media":4414,"parent":0,"template":"","taxonomy\/autorzy":[78],"class_list":["post-4413","aktualnosci","type-aktualnosci","status-publish","has-post-thumbnail","hentry","autorzy-alfen"],"yoast_head":"<!-- This site is optimized with the Yoast SEO plugin v27.5 - https:\/\/yoast.com\/product\/yoast-seo-wordpress\/ -->\n<title>Wymiary bramy wjazdowej \u2013 jaki rozmiar b\u0119dzie odpowiedni? - Alfen<\/title>\n<meta name=\"robots\" content=\"index, follow, max-snippet:-1, max-image-preview:large, max-video-preview:-1\" \/>\n<link rel=\"canonical\" href=\"https:\/\/www.alfen.pl\/fr\/aktualnosci\/wymiary-bramy-wjazdowej-jaki-rozmiar-bedzie-odpowiedni\/\" \/>\n<meta property=\"og:locale\" content=\"fr_FR\" \/>\n<meta property=\"og:type\" content=\"article\" \/>\n<meta property=\"og:title\" content=\"Wymiary bramy wjazdowej \u2013 jaki rozmiar b\u0119dzie odpowiedni? - Alfen\" \/>\n<meta property=\"og:description\" content=\"Brama wjazdowa to wa\u017cny element ka\u017cdego domu, kt\u00f3ry wp\u0142ywa na jego estetyk\u0119, bezpiecze\u0144stwo oraz funkcjonalno\u015b\u0107. Wyb\u00f3r odpowiednich wymiar\u00f3w bramy wjazdowej jest zatem niezwykle istotny, aby zapewni\u0107 komfort i wygod\u0119 podczas jej u\u017cytkowania oraz zwi\u0119kszy\u0107 warto\u015b\u0107 nieruchomo\u015bci. W tym artykule przedstawimy najwa\u017cniejsze informacje na temat wymiar\u00f3w bramy wjazdowej. Wysoko\u015b\u0107 bramy wjazdowej \u2013 ile powinna wynosi\u0107? Wysoko\u015b\u0107 [&hellip;]\" \/>\n<meta property=\"og:url\" content=\"https:\/\/www.alfen.pl\/fr\/aktualnosci\/wymiary-bramy-wjazdowej-jaki-rozmiar-bedzie-odpowiedni\/\" \/>\n<meta property=\"og:site_name\" content=\"Alfen\" \/>\n<meta property=\"article:modified_time\" content=\"2023-05-28T08:41:34+00:00\" \/>\n<meta property=\"og:image\" content=\"https:\/\/www.alfen.pl\/wp-content\/uploads\/2023\/05\/Alfen-F06R09-04-1024x512-1.webp\" \/>\n\t<meta property=\"og:image:width\" content=\"1024\" \/>\n\t<meta property=\"og:image:height\" content=\"512\" \/>\n\t<meta property=\"og:image:type\" content=\"image\/webp\" \/>\n<meta name=\"twitter:card\" content=\"summary_large_image\" \/>\n<meta name=\"twitter:label1\" content=\"Dur\u00e9e de lecture estim\u00e9e\" \/>\n\t<meta name=\"twitter:data1\" content=\"4 minutes\" \/>\n<script type=\"application\/ld+json\" class=\"yoast-schema-graph\">{\"@context\":\"https:\\\/\\\/schema.org\",\"@graph\":[{\"@type\":\"WebPage\",\"@id\":\"https:\\\/\\\/www.alfen.pl\\\/aktualnosci\\\/wymiary-bramy-wjazdowej-jaki-rozmiar-bedzie-odpowiedni\\\/\",\"url\":\"https:\\\/\\\/www.alfen.pl\\\/aktualnosci\\\/wymiary-bramy-wjazdowej-jaki-rozmiar-bedzie-odpowiedni\\\/\",\"name\":\"Wymiary bramy wjazdowej \u2013 jaki rozmiar b\u0119dzie odpowiedni? - Alfen\",\"isPartOf\":{\"@id\":\"https:\\\/\\\/www.alfen.pl\\\/#website\"},\"primaryImageOfPage\":{\"@id\":\"https:\\\/\\\/www.alfen.pl\\\/aktualnosci\\\/wymiary-bramy-wjazdowej-jaki-rozmiar-bedzie-odpowiedni\\\/#primaryimage\"},\"image\":{\"@id\":\"https:\\\/\\\/www.alfen.pl\\\/aktualnosci\\\/wymiary-bramy-wjazdowej-jaki-rozmiar-bedzie-odpowiedni\\\/#primaryimage\"},\"thumbnailUrl\":\"https:\\\/\\\/www.alfen.pl\\\/wp-content\\\/uploads\\\/2023\\\/05\\\/Alfen-F06R09-04-1024x512-1.webp\",\"datePublished\":\"2023-05-26T13:41:16+00:00\",\"dateModified\":\"2023-05-28T08:41:34+00:00\",\"breadcrumb\":{\"@id\":\"https:\\\/\\\/www.alfen.pl\\\/aktualnosci\\\/wymiary-bramy-wjazdowej-jaki-rozmiar-bedzie-odpowiedni\\\/#breadcrumb\"},\"inLanguage\":\"fr-FR\",\"potentialAction\":[{\"@type\":\"ReadAction\",\"target\":[\"https:\\\/\\\/www.alfen.pl\\\/aktualnosci\\\/wymiary-bramy-wjazdowej-jaki-rozmiar-bedzie-odpowiedni\\\/\"]}]},{\"@type\":\"ImageObject\",\"inLanguage\":\"fr-FR\",\"@id\":\"https:\\\/\\\/www.alfen.pl\\\/aktualnosci\\\/wymiary-bramy-wjazdowej-jaki-rozmiar-bedzie-odpowiedni\\\/#primaryimage\",\"url\":\"https:\\\/\\\/www.alfen.pl\\\/wp-content\\\/uploads\\\/2023\\\/05\\\/Alfen-F06R09-04-1024x512-1.webp\",\"contentUrl\":\"https:\\\/\\\/www.alfen.pl\\\/wp-content\\\/uploads\\\/2023\\\/05\\\/Alfen-F06R09-04-1024x512-1.webp\",\"width\":1024,\"height\":512},{\"@type\":\"BreadcrumbList\",\"@id\":\"https:\\\/\\\/www.alfen.pl\\\/aktualnosci\\\/wymiary-bramy-wjazdowej-jaki-rozmiar-bedzie-odpowiedni\\\/#breadcrumb\",\"itemListElement\":[{\"@type\":\"ListItem\",\"position\":1,\"name\":\"Alfen\",\"item\":\"https:\\\/\\\/www.alfen.pl\\\/\"},{\"@type\":\"ListItem\",\"position\":2,\"name\":\"Aktualno\u015bci\",\"item\":\"https:\\\/\\\/www.alfen.pl\\\/aktualnosci\\\/\"},{\"@type\":\"ListItem\",\"position\":3,\"name\":\"Wymiary bramy wjazdowej \u2013 jaki rozmiar b\u0119dzie odpowiedni?\"}]},{\"@type\":\"WebSite\",\"@id\":\"https:\\\/\\\/www.alfen.pl\\\/#website\",\"url\":\"https:\\\/\\\/www.alfen.pl\\\/\",\"name\":\"Alfen\",\"description\":\"Premium aluminum fences\",\"publisher\":{\"@id\":\"https:\\\/\\\/www.alfen.pl\\\/#organization\"},\"potentialAction\":[{\"@type\":\"SearchAction\",\"target\":{\"@type\":\"EntryPoint\",\"urlTemplate\":\"https:\\\/\\\/www.alfen.pl\\\/?s={search_term_string}\"},\"query-input\":{\"@type\":\"PropertyValueSpecification\",\"valueRequired\":true,\"valueName\":\"search_term_string\"}}],\"inLanguage\":\"fr-FR\"},{\"@type\":\"Organization\",\"@id\":\"https:\\\/\\\/www.alfen.pl\\\/#organization\",\"name\":\"Alfen\",\"url\":\"https:\\\/\\\/www.alfen.pl\\\/\",\"logo\":{\"@type\":\"ImageObject\",\"inLanguage\":\"fr-FR\",\"@id\":\"https:\\\/\\\/www.alfen.pl\\\/#\\\/schema\\\/logo\\\/image\\\/\",\"url\":\"https:\\\/\\\/www.alfen.pl\\\/wp-content\\\/uploads\\\/2023\\\/05\\\/logo-alfen-pn6g1u7a96jpxbbl1fnd7lrrq2do24o5l3xhqiompy.png\",\"contentUrl\":\"https:\\\/\\\/www.alfen.pl\\\/wp-content\\\/uploads\\\/2023\\\/05\\\/logo-alfen-pn6g1u7a96jpxbbl1fnd7lrrq2do24o5l3xhqiompy.png\",\"width\":150,\"height\":39,\"caption\":\"Alfen\"},\"image\":{\"@id\":\"https:\\\/\\\/www.alfen.pl\\\/#\\\/schema\\\/logo\\\/image\\\/\"}}]}<\/script>\n<!-- \/ Yoast SEO plugin. -->","yoast_head_json":{"title":"Wymiary bramy wjazdowej \u2013 jaki rozmiar b\u0119dzie odpowiedni? - Alfen","robots":{"index":"index","follow":"follow","max-snippet":"max-snippet:-1","max-image-preview":"max-image-preview:large","max-video-preview":"max-video-preview:-1"},"canonical":"https:\/\/www.alfen.pl\/fr\/aktualnosci\/wymiary-bramy-wjazdowej-jaki-rozmiar-bedzie-odpowiedni\/","og_locale":"fr_FR","og_type":"article","og_title":"Wymiary bramy wjazdowej \u2013 jaki rozmiar b\u0119dzie odpowiedni? - Alfen","og_description":"Brama wjazdowa to wa\u017cny element ka\u017cdego domu, kt\u00f3ry wp\u0142ywa na jego estetyk\u0119, bezpiecze\u0144stwo oraz funkcjonalno\u015b\u0107. Wyb\u00f3r odpowiednich wymiar\u00f3w bramy wjazdowej jest zatem niezwykle istotny, aby zapewni\u0107 komfort i wygod\u0119 podczas jej u\u017cytkowania oraz zwi\u0119kszy\u0107 warto\u015b\u0107 nieruchomo\u015bci. W tym artykule przedstawimy najwa\u017cniejsze informacje na temat wymiar\u00f3w bramy wjazdowej. Wysoko\u015b\u0107 bramy wjazdowej \u2013 ile powinna wynosi\u0107? Wysoko\u015b\u0107 [&hellip;]","og_url":"https:\/\/www.alfen.pl\/fr\/aktualnosci\/wymiary-bramy-wjazdowej-jaki-rozmiar-bedzie-odpowiedni\/","og_site_name":"Alfen","article_modified_time":"2023-05-28T08:41:34+00:00","og_image":[{"width":1024,"height":512,"url":"https:\/\/www.alfen.pl\/wp-content\/uploads\/2023\/05\/Alfen-F06R09-04-1024x512-1.webp","type":"image\/webp"}],"twitter_card":"summary_large_image","twitter_misc":{"Dur\u00e9e de lecture estim\u00e9e":"4 minutes"},"schema":{"@context":"https:\/\/schema.org","@graph":[{"@type":"WebPage","@id":"https:\/\/www.alfen.pl\/aktualnosci\/wymiary-bramy-wjazdowej-jaki-rozmiar-bedzie-odpowiedni\/","url":"https:\/\/www.alfen.pl\/aktualnosci\/wymiary-bramy-wjazdowej-jaki-rozmiar-bedzie-odpowiedni\/","name":"Wymiary bramy wjazdowej \u2013 jaki rozmiar b\u0119dzie odpowiedni? - Alfen","isPartOf":{"@id":"https:\/\/www.alfen.pl\/#website"},"primaryImageOfPage":{"@id":"https:\/\/www.alfen.pl\/aktualnosci\/wymiary-bramy-wjazdowej-jaki-rozmiar-bedzie-odpowiedni\/#primaryimage"},"image":{"@id":"https:\/\/www.alfen.pl\/aktualnosci\/wymiary-bramy-wjazdowej-jaki-rozmiar-bedzie-odpowiedni\/#primaryimage"},"thumbnailUrl":"https:\/\/www.alfen.pl\/wp-content\/uploads\/2023\/05\/Alfen-F06R09-04-1024x512-1.webp","datePublished":"2023-05-26T13:41:16+00:00","dateModified":"2023-05-28T08:41:34+00:00","breadcrumb":{"@id":"https:\/\/www.alfen.pl\/aktualnosci\/wymiary-bramy-wjazdowej-jaki-rozmiar-bedzie-odpowiedni\/#breadcrumb"},"inLanguage":"fr-FR","potentialAction":[{"@type":"ReadAction","target":["https:\/\/www.alfen.pl\/aktualnosci\/wymiary-bramy-wjazdowej-jaki-rozmiar-bedzie-odpowiedni\/"]}]},{"@type":"ImageObject","inLanguage":"fr-FR","@id":"https:\/\/www.alfen.pl\/aktualnosci\/wymiary-bramy-wjazdowej-jaki-rozmiar-bedzie-odpowiedni\/#primaryimage","url":"https:\/\/www.alfen.pl\/wp-content\/uploads\/2023\/05\/Alfen-F06R09-04-1024x512-1.webp","contentUrl":"https:\/\/www.alfen.pl\/wp-content\/uploads\/2023\/05\/Alfen-F06R09-04-1024x512-1.webp","width":1024,"height":512},{"@type":"BreadcrumbList","@id":"https:\/\/www.alfen.pl\/aktualnosci\/wymiary-bramy-wjazdowej-jaki-rozmiar-bedzie-odpowiedni\/#breadcrumb","itemListElement":[{"@type":"ListItem","position":1,"name":"Alfen","item":"https:\/\/www.alfen.pl\/"},{"@type":"ListItem","position":2,"name":"Aktualno\u015bci","item":"https:\/\/www.alfen.pl\/aktualnosci\/"},{"@type":"ListItem","position":3,"name":"Wymiary bramy wjazdowej \u2013 jaki rozmiar b\u0119dzie odpowiedni?"}]},{"@type":"WebSite","@id":"https:\/\/www.alfen.pl\/#website","url":"https:\/\/www.alfen.pl\/","name":"Alfen","description":"Cl\u00f4tures en aluminium de qualit\u00e9 sup\u00e9rieure","publisher":{"@id":"https:\/\/www.alfen.pl\/#organization"},"potentialAction":[{"@type":"SearchAction","target":{"@type":"EntryPoint","urlTemplate":"https:\/\/www.alfen.pl\/?s={search_term_string}"},"query-input":{"@type":"PropertyValueSpecification","valueRequired":true,"valueName":"search_term_string"}}],"inLanguage":"fr-FR"},{"@type":"Organization","@id":"https:\/\/www.alfen.pl\/#organization","name":"Alfen","url":"https:\/\/www.alfen.pl\/","logo":{"@type":"ImageObject","inLanguage":"fr-FR","@id":"https:\/\/www.alfen.pl\/#\/schema\/logo\/image\/","url":"https:\/\/www.alfen.pl\/wp-content\/uploads\/2023\/05\/logo-alfen-pn6g1u7a96jpxbbl1fnd7lrrq2do24o5l3xhqiompy.png","contentUrl":"https:\/\/www.alfen.pl\/wp-content\/uploads\/2023\/05\/logo-alfen-pn6g1u7a96jpxbbl1fnd7lrrq2do24o5l3xhqiompy.png","width":150,"height":39,"caption":"Alfen"},"image":{"@id":"https:\/\/www.alfen.pl\/#\/schema\/logo\/image\/"}}]}},"uagb_featured_image_src":{"full":["https:\/\/www.alfen.pl\/wp-content\/uploads\/2023\/05\/Alfen-F06R09-04-1024x512-1.webp",1024,512,false],"thumbnail":["https:\/\/www.alfen.pl\/wp-content\/uploads\/2023\/05\/Alfen-F06R09-04-1024x512-1-150x150.webp",150,150,true],"medium":["https:\/\/www.alfen.pl\/wp-content\/uploads\/2023\/05\/Alfen-F06R09-04-1024x512-1-500x250.webp",500,250,true],"medium_large":["https:\/\/www.alfen.pl\/wp-content\/uploads\/2023\/05\/Alfen-F06R09-04-1024x512-1-768x384.webp",768,384,true],"large":["https:\/\/www.alfen.pl\/wp-content\/uploads\/2023\/05\/Alfen-F06R09-04-1024x512-1.webp",1024,512,false],"1536x1536":["https:\/\/www.alfen.pl\/wp-content\/uploads\/2023\/05\/Alfen-F06R09-04-1024x512-1.webp",1024,512,false],"2048x2048":["https:\/\/www.alfen.pl\/wp-content\/uploads\/2023\/05\/Alfen-F06R09-04-1024x512-1.webp",1024,512,false],"trp-custom-language-flag":["https:\/\/www.alfen.pl\/wp-content\/uploads\/2023\/05\/Alfen-F06R09-04-1024x512-1-18x9.webp",18,9,true]},"uagb_author_info":{"display_name":"Adrian Korkus","author_link":"https:\/\/www.alfen.pl\/fr\/author\/korit\/"},"uagb_comment_info":0,"uagb_excerpt":"Brama wjazdowa to wa\u017cny element ka\u017cdego domu, kt\u00f3ry wp\u0142ywa na jego estetyk\u0119, bezpiecze\u0144stwo oraz funkcjonalno\u015b\u0107. Wyb\u00f3r odpowiednich wymiar\u00f3w bramy wjazdowej jest zatem niezwykle istotny, aby zapewni\u0107 komfort i wygod\u0119 podczas jej u\u017cytkowania oraz zwi\u0119kszy\u0107 warto\u015b\u0107 nieruchomo\u015bci. W tym artykule przedstawimy najwa\u017cniejsze informacje na temat wymiar\u00f3w bramy wjazdowej. Wysoko\u015b\u0107 bramy wjazdowej \u2013 ile powinna wynosi\u0107? Wysoko\u015b\u0107\u2026","featured_img":"https:\/\/www.alfen.pl\/wp-content\/uploads\/2023\/05\/Alfen-F06R09-04-1024x512-1.webp","coauthors":[],"author_meta":{"author_link":"https:\/\/www.alfen.pl\/fr\/author\/korit\/","display_name":"Adrian Korkus"},"relative_dates":{"created":"Publi\u00e9 3 ans il y a","modified":"Mis \u00e0 jour 3 ans il y a"},"absolute_dates":{"created":"Publi\u00e9 le 26 mai 2023","modified":"Mise \u00e0 jour le 28 mai 2023"},"absolute_dates_time":{"created":"Publi\u00e9 le 26 mai 2023 15:41","modified":"Mise \u00e0 jour le 28 mai 2023 10:41"},"featured_img_caption":"","tax_additional":{"autorzy":{"linked":["<a href=\"https:\/\/www.alfen.pl\/fr\/autorzy\/alfen\/\" class=\"advgb-post-tax-term\">Alfen<\/a>"],"unlinked":["<span class=\"advgb-post-tax-term\">Alfen<\/span>"],"slug":"autorzy","name":"Autorzy"}},"series_order":"","_links":{"self":[{"href":"https:\/\/www.alfen.pl\/fr\/wp-json\/wp\/v2\/post-type\/aktualnosci\/4413","targetHints":{"allow":["GET"]}}],"collection":[{"href":"https:\/\/www.alfen.pl\/fr\/wp-json\/wp\/v2\/post-type\/aktualnosci"}],"about":[{"href":"https:\/\/www.alfen.pl\/fr\/wp-json\/wp\/v2\/types\/aktualnosci"}],"author":[{"embeddable":true,"href":"https:\/\/www.alfen.pl\/fr\/wp-json\/wp\/v2\/users\/51"}],"wp:featuredmedia":[{"embeddable":true,"href":"https:\/\/www.alfen.pl\/fr\/wp-json\/wp\/v2\/media\/4414"}],"wp:attachment":[{"href":"https:\/\/www.alfen.pl\/fr\/wp-json\/wp\/v2\/media?parent=4413"}],"wp:term":[{"taxonomy":"autorzy","embeddable":true,"href":"https:\/\/www.alfen.pl\/fr\/wp-json\/wp\/v2\/taxonomy\/autorzy?post=4413"}],"curies":[{"name":"wp","href":"https:\/\/api.w.org\/{rel}","templated":true}]}}