{"id":4413,"date":"2023-05-26T15:41:16","date_gmt":"2023-05-26T13:41:16","guid":{"rendered":"https:\/\/www.alfen.pl\/?post_type=aktualnosci&#038;p=4413"},"modified":"2023-05-28T10:41:34","modified_gmt":"2023-05-28T08:41:34","slug":"wymiary-bramy-wjazdowej-jaki-rozmiar-bedzie-odpowiedni","status":"publish","type":"aktualnosci","link":"https:\/\/www.alfen.pl\/sk\/aktualnosci\/wymiary-bramy-wjazdowej-jaki-rozmiar-bedzie-odpowiedni\/","title":{"rendered":"Rozmery vstupnej br\u00e1ny - ak\u00e1 ve\u013ekos\u0165 bude vhodn\u00e1?"},"content":{"rendered":"<p><a href=\"https:\/\/www.alfen.pl\/sk\/bramy\/\">Vstupn\u00e1 br\u00e1na<\/a> je d\u00f4le\u017eit\u00fdm prvkom ka\u017ed\u00e9ho domu, ktor\u00fd ovplyv\u0148uje jeho estetiku, bezpe\u010dnos\u0165 a funk\u010dnos\u0165. V\u00fdber spr\u00e1vnych rozmerov vstupnej br\u00e1ny je preto mimoriadne d\u00f4le\u017eit\u00fd, aby sa zabezpe\u010dil komfort a pohodlie po\u010das jej pou\u017e\u00edvania a zv\u00fd\u0161ila sa hodnota nehnute\u013enosti. V tomto \u010dl\u00e1nku uvedieme najd\u00f4le\u017eitej\u0161ie inform\u00e1cie o rozmeroch vstupnej br\u00e1ny.<\/p>\n\n\n\n<h2 class=\"wp-block-heading\">V\u00fd\u0161ka vstupnej br\u00e1ny - ak\u00e1 m\u00e1 by\u0165 vysok\u00e1?<\/h2>\n\n\n\n<p>V\u00fd\u0161ka vchodovej br\u00e1ny je jedn\u00fdm z najd\u00f4le\u017eitej\u0161\u00edch rozmerov, ktor\u00e9 je potrebn\u00e9 zoh\u013eadni\u0165 pri v\u00fdbere br\u00e1ny. V prvom rade sa oplat\u00ed zv\u00e1\u017ei\u0165, ak\u00e9 vozidl\u00e1 bud\u00fa cez va\u0161u br\u00e1nu prech\u00e1dza\u0165 - s\u00fa to osobn\u00e9 aut\u00e1, dod\u00e1vky alebo nebodaj n\u00e1kladn\u00e9 vozidl\u00e1? V z\u00e1vislosti od toho je potrebn\u00e9 zvoli\u0165 spr\u00e1vnu v\u00fd\u0161ku vstupnej br\u00e1ny.<\/p>\n\n\n\n<p>V stavebnom pr\u00e1ve <strong>v\u00fd\u0161ka vstupnej br\u00e1ny<\/strong> nebola regulovan\u00e1. Zvy\u010dajne sa predpoklad\u00e1, \u017ee br\u00e1na m\u00e1 rovnak\u00fa v\u00fd\u0161ku ako cel\u00fd plot. jej v\u00fd\u0161ka nesmie presiahnu\u0165 2,2 m po\u010d\u00edtan\u00e9 od \u00farovne ter\u00e9nu). Ak tomu tak nie je, mus\u00edte kon\u0161trukciu plota nahl\u00e1si\u0165 \u00faradn\u00edkom. Predpoklad\u00e1 sa, \u017ee \u0161tandardn\u00e1 v\u00fd\u0161ka br\u00e1ny je pribli\u017ene 1,5 m, \u010do zvy\u010dajne posta\u010duje na pohodln\u00fd prejazd v\u00e4\u010d\u0161iny osobn\u00fdch a dod\u00e1vkov\u00fdch vozidiel.&nbsp;<\/p>\n\n\n\n<h2 class=\"wp-block-heading\">\u0160\u00edrka vstupnej br\u00e1ny - ak\u00e1 bude spr\u00e1vna \u0161\u00edrka?<\/h2>\n\n\n\n<p><strong>\u0160\u00edrka vstupnej br\u00e1ny<\/strong> je \u010fal\u0161\u00edm d\u00f4le\u017eit\u00fdm rozmerom, ktor\u00fd je potrebn\u00e9 zv\u00e1\u017ei\u0165. V tomto pr\u00edpade sa oplat\u00ed zv\u00e1\u017ei\u0165 mno\u017estvo priestoru, ktor\u00fd m\u00e1te k dispoz\u00edcii, ako aj \u0161\u00edrku vozidiel, ktor\u00e9 bud\u00fa prech\u00e1dza\u0165 cez va\u0161u br\u00e1nu.<\/p>\n\n\n\n<p>\u0160tandardn\u00e1 \u0161\u00edrka vstupnej br\u00e1ny je pribli\u017ene 3,5 metra, \u010do je dostato\u010dn\u00e1 \u0161\u00edrka pre v\u00e4\u010d\u0161inu \u00e1ut. Ak v\u0161ak chcete zabezpe\u010di\u0165 \u013eah\u0161ie man\u00e9vrovanie a pohodln\u00e9 parkovanie, stoj\u00ed za to zv\u00e1\u017ei\u0165 zv\u00e4\u010d\u0161enie \u0161\u00edrky vstupnej br\u00e1ny a\u017e na 4 metre.<\/p>\n\n\n\n<figure class=\"wp-block-image size-large\"><img loading=\"lazy\" decoding=\"async\" width=\"1024\" height=\"512\" src=\"https:\/\/www.alfen.pl\/wp-content\/uploads\/2022\/08\/Alfen-N01-12-1024x512.jpg\" alt=\"\" class=\"wp-image-3772\" srcset=\"https:\/\/www.alfen.pl\/wp-content\/uploads\/2022\/08\/Alfen-N01-12-1024x512.jpg 1024w, https:\/\/www.alfen.pl\/wp-content\/uploads\/2022\/08\/Alfen-N01-12-500x250.jpg 500w, https:\/\/www.alfen.pl\/wp-content\/uploads\/2022\/08\/Alfen-N01-12-768x384.jpg 768w, https:\/\/www.alfen.pl\/wp-content\/uploads\/2022\/08\/Alfen-N01-12-1536x768.jpg 1536w, https:\/\/www.alfen.pl\/wp-content\/uploads\/2022\/08\/Alfen-N01-12-2048x1024.jpg 2048w\" sizes=\"auto, (max-width: 1024px) 100vw, 1024px\" \/><\/figure>\n\n\n\n<h2 class=\"wp-block-heading\">Rozmery br\u00e1ny - \u010domu by som mal e\u0161te venova\u0165 pozornos\u0165?<\/h2>\n\n\n\n<p>Okrem v\u00fd\u0161ky a \u0161\u00edrky je potrebn\u00e9 venova\u0165 pozornos\u0165 aj \u010fal\u0161\u00edm d\u00f4le\u017eit\u00fdm rozmerom vstupnej br\u00e1ny, ako s\u00fa:<\/p>\n\n\n\n<ul class=\"wp-block-list\">\n<li>Hr\u00fabka profilu - \u010d\u00edm s\u00fa profily hrub\u0161ie, t\u00fdm je v\u00e4\u010d\u0161ia stabilita a odolnos\u0165 vo\u010di mechanick\u00e9mu po\u0161kodeniu.<\/li>\n\n\n\n<li>Hmotnos\u0165 br\u00e1ny - \u010d\u00edm je br\u00e1na \u0165a\u017e\u0161ia, t\u00fdm je stabilnej\u0161ia a bezpe\u010dnej\u0161ia. Majte v\u0161ak na pam\u00e4ti, \u017ee to m\u00f4\u017ee ovplyvni\u0165 potrebu zlo\u017eitej\u0161ieho pohonu.<\/li>\n\n\n\n<li>Vzdialenos\u0165 od susedn\u00fdch prvkov - je vhodn\u00e9 zabezpe\u010di\u0165, aby br\u00e1na bola v dostato\u010dnej vzdialenosti od susedn\u00fdch prvkov, ako s\u00fa steny, ploty alebo stromy, aby sa zabr\u00e1nilo kol\u00edzi\u00e1m pri otv\u00e1ran\u00ed a zatv\u00e1ran\u00ed. Mali by ste ma\u0165 na pam\u00e4ti aj priestor pre pohon - d\u00f4le\u017eit\u00e9 v pr\u00edpade dvojkr\u00eddlovej br\u00e1ny.<\/li>\n<\/ul>\n\n\n\n<ul class=\"wp-block-list\">\n<li>Typ otv\u00e1rania - v z\u00e1vislosti od va\u0161ich preferenci\u00ed a priestoru, ktor\u00fd m\u00e1te k dispoz\u00edcii, sa oplat\u00ed zv\u00e1\u017ei\u0165 r\u00f4zne mo\u017enosti otv\u00e1rania vstupnej br\u00e1ny, napr\u00edklad kr\u00eddlov\u00e9 alebo posuvn\u00e9.<\/li>\n\n\n\n<li>Materi\u00e1l - vstupn\u00e9 br\u00e1ny s\u00fa k dispoz\u00edcii z r\u00f4znych materi\u00e1lov, napr\u00edklad z kovu, dreva alebo plastu. Odpor\u00fa\u010da sa vybra\u0165 materi\u00e1l, ktor\u00fd najlep\u0161ie zodpoved\u00e1 architektonick\u00e9mu \u0161t\u00fdlu v\u00e1\u0161ho domu, je odoln\u00fd vo\u010di poveternostn\u00fdm vplyvom a \u013eahko sa \u010dist\u00ed.<\/li>\n<\/ul>\n\n\n\n<h2 class=\"wp-block-heading\">Ak\u00e9 s\u00fa rozmery posuvn\u00fdch, dvojkr\u00eddlov\u00fdch a dvojkr\u00eddlov\u00fdch br\u00e1n?<\/h2>\n\n\n\n<p>Rozmery posuvnej br\u00e1ny by mali zodpoveda\u0165 rozmerom miesta, kde bude nain\u0161talovan\u00e1, ako aj ve\u013ekosti vozidiel, ktor\u00e9 sa bud\u00fa br\u00e1nou pohybova\u0165. Posuvn\u00e9 br\u00e1ny s\u00fa ide\u00e1lne pre objekty, ktor\u00e9 nemaj\u00fa dostatok priestoru na umiestnenie kr\u00eddlovej br\u00e1ny. \u0160tandardom je v\u00fd\u0161ka pribli\u017ene 1,5 m a \u0161\u00edrka od 3 do 5,8 m. Na druhej strane rozmery dvojkr\u00eddlovej br\u00e1ny s\u00fa zvy\u010dajne 1,5 m vysok\u00e9 a pribli\u017ene 4,0 m \u0161irok\u00e9.&nbsp;<\/p>\n\n\n\n<p>Dvojkr\u00eddlov\u00e9 br\u00e1ny s\u00fa elegantn\u00fdm a funk\u010dn\u00fdm rie\u0161en\u00edm pre vstupy na pozemok, ktor\u00e9 maj\u00fa mimoriadne estetick\u00fd vzh\u013ead a s\u00fa k dispoz\u00edcii v r\u00f4znych ve\u013ekostiach. \u0160tandardn\u00e1 v\u00fd\u0161ka dvojkr\u00eddlovej br\u00e1ny je pribli\u017ene 1,5 m a \u0161\u00edrka pribli\u017ene 4,0 - 5,0 m.&nbsp;<\/p>\n\n\n\n<p>V\u00fdber spr\u00e1vnych rozmerov vstupnej br\u00e1ny je rozhoduj\u00faci pre zabezpe\u010denie jej funk\u010dnosti, estetiky a bezpe\u010dnosti. Je potrebn\u00e9 venova\u0165 pozornos\u0165 v\u00fd\u0161ke a \u0161\u00edrke br\u00e1ny, ako aj \u010fal\u0161\u00edm d\u00f4le\u017eit\u00fdm rozmerom, napr\u00edklad hr\u00fabke profilov alebo vzdialenosti od susedn\u00fdch prvkov. Pri v\u00fdbere vchodovej br\u00e1ny sa oplat\u00ed zv\u00e1\u017ei\u0165 aj typ otv\u00e1rania a materi\u00e1l, z ktor\u00e9ho je vyroben\u00e1. Takto si m\u00f4\u017eete by\u0165 ist\u00ed, \u017ee si vyberiete br\u00e1nu, ktor\u00e1 dokonale spln\u00ed va\u0161e o\u010dak\u00e1vania a potreby.<\/p>\n\n\n\n<p>Poz\u00fdvame v\u00e1s na prehliadku na\u0161ej ponuky modern\u00fdch vstupn\u00fdch br\u00e1n, br\u00e1n a <a href=\"https:\/\/www.alfen.pl\/sk\/\">hlin\u00edkov\u00e9 ploty<\/a>.<\/p>","protected":false},"excerpt":{"rendered":"<p>Brama wjazdowa to wa\u017cny element ka\u017cdego domu, kt\u00f3ry wp\u0142ywa na jego estetyk\u0119, bezpiecze\u0144stwo oraz funkcjonalno\u015b\u0107. Wyb\u00f3r odpowiednich wymiar\u00f3w bramy wjazdowej jest zatem niezwykle istotny, aby zapewni\u0107 komfort i wygod\u0119 podczas jej u\u017cytkowania oraz zwi\u0119kszy\u0107 warto\u015b\u0107 nieruchomo\u015bci. W tym artykule przedstawimy najwa\u017cniejsze informacje na temat wymiar\u00f3w bramy wjazdowej. Wysoko\u015b\u0107 bramy wjazdowej \u2013 ile powinna wynosi\u0107? Wysoko\u015b\u0107 [&hellip;]<\/p>\n","protected":false},"author":51,"featured_media":4414,"parent":0,"template":"","taxonomy\/autorzy":[78],"class_list":["post-4413","aktualnosci","type-aktualnosci","status-publish","has-post-thumbnail","hentry","autorzy-alfen"],"yoast_head":"<!-- This site is optimized with the Yoast SEO plugin v27.5 - https:\/\/yoast.com\/product\/yoast-seo-wordpress\/ -->\n<title>Wymiary bramy wjazdowej \u2013 jaki rozmiar b\u0119dzie odpowiedni? - Alfen<\/title>\n<meta name=\"robots\" content=\"index, follow, max-snippet:-1, max-image-preview:large, max-video-preview:-1\" \/>\n<link rel=\"canonical\" href=\"https:\/\/www.alfen.pl\/sk\/aktualnosci\/wymiary-bramy-wjazdowej-jaki-rozmiar-bedzie-odpowiedni\/\" \/>\n<meta property=\"og:locale\" content=\"sk_SK\" \/>\n<meta property=\"og:type\" content=\"article\" \/>\n<meta property=\"og:title\" content=\"Wymiary bramy wjazdowej \u2013 jaki rozmiar b\u0119dzie odpowiedni? - Alfen\" \/>\n<meta property=\"og:description\" content=\"Brama wjazdowa to wa\u017cny element ka\u017cdego domu, kt\u00f3ry wp\u0142ywa na jego estetyk\u0119, bezpiecze\u0144stwo oraz funkcjonalno\u015b\u0107. Wyb\u00f3r odpowiednich wymiar\u00f3w bramy wjazdowej jest zatem niezwykle istotny, aby zapewni\u0107 komfort i wygod\u0119 podczas jej u\u017cytkowania oraz zwi\u0119kszy\u0107 warto\u015b\u0107 nieruchomo\u015bci. W tym artykule przedstawimy najwa\u017cniejsze informacje na temat wymiar\u00f3w bramy wjazdowej. Wysoko\u015b\u0107 bramy wjazdowej \u2013 ile powinna wynosi\u0107? Wysoko\u015b\u0107 [&hellip;]\" \/>\n<meta property=\"og:url\" content=\"https:\/\/www.alfen.pl\/sk\/aktualnosci\/wymiary-bramy-wjazdowej-jaki-rozmiar-bedzie-odpowiedni\/\" \/>\n<meta property=\"og:site_name\" content=\"Alfen\" \/>\n<meta property=\"article:modified_time\" content=\"2023-05-28T08:41:34+00:00\" \/>\n<meta property=\"og:image\" content=\"https:\/\/www.alfen.pl\/wp-content\/uploads\/2023\/05\/Alfen-F06R09-04-1024x512-1.webp\" \/>\n\t<meta property=\"og:image:width\" content=\"1024\" \/>\n\t<meta property=\"og:image:height\" content=\"512\" \/>\n\t<meta property=\"og:image:type\" content=\"image\/webp\" \/>\n<meta name=\"twitter:card\" content=\"summary_large_image\" \/>\n<meta name=\"twitter:label1\" content=\"Predpokladan\u00fd \u010das \u010d\u00edtania\" \/>\n\t<meta name=\"twitter:data1\" content=\"4 min\u00faty\" \/>\n<script type=\"application\/ld+json\" class=\"yoast-schema-graph\">{\"@context\":\"https:\\\/\\\/schema.org\",\"@graph\":[{\"@type\":\"WebPage\",\"@id\":\"https:\\\/\\\/www.alfen.pl\\\/aktualnosci\\\/wymiary-bramy-wjazdowej-jaki-rozmiar-bedzie-odpowiedni\\\/\",\"url\":\"https:\\\/\\\/www.alfen.pl\\\/aktualnosci\\\/wymiary-bramy-wjazdowej-jaki-rozmiar-bedzie-odpowiedni\\\/\",\"name\":\"Wymiary bramy wjazdowej \u2013 jaki rozmiar b\u0119dzie odpowiedni? - Alfen\",\"isPartOf\":{\"@id\":\"https:\\\/\\\/www.alfen.pl\\\/#website\"},\"primaryImageOfPage\":{\"@id\":\"https:\\\/\\\/www.alfen.pl\\\/aktualnosci\\\/wymiary-bramy-wjazdowej-jaki-rozmiar-bedzie-odpowiedni\\\/#primaryimage\"},\"image\":{\"@id\":\"https:\\\/\\\/www.alfen.pl\\\/aktualnosci\\\/wymiary-bramy-wjazdowej-jaki-rozmiar-bedzie-odpowiedni\\\/#primaryimage\"},\"thumbnailUrl\":\"https:\\\/\\\/www.alfen.pl\\\/wp-content\\\/uploads\\\/2023\\\/05\\\/Alfen-F06R09-04-1024x512-1.webp\",\"datePublished\":\"2023-05-26T13:41:16+00:00\",\"dateModified\":\"2023-05-28T08:41:34+00:00\",\"breadcrumb\":{\"@id\":\"https:\\\/\\\/www.alfen.pl\\\/aktualnosci\\\/wymiary-bramy-wjazdowej-jaki-rozmiar-bedzie-odpowiedni\\\/#breadcrumb\"},\"inLanguage\":\"sk-SK\",\"potentialAction\":[{\"@type\":\"ReadAction\",\"target\":[\"https:\\\/\\\/www.alfen.pl\\\/aktualnosci\\\/wymiary-bramy-wjazdowej-jaki-rozmiar-bedzie-odpowiedni\\\/\"]}]},{\"@type\":\"ImageObject\",\"inLanguage\":\"sk-SK\",\"@id\":\"https:\\\/\\\/www.alfen.pl\\\/aktualnosci\\\/wymiary-bramy-wjazdowej-jaki-rozmiar-bedzie-odpowiedni\\\/#primaryimage\",\"url\":\"https:\\\/\\\/www.alfen.pl\\\/wp-content\\\/uploads\\\/2023\\\/05\\\/Alfen-F06R09-04-1024x512-1.webp\",\"contentUrl\":\"https:\\\/\\\/www.alfen.pl\\\/wp-content\\\/uploads\\\/2023\\\/05\\\/Alfen-F06R09-04-1024x512-1.webp\",\"width\":1024,\"height\":512},{\"@type\":\"BreadcrumbList\",\"@id\":\"https:\\\/\\\/www.alfen.pl\\\/aktualnosci\\\/wymiary-bramy-wjazdowej-jaki-rozmiar-bedzie-odpowiedni\\\/#breadcrumb\",\"itemListElement\":[{\"@type\":\"ListItem\",\"position\":1,\"name\":\"Alfen\",\"item\":\"https:\\\/\\\/www.alfen.pl\\\/\"},{\"@type\":\"ListItem\",\"position\":2,\"name\":\"Aktualno\u015bci\",\"item\":\"https:\\\/\\\/www.alfen.pl\\\/aktualnosci\\\/\"},{\"@type\":\"ListItem\",\"position\":3,\"name\":\"Wymiary bramy wjazdowej \u2013 jaki rozmiar b\u0119dzie odpowiedni?\"}]},{\"@type\":\"WebSite\",\"@id\":\"https:\\\/\\\/www.alfen.pl\\\/#website\",\"url\":\"https:\\\/\\\/www.alfen.pl\\\/\",\"name\":\"Alfen\",\"description\":\"Premium aluminum fences\",\"publisher\":{\"@id\":\"https:\\\/\\\/www.alfen.pl\\\/#organization\"},\"potentialAction\":[{\"@type\":\"SearchAction\",\"target\":{\"@type\":\"EntryPoint\",\"urlTemplate\":\"https:\\\/\\\/www.alfen.pl\\\/?s={search_term_string}\"},\"query-input\":{\"@type\":\"PropertyValueSpecification\",\"valueRequired\":true,\"valueName\":\"search_term_string\"}}],\"inLanguage\":\"sk-SK\"},{\"@type\":\"Organization\",\"@id\":\"https:\\\/\\\/www.alfen.pl\\\/#organization\",\"name\":\"Alfen\",\"url\":\"https:\\\/\\\/www.alfen.pl\\\/\",\"logo\":{\"@type\":\"ImageObject\",\"inLanguage\":\"sk-SK\",\"@id\":\"https:\\\/\\\/www.alfen.pl\\\/#\\\/schema\\\/logo\\\/image\\\/\",\"url\":\"https:\\\/\\\/www.alfen.pl\\\/wp-content\\\/uploads\\\/2023\\\/05\\\/logo-alfen-pn6g1u7a96jpxbbl1fnd7lrrq2do24o5l3xhqiompy.png\",\"contentUrl\":\"https:\\\/\\\/www.alfen.pl\\\/wp-content\\\/uploads\\\/2023\\\/05\\\/logo-alfen-pn6g1u7a96jpxbbl1fnd7lrrq2do24o5l3xhqiompy.png\",\"width\":150,\"height\":39,\"caption\":\"Alfen\"},\"image\":{\"@id\":\"https:\\\/\\\/www.alfen.pl\\\/#\\\/schema\\\/logo\\\/image\\\/\"}}]}<\/script>\n<!-- \/ Yoast SEO plugin. -->","yoast_head_json":{"title":"Wymiary bramy wjazdowej \u2013 jaki rozmiar b\u0119dzie odpowiedni? - Alfen","robots":{"index":"index","follow":"follow","max-snippet":"max-snippet:-1","max-image-preview":"max-image-preview:large","max-video-preview":"max-video-preview:-1"},"canonical":"https:\/\/www.alfen.pl\/sk\/aktualnosci\/wymiary-bramy-wjazdowej-jaki-rozmiar-bedzie-odpowiedni\/","og_locale":"sk_SK","og_type":"article","og_title":"Wymiary bramy wjazdowej \u2013 jaki rozmiar b\u0119dzie odpowiedni? - Alfen","og_description":"Brama wjazdowa to wa\u017cny element ka\u017cdego domu, kt\u00f3ry wp\u0142ywa na jego estetyk\u0119, bezpiecze\u0144stwo oraz funkcjonalno\u015b\u0107. Wyb\u00f3r odpowiednich wymiar\u00f3w bramy wjazdowej jest zatem niezwykle istotny, aby zapewni\u0107 komfort i wygod\u0119 podczas jej u\u017cytkowania oraz zwi\u0119kszy\u0107 warto\u015b\u0107 nieruchomo\u015bci. W tym artykule przedstawimy najwa\u017cniejsze informacje na temat wymiar\u00f3w bramy wjazdowej. Wysoko\u015b\u0107 bramy wjazdowej \u2013 ile powinna wynosi\u0107? Wysoko\u015b\u0107 [&hellip;]","og_url":"https:\/\/www.alfen.pl\/sk\/aktualnosci\/wymiary-bramy-wjazdowej-jaki-rozmiar-bedzie-odpowiedni\/","og_site_name":"Alfen","article_modified_time":"2023-05-28T08:41:34+00:00","og_image":[{"width":1024,"height":512,"url":"https:\/\/www.alfen.pl\/wp-content\/uploads\/2023\/05\/Alfen-F06R09-04-1024x512-1.webp","type":"image\/webp"}],"twitter_card":"summary_large_image","twitter_misc":{"Predpokladan\u00fd \u010das \u010d\u00edtania":"4 min\u00faty"},"schema":{"@context":"https:\/\/schema.org","@graph":[{"@type":"WebPage","@id":"https:\/\/www.alfen.pl\/aktualnosci\/wymiary-bramy-wjazdowej-jaki-rozmiar-bedzie-odpowiedni\/","url":"https:\/\/www.alfen.pl\/aktualnosci\/wymiary-bramy-wjazdowej-jaki-rozmiar-bedzie-odpowiedni\/","name":"Wymiary bramy wjazdowej \u2013 jaki rozmiar b\u0119dzie odpowiedni? - Alfen","isPartOf":{"@id":"https:\/\/www.alfen.pl\/#website"},"primaryImageOfPage":{"@id":"https:\/\/www.alfen.pl\/aktualnosci\/wymiary-bramy-wjazdowej-jaki-rozmiar-bedzie-odpowiedni\/#primaryimage"},"image":{"@id":"https:\/\/www.alfen.pl\/aktualnosci\/wymiary-bramy-wjazdowej-jaki-rozmiar-bedzie-odpowiedni\/#primaryimage"},"thumbnailUrl":"https:\/\/www.alfen.pl\/wp-content\/uploads\/2023\/05\/Alfen-F06R09-04-1024x512-1.webp","datePublished":"2023-05-26T13:41:16+00:00","dateModified":"2023-05-28T08:41:34+00:00","breadcrumb":{"@id":"https:\/\/www.alfen.pl\/aktualnosci\/wymiary-bramy-wjazdowej-jaki-rozmiar-bedzie-odpowiedni\/#breadcrumb"},"inLanguage":"sk-SK","potentialAction":[{"@type":"ReadAction","target":["https:\/\/www.alfen.pl\/aktualnosci\/wymiary-bramy-wjazdowej-jaki-rozmiar-bedzie-odpowiedni\/"]}]},{"@type":"ImageObject","inLanguage":"sk-SK","@id":"https:\/\/www.alfen.pl\/aktualnosci\/wymiary-bramy-wjazdowej-jaki-rozmiar-bedzie-odpowiedni\/#primaryimage","url":"https:\/\/www.alfen.pl\/wp-content\/uploads\/2023\/05\/Alfen-F06R09-04-1024x512-1.webp","contentUrl":"https:\/\/www.alfen.pl\/wp-content\/uploads\/2023\/05\/Alfen-F06R09-04-1024x512-1.webp","width":1024,"height":512},{"@type":"BreadcrumbList","@id":"https:\/\/www.alfen.pl\/aktualnosci\/wymiary-bramy-wjazdowej-jaki-rozmiar-bedzie-odpowiedni\/#breadcrumb","itemListElement":[{"@type":"ListItem","position":1,"name":"Alfen","item":"https:\/\/www.alfen.pl\/"},{"@type":"ListItem","position":2,"name":"Aktualno\u015bci","item":"https:\/\/www.alfen.pl\/aktualnosci\/"},{"@type":"ListItem","position":3,"name":"Wymiary bramy wjazdowej \u2013 jaki rozmiar b\u0119dzie odpowiedni?"}]},{"@type":"WebSite","@id":"https:\/\/www.alfen.pl\/#website","url":"https:\/\/www.alfen.pl\/","name":"Alfen","description":"Pr\u00e9miov\u00e9 hlin\u00edkov\u00e9 ploty","publisher":{"@id":"https:\/\/www.alfen.pl\/#organization"},"potentialAction":[{"@type":"SearchAction","target":{"@type":"EntryPoint","urlTemplate":"https:\/\/www.alfen.pl\/?s={search_term_string}"},"query-input":{"@type":"PropertyValueSpecification","valueRequired":true,"valueName":"search_term_string"}}],"inLanguage":"sk-SK"},{"@type":"Organization","@id":"https:\/\/www.alfen.pl\/#organization","name":"Alfen","url":"https:\/\/www.alfen.pl\/","logo":{"@type":"ImageObject","inLanguage":"sk-SK","@id":"https:\/\/www.alfen.pl\/#\/schema\/logo\/image\/","url":"https:\/\/www.alfen.pl\/wp-content\/uploads\/2023\/05\/logo-alfen-pn6g1u7a96jpxbbl1fnd7lrrq2do24o5l3xhqiompy.png","contentUrl":"https:\/\/www.alfen.pl\/wp-content\/uploads\/2023\/05\/logo-alfen-pn6g1u7a96jpxbbl1fnd7lrrq2do24o5l3xhqiompy.png","width":150,"height":39,"caption":"Alfen"},"image":{"@id":"https:\/\/www.alfen.pl\/#\/schema\/logo\/image\/"}}]}},"uagb_featured_image_src":{"full":["https:\/\/www.alfen.pl\/wp-content\/uploads\/2023\/05\/Alfen-F06R09-04-1024x512-1.webp",1024,512,false],"thumbnail":["https:\/\/www.alfen.pl\/wp-content\/uploads\/2023\/05\/Alfen-F06R09-04-1024x512-1-150x150.webp",150,150,true],"medium":["https:\/\/www.alfen.pl\/wp-content\/uploads\/2023\/05\/Alfen-F06R09-04-1024x512-1-500x250.webp",500,250,true],"medium_large":["https:\/\/www.alfen.pl\/wp-content\/uploads\/2023\/05\/Alfen-F06R09-04-1024x512-1-768x384.webp",768,384,true],"large":["https:\/\/www.alfen.pl\/wp-content\/uploads\/2023\/05\/Alfen-F06R09-04-1024x512-1.webp",1024,512,false],"1536x1536":["https:\/\/www.alfen.pl\/wp-content\/uploads\/2023\/05\/Alfen-F06R09-04-1024x512-1.webp",1024,512,false],"2048x2048":["https:\/\/www.alfen.pl\/wp-content\/uploads\/2023\/05\/Alfen-F06R09-04-1024x512-1.webp",1024,512,false],"trp-custom-language-flag":["https:\/\/www.alfen.pl\/wp-content\/uploads\/2023\/05\/Alfen-F06R09-04-1024x512-1-18x9.webp",18,9,true]},"uagb_author_info":{"display_name":"Adrian Korkus","author_link":"https:\/\/www.alfen.pl\/sk\/author\/korit\/"},"uagb_comment_info":0,"uagb_excerpt":"Brama wjazdowa to wa\u017cny element ka\u017cdego domu, kt\u00f3ry wp\u0142ywa na jego estetyk\u0119, bezpiecze\u0144stwo oraz funkcjonalno\u015b\u0107. Wyb\u00f3r odpowiednich wymiar\u00f3w bramy wjazdowej jest zatem niezwykle istotny, aby zapewni\u0107 komfort i wygod\u0119 podczas jej u\u017cytkowania oraz zwi\u0119kszy\u0107 warto\u015b\u0107 nieruchomo\u015bci. W tym artykule przedstawimy najwa\u017cniejsze informacje na temat wymiar\u00f3w bramy wjazdowej. Wysoko\u015b\u0107 bramy wjazdowej \u2013 ile powinna wynosi\u0107? Wysoko\u015b\u0107&hellip;","featured_img":"https:\/\/www.alfen.pl\/wp-content\/uploads\/2023\/05\/Alfen-F06R09-04-1024x512-1.webp","coauthors":[],"author_meta":{"author_link":"https:\/\/www.alfen.pl\/sk\/author\/korit\/","display_name":"Adrian Korkus"},"relative_dates":{"created":"Posted 3 roky ago","modified":"Updated 3 roky ago"},"absolute_dates":{"created":"Posted on 26 m\u00e1ja 2023","modified":"Updated on 28 m\u00e1ja 2023"},"absolute_dates_time":{"created":"Posted on 26 m\u00e1ja 2023 15:41","modified":"Updated on 28 m\u00e1ja 2023 10:41"},"featured_img_caption":"","tax_additional":{"autorzy":{"linked":["<a href=\"https:\/\/www.alfen.pl\/sk\/autorzy\/alfen\/\" class=\"advgb-post-tax-term\">Alfen<\/a>"],"unlinked":["<span class=\"advgb-post-tax-term\">Alfen<\/span>"],"slug":"autorzy","name":"Autorzy"}},"series_order":"","_links":{"self":[{"href":"https:\/\/www.alfen.pl\/sk\/wp-json\/wp\/v2\/post-type\/aktualnosci\/4413","targetHints":{"allow":["GET"]}}],"collection":[{"href":"https:\/\/www.alfen.pl\/sk\/wp-json\/wp\/v2\/post-type\/aktualnosci"}],"about":[{"href":"https:\/\/www.alfen.pl\/sk\/wp-json\/wp\/v2\/types\/aktualnosci"}],"author":[{"embeddable":true,"href":"https:\/\/www.alfen.pl\/sk\/wp-json\/wp\/v2\/users\/51"}],"wp:featuredmedia":[{"embeddable":true,"href":"https:\/\/www.alfen.pl\/sk\/wp-json\/wp\/v2\/media\/4414"}],"wp:attachment":[{"href":"https:\/\/www.alfen.pl\/sk\/wp-json\/wp\/v2\/media?parent=4413"}],"wp:term":[{"taxonomy":"autorzy","embeddable":true,"href":"https:\/\/www.alfen.pl\/sk\/wp-json\/wp\/v2\/taxonomy\/autorzy?post=4413"}],"curies":[{"name":"wp","href":"https:\/\/api.w.org\/{rel}","templated":true}]}}